{"id":6391,"date":"2022-11-02T13:27:55","date_gmt":"2022-11-02T12:27:55","guid":{"rendered":"https:\/\/www.educa.itakaescolapios.org\/?page_id=6391"},"modified":"2024-02-14T13:30:14","modified_gmt":"2024-02-14T12:30:14","slug":"https-www-ecampanas-2022-2023-una-voz-un-millon-de-cambios-carteleria-y-ambientacion","status":"publish","type":"page","link":"https:\/\/www.educa.itakaescolapios.org\/ca\/campanas\/2022-2023-una-voz-un-millon-de-cambios\/https-www-ecampanas-2022-2023-una-voz-un-millon-de-cambios-carteleria-y-ambientacion","title":{"rendered":"Carteler\u00eda y ambientaci\u00f3n"},"content":{"rendered":"<p>&nbsp;<\/p>\n<p><strong><span style=\"text-decoration: underline; font-size: 24px; font-family: arial, helvetica, sans-serif;\">Canci\u00f3n de la campa\u00f1a:<\/span><\/strong><\/p>\n<ul>\n<li><span style=\"font-family: arial, helvetica, sans-serif;\"><a href=\"https:\/\/www.educa.itakaescolapios.org\/wp-content\/uploads\/2022\/11\/Tu-voz-con-acordes.pdf\">Archivo con la letra y los acordes en PDF\u00a0<\/a><a href=\"https:\/\/www.educa.itakaescolapios.org\/wp-content\/uploads\/2022\/11\/Tu-voz-con-acordes.pdf\"><img decoding=\"async\" loading=\"lazy\" class=\"alignright\" src=\"https:\/\/www.educa.itakaescolapios.org\/wp-content\/uploads\/2020\/11\/mano-click-verde-por-dos.jpg\" alt=\"\" width=\"148\" height=\"77\" \/><\/a><\/span><\/li>\n<\/ul>\n<p>&nbsp;<\/p>\n<ul>\n<li><span style=\"font-family: arial, helvetica, sans-serif;\"><a href=\"https:\/\/itakaescolapios-my.sharepoint.com\/:u:\/g\/personal\/educa_itakaescolapios_org\/EcyktU9BasdDjya0QSaAqDMBN_K8mV4WeIlKKkJ1SHxsgA?e=1ghxgA\" target=\"_blank\" rel=\"noopener noreferrer\">Archivo con la canci\u00f3n en MP3:<\/a><\/span><\/li>\n<li><audio class=\"wp-audio-shortcode\" id=\"audio-6391-9\" preload=\"none\" style=\"width: 100%;\" controls=\"controls\"><source type=\"audio\/mpeg\" src=\"https:\/\/www.educa.itakaescolapios.org\/wp-content\/uploads\/2022\/11\/TU-VOZ-espa\u00f1ol.mp3?_=9\" \/><a href=\"https:\/\/www.educa.itakaescolapios.org\/wp-content\/uploads\/2022\/11\/TU-VOZ-espa\u00f1ol.mp3\">https:\/\/www.educa.itakaescolapios.org\/wp-content\/uploads\/2022\/11\/TU-VOZ-espa\u00f1ol.mp3<\/a><\/audio><\/li>\n<li><span style=\"font-family: arial, helvetica, sans-serif;\"><a href=\"https:\/\/itakaescolapios-my.sharepoint.com\/:u:\/g\/personal\/educa_itakaescolapios_org\/EZcQUf88aOJHhTKEIvtHwpAB0GyJxsEHwKLE8F1N7Gp_VQ?e=QfgZgx\" target=\"_blank\" rel=\"noopener noreferrer\">Archivo MP3 con la\u00a0 versi\u00f3n para Karaoke<\/a><\/span><\/li>\n<li><audio class=\"wp-audio-shortcode\" id=\"audio-6391-10\" preload=\"none\" style=\"width: 100%;\" controls=\"controls\"><source type=\"audio\/mpeg\" src=\"https:\/\/www.educa.itakaescolapios.org\/wp-content\/uploads\/2022\/11\/TU-VOZ-KARAOKE.mp3?_=10\" \/><a href=\"https:\/\/www.educa.itakaescolapios.org\/wp-content\/uploads\/2022\/11\/TU-VOZ-KARAOKE.mp3\">https:\/\/www.educa.itakaescolapios.org\/wp-content\/uploads\/2022\/11\/TU-VOZ-KARAOKE.mp3<\/a><\/audio><\/li>\n<\/ul>\n<p>&nbsp;<\/p>\n<p><strong><span style=\"text-decoration: underline; font-size: 24px;\"><span style=\"font-family: arial, helvetica, sans-serif;\">Carteles y logotipos<\/span><\/span><\/strong><\/p>\n<table style=\"border-collapse: collapse; width: 100%;\" border=\"1\">\n<tbody>\n<tr style=\"height: 50px;\">\n<td style=\"width: 24.7052%; text-align: left; height: 50px;\" height=\"51\"><\/td>\n<td style=\"width: 37.7948%; text-align: left; height: 50px;\"><span style=\"color: #333333; font-family: arial, helvetica, sans-serif;\"><strong>LOGO CAMPA\u00d1A<\/strong><\/span><\/td>\n<td style=\"width: 26.8868%; text-align: left; height: 50px;\"><span style=\"color: #333333; font-family: arial, helvetica, sans-serif;\"><strong>CARTEL CAMPA\u00d1A<\/strong><\/span><\/td>\n<\/tr>\n<tr style=\"height: 33px;\">\n<td style=\"width: 24.7052%; height: 33px;\" height=\"34\"><span style=\"font-family: arial, helvetica, sans-serif;\"><strong><span style=\"color: #000000;\">ESPA\u00d1OL<\/span><\/strong><\/span><\/td>\n<td style=\"width: 37.7948%; height: 33px;\"><span style=\"color: #800000; font-family: arial, helvetica, sans-serif;\"><a style=\"color: #800000;\" href=\"https:\/\/www.educa.itakaescolapios.org\/wp-content\/uploads\/2022\/11\/ES.LOGO-ITAKA-2223-ESP.png\" target=\"_blank\" rel=\"noopener noreferrer\">Una voz, un mill\u00f3n de cambios<\/a><\/span><\/td>\n<td style=\"width: 26.8868%; height: 33px;\"><span style=\"color: #808000; font-family: arial, helvetica, sans-serif;\"><a style=\"color: #808000;\" href=\"https:\/\/www.educa.itakaescolapios.org\/wp-content\/uploads\/2022\/11\/ES.CARTEL-campan\u0303a-2023.pdf\" target=\"_blank\" rel=\"noopener noreferrer\">CAMPA\u00d1A DE SOLIDARIDAD<\/a>\u00a0<\/span><\/td>\n<\/tr>\n<tr style=\"height: 33px;\">\n<td style=\"width: 24.7052%; height: 33px;\" height=\"34\"><span style=\"font-family: arial, helvetica, sans-serif;\"><strong><span style=\"color: #000000;\">INGL\u00c9S<\/span><\/strong><\/span><\/td>\n<td style=\"width: 37.7948%; height: 33px;\"><span style=\"color: #800000; font-family: arial, helvetica, sans-serif;\"><a style=\"color: #800000;\" href=\"https:\/\/www.educa.itakaescolapios.org\/wp-content\/uploads\/2022\/11\/EN.LOGO-ITAKA.png\" target=\"_blank\" rel=\"noopener noreferrer\">One voice, a million changes<\/a><\/span><\/td>\n<td style=\"width: 26.8868%; height: 33px;\"><span style=\"color: #808000; font-family: arial, helvetica, sans-serif;\"><a style=\"color: #808000;\" href=\"https:\/\/www.educa.itakaescolapios.org\/wp-content\/uploads\/2022\/11\/EN.CARTEL-campan\u0303a-2023.pdf\" target=\"_blank\" rel=\"noopener noreferrer\">SOLIDARITY CAMPAIGN<\/a><\/span><\/td>\n<\/tr>\n<tr style=\"height: 33px;\">\n<td style=\"width: 24.7052%; height: 33px;\" height=\"34\"><span style=\"color: #000000; font-family: arial, helvetica, sans-serif;\"><strong>FRANC\u00c9S<\/strong><\/span><\/td>\n<td style=\"width: 37.7948%; height: 33px;\"><span style=\"color: #800000; font-family: arial, helvetica, sans-serif;\"><a style=\"color: #800000;\" href=\"https:\/\/www.educa.itakaescolapios.org\/wp-content\/uploads\/2022\/11\/FR.LOGO-ITAKA-FRA.png\" target=\"_blank\" rel=\"noopener noreferrer\">Une voix, un million de changements<\/a><\/span><\/td>\n<td style=\"width: 26.8868%; height: 33px;\"><span style=\"font-family: arial, helvetica, sans-serif;\"><a href=\"https:\/\/www.educa.itakaescolapios.org\/wp-content\/uploads\/2022\/11\/FR.CARTEL-campan\u0303a-2023.pdf\" target=\"_blank\" rel=\"noopener noreferrer\"><span style=\"color: #808000;\">CAMPAGNE DE SOLIDARIT\u00c9<\/span><\/a><\/span><\/td>\n<\/tr>\n<tr style=\"height: 33px;\">\n<td style=\"width: 24.7052%; height: 33px;\" height=\"34\"><span style=\"color: #000000; font-family: arial, helvetica, sans-serif;\"><strong>PORTUGU\u00c9S<\/strong><\/span><\/td>\n<td style=\"width: 37.7948%; height: 33px;\"><span style=\"color: #800000; font-family: arial, helvetica, sans-serif;\"><a style=\"color: #800000;\" href=\"https:\/\/www.educa.itakaescolapios.org\/wp-content\/uploads\/2022\/11\/PT.LOGO-ITAKA-PORT.png\" target=\"_blank\" rel=\"noopener noreferrer\">Uma voz, um milh\u00e3o de mudan\u00e7as<\/a><\/span><\/td>\n<td style=\"width: 26.8868%; height: 33px;\"><span style=\"font-family: arial, helvetica, sans-serif;\"><a href=\"https:\/\/www.educa.itakaescolapios.org\/wp-content\/uploads\/2022\/11\/PT.CARTEL-campan\u0303a-2023.pdf\" target=\"_blank\" rel=\"noopener noreferrer\"><span style=\"color: #808000;\">CAMPANHA DE SOLIDARIDADE<\/span><\/a><\/span><\/td>\n<\/tr>\n<tr style=\"height: 33px;\">\n<td style=\"width: 24.7052%; height: 33px;\" height=\"34\"><span style=\"color: #000000; font-family: arial, helvetica, sans-serif;\"><strong>BASC<\/strong><\/span><\/td>\n<td style=\"width: 37.7948%; height: 33px;\"><span style=\"color: #800000; font-family: arial, helvetica, sans-serif;\"><a style=\"color: #800000;\" href=\"https:\/\/www.educa.itakaescolapios.org\/wp-content\/uploads\/2022\/11\/EU.LOGO-ITAKA-EUSK.png\" target=\"_blank\" rel=\"noopener noreferrer\">Ahots bat, hamaika aldaketa<\/a><\/span><\/td>\n<td style=\"width: 26.8868%; height: 33px;\"><span style=\"font-family: arial, helvetica, sans-serif;\"><a href=\"https:\/\/www.educa.itakaescolapios.org\/wp-content\/uploads\/2022\/11\/EU.CARTEL-campan\u0303a-2023.pdf\" target=\"_blank\" rel=\"noopener noreferrer\"><span style=\"color: #808000;\">ELKARTASUN KANPAINA<\/span><\/a><\/span><\/td>\n<\/tr>\n<tr style=\"height: 33px;\">\n<td style=\"width: 24.7052%; height: 33px;\" height=\"34\"><span style=\"color: #000000; font-family: arial, helvetica, sans-serif;\"><strong>GALLEGO<\/strong><\/span><\/td>\n<td style=\"width: 37.7948%; height: 33px;\"><span style=\"color: #800000; font-family: arial, helvetica, sans-serif;\"><a style=\"color: #800000;\" href=\"https:\/\/www.educa.itakaescolapios.org\/wp-content\/uploads\/2022\/11\/GA.LOGO-ITAKA-GAL.png\" target=\"_blank\" rel=\"noopener noreferrer\">Unha voz, un mill\u00f3n de cambios<\/a><\/span><\/td>\n<td style=\"width: 26.8868%; height: 33px;\"><span style=\"font-family: arial, helvetica, sans-serif;\"><a href=\"https:\/\/www.educa.itakaescolapios.org\/wp-content\/uploads\/2022\/11\/GA.CARTEL-campan\u0303a-2023.pdf\" target=\"_blank\" rel=\"noopener noreferrer\"><span style=\"color: #808000;\">CAMPA\u00d1A DE SOLIDARIEDADE<\/span><\/a><\/span><\/td>\n<\/tr>\n<tr style=\"height: 33px;\">\n<td style=\"width: 24.7052%; height: 32px;\" height=\"34\"><span style=\"color: #000000; font-family: arial, helvetica, sans-serif;\"><strong>VALENCI\u00c1<\/strong><\/span><\/td>\n<td style=\"width: 37.7948%; height: 32px;\"><\/td>\n<td style=\"width: 26.8868%; height: 32px;\"><span style=\"font-family: arial, helvetica, sans-serif;\"><a href=\"https:\/\/www.educa.itakaescolapios.org\/wp-content\/uploads\/2022\/11\/CA.CARTEL-campan\u0303a-2023.pdf\" target=\"_blank\" rel=\"noopener noreferrer\"><span style=\"color: #808000;\">CAMPANYA DE SOLIDARITAT<\/span><\/a><\/span><\/td>\n<\/tr>\n<\/tbody>\n<\/table>\n<p style=\"text-align: left;\"><span style=\"font-family: arial, helvetica, sans-serif;\">Tots els cartells en pdf<a href=\"https:\/\/www.educa.itakaescolapios.org\/wp-content\/uploads\/2022\/11\/CARTEL-campan\u0303a-2223-DEF.pdf\">,<span style=\"text-decoration: underline;\"><strong> ac\u00ed.<\/strong><\/span><strong>\u00a0<\/strong><\/a><\/span><\/p>\n<p style=\"text-align: left;\"><span style=\"font-family: arial, helvetica, sans-serif;\">Tots els logos <strong><span style=\"text-decoration: underline;\"><a href=\"https:\/\/www.educa.itakaescolapios.org\/wp-content\/uploads\/2022\/11\/logo-campan\u0303a-itaka-2223-def.pdf\" target=\"_blank\" rel=\"noopener noreferrer\">ac\u00ed.<\/a><\/span><\/strong><\/span><\/p>\n<p style=\"text-align: left;\"><span style=\"font-family: arial, helvetica, sans-serif;\">Cartells d&#8217;agra\u00efment, <span style=\"text-decoration: underline;\"><a href=\"https:\/\/www.educa.itakaescolapios.org\/campanas\/2022-2023-una-voz-un-millon-de-cambios\/recordamos-centros-que-cambian-cambia-tu-centro\" target=\"_blank\" rel=\"noopener noreferrer\"><strong>ac\u00ed<\/strong><\/a><\/span>.<\/span><\/p>\n<p>Carpeta comprimida amb les imatges usades per a les fitxes dels projectes. <span style=\"text-decoration: underline;\"><strong><a href=\"https:\/\/www.educa.itakaescolapios.org\/wp-content\/uploads\/2023\/03\/Imagenes-de-las-fichas-campana-22-23.rar\" target=\"_blank\" rel=\"noopener\">ac\u00ed<\/a>.<\/strong><\/span><\/p>\n<p>&nbsp;<\/p>\n<h3><span style=\"text-decoration: underline; font-family: arial, helvetica, sans-serif;\"><span style=\"font-size: 24px;\">Personajes<\/span><\/span><\/h3>\n<table style=\"border-collapse: collapse; width: 99.8466%; height: 1150px;\" border=\"1\">\n<tbody>\n<tr style=\"height: 100px;\">\n<td style=\"width: 33.3333%; height: 100px;\" height=\"100\"><\/td>\n<td style=\"width: 33.3333%; height: 100px; text-align: center;\"><span style=\"color: #800000; font-family: arial, helvetica, sans-serif;\"><strong>PERSONAJE en COLOR<\/strong><\/span><\/td>\n<td style=\"width: 33.3333%; height: 100px;\"><span style=\"color: #545436; font-family: arial, helvetica, sans-serif;\"><strong>PERSONAJE PARA COLOREAR<\/strong><\/span><\/td>\n<\/tr>\n<tr style=\"height: 49px;\">\n<td style=\"width: 33.3333%; height: 49px;\" width=\"477\"><span style=\"font-family: arial, helvetica, sans-serif;\">Toda una vida dedicada a ense\u00f1ar y aprender. Sus a\u00f1os de experiencia como educadora nos invitan a escucharla con atenci\u00f3n. \u00bfEl \u00faltimo reto de Dorotea? Convencernos de la necesidad de practicar una educaci\u00f3n transformadora, que mejore nuestra vida y la de nuestro entorno.<\/span><\/td>\n<td style=\"width: 33.3333%; height: 49px; text-align: center; vertical-align: middle; padding-left: 40px;\"><span style=\"color: #800000; font-family: arial, helvetica, sans-serif;\"><a style=\"color: #800000;\" href=\"https:\/\/www.educa.itakaescolapios.org\/wp-content\/uploads\/2021\/11\/Dorotea_color_sin-fondo.png\" target=\"_blank\" rel=\"noopener noreferrer\">DOROTEA<\/a><\/span><\/p>\n<p><span style=\"color: #800000; font-family: arial, helvetica, sans-serif;\"><a style=\"color: #800000;\" href=\"https:\/\/www.educa.itakaescolapios.org\/wp-content\/uploads\/2021\/11\/Dorotea_color.png\" target=\"_blank\" rel=\"noopener noreferrer\">DOROTEA (con fondo)<\/a><\/span><\/td>\n<td style=\"width: 33.3333%; height: 49px; vertical-align: middle; padding-left: 40px;\"><span style=\"color: #333333; font-family: arial, helvetica, sans-serif;\"><a style=\"color: #333333;\" href=\"https:\/\/www.educa.itakaescolapios.org\/wp-content\/uploads\/2021\/11\/Dorotea_linea-scaled.jpg\" target=\"_blank\" rel=\"noopener noreferrer\">DOROTEA<\/a><\/span><\/td>\n<\/tr>\n<tr style=\"height: 24px;\">\n<td style=\"width: 33.3333%; height: 24px;\" width=\"477\"><span style=\"font-family: arial, helvetica, sans-serif;\">Impulsor del derecho de la educaci\u00f3n universal, encabeza la expedici\u00f3n siendo el m\u00e1ximo responsable de todo lo que sucede en la misma. Su empe\u00f1o: llenar de \u201cPiedad y Letras\u201d todos los rincones del planeta<\/span><\/td>\n<td style=\"width: 33.3333%; height: 24px; text-align: center; vertical-align: middle; padding-left: 40px;\"><span style=\"color: #800000; font-family: arial, helvetica, sans-serif;\"><a style=\"color: #800000;\" href=\"https:\/\/www.educa.itakaescolapios.org\/wp-content\/uploads\/2021\/11\/CALASANZ_color_sin-fondo.png\" target=\"_blank\" rel=\"noopener noreferrer\">CALASANZ<\/a><\/span><\/p>\n<p><span style=\"color: #800000; font-family: arial, helvetica, sans-serif;\"><a style=\"color: #800000;\" href=\"https:\/\/www.educa.itakaescolapios.org\/wp-content\/uploads\/2021\/11\/CALASANZ_color.png\" target=\"_blank\" rel=\"noopener noreferrer\">CALASANZ(con fondo)<\/a><\/span><\/td>\n<td style=\"width: 33.3333%; height: 24px; vertical-align: middle; padding-left: 40px;\"><span style=\"font-family: arial, helvetica, sans-serif;\"><a href=\"https:\/\/www.educa.itakaescolapios.org\/wp-content\/uploads\/2021\/11\/Calasanz-blanco-y-negro.jpeg\" target=\"_blank\" rel=\"noopener noreferrer\"><span style=\"color: #333333;\">CALASANZ<\/span><\/a><\/span><\/td>\n<\/tr>\n<tr style=\"height: 71px;\">\n<td style=\"width: 33.3333%; height: 71px;\" width=\"477\"><span style=\"font-family: arial, helvetica, sans-serif;\">Nacidas en la Rep\u00fablica Democr\u00e1tica del Congo la adolescente Elykia y la peque\u00f1a Esengo, recorren el pa\u00eds contando su historia y defendiendo los derechos de las ni\u00f1as y mujeres.<\/span><\/td>\n<td style=\"width: 33.3333%; height: 71px; text-align: center; vertical-align: middle; padding-left: 40px;\"><span style=\"color: #800000; font-family: arial, helvetica, sans-serif;\"><a style=\"color: #800000;\" href=\"https:\/\/www.itakaescolapios.org\/wp-content\/uploads\/2019\/11\/ELIKIA-ESENGO_color.pdf\" target=\"_blank\" rel=\"noopener noreferrer\">ELIKIA &#8211; ESENGO<\/a><\/span><\/td>\n<td style=\"width: 33.3333%; height: 71px; vertical-align: middle; padding-left: 40px;\"><span style=\"color: #333333; font-family: arial, helvetica, sans-serif;\"><a style=\"color: #333333;\" href=\"https:\/\/www.itakaescolapios.org\/wp-content\/uploads\/2019\/12\/ELIKIA-ESENGO_lineareducido.pdf\" target=\"_blank\" rel=\"noopener noreferrer\">ELIKIA &#8211; ESENGO<\/a><\/span><\/td>\n<\/tr>\n<tr style=\"height: 73px;\">\n<td style=\"width: 33.3333%; height: 73px;\" width=\"477\"><span style=\"font-family: arial, helvetica, sans-serif;\">Esta peque\u00f1a ni\u00f1a africana, tiene la habilidad de descifrar mapas y un gran sentido de la orientaci\u00f3n. Es una gran conocedora de la realidad escolapia, lo que le ha hecho una trabajadora en favor de las personas excluidas.<\/span><\/td>\n<td style=\"width: 33.3333%; height: 73px; text-align: center; vertical-align: middle; padding-left: 40px;\"><span style=\"color: #800000; font-family: arial, helvetica, sans-serif;\"><a style=\"color: #800000;\" href=\"https:\/\/www.itakaescolapios.org\/wp-content\/uploads\/2019\/11\/MARINE_color.pdf\" target=\"_blank\" rel=\"noopener noreferrer\">MARINE<\/a><\/span><\/td>\n<td style=\"width: 33.3333%; height: 73px; vertical-align: middle; padding-left: 40px;\"><span style=\"color: #333333; font-family: arial, helvetica, sans-serif;\"><a style=\"color: #333333;\" href=\"https:\/\/www.educa.itakaescolapios.org\/wp-content\/uploads\/2021\/11\/MARINE_linea-scaled.jpg\" target=\"_blank\" rel=\"noopener noreferrer\">MARINE<\/a><\/span><\/td>\n<\/tr>\n<tr style=\"height: 107px;\">\n<td style=\"width: 33.3333%; height: 107px;\" width=\"477\"><span style=\"font-family: arial, helvetica, sans-serif;\">\u00c9sta sudamericana es la mec\u00e1nica y \u201cmanitas\u201d de la expedici\u00f3n. Tiene una pasi\u00f3n: montar, desmontar y arreglar todo tipo de mecanismos. Sabe que todo se puede arreglar con trabajo e investigaci\u00f3n. Sabe buscar soluciones concretas a problemas grandes y peque\u00f1os.<\/span><\/td>\n<td style=\"width: 33.3333%; height: 107px; text-align: center; vertical-align: middle; padding-left: 40px;\"><span style=\"color: #800000; font-family: arial, helvetica, sans-serif;\"><a style=\"color: #800000;\" href=\"https:\/\/www.educa.itakaescolapios.org\/wp-content\/uploads\/2021\/11\/JIWACO2-scaled.jpg\" target=\"_blank\" rel=\"noopener noreferrer\">JIWA<\/a><\/span><\/td>\n<td style=\"width: 33.3333%; height: 107px; vertical-align: middle; padding-left: 40px;\"><span style=\"color: #333333; font-family: arial, helvetica, sans-serif;\"><a style=\"color: #333333;\" href=\"https:\/\/www.educa.itakaescolapios.org\/wp-content\/uploads\/2021\/11\/JIWASO1-scaled.jpg\" target=\"_blank\" rel=\"noopener noreferrer\">JIWA<\/a><\/span><\/td>\n<\/tr>\n<tr style=\"height: 112px;\">\n<td style=\"width: 33.3333%; height: 112px;\" width=\"477\"><span style=\"font-family: arial, helvetica, sans-serif;\">Ni\u00f1o europeo, el mayor de los expedicionarios. Le gustan las campa\u00f1as de solidaridad, porque le encanta trabajar con alimentos de todos los pa\u00edses y probar todo tipo de ingredientes. Ese conocimiento lo ha hecho ser un conocedor y mediador entre diferentes culturas. Su lema: \u201chay que poner sal a la vida\u201d.<\/span><\/td>\n<td style=\"width: 33.3333%; height: 112px; text-align: center; vertical-align: middle; padding-left: 40px;\"><span style=\"color: #800000; font-family: arial, helvetica, sans-serif;\"><a style=\"color: #800000;\" href=\"https:\/\/www.educa.itakaescolapios.org\/wp-content\/uploads\/2022\/03\/sukal-sinfondo.pdf\" target=\"_blank\" rel=\"noopener noreferrer\">SUKAL<\/a><\/span><\/td>\n<td style=\"width: 33.3333%; height: 112px; vertical-align: middle; padding-left: 40px;\"><span style=\"color: #333333; font-family: arial, helvetica, sans-serif;\"><a style=\"color: #333333;\" href=\"https:\/\/www.educa.itakaescolapios.org\/wp-content\/uploads\/2021\/11\/sukal-linea-scaled.jpg\" target=\"_blank\" rel=\"noopener noreferrer\">SUKAL<\/a><\/span><\/td>\n<\/tr>\n<tr style=\"height: 89px;\">\n<td style=\"width: 33.3333%; height: 89px;\" width=\"477\"><span style=\"font-family: arial, helvetica, sans-serif;\">Nuestra adolescente centroamericana es la responsable de comunicar y difundir todo lo que ocurra en la expedici\u00f3n. Esa capacidad de comunicar le ha hecho una gran mediadora y trabajadora por la paz, no en vano su lema es \u201ctodo es cuesti\u00f3n de di\u00e1logo\u201d<\/span><\/td>\n<td style=\"width: 33.3333%; height: 89px; text-align: center; vertical-align: middle; padding-left: 40px;\"><span style=\"color: #800000; font-family: arial, helvetica, sans-serif;\"><a style=\"color: #800000;\" href=\"https:\/\/www.itakaescolapios.org\/wp-content\/uploads\/2019\/11\/BLA_color.pdf\" target=\"_blank\" rel=\"noopener noreferrer\">BLA<\/a><\/span><\/td>\n<td style=\"width: 33.3333%; height: 89px; vertical-align: middle; padding-left: 40px;\"><span style=\"color: #333333; font-family: arial, helvetica, sans-serif;\"><a style=\"color: #333333;\" href=\"https:\/\/www.itakaescolapios.org\/wp-content\/uploads\/2019\/12\/BLA_lineareducido.pdf\" target=\"_blank\" rel=\"noopener noreferrer\">BLA<\/a><\/span><\/td>\n<\/tr>\n<tr style=\"height: 61px;\">\n<td style=\"width: 33.3333%; height: 61px;\" width=\"477\"><span style=\"font-family: arial, helvetica, sans-serif;\">Naci\u00f3 en un cercano pueblo a la escuela de Kamda, lugar inserto en plena naturaleza. Es por ello un gran amante del medio ambiente y del desarrollo sostenible. De ah\u00ed que su lema sea \u201cverde que te veo verde\u201d.<\/span><\/td>\n<td style=\"width: 33.3333%; height: 61px; text-align: center; vertical-align: middle; padding-left: 40px;\"><span style=\"color: #800000; font-family: arial, helvetica, sans-serif;\"><a style=\"color: #800000;\" href=\"https:\/\/www.itakaescolapios.org\/wp-content\/uploads\/2016\/11\/QUISAP-EXPEDICI%C3%93N.pdf\" target=\"_blank\" rel=\"noopener noreferrer\">QUISAP<\/a><\/span><\/td>\n<td style=\"width: 33.3333%; height: 61px; vertical-align: middle; padding-left: 40px;\"><span style=\"color: #333333; font-family: arial, helvetica, sans-serif;\"><a style=\"color: #333333;\" href=\"https:\/\/www.educa.itakaescolapios.org\/wp-content\/uploads\/2021\/11\/QUISAP-1-scaled.jpg\" target=\"_blank\" rel=\"noopener noreferrer\">QUISAP<\/a><\/span><\/td>\n<\/tr>\n<tr style=\"height: 182px;\">\n<td style=\"width: 33.3333%; height: 182px;\"><span style=\"font-family: arial, helvetica, sans-serif;\">Es un ni\u00f1o asi\u00e1tico y gran conocedor de Indonesia. Lo recordamos de la Campa\u00f1a &#8220;Al Encuentro con Atamb\u00faa&#8221; y desde su hogar est\u00e1 atento a todo peligro que pueda surgir. Se preocupa por los dem\u00e1s, siempre valorando la salud y ense\u00f1ando a sus amigos y amigas a cuidarse ante esta pandemia. Como \u00e9l dice: \u201cCuidemos y cuid\u00e9monos\u201d.<\/span><\/td>\n<td style=\"width: 33.3333%; text-align: center; vertical-align: middle; padding-left: 40px; height: 182px;\"><span style=\"color: #800000; font-family: arial, helvetica, sans-serif;\"><a style=\"color: #800000;\" href=\"https:\/\/www.educa.itakaescolapios.org\/wp-content\/uploads\/2021\/11\/LOOK_color_sin-fondo-scaled.jpg\" target=\"_blank\" rel=\"noopener noreferrer\">LOOK<\/a><\/span><\/td>\n<td style=\"width: 33.3333%; vertical-align: middle; padding-left: 40px; height: 182px;\"><span style=\"color: #333333; font-family: arial, helvetica, sans-serif;\"><a style=\"color: #333333;\" href=\"https:\/\/www.educa.itakaescolapios.org\/wp-content\/uploads\/2021\/11\/LOOK_linea-scaled.jpg\" target=\"_blank\" rel=\"noopener noreferrer\">LOOK<\/a><\/span><\/td>\n<\/tr>\n<\/tbody>\n<\/table>\n<p>&nbsp;<\/p>\n<p>&nbsp;<\/p>\n<p>&nbsp;<\/p>\n<p>&nbsp;<\/p>","protected":false},"excerpt":{"rendered":"<p>&nbsp; Canci\u00f3n de la campa\u00f1a: Archivo con la letra y los acordes en PDF\u00a0 &nbsp; Archivo con la canci\u00f3n en MP3: Archivo MP3 con la\u00a0 versi\u00f3n [&hellip;]<\/p>\n","protected":false},"author":5,"featured_media":0,"parent":6355,"menu_order":4,"comment_status":"closed","ping_status":"closed","template":"","meta":[],"acf":[],"_links":{"self":[{"href":"https:\/\/www.educa.itakaescolapios.org\/ca\/wp-json\/wp\/v2\/pages\/6391"}],"collection":[{"href":"https:\/\/www.educa.itakaescolapios.org\/ca\/wp-json\/wp\/v2\/pages"}],"about":[{"href":"https:\/\/www.educa.itakaescolapios.org\/ca\/wp-json\/wp\/v2\/types\/page"}],"author":[{"embeddable":true,"href":"https:\/\/www.educa.itakaescolapios.org\/ca\/wp-json\/wp\/v2\/users\/5"}],"replies":[{"embeddable":true,"href":"https:\/\/www.educa.itakaescolapios.org\/ca\/wp-json\/wp\/v2\/comments?post=6391"}],"version-history":[{"count":52,"href":"https:\/\/www.educa.itakaescolapios.org\/ca\/wp-json\/wp\/v2\/pages\/6391\/revisions"}],"predecessor-version":[{"id":8412,"href":"https:\/\/www.educa.itakaescolapios.org\/ca\/wp-json\/wp\/v2\/pages\/6391\/revisions\/8412"}],"up":[{"embeddable":true,"href":"https:\/\/www.educa.itakaescolapios.org\/ca\/wp-json\/wp\/v2\/pages\/6355"}],"wp:attachment":[{"href":"https:\/\/www.educa.itakaescolapios.org\/ca\/wp-json\/wp\/v2\/media?parent=6391"}],"curies":[{"name":"wp","href":"https:\/\/api.w.org\/{rel}","templated":true}]}}