{"id":7817,"date":"2023-11-16T16:08:46","date_gmt":"2023-11-16T15:08:46","guid":{"rendered":"https:\/\/www.educa.itakaescolapios.org\/?page_id=7817"},"modified":"2024-02-14T13:31:55","modified_gmt":"2024-02-14T12:31:55","slug":"personajes","status":"publish","type":"page","link":"https:\/\/www.educa.itakaescolapios.org\/ca\/personajes","title":{"rendered":"Personajes"},"content":{"rendered":"<p class=\"qtranxs-available-languages-message qtranxs-available-languages-message-ca\">Ho sentim, aquesta entrada es troba disponible \u00fanicament en <a href=\"https:\/\/www.educa.itakaescolapios.org\/es\/wp-json\/wp\/v2\/pages\/7817\" class=\"qtranxs-available-language-link qtranxs-available-language-link-es\" title=\"Espa\u00f1ol\">Espanyol Europeu<\/a>, <a href=\"https:\/\/www.educa.itakaescolapios.org\/en\/wp-json\/wp\/v2\/pages\/7817\" class=\"qtranxs-available-language-link qtranxs-available-language-link-en\" title=\"English\">Angl\u00e8s Americ\u00e0<\/a>, <a href=\"https:\/\/www.educa.itakaescolapios.org\/eu\/wp-json\/wp\/v2\/pages\/7817\" class=\"qtranxs-available-language-link qtranxs-available-language-link-eu\" title=\"Euskera\">Basc<\/a>, <a href=\"https:\/\/www.educa.itakaescolapios.org\/fr\/wp-json\/wp\/v2\/pages\/7817\" class=\"qtranxs-available-language-link qtranxs-available-language-link-fr\" title=\"Fran\u00e7ais\">Franc\u00e8s<\/a> i <a href=\"https:\/\/www.educa.itakaescolapios.org\/pt\/wp-json\/wp\/v2\/pages\/7817\" class=\"qtranxs-available-language-link qtranxs-available-language-link-pt\" title=\"Portugu\u00eas\">Portugu\u00e8s De Portugal<\/a>.<\/p><p><\/p>\n<h3><\/h3>\n<table style=\"border-collapse: collapse; width: 99.8466%; height: 1150px;\" border=\"1\">\n<tbody>\n<tr style=\"height: 100px;\">\n<td style=\"width: 33.3333%; height: 100px;\" height=\"100\"><\/td>\n<td style=\"width: 33.3333%; height: 100px; text-align: center;\"><span style=\"color: #800000; font-family: arial, helvetica, sans-serif;\"><strong>PERSONAJE en COLOR<\/strong><\/span><\/td>\n<td style=\"width: 33.3333%; height: 100px; text-align: center;\"><span style=\"color: #545436; font-family: arial, helvetica, sans-serif;\"><strong>PERSONAJE PARA COLOREAR<\/strong><\/span><\/td>\n<\/tr>\n<tr style=\"height: 49px;\">\n<td style=\"width: 33.3333%; height: 49px;\" width=\"477\"><span style=\"font-family: arial, helvetica, sans-serif;\">Toda una vida dedicada a ense\u00f1ar y aprender. Sus a\u00f1os de experiencia como educadora nos invitan a escucharla con atenci\u00f3n. \u00bfEl \u00faltimo reto de Dorotea? Convencernos de la necesidad de practicar una educaci\u00f3n transformadora, que mejore nuestra vida y la de nuestro entorno.<\/span><\/td>\n<td style=\"width: 33.3333%; height: 49px; text-align: center; vertical-align: middle; padding-left: 40px;\"><span style=\"color: #800000; font-family: arial, helvetica, sans-serif;\"><a style=\"color: #800000;\" href=\"https:\/\/www.educa.itakaescolapios.org\/wp-content\/uploads\/2021\/11\/Dorotea_color_sin-fondo.png\" target=\"_blank\" rel=\"noopener noreferrer\">DOROTEA<\/a><\/span><\/p>\n<p><span style=\"color: #800000; font-family: arial, helvetica, sans-serif;\"><a style=\"color: #800000;\" href=\"https:\/\/www.educa.itakaescolapios.org\/wp-content\/uploads\/2021\/11\/Dorotea_color.png\" target=\"_blank\" rel=\"noopener noreferrer\">DOROTEA (con fondo)<\/a><\/span><\/td>\n<td style=\"width: 33.3333%; height: 49px; vertical-align: middle; padding-left: 40px;\"><span style=\"color: #333333; font-family: arial, helvetica, sans-serif;\"><a style=\"color: #333333;\" href=\"https:\/\/www.educa.itakaescolapios.org\/wp-content\/uploads\/2021\/11\/Dorotea_linea-scaled.jpg\" target=\"_blank\" rel=\"noopener noreferrer\">DOROTEA<\/a><\/span><\/td>\n<\/tr>\n<tr style=\"height: 24px;\">\n<td style=\"width: 33.3333%; height: 24px;\" width=\"477\"><span style=\"font-family: arial, helvetica, sans-serif;\">Impulsor del derecho de la educaci\u00f3n universal, encabeza la expedici\u00f3n siendo el m\u00e1ximo responsable de todo lo que sucede en la misma. Su empe\u00f1o: llenar de \u201cPiedad y Letras\u201d todos los rincones del planeta<\/span><\/td>\n<td style=\"width: 33.3333%; height: 24px; text-align: center; vertical-align: middle; padding-left: 40px;\"><span style=\"color: #800000; font-family: arial, helvetica, sans-serif;\"><a style=\"color: #800000;\" href=\"https:\/\/www.educa.itakaescolapios.org\/wp-content\/uploads\/2021\/11\/CALASANZ_color_sin-fondo.png\" target=\"_blank\" rel=\"noopener noreferrer\">CALASANZ<\/a><\/span><\/p>\n<p><span style=\"color: #800000; font-family: arial, helvetica, sans-serif;\"><a style=\"color: #800000;\" href=\"https:\/\/www.educa.itakaescolapios.org\/wp-content\/uploads\/2021\/11\/CALASANZ_color.png\" target=\"_blank\" rel=\"noopener noreferrer\">CALASANZ(con fondo)<\/a><\/span><\/td>\n<td style=\"width: 33.3333%; height: 24px; vertical-align: middle; padding-left: 40px;\"><span style=\"font-family: arial, helvetica, sans-serif;\"><a href=\"https:\/\/www.educa.itakaescolapios.org\/wp-content\/uploads\/2021\/11\/Calasanz-blanco-y-negro.jpeg\" target=\"_blank\" rel=\"noopener noreferrer\"><span style=\"color: #333333;\">CALASANZ<\/span><\/a><\/span><\/td>\n<\/tr>\n<tr style=\"height: 71px;\">\n<td style=\"width: 33.3333%; height: 71px;\" width=\"477\"><span style=\"font-family: arial, helvetica, sans-serif;\">Nacidas en la Rep\u00fablica Democr\u00e1tica del Congo la adolescente Elykia y la peque\u00f1a Esengo, recorren el pa\u00eds contando su historia y defendiendo los derechos de las ni\u00f1as y mujeres.<\/span><\/td>\n<td style=\"width: 33.3333%; height: 71px; text-align: center; vertical-align: middle; padding-left: 40px;\"><span style=\"color: #800000; font-family: arial, helvetica, sans-serif;\"><a style=\"color: #800000;\" href=\"https:\/\/www.itakaescolapios.org\/wp-content\/uploads\/2019\/11\/ELIKIA-ESENGO_color.pdf\" target=\"_blank\" rel=\"noopener noreferrer\">ELIKIA &#8211; ESENGO<\/a><\/span><\/td>\n<td style=\"width: 33.3333%; height: 71px; vertical-align: middle; padding-left: 40px;\"><span style=\"color: #333333; font-family: arial, helvetica, sans-serif;\"><a style=\"color: #333333;\" href=\"https:\/\/www.itakaescolapios.org\/wp-content\/uploads\/2019\/12\/ELIKIA-ESENGO_lineareducido.pdf\" target=\"_blank\" rel=\"noopener noreferrer\">ELIKIA &#8211; ESENGO<\/a><\/span><\/td>\n<\/tr>\n<tr style=\"height: 73px;\">\n<td style=\"width: 33.3333%; height: 73px;\" width=\"477\"><span style=\"font-family: arial, helvetica, sans-serif;\">Esta peque\u00f1a ni\u00f1a africana, tiene la habilidad de descifrar mapas y un gran sentido de la orientaci\u00f3n. Es una gran conocedora de la realidad escolapia, lo que le ha hecho una trabajadora en favor de las personas excluidas.<\/span><\/td>\n<td style=\"width: 33.3333%; height: 73px; text-align: center; vertical-align: middle; padding-left: 40px;\"><span style=\"color: #800000; font-family: arial, helvetica, sans-serif;\"><a style=\"color: #800000;\" href=\"https:\/\/www.itakaescolapios.org\/wp-content\/uploads\/2019\/11\/MARINE_color.pdf\" target=\"_blank\" rel=\"noopener noreferrer\">MARINE<\/a><\/span><\/td>\n<td style=\"width: 33.3333%; height: 73px; vertical-align: middle; padding-left: 40px;\"><span style=\"color: #333333; font-family: arial, helvetica, sans-serif;\"><a style=\"color: #333333;\" href=\"https:\/\/www.educa.itakaescolapios.org\/wp-content\/uploads\/2021\/11\/MARINE_linea-scaled.jpg\" target=\"_blank\" rel=\"noopener noreferrer\">MARINE<\/a><\/span><\/td>\n<\/tr>\n<tr style=\"height: 107px;\">\n<td style=\"width: 33.3333%; height: 107px;\" width=\"477\"><span style=\"font-family: arial, helvetica, sans-serif;\">\u00c9sta sudamericana es la mec\u00e1nica y \u201cmanitas\u201d de la expedici\u00f3n. Tiene una pasi\u00f3n: montar, desmontar y arreglar todo tipo de mecanismos. Sabe que todo se puede arreglar con trabajo e investigaci\u00f3n. Sabe buscar soluciones concretas a problemas grandes y peque\u00f1os.<\/span><\/td>\n<td style=\"width: 33.3333%; height: 107px; text-align: center; vertical-align: middle; padding-left: 40px;\"><span style=\"color: #800000; font-family: arial, helvetica, sans-serif;\"><a style=\"color: #800000;\" href=\"https:\/\/www.educa.itakaescolapios.org\/wp-content\/uploads\/2021\/11\/JIWACO2-scaled.jpg\" target=\"_blank\" rel=\"noopener noreferrer\">JIWA<\/a><\/span><\/td>\n<td style=\"width: 33.3333%; height: 107px; vertical-align: middle; padding-left: 40px;\"><span style=\"color: #333333; font-family: arial, helvetica, sans-serif;\"><a style=\"color: #333333;\" href=\"https:\/\/www.educa.itakaescolapios.org\/wp-content\/uploads\/2021\/11\/JIWASO1-scaled.jpg\" target=\"_blank\" rel=\"noopener noreferrer\">JIWA<\/a><\/span><\/td>\n<\/tr>\n<tr style=\"height: 112px;\">\n<td style=\"width: 33.3333%; height: 112px;\" width=\"477\"><span style=\"font-family: arial, helvetica, sans-serif;\">Ni\u00f1o europeo, el mayor de los expedicionarios. Le gustan las campa\u00f1as de solidaridad, porque le encanta trabajar con alimentos de todos los pa\u00edses y probar todo tipo de ingredientes. Ese conocimiento lo ha hecho ser un conocedor y mediador entre diferentes culturas. Su lema: \u201chay que poner sal a la vida\u201d.<\/span><\/td>\n<td style=\"width: 33.3333%; height: 112px; text-align: center; vertical-align: middle; padding-left: 40px;\"><span style=\"color: #800000; font-family: arial, helvetica, sans-serif;\"><a style=\"color: #800000;\" href=\"https:\/\/www.educa.itakaescolapios.org\/wp-content\/uploads\/2022\/03\/sukal-sinfondo.pdf\" target=\"_blank\" rel=\"noopener noreferrer\">SUKAL<\/a><\/span><\/td>\n<td style=\"width: 33.3333%; height: 112px; vertical-align: middle; padding-left: 40px;\"><span style=\"color: #333333; font-family: arial, helvetica, sans-serif;\"><a style=\"color: #333333;\" href=\"https:\/\/www.educa.itakaescolapios.org\/wp-content\/uploads\/2021\/11\/sukal-linea-scaled.jpg\" target=\"_blank\" rel=\"noopener noreferrer\">SUKAL<\/a><\/span><\/td>\n<\/tr>\n<tr style=\"height: 89px;\">\n<td style=\"width: 33.3333%; height: 89px;\" width=\"477\"><span style=\"font-family: arial, helvetica, sans-serif;\">Nuestra adolescente centroamericana es la responsable de comunicar y difundir todo lo que ocurra en la expedici\u00f3n. Esa capacidad de comunicar le ha hecho una gran mediadora y trabajadora por la paz, no en vano su lema es \u201ctodo es cuesti\u00f3n de di\u00e1logo\u201d<\/span><\/td>\n<td style=\"width: 33.3333%; height: 89px; text-align: center; vertical-align: middle; padding-left: 40px;\"><span style=\"color: #800000; font-family: arial, helvetica, sans-serif;\"><a style=\"color: #800000;\" href=\"https:\/\/www.itakaescolapios.org\/wp-content\/uploads\/2019\/11\/BLA_color.pdf\" target=\"_blank\" rel=\"noopener noreferrer\">BLA<\/a><\/span><\/td>\n<td style=\"width: 33.3333%; height: 89px; vertical-align: middle; padding-left: 40px;\"><span style=\"color: #333333; font-family: arial, helvetica, sans-serif;\"><a style=\"color: #333333;\" href=\"https:\/\/www.itakaescolapios.org\/wp-content\/uploads\/2019\/12\/BLA_lineareducido.pdf\" target=\"_blank\" rel=\"noopener noreferrer\">BLA<\/a><\/span><\/td>\n<\/tr>\n<tr style=\"height: 61px;\">\n<td style=\"width: 33.3333%; height: 61px;\" width=\"477\"><span style=\"font-family: arial, helvetica, sans-serif;\">Naci\u00f3 en un cercano pueblo a la escuela de Kamda, lugar inserto en plena naturaleza. Es por ello un gran amante del medio ambiente y del desarrollo sostenible. De ah\u00ed que su lema sea \u201cverde que te veo verde\u201d.<\/span><\/td>\n<td style=\"width: 33.3333%; height: 61px; text-align: center; vertical-align: middle; padding-left: 40px;\"><span style=\"color: #800000; font-family: arial, helvetica, sans-serif;\"><a style=\"color: #800000;\" href=\"https:\/\/www.itakaescolapios.org\/wp-content\/uploads\/2016\/11\/QUISAP-EXPEDICI%C3%93N.pdf\" target=\"_blank\" rel=\"noopener noreferrer\">QUISAP<\/a><\/span><\/td>\n<td style=\"width: 33.3333%; height: 61px; vertical-align: middle; padding-left: 40px;\"><span style=\"color: #333333; font-family: arial, helvetica, sans-serif;\"><a style=\"color: #333333;\" href=\"https:\/\/www.educa.itakaescolapios.org\/wp-content\/uploads\/2021\/11\/QUISAP-1-scaled.jpg\" target=\"_blank\" rel=\"noopener noreferrer\">QUISAP<\/a><\/span><\/td>\n<\/tr>\n<tr style=\"height: 182px;\">\n<td style=\"width: 33.3333%; height: 182px;\"><span style=\"font-family: arial, helvetica, sans-serif;\">Es un ni\u00f1o asi\u00e1tico y gran conocedor de Indonesia. Lo recordamos de la Campa\u00f1a &#8220;Al Encuentro con Atamb\u00faa&#8221; y desde su hogar est\u00e1 atento a todo peligro que pueda surgir. Se preocupa por los dem\u00e1s, siempre valorando la salud y ense\u00f1ando a sus amigos y amigas a cuidarse ante esta pandemia. Como \u00e9l dice: \u201cCuidemos y cuid\u00e9monos\u201d.<\/span><\/td>\n<td style=\"width: 33.3333%; text-align: center; vertical-align: middle; padding-left: 40px; height: 182px;\"><span style=\"color: #800000; font-family: arial, helvetica, sans-serif;\"><a style=\"color: #800000;\" href=\"https:\/\/www.educa.itakaescolapios.org\/wp-content\/uploads\/2021\/11\/LOOK_color_sin-fondo-scaled.jpg\" target=\"_blank\" rel=\"noopener noreferrer\">LOOK<\/a><\/span><\/td>\n<td style=\"width: 33.3333%; vertical-align: middle; padding-left: 40px; height: 182px;\"><span style=\"color: #333333; font-family: arial, helvetica, sans-serif;\"><a style=\"color: #333333;\" href=\"https:\/\/www.educa.itakaescolapios.org\/wp-content\/uploads\/2021\/11\/LOOK_linea-scaled.jpg\" target=\"_blank\" rel=\"noopener noreferrer\">LOOK<\/a><\/span><\/td>\n<\/tr>\n<\/tbody>\n<\/table>\n<p>&nbsp;<\/p>\n<p><span style=\"font-family: arial, helvetica, sans-serif;\"><a href=\"https:\/\/www.educa.itakaescolapios.org\/wp-content\/uploads\/2022\/11\/Tu-voz-con-acordes.pdf\"><img decoding=\"async\" loading=\"lazy\" class=\"alignright\" src=\"https:\/\/www.educa.itakaescolapios.org\/wp-content\/uploads\/2020\/11\/mano-click-verde-por-dos.jpg\" alt=\"\" width=\"148\" height=\"77\" \/><\/a><\/span><\/p>","protected":false},"excerpt":{"rendered":"<p>Ho sentim, aquesta entrada es troba disponible \u00fanicament en Espanyol Europeu, Angl\u00e8s Americ\u00e0, Basc, Franc\u00e8s i Portugu\u00e8s De Portugal. PERSONAJE en COLOR PERSONAJE PARA COLOREAR Toda [&hellip;]<\/p>\n","protected":false},"author":7,"featured_media":0,"parent":0,"menu_order":0,"comment_status":"closed","ping_status":"closed","template":"","meta":[],"acf":[],"_links":{"self":[{"href":"https:\/\/www.educa.itakaescolapios.org\/ca\/wp-json\/wp\/v2\/pages\/7817"}],"collection":[{"href":"https:\/\/www.educa.itakaescolapios.org\/ca\/wp-json\/wp\/v2\/pages"}],"about":[{"href":"https:\/\/www.educa.itakaescolapios.org\/ca\/wp-json\/wp\/v2\/types\/page"}],"author":[{"embeddable":true,"href":"https:\/\/www.educa.itakaescolapios.org\/ca\/wp-json\/wp\/v2\/users\/7"}],"replies":[{"embeddable":true,"href":"https:\/\/www.educa.itakaescolapios.org\/ca\/wp-json\/wp\/v2\/comments?post=7817"}],"version-history":[{"count":10,"href":"https:\/\/www.educa.itakaescolapios.org\/ca\/wp-json\/wp\/v2\/pages\/7817\/revisions"}],"predecessor-version":[{"id":8413,"href":"https:\/\/www.educa.itakaescolapios.org\/ca\/wp-json\/wp\/v2\/pages\/7817\/revisions\/8413"}],"wp:attachment":[{"href":"https:\/\/www.educa.itakaescolapios.org\/ca\/wp-json\/wp\/v2\/media?parent=7817"}],"curies":[{"name":"wp","href":"https:\/\/api.w.org\/{rel}","templated":true}]}}