{"id":2332,"date":"2020-07-02T21:25:07","date_gmt":"2020-07-02T19:25:07","guid":{"rendered":"https:\/\/www.educa.itakaescolapios.org\/?page_id=2332"},"modified":"2020-07-02T21:25:39","modified_gmt":"2020-07-02T19:25:39","slug":"la-expedicion-itaka-escolapios-en-america-latina","status":"publish","type":"page","link":"https:\/\/www.educa.itakaescolapios.org\/fr\/campanas\/2019-2020-compartiendo-mucha-vida\/la-expedicion-itaka-escolapios-en-america-latina","title":{"rendered":"LA EXPEDICI\u00d3N ITAKA-ESCOLAPIOS EN AM\u00c9RICA LATINA"},"content":{"rendered":"<p class=\"qtranxs-available-languages-message qtranxs-available-languages-message-fr\">D\u00e9sol\u00e9, cet article est seulement disponible en <a href=\"https:\/\/www.educa.itakaescolapios.org\/es\/wp-json\/wp\/v2\/pages\/2332\" class=\"qtranxs-available-language-link qtranxs-available-language-link-es\" title=\"Espa\u00f1ol\">Espagnol Europ\u00e9en<\/a>.<\/p><p><img decoding=\"async\" loading=\"lazy\" class=\"alignleft size-medium wp-image-2333\" src=\"https:\/\/www.educa.itakaescolapios.org\/wp-content\/uploads\/2020\/07\/LOGO-CAMPAN\u0303ANA-ITAKA-1920-300x188.jpg\" alt=\"\" width=\"300\" height=\"188\" srcset=\"https:\/\/www.educa.itakaescolapios.org\/wp-content\/uploads\/2020\/07\/LOGO-CAMPAN\u0303ANA-ITAKA-1920-300x188.jpg 300w, https:\/\/www.educa.itakaescolapios.org\/wp-content\/uploads\/2020\/07\/LOGO-CAMPAN\u0303ANA-ITAKA-1920-250x157.jpg 250w, https:\/\/www.educa.itakaescolapios.org\/wp-content\/uploads\/2020\/07\/LOGO-CAMPAN\u0303ANA-ITAKA-1920.jpg 743w\" sizes=\"(max-width: 300px) 100vw, 300px\" \/><\/p>\n<p>&nbsp;<\/p>\n<p>Tras finalizar la campa\u00f1a del curso pasado que ten\u00eda como objetivo mejorar la calidad educativa en la Rep\u00fablica Democr\u00e1tica del Congo, comenzamos una nueva aventura dirigidos por Calasanz con el objetivo de descubrir la realidad escolapia en Am\u00e9rica Latina.<\/p>\n<p>Nuestra expedici\u00f3n se trasladar\u00e1 en globo por el continente para presentarnos la realidad de los escolapios en Brasil, Bolivia, M\u00e9xico, Rep\u00fablica Dominicana y Venezuela.<\/p>\n<p>&nbsp;<\/p>\n<table style=\"width: 97.8377%;\" width=\"495\">\n<tbody>\n<tr>\n<td style=\"width: 48.3871%;\" width=\"214\"><\/td>\n<td style=\"width: 24.3952%;\" width=\"96\"><strong>PERSONAJE A COLOR<\/strong><\/td>\n<td style=\"width: 152.496%;\" width=\"91\"><strong>PERSONAJE\u00a0 PARA COLOREAR<\/strong><\/td>\n<\/tr>\n<tr>\n<td style=\"width: 48.3871%;\" width=\"214\">La expedici\u00f3n Itaka-Escolapios viajar\u00e1 en globo por el continente americano para presentarnos los Centros Calasanz de cinco pa\u00edses<\/td>\n<td style=\"width: 24.3952%;\" width=\"96\"><strong><a href=\"https:\/\/www.itakaescolapios.org\/wp-content\/uploads\/2019\/11\/TODOS_color.pdf\">GLOBO<\/a><\/strong><\/td>\n<td style=\"width: 152.496%;\" width=\"91\"><strong><a href=\"https:\/\/www.itakaescolapios.org\/wp-content\/uploads\/2019\/12\/TODOS_lineareducido.pdf\">GLOBO<\/a><\/strong><\/td>\n<\/tr>\n<tr>\n<td style=\"width: 48.3871%;\" width=\"214\">Impulsor del derecho de la educaci\u00f3n universal, encabeza la expedici\u00f3n siendo el m\u00e1ximo responsable de todo lo que sucede en la misma. Su empe\u00f1o: llenar de \u201cPiedad y Letras\u201d todos los rincones del planeta<\/td>\n<td style=\"width: 24.3952%;\" width=\"96\"><strong><a href=\"https:\/\/www.itakaescolapios.org\/wp-content\/uploads\/2019\/11\/CALASANZ_color.pdf\">CALASANZ<\/a><\/strong><\/td>\n<td style=\"width: 152.496%;\" width=\"91\"><strong><a href=\"https:\/\/www.itakaescolapios.org\/wp-content\/uploads\/2019\/12\/CALASANZ_lineareducido.pdf\">CALASANZ<\/a><\/strong><\/td>\n<\/tr>\n<tr>\n<td style=\"width: 48.3871%;\" width=\"214\">Nacidas en la Rep\u00fablica Democr\u00e1tica del Congo la adolescente Elykia y la peque\u00f1a Esengo, recorren el mundo contando su historia y defendiendo los derechos de las ni\u00f1as y mujeres.<\/td>\n<td style=\"width: 24.3952%;\" width=\"96\"><strong><a href=\"https:\/\/www.itakaescolapios.org\/wp-content\/uploads\/2019\/11\/ELIKIA-ESENGO_color.pdf\">ELIKIA y ESENGO<\/a><\/strong><\/td>\n<td style=\"width: 152.496%;\" width=\"91\"><strong><a href=\"https:\/\/www.itakaescolapios.org\/wp-content\/uploads\/2019\/12\/ELIKIA-ESENGO_lineareducido.pdf\">ELIKIA y ESENGO<\/a><\/strong><\/td>\n<\/tr>\n<tr>\n<td style=\"width: 48.3871%;\" width=\"214\">Esta peque\u00f1a ni\u00f1a africana, tiene la habilidad de descifrar mapas y un gran sentido de la orientaci\u00f3n. Es una gran conocedora de la realidad escolapia, lo que le ha hecho una trabajadora en favor de las personas excluidas.<\/td>\n<td style=\"width: 24.3952%;\" width=\"96\"><strong><a href=\"https:\/\/www.itakaescolapios.org\/wp-content\/uploads\/2019\/11\/MARINE_color.pdf\">MARINE<\/a><\/strong><\/td>\n<td style=\"width: 152.496%;\" width=\"91\"><strong><a href=\"https:\/\/www.itakaescolapios.org\/wp-content\/uploads\/2019\/12\/MARINE_lineareducido.pdf\">MARINE<\/a><\/strong><\/td>\n<\/tr>\n<tr>\n<td style=\"width: 48.3871%;\" width=\"214\">\u00c9sta sudamericana es la mec\u00e1nica y \u201cmanitas\u201d de la expedici\u00f3n. Tiene una pasi\u00f3n: montar, desmontar y arreglar todo tipo de mecanismos. Sabe que todo se puede arreglar con trabajo e investigaci\u00f3n. Sabe buscar soluciones concretas a problemas grandes y peque\u00f1os.<\/td>\n<td style=\"width: 24.3952%;\" width=\"96\"><strong><a href=\"https:\/\/www.itakaescolapios.org\/wp-content\/uploads\/2019\/11\/JIWA_color.pdf\">JIWA<\/a><\/strong><\/td>\n<td style=\"width: 152.496%;\" width=\"91\"><strong><a href=\"https:\/\/www.itakaescolapios.org\/wp-content\/uploads\/2019\/12\/JIWA_lineareducido.pdf\">JIWA<\/a><\/strong><\/td>\n<\/tr>\n<tr>\n<td style=\"width: 48.3871%;\" width=\"214\">Ni\u00f1o europeo, el mayor de los expedicionarios. Le gustan las campa\u00f1as de solidaridad, porque le encanta trabajar con alimentos de todos los pa\u00edses y probar todo tipo de ingredientes. Ese conocimiento lo ha hecho ser un conocedor y mediador entre diferentes culturas. Su lema: \u201chay que poner sal a la vida\u201d.<\/td>\n<td style=\"width: 24.3952%;\" width=\"96\"><strong><a href=\"https:\/\/www.itakaescolapios.org\/wp-content\/uploads\/2019\/11\/SUKAL_color.pdf\">SUKAL<\/a><\/strong><\/td>\n<td style=\"width: 152.496%;\" width=\"91\"><strong><a href=\"https:\/\/www.itakaescolapios.org\/wp-content\/uploads\/2019\/12\/SUKAL_lineareducido.pdf\">SUKAL<\/a><\/strong><\/td>\n<\/tr>\n<tr>\n<td style=\"width: 48.3871%;\" width=\"214\">Nuestra adolescente centroamericana es la responsable de comunicar y difundir todo lo que ocurra en la expedici\u00f3n. Esa capacidad de comunicar le ha hecho una gran mediadora y trabajadora por la paz, no en vano su lema es \u201ctodo es cuesti\u00f3n de di\u00e1logo\u201d<\/td>\n<td style=\"width: 24.3952%;\" width=\"96\"><strong><a href=\"https:\/\/www.itakaescolapios.org\/wp-content\/uploads\/2019\/11\/BLA_color.pdf\">BLA<\/a><\/strong><\/td>\n<td style=\"width: 152.496%;\" width=\"91\"><strong><a href=\"https:\/\/www.itakaescolapios.org\/wp-content\/uploads\/2019\/12\/BLA_lineareducido.pdf\">BLA<\/a><\/strong><\/td>\n<\/tr>\n<tr>\n<td style=\"width: 48.3871%;\" width=\"214\">Naci\u00f3 en un cercano pueblo a la escuela de Kamda, lugar inserto en plena naturaleza. Es por ello un gran amante del medio ambiente y del desarrollo sostenible. De ah\u00ed que su lema sea \u201cverde que te veo verde\u201d.<\/td>\n<td style=\"width: 24.3952%;\" width=\"96\"><strong><a href=\"https:\/\/www.itakaescolapios.org\/wp-content\/uploads\/2019\/11\/QUISAP_color.pdf\">QUISAP<\/a><\/strong><\/td>\n<td style=\"width: 152.496%;\" width=\"91\"><strong><a href=\"https:\/\/www.itakaescolapios.org\/wp-content\/uploads\/2019\/12\/QUISAP_lineareducido.pdf\">QUISAP<\/a><\/strong><\/td>\n<\/tr>\n<\/tbody>\n<\/table>\n<p><\/p>","protected":false},"excerpt":{"rendered":"<p>D\u00e9sol\u00e9, cet article est seulement disponible en Espagnol Europ\u00e9en. &nbsp; Tras finalizar la campa\u00f1a del curso pasado que ten\u00eda como objetivo mejorar la calidad educativa en [&hellip;]<\/p>\n","protected":false},"author":1,"featured_media":0,"parent":2273,"menu_order":0,"comment_status":"closed","ping_status":"closed","template":"","meta":[],"acf":[],"_links":{"self":[{"href":"https:\/\/www.educa.itakaescolapios.org\/fr\/wp-json\/wp\/v2\/pages\/2332"}],"collection":[{"href":"https:\/\/www.educa.itakaescolapios.org\/fr\/wp-json\/wp\/v2\/pages"}],"about":[{"href":"https:\/\/www.educa.itakaescolapios.org\/fr\/wp-json\/wp\/v2\/types\/page"}],"author":[{"embeddable":true,"href":"https:\/\/www.educa.itakaescolapios.org\/fr\/wp-json\/wp\/v2\/users\/1"}],"replies":[{"embeddable":true,"href":"https:\/\/www.educa.itakaescolapios.org\/fr\/wp-json\/wp\/v2\/comments?post=2332"}],"version-history":[{"count":3,"href":"https:\/\/www.educa.itakaescolapios.org\/fr\/wp-json\/wp\/v2\/pages\/2332\/revisions"}],"predecessor-version":[{"id":2336,"href":"https:\/\/www.educa.itakaescolapios.org\/fr\/wp-json\/wp\/v2\/pages\/2332\/revisions\/2336"}],"up":[{"embeddable":true,"href":"https:\/\/www.educa.itakaescolapios.org\/fr\/wp-json\/wp\/v2\/pages\/2273"}],"wp:attachment":[{"href":"https:\/\/www.educa.itakaescolapios.org\/fr\/wp-json\/wp\/v2\/media?parent=2332"}],"curies":[{"name":"wp","href":"https:\/\/api.w.org\/{rel}","templated":true}]}}