{"id":236,"date":"2016-10-21T17:31:36","date_gmt":"2016-10-21T15:31:36","guid":{"rendered":"http:\/\/www.educa.itakaescolapios.org\/?page_id=236"},"modified":"2023-05-02T09:42:45","modified_gmt":"2023-05-02T07:42:45","slug":"2015-2016-al-encuentro-con-atambua","status":"publish","type":"page","link":"https:\/\/www.educa.itakaescolapios.org\/fr\/campanas\/2015-2016-al-encuentro-con-atambua","title":{"rendered":"2015-2016 Al encuentro con Atamb\u00faa"},"content":{"rendered":"<p class=\"qtranxs-available-languages-message qtranxs-available-languages-message-fr\">D\u00e9sol\u00e9, cet article est seulement disponible en <a href=\"https:\/\/www.educa.itakaescolapios.org\/es\/wp-json\/wp\/v2\/pages\/236\" class=\"qtranxs-available-language-link qtranxs-available-language-link-es\" title=\"Espa\u00f1ol\">Espagnol Europ\u00e9en<\/a>.<\/p><p>https:\/\/youtu.be\/a64CEhPGgJA<\/p>\n<p>Desc\u00e1rgate en el siguiente enlace el powerpoint que presenta la Campa\u00f1a de Solidaridad<\/p>\n<p><strong><span style=\"color: #800000;\"><a href=\"https:\/\/mega.nz\/#!p5B2ibxQ!Q3fqXVPiBdzh1i_RWlgrt9E_GNpTJ7cepkuMt_Xwyx4\" target=\"_blank\" rel=\"noopener noreferrer\"><span style=\"color: #800000;\">AL ENCUENTRO CON ATAMBUA<\/span><\/a><\/span><\/strong><\/p>\n<p><strong><span style=\"color: #808000;\">&#8212;&#8212;&#8212;&#8212;&#8212;&#8212;&#8212;&#8212;&#8212;&#8212;&#8212;&#8212;&#8212;&#8212;&#8212;&#8212;&#8212;&#8212;&#8212;&#8212;&#8212;&#8212;&#8212;&#8212;&#8212;&#8212;&#8212;&#8212;&#8212;&#8212;&#8212;&#8212;&#8212;&#8212;&#8212;&#8212;&#8212;&#8212;&#8212;&#8211;<\/span><\/strong><\/p>\n<p>Con el hilo conductor \u201cAl encuentro\u201d, <i>nos re-encontramos<\/i> una vez m\u00e1s con una de las iniciativas m\u00e1s significativas que en Itaka-Escolapios impulsamos conjuntamente a lo largo del a\u00f1o: la campa\u00f1a de solidaridad a favor de la misi\u00f3n escolapia en los pa\u00edses empobrecidos del Sur.<\/p>\n<p>Este curso con un objetivo doble: por un lado, <i>encontrarnos con<\/i> las Escuelas P\u00edas en Indonesia, una de las presencias escolapias m\u00e1s recientemente fundadas en el mundo y adem\u00e1s de esto, que nuestra solidaridad <i>se encuentre con<\/i> la de muchas otras personas para hacer posible un proyecto especialmente necesario hoy en Atamb\u00faa: la construcci\u00f3n de un internado. Obra que acoger\u00e1 a ni\u00f1os y j\u00f3venes con escasos recursos procedentes de las zonas rurales, a fin de que puedan continuar sus estudios de secundaria y tener unas mejores expectativas para su vida y para el futuro de sus comunidades.<\/p>\n<p>Apuntamos a continuaci\u00f3n el contenido que podr\u00e1s encontrar en la web de la campa\u00f1a de solidaridad \u201cAL ENCUENTRO CON ATAMBUA\u201d<\/p>\n<ul>\n<li><strong><span style=\"color: #808000;\"><a href=\"http:\/\/www.itakaescolapios.org\/campanas\/2015-2016-al-encuentro-de-atambua\/recordando-la-campana-ven-y-veras-la-realidad-que-hay-detras\/\"><span style=\"color: #808000;\">RECORDANDO LA CAMPA\u00d1A: \u201cVEN Y VER\u00c1S, LA REALIDAD QUE HAY DETR\u00c1S\u201d<\/span><\/a><\/span><\/strong><\/li>\n<li><strong><span style=\"color: #808000;\"><a href=\"http:\/\/www.itakaescolapios.org\/campanas\/2015-2016-al-encuentro-de-atambua\/al-encuentro-con-atambua-berjumpa-dengan-atambua\/\"><span style=\"color: #808000;\">AL ENCUENTRO CON ATAMB\u00daA \/ BERJUMPA DENGAN ATAMBUA<\/span><\/a><\/span><\/strong><\/li>\n<li><strong><span style=\"color: #808000;\"><a href=\"http:\/\/www.itakaescolapios.org\/campanas\/2015-2016-al-encuentro-de-atambua\/asrama-proyecto-escolapio-apoyado-con-la-campana-de-solidaridad\/\"><span style=\"color: #808000;\">ASRAMA. PROYECTO ESCOLAPIO APOYADO CON LA CAMPA\u00d1A DE SOLIDARIDAD<\/span><\/a><\/span><\/strong><\/li>\n<li><strong><span style=\"color: #808000;\"> <a href=\"http:\/\/www.itakaescolapios.org\/campanas\/2015-2016-al-encuentro-de-atambua\/la-tripulacion-itaka-escolapios\/\"><span style=\"color: #808000;\">LA TRIPULACI\u00d3N ITAKA-ESCOLAPIOS<\/span><\/a><\/span><\/strong><\/li>\n<li><strong><span style=\"color: #808000;\"><a href=\"http:\/\/www.itakaescolapios.org\/campanas\/2015-2016-al-encuentro-de-atambua\/actividades-centrales-de-la-campana-para-todas-las-edades\/\"><span style=\"color: #808000;\">ACTIVIDADES CENTRALES DE LA CAMPA\u00d1A, PARA TODAS LAS EDADES<\/span><\/a><\/span><\/strong><\/li>\n<li><strong><span style=\"color: #808000;\"><a href=\"http:\/\/www.itakaescolapios.org\/campanas\/2015-2016-al-encuentro-de-atambua\/actividades-para-el-movimiento-calasanz-y-grupos-de-tiempo-libre\/\"><span style=\"color: #808000;\">ACTIVIDADES PARA EL MOVIMIENTO CALASANZ Y GRUPOS DE TIEMPO LIBRE<\/span><\/a><\/span><\/strong><\/li>\n<li><strong><span style=\"color: #808000;\"><a href=\"http:\/\/www.itakaescolapios.org\/campanas\/2015-2016-al-encuentro-de-atambua\/dossier-de-actividades-para-el-aula-2\/\"><span style=\"color: #808000;\">DOSSIER DE ACTIVIDADES PARA EL AULA<\/span><\/a><\/span><\/strong><\/li>\n<li><strong><span style=\"color: #808000;\"><a href=\"http:\/\/www.itakaescolapios.org\/campanas\/2015-2016-al-encuentro-de-atambua\/carteleria\/\"><span style=\"color: #808000;\">CARTELER\u00cdA<\/span><\/a><\/span><\/strong><\/li>\n<li><strong><span style=\"color: #808000;\"><a href=\"http:\/\/www.itakaescolapios.org\/campanas\/2015-2016-al-encuentro-de-atambua\/otros-recursos\/\"><span style=\"color: #808000;\">OTROS RECURSOS<\/span><\/a><\/span><\/strong><\/li>\n<\/ul>\n<p><\/p>","protected":false},"excerpt":{"rendered":"<p>D\u00e9sol\u00e9, cet article est seulement disponible en Espagnol Europ\u00e9en.https:\/\/youtu.be\/a64CEhPGgJA Desc\u00e1rgate en el siguiente enlace el powerpoint que presenta la Campa\u00f1a de Solidaridad AL ENCUENTRO CON ATAMBUA [&hellip;]<\/p>\n","protected":false},"author":1,"featured_media":1508,"parent":70,"menu_order":96,"comment_status":"closed","ping_status":"closed","template":"","meta":[],"acf":[],"_links":{"self":[{"href":"https:\/\/www.educa.itakaescolapios.org\/fr\/wp-json\/wp\/v2\/pages\/236"}],"collection":[{"href":"https:\/\/www.educa.itakaescolapios.org\/fr\/wp-json\/wp\/v2\/pages"}],"about":[{"href":"https:\/\/www.educa.itakaescolapios.org\/fr\/wp-json\/wp\/v2\/types\/page"}],"author":[{"embeddable":true,"href":"https:\/\/www.educa.itakaescolapios.org\/fr\/wp-json\/wp\/v2\/users\/1"}],"replies":[{"embeddable":true,"href":"https:\/\/www.educa.itakaescolapios.org\/fr\/wp-json\/wp\/v2\/comments?post=236"}],"version-history":[{"count":7,"href":"https:\/\/www.educa.itakaescolapios.org\/fr\/wp-json\/wp\/v2\/pages\/236\/revisions"}],"predecessor-version":[{"id":7593,"href":"https:\/\/www.educa.itakaescolapios.org\/fr\/wp-json\/wp\/v2\/pages\/236\/revisions\/7593"}],"up":[{"embeddable":true,"href":"https:\/\/www.educa.itakaescolapios.org\/fr\/wp-json\/wp\/v2\/pages\/70"}],"wp:featuredmedia":[{"embeddable":true,"href":"https:\/\/www.educa.itakaescolapios.org\/fr\/wp-json\/wp\/v2\/media\/1508"}],"wp:attachment":[{"href":"https:\/\/www.educa.itakaescolapios.org\/fr\/wp-json\/wp\/v2\/media?parent=236"}],"curies":[{"name":"wp","href":"https:\/\/api.w.org\/{rel}","templated":true}]}}