{"id":261,"date":"2018-04-03T13:46:13","date_gmt":"2018-04-03T11:46:13","guid":{"rendered":"http:\/\/www.educa.itakaescolapios.org\/?page_id=261"},"modified":"2018-04-03T13:53:57","modified_gmt":"2018-04-03T11:53:57","slug":"el-lapiz","status":"publish","type":"page","link":"https:\/\/www.educa.itakaescolapios.org\/fr\/campanas\/2012-2013-la-educacion-multiplica-el-futuro\/el-lapiz","title":{"rendered":"El L\u00e1piz"},"content":{"rendered":"<p class=\"qtranxs-available-languages-message qtranxs-available-languages-message-fr\">D\u00e9sol\u00e9, cet article est seulement disponible en <a href=\"https:\/\/www.educa.itakaescolapios.org\/es\/wp-json\/wp\/v2\/pages\/261\" class=\"qtranxs-available-language-link qtranxs-available-language-link-es\" title=\"Espa\u00f1ol\">Espagnol Europ\u00e9en<\/a>.<\/p><p><span style=\"color: #000000;\"><a href=\"http:\/\/www.itakaescolapios.org\/campanas\/dinamica-del-lapiz\/primaria-bilbao\/\" rel=\"attachment wp-att-4110\"><img decoding=\"async\" loading=\"lazy\" class=\"alignleft size-medium wp-image-4110\" title=\"PRIMARIA BILBAO\" src=\"http:\/\/www.itakaescolapios.org\/wp-content\/uploads\/2012\/11\/PRIMARIA-BILBAO-225x300.png\" alt=\"\" width=\"225\" height=\"300\" \/><\/a>El segundo de los objetivos del milenio se marca como meta  el asegurar que en 2015, la infancia de cualquier parte, ni\u00f1os y ni\u00f1as por igual, sean capaces de completar un ciclo completo de ense\u00f1anza primaria.<\/span><\/p>\n<p><span style=\"color: #000000;\">Un l\u00e1piz y el n\u00famero dos sobre un fondo verde se han convertido en el logo que identifica el objetivo de desarrollo del milenio en todo el mundo. Hemos querido que a todo el alumnado de nuestros colegios les una el l\u00e1piz del logo, para ello en cada una de nuestras sedes han construido uno y ha invitado a sus alumnos y alumnas de primaria a fotografiarse con ellos.<\/span><\/p>\n<p><span style=\"color: #000000;\">Si quieres participar en la campa\u00f1a y \u201cser el logo\u201d del objetivo dos del milenio, puedes bajarte el archivo que con el l\u00e1piz en el idioma que desees y enviarnos tu foto a <span style=\"color: #808000;\"><a href=\"mailto:colabora@itakaescolapios.org\"><span style=\"color: #808000;\">colabora@itakaescolapios.org<\/span><\/a><\/span><\/span><\/p>\n<h3><span style=\"text-decoration: underline; color: #333333;\"><strong>Actividades:<\/strong><\/span><\/h3>\n<table width=\"482\" border=\"1\" cellspacing=\"0\" cellpadding=\"0\" align=\"left\">\n<tbody>\n<tr>\n<td width=\"138\"><strong><a href=\"http:\/\/www.educa.itakaescolapios.org\/cooperacion-norte-sur\/campana-2012-13.-el-lapiz-de-la-educacion\/?searchterm=EL*%20LAPIZ*%20DE*%20LA*\">EL L\u00c1PIZ<\/a><\/strong><\/td>\n<td colspan=\"2\" width=\"145\">\n<p align=\"center\"><strong>Todas las edades y cualquier asignatura.<\/strong><\/p>\n<\/td>\n<td width=\"200\"><strong>Fotos de ni\u00f1os y ni\u00f1as del mundo con el l\u00e1piz s\u00edmbolo de la campa\u00f1a.<\/strong><\/td>\n<\/tr>\n<tr>\n<td width=\"138\"><a href=\"http:\/\/www.educa.itakaescolapios.org\/cooperacion-norte-sur\/todos-con-el-lapiz\/?searchterm=TODOS*%20CON*%20EL*%20L%C3%81PIZ*\">Todos con el l\u00e1piz<\/a>.<\/td>\n<td colspan=\"2\" width=\"145\">\n<p align=\"center\">Todas las edades y cualquier asignatura.<\/p>\n<\/td>\n<td width=\"200\">Nos fotografiamos con el l\u00e1piz de la campa\u00f1a.<\/td>\n<\/tr>\n<tr>\n<td width=\"138\"><a href=\"http:\/\/www.educa.itakaescolapios.org\/cooperacion-norte-sur\/campana-2012-13.-rincones-para-aprender\/?searchterm=RINCONES*%20PARA*%20APRENDER*\">Rincones Para  aprender<\/a>.<\/td>\n<td width=\"74\">\n<p align=\"center\">2 a 5 a\u00f1os<\/p>\n<p align=\"center\">Infantil<\/p>\n<\/td>\n<td width=\"71\">\n<p align=\"center\">Todas<\/p>\n<\/td>\n<td width=\"200\">Preparaci\u00f3n de talleres de juego libre donde los ni\u00f1os aprendan la importancia de asistir a la escuela.<\/td>\n<\/tr>\n<tr>\n<td width=\"138\"><a href=\"http:\/\/www.educa.itakaescolapios.org\/cooperacion-norte-sur\/campana-2012-13.-escuelas-del-mundo\/?searchterm=ESCUELAS*%20DEL*%20MUNDO*\">Escuelas del mundo<\/a>.<\/td>\n<td width=\"74\">\n<p align=\"center\">2 a 5 a\u00f1os<\/p>\n<p align=\"center\">Infantil<\/p>\n<\/td>\n<td width=\"71\">\n<p align=\"center\">Todas<\/p>\n<\/td>\n<td width=\"200\">Mural para trabajar similitudes y diferencias con otros ni\u00f1os y otros colegios.<\/td>\n<\/tr>\n<\/tbody>\n<\/table>\n<h3><\/h3>\n<h3><\/h3>\n<h3><\/h3>\n<h3><\/h3>\n<h3><\/h3>\n<h3><\/h3>\n<table width=\"320\" border=\"0\" cellspacing=\"0\" cellpadding=\"0\">\n<colgroup>\n<col span=\"4\" width=\"80\" \/> <\/colgroup>\n<tbody>\n<tr>\n<td width=\"80\" height=\"112\"><\/td>\n<td colspan=\"2\" width=\"160\"><\/td>\n<td width=\"80\"><\/td>\n<\/tr>\n<\/tbody>\n<\/table>\n<h3><span style=\"text-decoration: underline; color: #333333;\"><strong>Descarga de lapiceros:<\/strong><\/span><\/h3>\n<table width=\"430\" border=\"0\" cellspacing=\"0\" cellpadding=\"0\">\n<colgroup>\n<col span=\"2\" width=\"215\" \/> <\/colgroup>\n<tbody>\n<tr>\n<td style=\"text-align: center;\" width=\"215\" height=\"21\"><a href=\"http:\/\/www.itakaescolapios.org\/wp-content\/uploads\/2012\/11\/LAPICEROS1.rar\"><span style=\"text-decoration: underline; color: #808080;\"><strong>PDF &#8211; 4 HOJAS<\/strong><\/span><\/a><\/td>\n<td style=\"text-align: center;\" width=\"215\"><span style=\"text-decoration: underline; color: #808080;\"><strong><a href=\"http:\/\/www.itakaescolapios.org\/campanas\/dinamica-del-lapiz\/lapiceros\/\" rel=\"attachment wp-att-4920\"><span style=\"color: #808080; text-decoration: underline;\">LAPICEROS (JPG)<\/span><\/a><\/strong><\/span><\/td>\n<\/tr>\n<tr>\n<td style=\"text-align: center;\" width=\"215\" height=\"21\"> <a href=\"http:\/\/www.itakaescolapios.org\/wp-content\/uploads\/2012\/11\/Lapiz-en-castellano.pdf\">CASTELLANO<\/a><\/td>\n<td style=\"text-align: center;\" width=\"215\"><a href=\"http:\/\/www.itakaescolapios.org\/wp-content\/uploads\/2012\/11\/Lapiz-en-castellano.jpg\">CASTELLANO<\/a><\/td>\n<\/tr>\n<tr>\n<td style=\"text-align: center;\" width=\"215\" height=\"21\"><a href=\"http:\/\/www.itakaescolapios.org\/wp-content\/uploads\/2012\/11\/Lapiz-en-euskera.pdf\"> EUSKERA<\/a><\/td>\n<td style=\"text-align: center;\" width=\"215\"><a href=\"http:\/\/www.itakaescolapios.org\/wp-content\/uploads\/2012\/11\/Lapiz-en-euskera.jpg\">EUSKERA<\/a><\/td>\n<\/tr>\n<tr>\n<td style=\"text-align: center;\" width=\"215\" height=\"21\"> <a href=\"http:\/\/www.itakaescolapios.org\/wp-content\/uploads\/2012\/11\/Lapiz-en-valenciano.pdf\">VALENCIANO<\/a><\/td>\n<td style=\"text-align: center;\" width=\"215\"><a href=\"http:\/\/www.itakaescolapios.org\/wp-content\/uploads\/2012\/11\/Lapiz-en-valenciano.jpg\">VALENCIANO<\/a><\/td>\n<\/tr>\n<tr>\n<td style=\"text-align: center;\" width=\"215\" height=\"21\"><a href=\"http:\/\/www.itakaescolapios.org\/wp-content\/uploads\/2012\/11\/Lapiz-en-ingles.pdf\">INGL\u00c9S<\/a><\/td>\n<td style=\"text-align: center;\" width=\"215\"><a href=\"http:\/\/www.itakaescolapios.org\/wp-content\/uploads\/2012\/11\/Lapiz-en-ingles1.jpg\">INGL\u00c9S<\/a><\/td>\n<\/tr>\n<tr>\n<td style=\"text-align: center;\" width=\"215\" height=\"21\"><a href=\"http:\/\/www.itakaescolapios.org\/wp-content\/uploads\/2012\/11\/Lapiz-en-frances.pdf\"> FRANC\u00c9S<\/a><\/td>\n<td style=\"text-align: center;\" width=\"215\"><a href=\"http:\/\/www.itakaescolapios.org\/wp-content\/uploads\/2012\/11\/Lapiz-en-frances.jpg\">FRANC\u00c9S<\/a><\/td>\n<\/tr>\n<tr>\n<td style=\"text-align: center;\" width=\"215\" height=\"21\"> <a href=\"http:\/\/www.itakaescolapios.org\/wp-content\/uploads\/2012\/11\/Lapiz-en-portugues.pdf\">PORTUGU\u00c9S<\/a><\/td>\n<td style=\"text-align: center;\" width=\"215\"><a href=\"http:\/\/www.itakaescolapios.org\/wp-content\/uploads\/2012\/11\/Lapiz-en-portugues.jpg\">PORTUGU\u00c9S<\/a><\/td>\n<\/tr>\n<\/tbody>\n<\/table>\n<p><strong><span style=\"color: #000000;\"><br \/>\n<\/span><\/strong><\/p>","protected":false},"excerpt":{"rendered":"<p>D\u00e9sol\u00e9, cet article est seulement disponible en Espagnol Europ\u00e9en.El segundo de los objetivos del milenio se marca como meta el asegurar que en 2015, la infancia [&hellip;]<\/p>\n","protected":false},"author":1,"featured_media":0,"parent":230,"menu_order":8,"comment_status":"closed","ping_status":"closed","template":"","meta":[],"acf":[],"_links":{"self":[{"href":"https:\/\/www.educa.itakaescolapios.org\/fr\/wp-json\/wp\/v2\/pages\/261"}],"collection":[{"href":"https:\/\/www.educa.itakaescolapios.org\/fr\/wp-json\/wp\/v2\/pages"}],"about":[{"href":"https:\/\/www.educa.itakaescolapios.org\/fr\/wp-json\/wp\/v2\/types\/page"}],"author":[{"embeddable":true,"href":"https:\/\/www.educa.itakaescolapios.org\/fr\/wp-json\/wp\/v2\/users\/1"}],"replies":[{"embeddable":true,"href":"https:\/\/www.educa.itakaescolapios.org\/fr\/wp-json\/wp\/v2\/comments?post=261"}],"version-history":[{"count":1,"href":"https:\/\/www.educa.itakaescolapios.org\/fr\/wp-json\/wp\/v2\/pages\/261\/revisions"}],"predecessor-version":[{"id":262,"href":"https:\/\/www.educa.itakaescolapios.org\/fr\/wp-json\/wp\/v2\/pages\/261\/revisions\/262"}],"up":[{"embeddable":true,"href":"https:\/\/www.educa.itakaescolapios.org\/fr\/wp-json\/wp\/v2\/pages\/230"}],"wp:attachment":[{"href":"https:\/\/www.educa.itakaescolapios.org\/fr\/wp-json\/wp\/v2\/media?parent=261"}],"curies":[{"name":"wp","href":"https:\/\/api.w.org\/{rel}","templated":true}]}}