{"id":2618,"date":"2020-10-20T09:48:46","date_gmt":"2020-10-20T07:48:46","guid":{"rendered":"https:\/\/www.educa.itakaescolapios.org\/?page_id=2618"},"modified":"2021-05-24T12:11:58","modified_gmt":"2021-05-24T10:11:58","slug":"2020-2021-reiniciando-para-transformar","status":"publish","type":"page","link":"https:\/\/www.educa.itakaescolapios.org\/fr\/campanas\/2020-2021-reiniciando-para-transformar","title":{"rendered":"2020-2021 En recomman\u00e7ant pour transformer"},"content":{"rendered":"<p>https:\/\/youtu.be\/k1V16Gm5fjA<br \/>\nTous les ans, le r\u00e9seau Itaka-Escolapios r\u00e9alise une campagne de solidarit\u00e9 de niveau international, pour aider, collaborer, soutenir un projet concret de la Mission piariste avec les enfants et les jeunes les plus d\u00e9favoris\u00e9s. Tu te rappelles s\u00fbrement des campagnes \u00ab\u00a0Au rythme du Congo\u00a0\u00bb, \u00ab\u00a0Le tr\u00e9sor du S\u00e9n\u00e9gal\u00a0\u00bb, \u00ab\u00a0\u00c0 la rencontre d\u2019Atambua\u00a0\u00bb\u2026<\/p>\n<p>Mais cette ann\u00e9e, \u00e9tant donn\u00e9 la situation de pand\u00e9mie que nous traversons, Itaka-Escolapios propose de ne pas soutenir un seul projet concret, mais encourage une <strong>collaboration avec la Mission piariste en g\u00e9n\u00e9ral<\/strong> pour secourir et soutenir tous les projets et les personnes les plus d\u00e9munies ayant besoin d\u2019aide dans ce moment de difficult\u00e9.<\/p>\n<p>La pand\u00e9mie est \u00e0 l\u2019origine d\u2019une vuln\u00e9rabilit\u00e9 croissante, non seulement parmi les populations, mais aussi au sein des institutions. Elle affecte \u00e9galement les projets concrets que les piaristes d\u2019Itaka-Escolapios soutiennent.<\/p>\n<p>Le slogan de la campagne \u00ab\u00a0<strong>un <\/strong><strong>nouveau<\/strong><strong> geste pour transformer la soci\u00e9t\u00e9\u00a0<\/strong>\u00bb veut mettre en valeur que, bien qu\u2019Itaka-Escolapios n\u2019ait jamais arr\u00eat\u00e9 d\u2019agir, puisque nous avons essay\u00e9 de r\u00e9pondre aux besoins sociaux avec de nouvelles initiatives, peut-\u00eatre plus cr\u00e9atives, nous voulons R\u00e9activer notre solidarit\u00e9 pour continuer \u00e0 semer le changement.<\/p>\n<p>Afin d\u2019atteindre cet objectif de transformation personnelle pour la transformation sociale, nous avons con\u00e7u la campagne en <strong>utilisant la m\u00e9thodologie du \u00abDesign for chang \u00bb<\/strong> &#8211; \u00abDesign pour le changemen \u00bb.<\/p>\n<p>Cette m\u00e9thodologie cherche la r\u00e9flexion des personnes et la transformation de la soci\u00e9t\u00e9.<\/p>\n<p>Le personnel d\u2019Itaka-Escolapios te guidera \u00e0 travers les \u00e9tapes suivantes de cette m\u00e9thodologie (Sens, Imagine, Agis, \u00c9value\/\u00c9volue et Partage) afin d\u2019atteindre l\u2019objectif final de transformer la r\u00e9alit\u00e9 en <strong>soutenant la Mission piariste.<\/strong><\/p>\n<p><span style=\"text-decoration: underline;\"><strong>Cliquez sur les liens pour acc\u00e9der \u00e0 plus de contenus sur la campagne.<\/strong><\/span><\/p>\n<ul class=\"children\">\n<li class=\"page_item page-item-2621\"><a href=\"https:\/\/www.educa.itakaescolapios.org\/campanas\/2020-2021-reiniciando-para-transformar\/recordando-la-campana-compartiendo-mucha-vida\">Souvenir de la campagne \u00ab\u00a0Partageant la vie en abondance\u00a0\u00bb<\/a><\/li>\n<li class=\"page_item page-item-2623\"><a href=\"https:\/\/www.educa.itakaescolapios.org\/campanas\/2020-2021-reiniciando-para-transformar\/sesion-formativa-design-for-change\">Session de formation \u00e9ducateurs\/\u00e9ducatries \u00abDesign for change\u00bb<\/a><\/li>\n<li class=\"page_item page-item-2658 page_item_has_children current_page_item\"><a href=\"https:\/\/www.educa.itakaescolapios.org\/campanas\/2020-2021-reiniciando-para-transformar\/siente\" aria-current=\"page\">Sens!<\/a>\n<ul>\n<li style=\"list-style-type: none;\">\n<ul class=\"children\">\n<li class=\"page_item page-item-2664\"><a href=\"https:\/\/www.educa.itakaescolapios.org\/campanas\/2020-2021-reiniciando-para-transformar\/siente\/presentacion-orden-fraternidad-mc\">Pr\u00e9sentation. Ordre-Fraternit\u00e9-MC<\/a><\/li>\n<li class=\"page_item page-item-2673\"><a href=\"https:\/\/www.educa.itakaescolapios.org\/campanas\/2020-2021-reiniciando-para-transformar\/siente\/presentacion-coordinador-general-itaka-escolapios\">Pr\u00e9sentation coordinateur g\u00e9n\u00e9ral Itaka-Escolapios<\/a><a href=\"https:\/\/www.educa.itakaescolapios.org\/campanas\/2020-2021-reiniciando-para-transformar\/siente\"><img decoding=\"async\" loading=\"lazy\" class=\"alignright size-medium wp-image-2975\" src=\"https:\/\/www.educa.itakaescolapios.org\/wp-content\/uploads\/2020\/11\/mano-click-verde-por-dos-300x156.jpg\" alt=\"\" width=\"300\" height=\"156\" srcset=\"https:\/\/www.educa.itakaescolapios.org\/wp-content\/uploads\/2020\/11\/mano-click-verde-por-dos-300x156.jpg 300w, https:\/\/www.educa.itakaescolapios.org\/wp-content\/uploads\/2020\/11\/mano-click-verde-por-dos-1024x532.jpg 1024w, https:\/\/www.educa.itakaescolapios.org\/wp-content\/uploads\/2020\/11\/mano-click-verde-por-dos-768x399.jpg 768w, https:\/\/www.educa.itakaescolapios.org\/wp-content\/uploads\/2020\/11\/mano-click-verde-por-dos-1536x799.jpg 1536w, https:\/\/www.educa.itakaescolapios.org\/wp-content\/uploads\/2020\/11\/mano-click-verde-por-dos-2048x1065.jpg 2048w, https:\/\/www.educa.itakaescolapios.org\/wp-content\/uploads\/2020\/11\/mano-click-verde-por-dos-250x130.jpg 250w\" sizes=\"(max-width: 300px) 100vw, 300px\" \/><\/a><\/li>\n<li class=\"page_item page-item-2675\"><a href=\"https:\/\/www.educa.itakaescolapios.org\/campanas\/2020-2021-reiniciando-para-transformar\/siente\/testimonios\">T\u00e9moignages (2 &#8211; +18)<\/a><\/li>\n<li class=\"page_item page-item-2693\"><a href=\"https:\/\/www.educa.itakaescolapios.org\/campanas\/2020-2021-reiniciando-para-transformar\/siente\/oramos-con-calasanz\">Nous prions avec Calasanz (8 \u00e1 +18)<\/a><\/li>\n<li class=\"page_item page-item-2699\"><a href=\"https:\/\/www.educa.itakaescolapios.org\/campanas\/2020-2021-reiniciando-para-transformar\/siente\/impacto-y-respuesta-de-itaka-escolapios\">Impact et r\u00e9action d\u00b4Itaka-escolapios (14 \u00e1 +18)<\/a><\/li>\n<li class=\"page_item page-item-2706\"><a href=\"https:\/\/www.educa.itakaescolapios.org\/campanas\/2020-2021-reiniciando-para-transformar\/siente\/conociendo-a-la-tripulacion-itaka-escolapios\">Rencontre avec l\u00b4\u00e9quipage Itaka-Escolapios (2 \u00e1 7)<\/a><\/li>\n<li class=\"page_item page-item-2713\"><a href=\"https:\/\/www.educa.itakaescolapios.org\/campanas\/2020-2021-reiniciando-para-transformar\/siente\/mapamundi\">Carte du monde (2 \u00e1 7)<\/a><\/li>\n<li class=\"page_item page-item-2718\"><a href=\"https:\/\/www.educa.itakaescolapios.org\/campanas\/2020-2021-reiniciando-para-transformar\/siente\/capsula-del-tiempo\">Capsule temporelle (2 \u00e0 +18)<\/a><\/li>\n<li class=\"page_item page-item-2725\"><a href=\"https:\/\/www.educa.itakaescolapios.org\/campanas\/2020-2021-reiniciando-para-transformar\/siente\/familia-transformadora\">Transformer la famille (2 \u00e1 +18)<\/a><\/li>\n<li class=\"page_item page-item-2721\"><a href=\"https:\/\/www.educa.itakaescolapios.org\/campanas\/2020-2021-reiniciando-para-transformar\/siente\/compara-y-contrasta\">Comparer et contraster (8 \u00e1 +18)<\/a><\/li>\n<li class=\"page_item page-item-2727\"><a href=\"https:\/\/www.educa.itakaescolapios.org\/campanas\/2020-2021-reiniciando-para-transformar\/siente\/buzon-solidario\">Bo\u00edte aux lettres de solidarit\u00e9 (2 \u00e1 +18)<\/a><\/li>\n<\/ul>\n<\/li>\n<\/ul>\n<\/li>\n<li class=\"page_item page-item-2734 page_item_has_children\"><a href=\"https:\/\/www.educa.itakaescolapios.org\/campanas\/2020-2021-reiniciando-para-transformar\/imagina\">Imagine!<\/a>\n<ul>\n<li style=\"list-style-type: none;\">\n<ul class=\"children\">\n<li class=\"page_item page-item-2740\"><a href=\"https:\/\/www.educa.itakaescolapios.org\/campanas\/2020-2021-reiniciando-para-transformar\/imagina\/cuento-la-tripulacion-se-queda-en-casa\">Histoire\u00e7: L\u00b4\u00e9quipage reste \u00e1 la maison (2 \u00e1 12)<\/a><\/li>\n<li class=\"page_item page-item-2745\"><a href=\"https:\/\/www.educa.itakaescolapios.org\/campanas\/2020-2021-reiniciando-para-transformar\/imagina\/asamblea\">Asembl\u00e9e (8 \u00e0 +18)<\/a><\/li>\n<\/ul>\n<\/li>\n<\/ul>\n<\/li>\n<li class=\"page_item page-item-2751 page_item_has_children\"><a href=\"https:\/\/www.educa.itakaescolapios.org\/campanas\/2020-2021-reiniciando-para-transformar\/actua\">Agis!<\/a>\n<ul>\n<li style=\"list-style-type: none;\">\n<ul class=\"children\">\n<li class=\"page_item page-item-2754\"><a href=\"https:\/\/www.educa.itakaescolapios.org\/campanas\/2020-2021-reiniciando-para-transformar\/actua\/pequenas-acciones-reinician-grandes-cambios\">Histoire: L\u00b4\u00e9quipage reste \u00e1 la maison (2 \u00e1 12)<\/a><a href=\"https:\/\/www.educa.itakaescolapios.org\/campanas\/2020-2021-reiniciando-para-transformar\/imagina\"><img decoding=\"async\" loading=\"lazy\" class=\"alignright wp-image-2695\" src=\"https:\/\/www.educa.itakaescolapios.org\/wp-content\/uploads\/2020\/11\/CALASANZ_COLOR-229x300.jpg\" alt=\"\" width=\"180\" height=\"236\" srcset=\"https:\/\/www.educa.itakaescolapios.org\/wp-content\/uploads\/2020\/11\/CALASANZ_COLOR-229x300.jpg 229w, https:\/\/www.educa.itakaescolapios.org\/wp-content\/uploads\/2020\/11\/CALASANZ_COLOR-782x1024.jpg 782w, https:\/\/www.educa.itakaescolapios.org\/wp-content\/uploads\/2020\/11\/CALASANZ_COLOR-768x1006.jpg 768w, https:\/\/www.educa.itakaescolapios.org\/wp-content\/uploads\/2020\/11\/CALASANZ_COLOR-1172x1536.jpg 1172w, https:\/\/www.educa.itakaescolapios.org\/wp-content\/uploads\/2020\/11\/CALASANZ_COLOR-1563x2048.jpg 1563w, https:\/\/www.educa.itakaescolapios.org\/wp-content\/uploads\/2020\/11\/CALASANZ_COLOR-250x328.jpg 250w, https:\/\/www.educa.itakaescolapios.org\/wp-content\/uploads\/2020\/11\/CALASANZ_COLOR-scaled.jpg 1954w\" sizes=\"(max-width: 180px) 100vw, 180px\" \/><\/a><\/li>\n<li class=\"page_item page-item-2860 current_page_item\"><a href=\"https:\/\/www.educa.itakaescolapios.org\/campanas\/2020-2021-reiniciando-para-transformar\/actua\/transformando\" aria-current=\"page\">Transformer (8 \u00e1+18)<\/a><\/li>\n<\/ul>\n<\/li>\n<\/ul>\n<\/li>\n<li class=\"page_item page-item-2758\"><a href=\"https:\/\/www.educa.itakaescolapios.org\/campanas\/2020-2021-reiniciando-para-transformar\/evolua\">\u00c9value\/\u00c9volue!<\/a><\/li>\n<li class=\"page_item page-item-2762\"><a href=\"https:\/\/www.educa.itakaescolapios.org\/campanas\/2020-2021-reiniciando-para-transformar\/comparte\">Partage!<\/a><\/li>\n<li class=\"page_item page-item-3101\"><a href=\"https:\/\/www.educa.itakaescolapios.org\/campanas\/2020-2021-reiniciando-para-transformar\/movimiento-calasanz\">Mouvement Calasanz<\/a><\/li>\n<li class=\"page_item page-item-2864 page_item_has_children\"><a href=\"https:\/\/www.educa.itakaescolapios.org\/campanas\/2020-2021-reiniciando-para-transformar\/carteleria-y-ambientacion\">Signalisation et d\u00e9coration<\/a><\/li>\n<\/ul>\n<p>&nbsp;<\/p>\n<p>&nbsp;<\/p>","protected":false},"excerpt":{"rendered":"<p>https:\/\/youtu.be\/k1V16Gm5fjA Tous les ans, le r\u00e9seau Itaka-Escolapios r\u00e9alise une campagne de solidarit\u00e9 de niveau international, pour aider, collaborer, soutenir un projet concret de la Mission piariste [&hellip;]<\/p>\n","protected":false},"author":5,"featured_media":2801,"parent":70,"menu_order":1,"comment_status":"closed","ping_status":"closed","template":"","meta":[],"acf":[],"_links":{"self":[{"href":"https:\/\/www.educa.itakaescolapios.org\/fr\/wp-json\/wp\/v2\/pages\/2618"}],"collection":[{"href":"https:\/\/www.educa.itakaescolapios.org\/fr\/wp-json\/wp\/v2\/pages"}],"about":[{"href":"https:\/\/www.educa.itakaescolapios.org\/fr\/wp-json\/wp\/v2\/types\/page"}],"author":[{"embeddable":true,"href":"https:\/\/www.educa.itakaescolapios.org\/fr\/wp-json\/wp\/v2\/users\/5"}],"replies":[{"embeddable":true,"href":"https:\/\/www.educa.itakaescolapios.org\/fr\/wp-json\/wp\/v2\/comments?post=2618"}],"version-history":[{"count":123,"href":"https:\/\/www.educa.itakaescolapios.org\/fr\/wp-json\/wp\/v2\/pages\/2618\/revisions"}],"predecessor-version":[{"id":4726,"href":"https:\/\/www.educa.itakaescolapios.org\/fr\/wp-json\/wp\/v2\/pages\/2618\/revisions\/4726"}],"up":[{"embeddable":true,"href":"https:\/\/www.educa.itakaescolapios.org\/fr\/wp-json\/wp\/v2\/pages\/70"}],"wp:featuredmedia":[{"embeddable":true,"href":"https:\/\/www.educa.itakaescolapios.org\/fr\/wp-json\/wp\/v2\/media\/2801"}],"wp:attachment":[{"href":"https:\/\/www.educa.itakaescolapios.org\/fr\/wp-json\/wp\/v2\/media?parent=2618"}],"curies":[{"name":"wp","href":"https:\/\/api.w.org\/{rel}","templated":true}]}}