{"id":2623,"date":"2020-10-20T09:56:20","date_gmt":"2020-10-20T07:56:20","guid":{"rendered":"https:\/\/www.educa.itakaescolapios.org\/?page_id=2623"},"modified":"2021-01-08T12:11:34","modified_gmt":"2021-01-08T11:11:34","slug":"sesion-formativa-design-for-change","status":"publish","type":"page","link":"https:\/\/www.educa.itakaescolapios.org\/fr\/campanas\/2020-2021-reiniciando-para-transformar\/sesion-formativa-design-for-change","title":{"rendered":"Session de formation \u00e9ducateurs\/\u00e9ducatrices \u00abDesign for change\u00bb"},"content":{"rendered":"<p><img decoding=\"async\" loading=\"lazy\" class=\"alignright wp-image-2647\" src=\"https:\/\/www.educa.itakaescolapios.org\/wp-content\/uploads\/2020\/11\/Cartel-DFC-Espa\u00f1a-516x730-1-300x254.png\" alt=\"\" width=\"320\" height=\"271\" srcset=\"https:\/\/www.educa.itakaescolapios.org\/wp-content\/uploads\/2020\/11\/Cartel-DFC-Espa\u00f1a-516x730-1-300x254.png 300w, https:\/\/www.educa.itakaescolapios.org\/wp-content\/uploads\/2020\/11\/Cartel-DFC-Espa\u00f1a-516x730-1-250x212.png 250w, https:\/\/www.educa.itakaescolapios.org\/wp-content\/uploads\/2020\/11\/Cartel-DFC-Espa\u00f1a-516x730-1.png 430w\" sizes=\"(max-width: 320px) 100vw, 320px\" \/><\/p>\n<p>\u00c0 l\u2019occasion de la campagne de solidarit\u00e9 piariste 20-21 \u00ab\u00a0Un nouveau geste pour transformer la soci\u00e9t\u00e9\u00a0\u00bb nous vous proposons d\u2019utiliser la <strong>m\u00e9thodologie \u00ab\u00a0Design for change\u00a0\u00bb<\/strong> &#8211; \u00ab\u00a0\u00a0Design pour le changement\u00a0\u00bb.<\/p>\n<p>Cette m\u00e9thodologie <strong>recherche la r\u00e9flexion des personnes et la transformation de la soci\u00e9t\u00e9<\/strong>.<\/p>\n<p>Elle se base sur les \u00e9tapes suivantes\u00a0:<\/p>\n<p><strong>Sens<\/strong><\/p>\n<p><strong>Imagine<\/strong><\/p>\n<p><strong>Agis<\/strong><\/p>\n<p><strong>\u00c9value\/\u00c9volue<\/strong><\/p>\n<p><strong>Partage<\/strong><\/p>\n<p>Afin de veiller au bon d\u00e9veloppement de la campagne, nous vous proposons d\u2019effectuer une session de formation br\u00e8ve et simple, avant de commencer la campagne, pour bien comprendre en quoi consiste et comment se d\u00e9roule la m\u00e9thodologie \u00ab\u00a0Design for change\u00a0\u00bb &#8211; \u00ab\u00a0Design pour le changement\u00a0\u00bb.<\/p>\n<p>Afin de r\u00e9aliser cette petite formation avec les \u00e9ducateurs\/\u00e9ducatrices (professeurs, moniteurs\/monitrices, cat\u00e9chistes\u2026) nous vous fournissons les liens et ressources suivants\u00a0:<\/p>\n<p>&nbsp;<\/p>\n<p>Liens en fran\u00e7ais\u00a0:<\/p>\n<p><a href=\"https:\/\/www.youtube.com\/watch?v=cN7YUHdRXR0&amp;feature=emb_logo\">https:\/\/www.youtube.com\/watch?v=cN7YUHdRXR0&amp;feature=emb_logo<\/a><a href=\"https:\/\/www.educa.itakaescolapios.org\/wp-content\/uploads\/2020\/11\/Desing-for-thinking-Dise\u00f1o-para-el-cambio.pdf\" target=\"_blank\" rel=\"noopener noreferrer\"><img decoding=\"async\" loading=\"lazy\" class=\"alignright wp-image-2974\" src=\"https:\/\/www.educa.itakaescolapios.org\/wp-content\/uploads\/2020\/11\/mano-click-verde-por-tres-300x107.jpg\" alt=\"\" width=\"339\" height=\"121\" srcset=\"https:\/\/www.educa.itakaescolapios.org\/wp-content\/uploads\/2020\/11\/mano-click-verde-por-tres-300x107.jpg 300w, https:\/\/www.educa.itakaescolapios.org\/wp-content\/uploads\/2020\/11\/mano-click-verde-por-tres-1024x364.jpg 1024w, https:\/\/www.educa.itakaescolapios.org\/wp-content\/uploads\/2020\/11\/mano-click-verde-por-tres-768x273.jpg 768w, https:\/\/www.educa.itakaescolapios.org\/wp-content\/uploads\/2020\/11\/mano-click-verde-por-tres-1536x546.jpg 1536w, https:\/\/www.educa.itakaescolapios.org\/wp-content\/uploads\/2020\/11\/mano-click-verde-por-tres-2048x729.jpg 2048w, https:\/\/www.educa.itakaescolapios.org\/wp-content\/uploads\/2020\/11\/mano-click-verde-por-tres-250x89.jpg 250w\" sizes=\"(max-width: 339px) 100vw, 339px\" \/><\/a><\/p>\n<p><a href=\"https:\/\/www.youtube.com\/watch?v=biTLo-KGxB8\">https:\/\/www.youtube.com\/watch?v=biTLo-KGxB8<\/a><\/p>\n<p>&nbsp;<\/p>\n<p>&nbsp;<\/p>\n<p>&nbsp;<\/p>\n<p>Merci beaucoup pour votre collaboration au projet \u00ab \u00abEn recomman\u00e7ant pour transformer\u00bb<\/p>","protected":false},"excerpt":{"rendered":"<p>\u00c0 l\u2019occasion de la campagne de solidarit\u00e9 piariste 20-21 \u00ab\u00a0Un nouveau geste pour transformer la soci\u00e9t\u00e9\u00a0\u00bb nous vous proposons d\u2019utiliser la m\u00e9thodologie \u00ab\u00a0Design for change\u00a0\u00bb &#8211; [&hellip;]<\/p>\n","protected":false},"author":5,"featured_media":2624,"parent":2618,"menu_order":2,"comment_status":"closed","ping_status":"closed","template":"","meta":[],"acf":[],"_links":{"self":[{"href":"https:\/\/www.educa.itakaescolapios.org\/fr\/wp-json\/wp\/v2\/pages\/2623"}],"collection":[{"href":"https:\/\/www.educa.itakaescolapios.org\/fr\/wp-json\/wp\/v2\/pages"}],"about":[{"href":"https:\/\/www.educa.itakaescolapios.org\/fr\/wp-json\/wp\/v2\/types\/page"}],"author":[{"embeddable":true,"href":"https:\/\/www.educa.itakaescolapios.org\/fr\/wp-json\/wp\/v2\/users\/5"}],"replies":[{"embeddable":true,"href":"https:\/\/www.educa.itakaescolapios.org\/fr\/wp-json\/wp\/v2\/comments?post=2623"}],"version-history":[{"count":29,"href":"https:\/\/www.educa.itakaescolapios.org\/fr\/wp-json\/wp\/v2\/pages\/2623\/revisions"}],"predecessor-version":[{"id":4311,"href":"https:\/\/www.educa.itakaescolapios.org\/fr\/wp-json\/wp\/v2\/pages\/2623\/revisions\/4311"}],"up":[{"embeddable":true,"href":"https:\/\/www.educa.itakaescolapios.org\/fr\/wp-json\/wp\/v2\/pages\/2618"}],"wp:featuredmedia":[{"embeddable":true,"href":"https:\/\/www.educa.itakaescolapios.org\/fr\/wp-json\/wp\/v2\/media\/2624"}],"wp:attachment":[{"href":"https:\/\/www.educa.itakaescolapios.org\/fr\/wp-json\/wp\/v2\/media?parent=2623"}],"curies":[{"name":"wp","href":"https:\/\/api.w.org\/{rel}","templated":true}]}}