{"id":265,"date":"2018-04-03T13:47:16","date_gmt":"2018-04-03T11:47:16","guid":{"rendered":"http:\/\/www.educa.itakaescolapios.org\/?page_id=265"},"modified":"2018-04-03T13:54:28","modified_gmt":"2018-04-03T11:54:28","slug":"dossier-de-actividades","status":"publish","type":"page","link":"https:\/\/www.educa.itakaescolapios.org\/fr\/campanas\/2012-2013-la-educacion-multiplica-el-futuro\/dossier-de-actividades","title":{"rendered":"Dossier de actividades"},"content":{"rendered":"<p class=\"qtranxs-available-languages-message qtranxs-available-languages-message-fr\">D\u00e9sol\u00e9, cet article est seulement disponible en <a href=\"https:\/\/www.educa.itakaescolapios.org\/es\/wp-json\/wp\/v2\/pages\/265\" class=\"qtranxs-available-language-link qtranxs-available-language-link-es\" title=\"Espa\u00f1ol\">Espagnol Europ\u00e9en<\/a>.<\/p><p><a href=\"http:\/\/www.itakaescolapios.org\/campanas\/dossier-de-actividades\/culo-lapiceros\/\" rel=\"attachment wp-att-4288\"><img decoding=\"async\" loading=\"lazy\" class=\"alignleft size-full wp-image-4288\" title=\"culo lapiceros\" src=\"http:\/\/www.itakaescolapios.org\/wp-content\/uploads\/2012\/11\/culo-lapiceros.jpg\" alt=\"\" width=\"250\" height=\"233\" \/><\/a>A continuaci\u00f3n presentamos una serie de actividades orientativas para trabajar en las aulas (tambi\u00e9n pueden ser trasladadas al \u00e1mbito extraescolar), la importancia de la educaci\u00f3n como elemento de cambio personal y de una sociedad.<\/p>\n<p>Hemos intentado hacer una selecci\u00f3n atractiva que complemente a las actividades destacadas de: \u00ab\u00a0<a href=\"http:\/\/www.itakaescolapios.org\/campanas\/la-educacion-no-es-un-cuento\/\" target=\"_blank\">LA EDUCACI\u00d3N NO ES UN CUENTO<\/a>\u00ab\u00a0, \u201c<a href=\"http:\/\/www.itakaescolapios.org\/campanas\/dinamica-del-lapiz\/\" target=\"_blank\">EL L\u00c1PIZ<\/a>\u201d y las fichas \u201c<a href=\"http:\/\/www.itakaescolapios.org\/campanas\/a-que-cole-vas\/\" target=\"_blank\">\u00bfC\u00d3MO ES MI COLE?<\/a>\u00ab\u00a0, adem\u00e1s podr\u00e9is encontrar <a href=\"http:\/\/www.educa.itakaescolapios.org\/global_search_view?SearchableText=campa%C3%B1a+2012-13\">TODAS <\/a>las  actividades de la Campa\u00f1a de Solidaridad en el portal EDUCA de nuestra p\u00e1gina web.<\/p>\n<table width=\"612\" border=\"1\" cellspacing=\"0\" cellpadding=\"0\" align=\"left\">\n<tbody>\n<tr>\n<td valign=\"top\" width=\"137\"><a href=\"http:\/\/www.educa.itakaescolapios.org\/cooperacion-norte-sur\/de-camino-a-la-escuela\/?searchterm=campa%C3%B1a*%202012-13*\" target=\"_blank\">DE CAMINO A LA ESCUELA<\/a><\/td>\n<td valign=\"top\" width=\"74\">\n<p align=\"center\">2 a 5 a\u00f1os<\/p>\n<p align=\"center\">Infantil<\/p>\n<\/td>\n<td valign=\"top\" width=\"79\">\n<p align=\"center\">Pl\u00e1stica, tutor\u00eda<\/p>\n<\/td>\n<td width=\"323\">Din\u00e1mica para trabajar el valor de la escuela.<\/td>\n<\/tr>\n<tr>\n<td width=\"137\"><a href=\"http:\/\/www.educa.itakaescolapios.org\/cooperacion-norte-sur\/campana-2012-13.-el-pez-que-no-queria-ir-a-la-escuela\" target=\"_blank\">EL PEZ QUE NO<\/a> <a href=\"http:\/\/www.educa.itakaescolapios.org\/cooperacion-norte-sur\/campana-2012-13.-el-pez-que-no-queria-ir-a-la-escuela\" target=\"_blank\">QUER\u00cdA IR A LA<\/a> <a href=\"http:\/\/www.educa.itakaescolapios.org\/cooperacion-norte-sur\/campana-2012-13.-el-pez-que-no-queria-ir-a-la-escuela\" target=\"_blank\">ESCUELA<\/a><\/td>\n<td width=\"74\">\n<p align=\"center\">2 a 5 a\u00f1os<\/p>\n<p align=\"center\">Infantil<\/p>\n<\/td>\n<td width=\"79\">\n<p align=\"center\">Tutor\u00eda<\/p>\n<\/td>\n<td width=\"323\">Cuento para comprender el valor de la educaci\u00f3n para todas las personas<\/td>\n<\/tr>\n<tr>\n<td width=\"137\"><a href=\"http:\/\/www.educa.itakaescolapios.org\/cooperacion-norte-sur\/campana-2012-13.-una-cancion-para-todos-y-todas\" target=\"_blank\">UNA CANCI\u00d3N PARA TODOS Y TODAS<\/a><\/td>\n<td width=\"74\">\n<p align=\"center\">2 a 5 a\u00f1os<\/p>\n<p align=\"center\">Infantil<\/p>\n<\/td>\n<td width=\"79\">\n<p align=\"center\">Tutor\u00eda<\/p>\n<\/td>\n<td width=\"323\">Canciones versionadas con la m\u00fasica de \u201cEl patio de mi casa\u201d y \u201cSorgina pirulina\u201d<\/td>\n<\/tr>\n<tr>\n<td width=\"137\"><a href=\"http:\/\/www.educa.itakaescolapios.org\/cooperacion-norte-sur\/campana-2012-13.-mi-escuela\" target=\"_blank\">MI ESCUELA<\/a><\/td>\n<td width=\"74\">\n<p align=\"center\">6 a 11 a\u00f1os<\/p>\n<p align=\"center\">Primaria<\/p>\n<\/td>\n<td width=\"79\">\n<p align=\"center\">Lengua y<\/p>\n<p align=\"center\">literatura<\/p>\n<\/td>\n<td width=\"323\">Din\u00e1mica para comprender el valor de la educaci\u00f3n inventando adivinanzas y rimas<\/td>\n<\/tr>\n<tr>\n<td width=\"137\"><a href=\"http:\/\/www.educa.itakaescolapios.org\/cooperacion-norte-sur\/campana-2012-13.-me-gusta-ir-al-cole\" target=\"_blank\">ME GUSTA IR AL COLE<\/a><\/td>\n<td width=\"74\">\n<p align=\"center\">6 a 11 a\u00f1os<\/p>\n<p align=\"center\">Primaria<\/p>\n<\/td>\n<td width=\"79\">\n<p align=\"center\">Todas<\/p>\n<\/td>\n<td width=\"323\">Presentaci\u00f3n con im\u00e1genes para comprender la suerte de poder ir al cole<\/td>\n<\/tr>\n<tr>\n<td width=\"137\"><a href=\"http:\/\/www.educa.itakaescolapios.org\/cooperacion-norte-sur\/campana-2012-13.-bfque-pasaria-si-no-hubiese-profesores-as\" target=\"_blank\">\u00bfQU\u00c9 PASAR\u00cdA SI NO HUBIERA PROFESORES\/AS?<\/a><\/td>\n<td width=\"74\">\n<p align=\"center\">6 a 11 a\u00f1os<\/p>\n<p align=\"center\">Primaria<\/p>\n<\/td>\n<td width=\"79\">\n<p align=\"center\">Lengua y literatura, tutor\u00eda, \u2026<\/p>\n<\/td>\n<td width=\"323\">Actividad por grupos para rescribir la vida de cada uno\/a si no hubi\u00e9semos podido ir al colegio.<\/td>\n<\/tr>\n<tr>\n<td width=\"137\"><a href=\"http:\/\/www.educa.itakaescolapios.org\/cooperacion-norte-sur\/campana-2012-13.-goloescuela\" target=\"_blank\">GOLOESCUELA<\/a><\/td>\n<td width=\"74\">\n<p align=\"center\">6 a 11 a\u00f1os<\/p>\n<p align=\"center\">Primaria<\/p>\n<\/td>\n<td width=\"79\">\n<p align=\"center\">Educaci\u00f3n f\u00edsica<\/p>\n<\/td>\n<td width=\"323\">Actividad deportiva con balones para comprender la desigualdad en el acceso a la educaci\u00f3n<\/td>\n<\/tr>\n<tr>\n<td width=\"137\"><a href=\"http:\/\/www.educa.itakaescolapios.org\/cooperacion-norte-sur\/campana-2012-13.-una-escuela-para-todos-y-todas\" target=\"_blank\">UNA ESCUELA PARA TODOS Y TODAS<\/a><\/td>\n<td width=\"74\">\n<p align=\"center\">6 a 11 a\u00f1os<\/p>\n<p align=\"center\">Primaria<\/p>\n<\/td>\n<td width=\"79\">\n<p align=\"center\">Tutor\u00eda<\/p>\n<\/td>\n<td width=\"323\">Din\u00e1mica para trabajar las diferencias en el acceso a la educaci\u00f3n primaria a trav\u00e9s de testimonios de diferentes ni\u00f1os y ni\u00f1as<\/td>\n<\/tr>\n<tr>\n<td width=\"137\"><a href=\"http:\/\/www.educa.itakaescolapios.org\/cooperacion-norte-sur\/campana-2012-13.-jorge-y-malinda\" target=\"_blank\">JORGE Y MALINDA<\/a><\/td>\n<td width=\"74\">\n<p align=\"center\">6 a 11 a\u00f1os<\/p>\n<p align=\"center\">Primaria<\/p>\n<\/td>\n<td width=\"79\">\n<p align=\"center\">Lengua y literatura<\/p>\n<\/td>\n<td width=\"323\">Dos cuentos de la Campa\u00f1a Mundial por la Educaci\u00f3n para trabajar el valor de la educaci\u00f3n primaria<\/td>\n<\/tr>\n<tr>\n<td width=\"137\"><a href=\"http:\/\/www.educa.itakaescolapios.org\/cooperacion-norte-sur\/campana-2012-13.-horarios-diferentes\" target=\"_blank\">HORARIOS DIFERENTES<\/a><\/td>\n<td width=\"74\">\n<p align=\"center\">6 a 11 a\u00f1os<\/p>\n<p align=\"center\">Primaria<\/p>\n<\/td>\n<td width=\"79\">\n<p align=\"center\">Tutor\u00eda<\/p>\n<\/td>\n<td width=\"323\">Acercamiento a la realidad de ni\u00f1os y ni\u00f1as que trabajan y estudian comparando nuestros horarios<\/td>\n<\/tr>\n<tr>\n<td width=\"137\"><a href=\"http:\/\/www.educa.itakaescolapios.org\/cooperacion-norte-sur\/campana-2012-13.-comparando-situaciones\" target=\"_blank\">COMPARANDO SITUACIONES<\/a><\/td>\n<td width=\"74\">\n<p align=\"center\">6 a 11 a\u00f1os<\/p>\n<p align=\"center\">Primaria<\/p>\n<\/td>\n<td width=\"79\">Inform\u00e1tica<\/p>\n<p align=\"center\">\n<\/td>\n<td width=\"323\">Importancia de las nuevas tecnolog\u00edas en la educaci\u00f3n y las diferencias en esta materia en diferentes colegios del mundo.<\/td>\n<\/tr>\n<tr>\n<td width=\"137\"><a href=\"http:\/\/www.educa.itakaescolapios.org\/cooperacion-norte-sur\/campana-2012-13.-las-islas-de-la-educacion\" target=\"_blank\">LAS ISLAS DE LA EDUCACI\u00d3N<\/a><\/td>\n<td width=\"74\">\n<p align=\"center\">6 a 11 a\u00f1os<\/p>\n<p align=\"center\">Primaria<\/p>\n<\/td>\n<td width=\"79\">\n<p align=\"center\">Lengua y literatura, tutor\u00eda, \u2026<\/p>\n<\/td>\n<td width=\"323\">Juego debate por grupos para conocer y valorar elementos necesarios para una buena educaci\u00f3n.<\/td>\n<\/tr>\n<tr>\n<td width=\"137\"><a href=\"http:\/\/www.educa.itakaescolapios.org\/cooperacion-norte-sur\/campana-2012-13.-la-educacion-no-es-un-cuento\" target=\"_blank\">LA EDUCACI\u00d3N NO ES UN CUENTO<\/a><\/td>\n<td width=\"74\">\n<p align=\"center\">6 a 11 a\u00f1os<\/p>\n<p align=\"center\">Primaria<\/p>\n<\/td>\n<td width=\"79\">\n<p align=\"center\">Lengua y literatura.<\/p>\n<\/td>\n<td width=\"323\">Din\u00e1mica participativa, implicando a padres y madres para construir colectivamente un cuento sobre la educaci\u00f3n.<\/td>\n<\/tr>\n<tr>\n<td width=\"137\"><a href=\"http:\/\/www.educa.itakaescolapios.org\/cooperacion-norte-sur\/campana-2012-13.-investigando-a-los-mayores\" target=\"_blank\">INVESTIGANDO A LOS MAYORES<\/a><\/td>\n<td width=\"74\">\n<p align=\"center\">12 a 16 a\u00f1os<\/p>\n<p align=\"center\">Secundaria<\/p>\n<\/td>\n<td width=\"79\">\n<p align=\"center\">Lengua y literatura, tutor\u00eda, \u2026<\/p>\n<\/td>\n<td width=\"323\">Tarea de investigaci\u00f3n, preguntando a gente mayor que no pudo estudiar para ver c\u00f3mo influy\u00f3 eso en su vida.<\/td>\n<\/tr>\n<tr>\n<td width=\"137\"><a href=\"http:\/\/www.educa.itakaescolapios.org\/cooperacion-norte-sur\/campana-2012-13.-educacion-para-todos-los-ninos-y-ninas-del-mundo\/\" target=\"_blank\">EDUCACI\u00d3N PARA TODOS LOS NI\u00d1OS Y NI\u00d1AS DEL MUNDO<\/a><\/td>\n<td width=\"74\">\n<p align=\"center\">12 a 16 a\u00f1os<\/p>\n<p align=\"center\">Secundaria<\/p>\n<\/td>\n<td width=\"79\">\n<p align=\"center\">Lengua y literatura, educaci\u00f3n art\u00edstica, \u2026<\/p>\n<\/td>\n<td width=\"323\">Din\u00e1mica para leer un texto, escuchar una canci\u00f3n y reflexionar sobre la importancia de la educaci\u00f3n en los primeros a\u00f1os de vida.<\/td>\n<\/tr>\n<tr>\n<td width=\"137\"><a href=\"http:\/\/www.educa.itakaescolapios.org\/cooperacion-norte-sur\/campana-2012-13.-bfpor-que-hay-ninos-as-que-no-van\" target=\"_blank\">\u00bfPOR QU\u00c9 HAY NI\u00d1OS QUE NO VAN?<\/a><\/td>\n<td width=\"74\">\n<p align=\"center\">12 a 16 a\u00f1os<\/p>\n<p align=\"center\">Secundaria<\/p>\n<\/td>\n<td width=\"79\">\n<p align=\"center\">Lengua y literatura, matem\u00e1-<\/p>\n<p align=\"center\">ticas, \u2026<\/p>\n<\/td>\n<td width=\"323\">Lectura de la historia personal  de una menor que tuvo que dejar de acudir al colegio y an\u00e1lisis posterior  de los motivos por los que muchos ni\u00f1os y ni\u00f1as no acuden a la escuela.<\/td>\n<\/tr>\n<tr>\n<td width=\"137\"><a href=\"http:\/\/www.educa.itakaescolapios.org\/cooperacion-norte-sur\/campana-2012-13.-mapa-conceptual-sobre-la-desigual-escolarizacion-en-el-mundo\" target=\"_blank\">MAPA CONCEPTUAL SOBRE LA DESIGUAL ESCOLARIZACI\u00d3N EN EL MUNDO<\/a><\/td>\n<td width=\"74\">\n<p align=\"center\">12 a 16 a\u00f1os<\/p>\n<p align=\"center\">Secundaria<\/p>\n<\/td>\n<td width=\"79\">\n<p align=\"center\">\u00c9tica, filosof\u00eda, ciencias sociales, \u2026<\/p>\n<\/td>\n<td width=\"323\">Propuesta para elaborar un mapa conceptual o esquema sobre las causas y consecuencias de la falta de acceso a la educaci\u00f3n, trabajando en peque\u00f1os grupos leyendo materiales aportados.<\/td>\n<\/tr>\n<tr>\n<td width=\"137\"><a href=\"http:\/\/www.educa.itakaescolapios.org\/cooperacion-norte-sur\/campana-2012-13.-quiero-enviar-una-carta-a..\" target=\"_blank\">QUIERO ENV\u00cdAR UNA CARTA A&#8230;<\/a><\/td>\n<td width=\"74\">\n<p align=\"center\">12 a 16 a\u00f1os<\/p>\n<p align=\"center\">Secundaria<\/p>\n<\/td>\n<td width=\"79\">\n<p align=\"center\">Lengua y literatura, \u00e9tica, filosof\u00eda, \u2026<\/p>\n<\/td>\n<td width=\"323\">Propuesta para reflexionar sobre la influencia que han tenido los profesores y otras personas en nuestra educaci\u00f3n.<\/td>\n<\/tr>\n<tr>\n<td width=\"137\"><a href=\"http:\/\/www.educa.itakaescolapios.org\/cooperacion-norte-sur\/campana-2012-13.-bfpuedes-leer-este-comic\" target=\"_blank\">\u00bfPUEDES LEER ESTE COMIC?<\/a><\/td>\n<td width=\"74\">\n<p align=\"center\">12 a 16 a\u00f1os<\/p>\n<p>Secundaria<\/td>\n<td width=\"79\">\n<p align=\"center\">Educaci\u00f3n pl\u00e1stica, lengua y literatura, \u2026<\/p>\n<\/td>\n<td width=\"323\">C\u00f3mic sobre la educaci\u00f3n<\/td>\n<\/tr>\n<tr>\n<td width=\"137\"><a href=\"http:\/\/www.educa.itakaescolapios.org\/cooperacion-norte-sur\/campana-2012-13.-patata-caliente\" target=\"_blank\">PATATA CALIENTE<\/a><\/td>\n<td width=\"74\">\n<p align=\"center\">De 12 a 16 a\u00f1os<\/p>\n<p align=\"center\">Secundaria<\/p>\n<\/td>\n<td width=\"79\">\n<p align=\"center\">Tutor\u00eda, Ciencias Sociales\u2026<\/p>\n<\/td>\n<td width=\"323\">Juego din\u00e1mico para acercarnos a datos que muestran la realidad de la educaci\u00f3n en el mundo<\/td>\n<\/tr>\n<tr>\n<td width=\"137\"><a href=\"http:\/\/www.educa.itakaescolapios.org\/cooperacion-norte-sur\/campana-2012-13.-buzz-escolapio\" target=\"_blank\">BUZZ ESCOLAPIO<\/a><\/td>\n<td width=\"74\">\n<p align=\"center\">12 a 16 a\u00f1os<\/p>\n<p align=\"center\">Secundaria<\/p>\n<\/td>\n<td width=\"79\">\n<p align=\"center\">Tutor\u00eda, Ciencias Sociales, inform\u00e1tica\u2026<\/p>\n<\/td>\n<td width=\"323\">Juego para conocer proyectos y realidades de la Escuela P\u00eda con lo que se colabora en las campa\u00f1as solidarias.<\/td>\n<\/tr>\n<tr>\n<td width=\"137\"><a href=\"http:\/\/www.educa.itakaescolapios.org\/cooperacion-norte-sur\/campana-2012-13.-educacion-frente-a-la-indefension-aprendida\" target=\"_blank\">EDUCACI\u00d3N FRENTE A LA INDEFENSI\u00d3N APRENDIDA<\/a><\/td>\n<td width=\"74\">\n<p align=\"center\">De 17 a 18 a\u00f1os<\/p>\n<p align=\"center\">Bachillerato<\/p>\n<\/td>\n<td width=\"79\">\n<p align=\"center\">Tutor\u00eda, Etica, Filosof\u00eda, Psicolog\u00eda.<\/p>\n<\/td>\n<td width=\"323\">Din\u00e1mica de reflexi\u00f3n sobre la importancia de la educaci\u00f3n como herramienta de superaci\u00f3n.<\/td>\n<\/tr>\n<tr>\n<td width=\"137\"><a href=\"http:\/\/www.educa.itakaescolapios.org\/cooperacion-norte-sur\/campana-2012-13.-educando-la-educacion-universal\" target=\"_blank\">ENFOCANDO LA EDUCACI\u00d3N UNIVERSAL<\/a><\/td>\n<td width=\"74\">\n<p align=\"center\">De 17 a 18 a\u00f1os<\/p>\n<p align=\"center\">Bachillerato<\/p>\n<\/td>\n<td width=\"79\"> Tutor\u00eda, \u00c9tica, filosof\u00eda<\/td>\n<td width=\"323\"> Visionado y elaboraci\u00f3n de v\u00eddeos para sensibilizar sobre la necesidad de la universalizaci\u00f3n de la educaci\u00f3n.<\/td>\n<\/tr>\n<tr>\n<td width=\"137\"><a href=\"http:\/\/www.educa.itakaescolapios.org\/cooperacion-norte-sur\/campana-2012-13.-por-el-derecho-a-una-educacion-que-cambie-el-mundo\" target=\"_blank\">POR EL DERECHO A UNA EDUCACI\u00d3N QUE CAMBIE EL MUNDO<\/a><\/td>\n<td width=\"74\">\n<p align=\"center\">17 a\u00f1os en adelante<\/p>\n<p align=\"center\">Bachillerato<\/p>\n<\/td>\n<td width=\"79\">\n<p align=\"center\">Lengua y literatura, \u00e9tica, filosof\u00eda, \u2026<\/p>\n<\/td>\n<td width=\"323\">Propuesta de debate (mediante un juego por equipos) sobre la importancia de la educaci\u00f3n como herramienta para transformar el mundo.<\/td>\n<\/tr>\n<tr>\n<td width=\"137\"><a href=\"http:\/\/www.educa.itakaescolapios.org\/cooperacion-norte-sur\/campana-2012-13.-historias-del-milenio\" target=\"_blank\">HISTORIAS DEL MILENIO<\/a><\/td>\n<td width=\"74\">\n<p align=\"center\">17 a\u00f1os en adelante<\/p>\n<p align=\"center\">Bachillerato<\/p>\n<\/td>\n<td width=\"79\">\n<p align=\"center\">Filosof\u00eda, religi\u00f3n, \u00e9tica, \u2026<\/p>\n<\/td>\n<td width=\"323\">Video sobre el Objetivo 2 del Milenio que relata la vida de un joven de Per\u00fa que estudia y trabaja al mismo tiempo.<\/td>\n<\/tr>\n<\/tbody>\n<\/table>\n<p><\/p>","protected":false},"excerpt":{"rendered":"<p>D\u00e9sol\u00e9, cet article est seulement disponible en Espagnol Europ\u00e9en.A continuaci\u00f3n presentamos una serie de actividades orientativas para trabajar en las aulas (tambi\u00e9n pueden ser trasladadas al [&hellip;]<\/p>\n","protected":false},"author":1,"featured_media":0,"parent":230,"menu_order":10,"comment_status":"closed","ping_status":"closed","template":"","meta":[],"acf":[],"_links":{"self":[{"href":"https:\/\/www.educa.itakaescolapios.org\/fr\/wp-json\/wp\/v2\/pages\/265"}],"collection":[{"href":"https:\/\/www.educa.itakaescolapios.org\/fr\/wp-json\/wp\/v2\/pages"}],"about":[{"href":"https:\/\/www.educa.itakaescolapios.org\/fr\/wp-json\/wp\/v2\/types\/page"}],"author":[{"embeddable":true,"href":"https:\/\/www.educa.itakaescolapios.org\/fr\/wp-json\/wp\/v2\/users\/1"}],"replies":[{"embeddable":true,"href":"https:\/\/www.educa.itakaescolapios.org\/fr\/wp-json\/wp\/v2\/comments?post=265"}],"version-history":[{"count":1,"href":"https:\/\/www.educa.itakaescolapios.org\/fr\/wp-json\/wp\/v2\/pages\/265\/revisions"}],"predecessor-version":[{"id":266,"href":"https:\/\/www.educa.itakaescolapios.org\/fr\/wp-json\/wp\/v2\/pages\/265\/revisions\/266"}],"up":[{"embeddable":true,"href":"https:\/\/www.educa.itakaescolapios.org\/fr\/wp-json\/wp\/v2\/pages\/230"}],"wp:attachment":[{"href":"https:\/\/www.educa.itakaescolapios.org\/fr\/wp-json\/wp\/v2\/media?parent=265"}],"curies":[{"name":"wp","href":"https:\/\/api.w.org\/{rel}","templated":true}]}}