{"id":2658,"date":"2020-11-04T16:10:58","date_gmt":"2020-11-04T15:10:58","guid":{"rendered":"https:\/\/www.educa.itakaescolapios.org\/?page_id=2658"},"modified":"2020-12-03T13:17:18","modified_gmt":"2020-12-03T12:17:18","slug":"siente","status":"publish","type":"page","link":"https:\/\/www.educa.itakaescolapios.org\/fr\/campanas\/2020-2021-reiniciando-para-transformar\/siente","title":{"rendered":"Sens !!"},"content":{"rendered":"<p><img decoding=\"async\" loading=\"lazy\" class=\"alignright wp-image-2662\" src=\"https:\/\/www.educa.itakaescolapios.org\/wp-content\/uploads\/2020\/11\/SIENTE-Cartel-DFC-Espan\u0303a516x730-2-252x300.png\" alt=\"\" width=\"350\" height=\"416\" srcset=\"https:\/\/www.educa.itakaescolapios.org\/wp-content\/uploads\/2020\/11\/SIENTE-Cartel-DFC-Espan\u0303a516x730-2-252x300.png 252w, https:\/\/www.educa.itakaescolapios.org\/wp-content\/uploads\/2020\/11\/SIENTE-Cartel-DFC-Espan\u0303a516x730-2-250x297.png 250w, https:\/\/www.educa.itakaescolapios.org\/wp-content\/uploads\/2020\/11\/SIENTE-Cartel-DFC-Espan\u0303a516x730-2.png 433w\" sizes=\"(max-width: 350px) 100vw, 350px\" \/><\/p>\n<p>La premi\u00e8re chose que la m\u00e9thodologie \u00abDesign for change &#8211; Design pour le changement\u00bb propose est de<strong> conna\u00eetre la r\u00e9alit\u00e9, de l\u2019analyser et de compatir avec autrui<\/strong>.<\/p>\n<p>Nous le savons bien, <strong>la pand\u00e9mie s\u00e8me une grande vuln\u00e9rabilit\u00e9<\/strong>, non seulement aupr\u00e8s des enfants, des jeunes&#8230;, mais aussi des institutions . Les projets concrets que les piaristes d\u2019Itaka-Escolapios soutiennent se voient \u00e9galement tr\u00e8s affect\u00e9s.<\/p>\n<p>Pourtant, face \u00e0 cette situation, <strong>Itaka-Escolapios n\u2019a pas cess\u00e9<\/strong> ses activit\u00e9s. Nous nous sommes efforc\u00e9s de maintenir les projets existants, en faisant preuve d\u2019une grande cr\u00e9ativit\u00e9, et avons mis en place de nouveaux projets pour essayer d\u2019apporter des r\u00e9ponses aux nouvelles n\u00e9cessit\u00e9s.<\/p>\n<p>Nous te proposons une s\u00e9rie d\u2019activit\u00e9s pour que t\u2019encourager \u00e0 <strong>SENTIR<\/strong>.<\/p>\n<p>&nbsp;<\/p>\n<p style=\"padding-left: 40px;\"><a href=\"https:\/\/www.educa.itakaescolapios.org\/campanas\/2020-2021-reiniciando-para-transformar\/siente\/presentacion-orden-fraternidad-mc\">Pr\u00e9sentation. Ordre-Fraternit\u00e9-MC<\/a><\/p>\n<p style=\"padding-left: 40px;\"><a href=\"https:\/\/www.educa.itakaescolapios.org\/campanas\/2020-2021-reiniciando-para-transformar\/siente\/presentacion-coordinador-general-itaka-escolapios\">Pr\u00e9sentation coordinateur g\u00e9n\u00e9ral Itaka-Escolapios<\/a><\/p>\n<p style=\"padding-left: 40px;\"><a href=\"https:\/\/www.educa.itakaescolapios.org\/campanas\/2020-2021-reiniciando-para-transformar\/siente\/testimonios\">T\u00e9moignages (2 \u00e1 + 18)<\/a><\/p>\n<p style=\"padding-left: 40px;\"><a href=\"https:\/\/www.educa.itakaescolapios.org\/campanas\/2020-2021-reiniciando-para-transformar\/siente\/oramos-con-calasanz\">Nous prions avec Calasanz (8 \u00e1 + 18)<\/a><\/p>\n<p style=\"padding-left: 40px;\"><a href=\"https:\/\/www.educa.itakaescolapios.org\/campanas\/2020-2021-reiniciando-para-transformar\/siente\/impacto-y-respuesta-de-itaka-escolapios\">Impact et r\u00e9action d\u00b4Itaka-Escolapios (14 \u00e1 +18)<\/a><\/p>\n<p style=\"padding-left: 40px;\"><a href=\"https:\/\/www.educa.itakaescolapios.org\/campanas\/2020-2021-reiniciando-para-transformar\/siente\/conociendo-a-la-tripulacion-itaka-escolapios\">Rencontre avec l\u00b4\u00e9quipage Itaka-Escolapios (2 \u00e1 7)<\/a><\/p>\n<p style=\"padding-left: 40px;\"><a href=\"https:\/\/www.educa.itakaescolapios.org\/campanas\/2020-2021-reiniciando-para-transformar\/siente\/mapamundi\">Carte du monde ( 2 \u00e1 7)<\/a><img decoding=\"async\" loading=\"lazy\" class=\"alignright wp-image-2974\" src=\"https:\/\/www.educa.itakaescolapios.org\/wp-content\/uploads\/2020\/11\/mano-click-verde-por-tres-300x107.jpg\" alt=\"\" width=\"392\" height=\"140\" srcset=\"https:\/\/www.educa.itakaescolapios.org\/wp-content\/uploads\/2020\/11\/mano-click-verde-por-tres-300x107.jpg 300w, https:\/\/www.educa.itakaescolapios.org\/wp-content\/uploads\/2020\/11\/mano-click-verde-por-tres-1024x364.jpg 1024w, https:\/\/www.educa.itakaescolapios.org\/wp-content\/uploads\/2020\/11\/mano-click-verde-por-tres-768x273.jpg 768w, https:\/\/www.educa.itakaescolapios.org\/wp-content\/uploads\/2020\/11\/mano-click-verde-por-tres-1536x546.jpg 1536w, https:\/\/www.educa.itakaescolapios.org\/wp-content\/uploads\/2020\/11\/mano-click-verde-por-tres-2048x729.jpg 2048w, https:\/\/www.educa.itakaescolapios.org\/wp-content\/uploads\/2020\/11\/mano-click-verde-por-tres-250x89.jpg 250w\" sizes=\"(max-width: 392px) 100vw, 392px\" \/><\/p>\n<p style=\"padding-left: 40px;\"><a href=\"https:\/\/www.educa.itakaescolapios.org\/campanas\/2020-2021-reiniciando-para-transformar\/siente\/capsula-del-tiempo\">Capsule temporelle\u00a0 (2 \u00e0+18)<\/a><\/p>\n<p style=\"padding-left: 40px;\"><a href=\"https:\/\/www.educa.itakaescolapios.org\/campanas\/2020-2021-reiniciando-para-transformar\/siente\/familia-transformadora\">Transformer famille (2 \u00e1 +18)<\/a><\/p>\n<p style=\"padding-left: 40px;\"><a href=\"https:\/\/www.educa.itakaescolapios.org\/campanas\/2020-2021-reiniciando-para-transformar\/siente\/compara-y-contrasta\">Comparer el contraster (8 \u00e1 +18)<\/a><\/p>\n<p style=\"padding-left: 40px;\"><a href=\"https:\/\/www.educa.itakaescolapios.org\/campanas\/2020-2021-reiniciando-para-transformar\/siente\/buzon-solidario\">Bo\u00edte aux lettres de solidarit\u00e9 (2 \u00e1 +18)<\/a><\/p>\n<p>&nbsp;<\/p>","protected":false},"excerpt":{"rendered":"<p>La premi\u00e8re chose que la m\u00e9thodologie \u00abDesign for change &#8211; Design pour le changement\u00bb propose est de conna\u00eetre la r\u00e9alit\u00e9, de l\u2019analyser et de compatir avec [&hellip;]<\/p>\n","protected":false},"author":5,"featured_media":0,"parent":2618,"menu_order":3,"comment_status":"closed","ping_status":"closed","template":"","meta":[],"acf":[],"_links":{"self":[{"href":"https:\/\/www.educa.itakaescolapios.org\/fr\/wp-json\/wp\/v2\/pages\/2658"}],"collection":[{"href":"https:\/\/www.educa.itakaescolapios.org\/fr\/wp-json\/wp\/v2\/pages"}],"about":[{"href":"https:\/\/www.educa.itakaescolapios.org\/fr\/wp-json\/wp\/v2\/types\/page"}],"author":[{"embeddable":true,"href":"https:\/\/www.educa.itakaescolapios.org\/fr\/wp-json\/wp\/v2\/users\/5"}],"replies":[{"embeddable":true,"href":"https:\/\/www.educa.itakaescolapios.org\/fr\/wp-json\/wp\/v2\/comments?post=2658"}],"version-history":[{"count":39,"href":"https:\/\/www.educa.itakaescolapios.org\/fr\/wp-json\/wp\/v2\/pages\/2658\/revisions"}],"predecessor-version":[{"id":4035,"href":"https:\/\/www.educa.itakaescolapios.org\/fr\/wp-json\/wp\/v2\/pages\/2658\/revisions\/4035"}],"up":[{"embeddable":true,"href":"https:\/\/www.educa.itakaescolapios.org\/fr\/wp-json\/wp\/v2\/pages\/2618"}],"wp:attachment":[{"href":"https:\/\/www.educa.itakaescolapios.org\/fr\/wp-json\/wp\/v2\/media?parent=2658"}],"curies":[{"name":"wp","href":"https:\/\/api.w.org\/{rel}","templated":true}]}}