{"id":2870,"date":"2020-11-06T10:06:40","date_gmt":"2020-11-06T09:06:40","guid":{"rendered":"https:\/\/www.educa.itakaescolapios.org\/?page_id=2870"},"modified":"2023-05-05T15:50:49","modified_gmt":"2023-05-05T13:50:49","slug":"carteleria","status":"publish","type":"page","link":"https:\/\/www.educa.itakaescolapios.org\/fr\/campanas\/2020-2021-reiniciando-para-transformar\/carteleria-y-ambientacion\/carteleria","title":{"rendered":"Signalisation"},"content":{"rendered":"<p>&nbsp;<\/p>\n<p>&nbsp;<\/p>\n<p>&nbsp;<\/p>\n<table style=\"width: 99.8476%; height: 467px;\" border=\"0\" cellspacing=\"0\" cellpadding=\"0\">\n<colgroup>\n<col width=\"98\" \/>\n<col width=\"117\" \/>\n<col width=\"154\" \/>\n<col width=\"122\" \/> <\/colgroup>\n<tbody>\n<tr style=\"height: 50px;\">\n<td style=\"width: 21.3781%; text-align: left; height: 50px;\" height=\"51\"><\/td>\n<td style=\"width: 26.6419%; text-align: left; height: 50px;\"><span style=\"color: #333333;\"><strong>LOGO DE LA CAMPAGNE<\/strong><\/span><\/td>\n<td style=\"width: 29.3374%; text-align: left; height: 50px;\"><span style=\"color: #333333;\"><strong>AFFICHE DE CAMPAGNE<\/strong><\/span><\/td>\n<td style=\"width: 142.622%; text-align: left; height: 50px;\"><strong>AFFICHE DE REMERCIEMENT<\/strong><\/td>\n<\/tr>\n<tr style=\"height: 33px;\">\n<td style=\"width: 21.3781%; height: 33px;\" height=\"34\"><strong>ESPAGNOL<\/strong><\/td>\n<td style=\"width: 26.6419%; height: 33px;\"><span style=\"text-decoration: underline;\"><a href=\"https:\/\/www.educa.itakaescolapios.org\/wp-content\/uploads\/2020\/11\/LOGO-CAMPA\u00d1A-ITAKA-2021-esp.png\" target=\"_blank\" rel=\"noopener noreferrer\"><strong><span style=\"color: #008000; text-decoration: underline;\">Reiniciando para transformar<\/span><\/strong><\/a><\/span><\/td>\n<td style=\"width: 29.3374%; height: 33px;\"><span style=\"text-decoration: underline; color: #800000;\"><a style=\"color: #800000;\" href=\"https:\/\/www.educa.itakaescolapios.org\/wp-content\/uploads\/2020\/11\/CARTEL-CAMPA\u00d1A-ITAKA-2021-ESP.pdf\" target=\"_blank\" rel=\"noopener noreferrer\"><b>CAMPA\u00d1A DE SOLIDARIDAD<\/b><\/a><\/span><\/td>\n<td style=\"width: 142.622%; height: 33px;\"><span style=\"text-decoration: underline;\"><strong><span style=\"color: #0000ff;\"><a href=\"https:\/\/www.educa.itakaescolapios.org\/wp-content\/uploads\/2020\/11\/CARTEL-GRACIAS-2020-ESP.pdf\" target=\"_blank\" rel=\"noopener noreferrer\">GRACIAS<\/a><\/span><\/strong><\/span><\/td>\n<\/tr>\n<tr style=\"height: 33px;\">\n<td style=\"width: 21.3781%; height: 33px;\" height=\"34\"><strong>ANGLAIS<\/strong><\/td>\n<td style=\"width: 26.6419%; height: 33px;\"><span style=\"text-decoration: underline;\"><a href=\"https:\/\/www.educa.itakaescolapios.org\/wp-content\/uploads\/2020\/11\/LOGO-CAMPA\u00d1A-ITAKA-2021-ing.png\" target=\"_blank\" rel=\"noopener noreferrer\"><strong><span style=\"color: #008000; text-decoration: underline;\">Restarting to transform<\/span><\/strong><\/a><\/span><\/td>\n<td style=\"width: 29.3374%; height: 33px;\"><span style=\"text-decoration: underline; color: #800000;\"><a style=\"color: #800000;\" href=\"https:\/\/www.educa.itakaescolapios.org\/wp-content\/uploads\/2020\/11\/CARTEL-CAMPA\u00d1A-ITAKA-2021-ING.pdf\" target=\"_blank\" rel=\"noopener noreferrer\"><strong><span style=\"text-decoration: underline;\">SOLIDARITY CAMPAING<\/span><\/strong><\/a><\/span><\/td>\n<td style=\"width: 142.622%; height: 33px;\"><span style=\"text-decoration: underline;\"><strong><span style=\"color: #0000ff;\"><a href=\"https:\/\/www.educa.itakaescolapios.org\/wp-content\/uploads\/2020\/11\/CARTEL-GRACIAS-2020-ENG.pdf\" target=\"_blank\" rel=\"noopener noreferrer\">THANK YOU<\/a><\/span><\/strong><\/span><\/td>\n<\/tr>\n<tr style=\"height: 33px;\">\n<td style=\"width: 21.3781%; height: 33px;\" height=\"34\"><strong>FRAN\u00c7AIS<\/strong><\/td>\n<td style=\"width: 26.6419%; height: 33px;\"><span style=\"text-decoration: underline;\"><a href=\"https:\/\/www.educa.itakaescolapios.org\/wp-content\/uploads\/2020\/11\/LOGO-CAMPA\u00d1A-ITAKA-2021-fra.png\" target=\"_blank\" rel=\"noopener noreferrer\"><strong><span style=\"color: #008000; text-decoration: underline;\">En recomman\u00e7ant pour transformer<\/span><\/strong><\/a><\/span><\/td>\n<td style=\"width: 29.3374%; height: 33px;\"><span style=\"color: #800000;\"><a style=\"color: #800000;\" href=\"https:\/\/www.educa.itakaescolapios.org\/wp-content\/uploads\/2020\/11\/CARTEL-CAMPA\u00d1A-ITAKA-2021-FRA.pdf\" target=\"_blank\" rel=\"noopener noreferrer\"><span style=\"text-decoration: underline;\"><strong><span style=\"text-decoration: underline;\">CAMPAGNE DE SOLIDARIT\u00c9<\/span><\/strong><\/span><\/a><\/span><\/td>\n<td style=\"width: 142.622%; height: 33px;\"><span style=\"text-decoration: underline;\"><strong><span style=\"color: #0000ff;\"><a href=\"https:\/\/www.educa.itakaescolapios.org\/wp-content\/uploads\/2020\/11\/CARTEL-GRACIAS-2020-FRA.pdf\">MERCI<\/a><\/span><\/strong><\/span><\/td>\n<\/tr>\n<tr style=\"height: 33px;\">\n<td style=\"width: 21.3781%; height: 31px;\" height=\"34\"><strong>PORTUGUESE<\/strong><\/td>\n<td style=\"width: 26.6419%; height: 33px;\"><span style=\"text-decoration: underline;\"><a href=\"https:\/\/www.educa.itakaescolapios.org\/wp-content\/uploads\/2021\/01\/LOGO-CAMPA\u00d1A-ITAKA-2021-bra.png\" target=\"_blank\" rel=\"noopener noreferrer\"><strong><span style=\"color: #008000; text-decoration: underline;\">Reiniciar para transformar<\/span><\/strong><\/a><\/span><\/td>\n<td style=\"width: 29.3374%; height: 33px;\"><span style=\"text-decoration: underline; color: #800000;\"><a style=\"color: #800000;\" href=\"https:\/\/www.educa.itakaescolapios.org\/wp-content\/uploads\/2021\/01\/CARTEL-CAMPA\u00d1A-ITAKA-2021-PORT.pdf\" target=\"_blank\" rel=\"noopener noreferrer\"><strong><span style=\"text-decoration: underline;\">CAMPANHA DE SOLIDARIEDADE<\/span><\/strong><\/a><\/span><\/td>\n<td style=\"width: 142.622%; height: 33px;\"><span style=\"text-decoration: underline;\"><strong><span style=\"color: #0000ff;\"><a href=\"https:\/\/www.educa.itakaescolapios.org\/wp-content\/uploads\/2020\/11\/CARTEL-GRACIAS-2020-PORT.pdf\">OBRIGADO<\/a><\/span><\/strong><\/span><\/td>\n<\/tr>\n<tr style=\"height: 33px;\">\n<td style=\"width: 21.3781%; height: 33px;\" height=\"34\"><strong>EUSKERA<\/strong><\/td>\n<td style=\"width: 26.6419%; height: 33px;\"><span style=\"text-decoration: underline;\"><a href=\"https:\/\/www.educa.itakaescolapios.org\/wp-content\/uploads\/2020\/11\/LOGO-CAMPA\u00d1A-ITAKA-2021-eusk.png\" target=\"_blank\" rel=\"noopener noreferrer\"><strong><span style=\"color: #008000; text-decoration: underline;\">Eraldatzen hasteko prest\u00a0<\/span><\/strong><\/a><\/span><\/td>\n<td style=\"width: 29.3374%; height: 33px;\"><span style=\"text-decoration: underline; color: #800000;\"><a style=\"color: #800000;\" href=\"https:\/\/www.educa.itakaescolapios.org\/wp-content\/uploads\/2020\/11\/CARTEL-CAMPA\u00d1A-ITAKA-2021-EUSK.pdf\" target=\"_blank\" rel=\"noopener noreferrer\"><strong><span style=\"text-decoration: underline;\">ELKARTASUN KANPAINA<\/span><\/strong><\/a><\/span><\/td>\n<td style=\"width: 142.622%; height: 33px;\"><\/td>\n<\/tr>\n<tr style=\"height: 33px;\">\n<td style=\"width: 21.3781%; height: 33px;\" height=\"34\"><strong>GALLEGO<\/strong><\/td>\n<td style=\"width: 26.6419%; height: 33px;\"><span style=\"text-decoration: underline;\"><a href=\"https:\/\/www.educa.itakaescolapios.org\/wp-content\/uploads\/2020\/11\/LOGO-CAMPA\u00d1A-ITAKA-2021-esp.png\" target=\"_blank\" rel=\"noopener noreferrer\"><strong><span style=\"color: #008000; text-decoration: underline;\">Reiniciando para transformar<\/span><\/strong><\/a><\/span><\/td>\n<td style=\"width: 29.3374%; height: 33px;\"><span style=\"color: #800000;\"><a style=\"color: #800000;\" href=\"https:\/\/www.educa.itakaescolapios.org\/wp-content\/uploads\/2020\/11\/CARTEL-CAMPA\u00d1A-ITAKA-2021-GAL.pdf\" target=\"_blank\" rel=\"noopener noreferrer\"><span style=\"text-decoration: underline;\"><strong><span style=\"text-decoration: underline;\">CAMPA\u00d1A DE SOLIDARIEDADE<\/span><\/strong><\/span><\/a><\/span><\/td>\n<td style=\"width: 142.622%; height: 33px;\"><span style=\"text-decoration: underline;\"><strong><a href=\"https:\/\/www.educa.itakaescolapios.org\/wp-content\/uploads\/2020\/11\/CARTEL-GRACIAS-2020-def-gal.pdf\" target=\"_blank\" rel=\"noopener noreferrer\">GRAZAS<\/a><\/strong><\/span><\/td>\n<\/tr>\n<tr style=\"height: 33px;\">\n<td style=\"width: 21.3781%; height: 33px;\" height=\"34\"><span style=\"color: #000000;\"><strong>LINGALA<\/strong><\/span><\/td>\n<td style=\"width: 26.6419%; height: 33px;\"><span style=\"text-decoration: underline;\"><a href=\"https:\/\/www.educa.itakaescolapios.org\/wp-content\/uploads\/2020\/11\/LOGO-CAMPA\u00d1A-ITAKA-2021-lingala.png\" target=\"_blank\" rel=\"noopener noreferrer\"><strong><span style=\"color: #008000; text-decoration: underline;\">Kobandela lisusu po na kobongolisa<\/span><\/strong><\/a><\/span><\/td>\n<td style=\"width: 29.3374%; height: 33px;\"><span style=\"color: #800000;\"><strong>MILULU YA LISUNGAMI<\/strong><\/span><\/td>\n<td style=\"width: 142.622%; height: 33px;\"><\/td>\n<\/tr>\n<tr style=\"height: 33px;\">\n<td style=\"width: 21.3781%; height: 33px;\" height=\"34\"><span style=\"color: #000000;\"><strong>QUECHUA<\/strong><\/span><\/td>\n<td style=\"width: 26.6419%; height: 33px;\"><span style=\"text-decoration: underline; color: #008000;\"><strong><a style=\"color: #008000; text-decoration: underline;\" href=\"https:\/\/www.educa.itakaescolapios.org\/wp-content\/uploads\/2020\/12\/LOGO-CAMPA\u00d1A-ITAKA-2021-QUECHUA.png\" target=\"_blank\" rel=\"noopener noreferrer\"> Sunkuchakuy ruway<\/a><\/strong><\/span><\/td>\n<td style=\"width: 29.3374%; height: 33px;\"><span style=\"color: #800000;\"><strong>SUNGUCHAKUY RUWAY<\/strong><\/span><\/td>\n<td style=\"width: 142.622%; height: 33px;\"><\/td>\n<\/tr>\n<tr style=\"height: 33px;\">\n<td style=\"width: 21.3781%; height: 33px;\" height=\"34\"><span style=\"color: #000000;\"><strong>TAGALO<\/strong><\/span><\/td>\n<td style=\"width: 26.6419%; height: 33px;\"><a href=\"https:\/\/www.educa.itakaescolapios.org\/wp-content\/uploads\/2020\/12\/LOGO-CAMPA\u00d1A-ITAKA-2021-TAGALO.png\" target=\"_blank\" rel=\"noopener noreferrer\"><strong><span style=\"color: #008000;\">Magsisimula ulit para sa pagbabago<\/span><\/strong><\/a><\/td>\n<td style=\"width: 29.3374%; height: 33px;\"><strong><span style=\"color: #800000;\"><a style=\"color: #800000;\" href=\"https:\/\/www.educa.itakaescolapios.org\/wp-content\/uploads\/2020\/12\/CARTEL-CAMPA\u00d1A-ITAKA-2021-TAGALO.pdf\" target=\"_blank\" rel=\"noopener noreferrer\">KAMPANYA PARA SA PAGKAKAISA<\/a><\/span><\/strong><\/td>\n<td style=\"width: 142.622%; height: 33px;\"><\/td>\n<\/tr>\n<tr style=\"height: 33px;\">\n<td style=\"width: 21.3781%; height: 33px;\" height=\"34\"><strong>VALENCIEN<\/strong><\/td>\n<td style=\"width: 26.6419%; height: 33px;\"><span style=\"text-decoration: underline;\"><a href=\"https:\/\/www.educa.itakaescolapios.org\/wp-content\/uploads\/2020\/11\/LOGO-CAMPA\u00d1A-ITAKA-2021-val.png\" target=\"_blank\" rel=\"noopener noreferrer\"><strong><span style=\"color: #008000; text-decoration: underline;\">Reiniciant per a transformar<\/span><\/strong><\/a><\/span><\/td>\n<td style=\"width: 29.3374%; height: 33px;\"><span style=\"text-decoration: underline; color: #800000;\"><a style=\"color: #800000;\" href=\"https:\/\/www.educa.itakaescolapios.org\/wp-content\/uploads\/2020\/11\/CARTEL-CAMPA\u00d1A-ITAKA-2021-VAL.pdf\" target=\"_blank\" rel=\"noopener noreferrer\"><strong><span style=\"text-decoration: underline;\"> CAMPANYA DE SOLIDARITAT<\/span><\/strong><\/a><\/span><\/td>\n<td style=\"width: 142.622%; height: 33px;\"><span style=\"text-decoration: underline;\"><strong><a href=\"https:\/\/www.educa.itakaescolapios.org\/wp-content\/uploads\/2020\/11\/CARTEL-GRACIAS-2020-def-val.pdf\" target=\"_blank\" rel=\"noopener noreferrer\">GR\u00c1CIES<\/a><\/strong><\/span><\/td>\n<\/tr>\n<tr style=\"height: 33px;\">\n<td style=\"width: 21.3781%; height: 33px;\" height=\"34\"><span style=\"color: #000000;\"><strong>VISAYA<\/strong><\/span><\/td>\n<td style=\"width: 26.6419%; height: 33px;\"><a href=\"https:\/\/www.educa.itakaescolapios.org\/wp-content\/uploads\/2020\/12\/LOGO-CAMPA\u00d1A-ITAKA-2021-TAGALO.png\" target=\"_blank\" rel=\"noopener noreferrer\"><span style=\"text-decoration: underline;\"><strong><span style=\"color: #008000; text-decoration: underline;\">Maqsuqod oq usab para sa kausaban<\/span><\/strong><\/span><\/a><\/td>\n<td style=\"width: 29.3374%; height: 33px;\"><strong><span style=\"color: #800000;\"><a style=\"color: #800000;\" href=\"https:\/\/www.educa.itakaescolapios.org\/wp-content\/uploads\/2020\/12\/CARTEL-CAMPA\u00d1A-ITAKA-2021-VISAYA.pdf\" target=\"_blank\" rel=\"noopener noreferrer\">KAMPANYA PARA SA PAGKAKAISA<\/a><\/span><\/strong><\/td>\n<td style=\"width: 142.622%; height: 33px;\"><\/td>\n<\/tr>\n<tr style=\"height: 33px;\">\n<td style=\"width: 21.3781%; height: 33px;\" height=\"34\"><span style=\"color: #000000;\"><strong>WOLOF<\/strong><\/span><\/td>\n<td style=\"width: 26.6419%; height: 33px;\"><span style=\"text-decoration: underline; color: #008000;\"><strong><a style=\"color: #008000; text-decoration: underline;\" href=\"https:\/\/www.educa.itakaescolapios.org\/wp-content\/uploads\/2020\/11\/LOGO-CAMPA\u00d1A-ITAKA-2021-wolof.png\" target=\"_blank\" rel=\"noopener noreferrer\">Besalaat noir sopali<\/a><\/strong><\/span><\/td>\n<td style=\"width: 29.3374%; height: 33px;\"><span style=\"color: #800000;\"><strong>MILULU YA LISUNGAMI<\/strong><\/span><\/td>\n<td style=\"width: 142.622%; height: 33px;\"><\/td>\n<\/tr>\n<tr style=\"height: 23px;\">\n<td style=\"width: 21.3781%; height: 23px;\"><strong>INDONESIEN<\/strong><\/td>\n<td style=\"width: 26.6419%; height: 23px;\"><a href=\"https:\/\/www.educa.itakaescolapios.org\/wp-content\/uploads\/2020\/11\/LOGO-CAMPA\u00d1A-ITAKA-2021-indo.png\" target=\"_blank\" rel=\"noopener noreferrer\"><span style=\"text-decoration: underline; color: #008000;\"><strong>Memulai kembal untuk mengubah<\/strong><\/span><\/a><\/td>\n<td style=\"width: 29.3374%; height: 23px;\"><span style=\"color: #800000;\"><strong>\u00a0<span style=\"text-decoration: underline;\"><a style=\"color: #800000; text-decoration: underline;\" href=\"https:\/\/www.educa.itakaescolapios.org\/wp-content\/uploads\/2020\/11\/CARTEL-CAMPA\u00d1A-ITAKA-2021-INDO.pdf\" target=\"_blank\" rel=\"noopener noreferrer\">KAMPANYE SOLIDARITAS \u00a0<\/a><\/span><\/strong><\/span><\/td>\n<td style=\"width: 142.622%; height: 23px;\"><\/td>\n<\/tr>\n<\/tbody>\n<\/table>\n<p>Tous les logos en pdf, jpg et png,<span style=\"text-decoration: underline;\"><strong> <a href=\"https:\/\/www.educa.itakaescolapios.org\/wp-content\/uploads\/2020\/12\/LOGO-CAMPA%C3%91A-ITAKA-2021.zip\">aci<\/a><\/strong><\/span><\/p>\n<p>&nbsp;<\/p>\n<h3><strong>Personnages<\/strong><\/h3>\n<table class=\"aligncenter\" style=\"height: 100%; width: 100%;\" border=\"4\" cellspacing=\"2\" cellpadding=\"2\">\n<caption>\u00a0<\/caption>\n<colgroup>\n<col width=\"40%\" \/>\n<col width=\"20%\" \/>\n<col width=\"20%\" \/>\n<col width=\"20%\" \/> <\/colgroup>\n<tbody>\n<tr>\n<td style=\"width: 41.9939%; height: 100px;\" height=\"100\"><\/td>\n<td style=\"width: 20.3067%; height: 100px; text-align: center;\"><strong>CARACT\u00c9RISTIQUES DE COULEUR avec CONTEXTE<\/strong><\/td>\n<td style=\"width: 19.0798%; height: 100px; text-align: center;\"><strong>CARACT\u00c9RISTIQUES DE LA COULEUR<\/strong><\/td>\n<td style=\"width: 18.6196%; height: 100px; text-align: center;\"><strong>LIVRE \u00c0 COLORER<\/strong><\/td>\n<\/tr>\n<tr>\n<td style=\"width: 41.9939%; height: 49px;\" width=\"477\">L&rsquo;exp\u00e9dition Itaka-Escolapios regarde vers le haut pour voir le monde entier.<\/td>\n<td style=\"width: 20.3067%; height: 49px; text-align: center; vertical-align: middle; padding-left: 40px;\"><a href=\"https:\/\/www.educa.itakaescolapios.org\/wp-content\/uploads\/2020\/11\/GRUPO_COLOR_20-21.pdf\" target=\"_blank\" rel=\"noopener noreferrer\">GROUPE<\/a><\/td>\n<td style=\"width: 19.0798%; height: 49px; text-align: center; vertical-align: middle; padding-left: 40px;\"><a href=\"https:\/\/www.educa.itakaescolapios.org\/wp-content\/uploads\/2020\/11\/GRUPO_COLOR_20-21.pdf\" target=\"_blank\" rel=\"noopener noreferrer\">GROUPE<\/a><\/td>\n<td style=\"width: 18.6196%; height: 49px; text-align: center; vertical-align: middle; padding-left: 40px;\"><a href=\"https:\/\/www.educa.itakaescolapios.org\/wp-content\/uploads\/2020\/11\/GRUPO_LINEA_20-21.pdf\" target=\"_blank\" rel=\"noopener noreferrer\">GROUPE<\/a><\/td>\n<\/tr>\n<tr>\n<td style=\"width: 41.9939%; height: 24px;\" width=\"477\">Moteur du droit \u00e0 l\u2019\u00e9ducation universelle, il dirige l\u2019exp\u00e9dition \u00e9tant le responsable principal de tout ce qui se passe dans celle-ci. Son engagement : remplir de \u00ab\u00a0Pi\u00e9t\u00e9 et Lettres\u00a0\u00bb tous les recoins de la plan\u00e8te<\/td>\n<td style=\"width: 20.3067%; height: 24px; text-align: center; vertical-align: middle; padding-left: 40px;\"><a href=\"https:\/\/www.educa.itakaescolapios.org\/wp-content\/uploads\/2020\/11\/CALASANZ_COLOR_20-21.pdf\" target=\"_blank\" rel=\"noopener noreferrer\">CALASANZ<\/a><\/td>\n<td style=\"width: 19.0798%; height: 24px; text-align: center; vertical-align: middle; padding-left: 40px;\"><a href=\"https:\/\/www.educa.itakaescolapios.org\/wp-content\/uploads\/2020\/11\/CALASANZ_sin-fondo_20-21.pdf\" target=\"_blank\" rel=\"noopener noreferrer\">CALASANZ<\/a><\/td>\n<td style=\"width: 18.6196%; height: 24px; text-align: center; vertical-align: middle; padding-left: 40px;\"><a href=\"https:\/\/www.educa.itakaescolapios.org\/wp-content\/uploads\/2020\/11\/CALASANZ__LINEA_20-21.pdf\" target=\"_blank\" rel=\"noopener noreferrer\">CALASANZ<\/a><\/td>\n<\/tr>\n<tr>\n<td style=\"width: 41.9939%; height: 71px;\" width=\"477\">N\u00e9es en R\u00e9publique D\u00e9mocratique du Congo, l\u2019adolescente Elykia et la petite Esengo parcourent le pays en racontant leur histoire pour d\u00e9fendre les droits des filles et des femmes.<\/td>\n<td style=\"width: 20.3067%; height: 71px; text-align: center; vertical-align: middle; padding-left: 40px;\"><a href=\"https:\/\/www.educa.itakaescolapios.org\/wp-content\/uploads\/2020\/11\/ELIKIA-ESENGO_COLOR_20-21.pdf\" target=\"_blank\" rel=\"noopener noreferrer\">ELIKIA &#8211; ESENGO<\/a><\/td>\n<td style=\"width: 19.0798%; height: 71px; text-align: center; vertical-align: middle; padding-left: 40px;\"><a href=\"https:\/\/www.educa.itakaescolapios.org\/wp-content\/uploads\/2020\/11\/ELIKIA-ESENGO_sin-fondo_20-21.pdf\" target=\"_blank\" rel=\"noopener noreferrer\">ELIKIA &#8211; ESENGO<\/a><\/td>\n<td style=\"width: 18.6196%; height: 71px; text-align: center; vertical-align: middle; padding-left: 40px;\"><a href=\"https:\/\/www.educa.itakaescolapios.org\/wp-content\/uploads\/2020\/11\/ELIKIA-ESENGO_LINEA_20-21.pdf\" target=\"_blank\" rel=\"noopener noreferrer\">ELIKIA &#8211; ESENGO<\/a><\/td>\n<\/tr>\n<tr>\n<td style=\"width: 41.9939%; height: 73px;\" width=\"477\">Cette fillette africaine poss\u00e8de la facult\u00e9 de d\u00e9chiffrer les cartes avec un grand sens de l\u2019orientation.\u00a0 C\u2019est une grande connaisseuse de la r\u00e9alit\u00e9 escolapia, ce qui en a fait une travailleuse en faveur des personnes exclues<\/td>\n<td style=\"width: 20.3067%; height: 73px; text-align: center; vertical-align: middle; padding-left: 40px;\"><a href=\"https:\/\/www.educa.itakaescolapios.org\/wp-content\/uploads\/2020\/11\/MARINE_COLOR_20-21.pdf\" target=\"_blank\" rel=\"noopener noreferrer\">MARINE<\/a><\/td>\n<td style=\"width: 19.0798%; height: 73px; text-align: center; vertical-align: middle; padding-left: 40px;\"><a href=\"https:\/\/www.educa.itakaescolapios.org\/wp-content\/uploads\/2020\/11\/MARINE_sin-fondo_20-21.pdf\" target=\"_blank\" rel=\"noopener noreferrer\">MARINE<\/a><\/td>\n<td style=\"width: 18.6196%; height: 73px; text-align: center; vertical-align: middle; padding-left: 40px;\"><a href=\"https:\/\/www.educa.itakaescolapios.org\/wp-content\/uploads\/2020\/11\/MARINE_LINEA_20-21.pdf\" target=\"_blank\" rel=\"noopener noreferrer\">MARINE<\/a><\/td>\n<\/tr>\n<tr>\n<td style=\"width: 41.9939%; height: 107px;\" width=\"477\">Cette sud-am\u00e9ricaine est la m\u00e9canicienne et bricoleuse de l\u2019exp\u00e9dition. Elle a une passion : monter, d\u00e9monter et r\u00e9parer tous types de m\u00e9canismes. Elle sait que tout peut \u00eatre r\u00e9par\u00e9 avec du travail et de la recherche. Elle sait chercher des solutions concr\u00e8tes aux gros et petits probl\u00e8mes<\/td>\n<td style=\"width: 20.3067%; height: 107px; text-align: center; vertical-align: middle; padding-left: 40px;\"><a href=\"https:\/\/www.educa.itakaescolapios.org\/wp-content\/uploads\/2020\/11\/JIWA_COLOR_20-21.pdf\" target=\"_blank\" rel=\"noopener noreferrer\">JIWA<\/a><\/td>\n<td style=\"width: 19.0798%; height: 107px; text-align: center; vertical-align: middle; padding-left: 40px;\"><a href=\"https:\/\/www.educa.itakaescolapios.org\/wp-content\/uploads\/2020\/11\/JIWA_sin-fondo_20-21.pdf\" target=\"_blank\" rel=\"noopener noreferrer\">JIWA<\/a><\/td>\n<td style=\"width: 18.6196%; height: 107px; text-align: center; vertical-align: middle; padding-left: 40px;\"><a href=\"https:\/\/www.educa.itakaescolapios.org\/wp-content\/uploads\/2020\/11\/JIWA_LINEA_20-21.pdf\" target=\"_blank\" rel=\"noopener noreferrer\">JIWA<\/a><\/td>\n<\/tr>\n<tr>\n<td style=\"width: 41.9939%; height: 112px;\" width=\"477\">Enfant europ\u00e9en, l\u2019ain\u00e9 des exp\u00e9ditionnaires. Il aime les campagnes de solidarit\u00e9, car il aime travailler avec les aliments de tous les pays et gouter tous types d\u2019ingr\u00e9dients. Cette connaissance en a fait un m\u00e9diateur entre diff\u00e9rentes cultures. Sa devise : \u00ab\u00a0il faut saler la vie\u00a0\u00bb<\/td>\n<td style=\"width: 20.3067%; height: 112px; text-align: center; vertical-align: middle; padding-left: 40px;\"><a href=\"https:\/\/www.educa.itakaescolapios.org\/wp-content\/uploads\/2020\/11\/SUKAL_COLOR_20-21.pdf\" target=\"_blank\" rel=\"noopener noreferrer\">SUKAL<\/a><\/td>\n<td style=\"width: 19.0798%; height: 112px; text-align: center; vertical-align: middle; padding-left: 40px;\"><a href=\"https:\/\/www.educa.itakaescolapios.org\/wp-content\/uploads\/2020\/11\/SUKAL_sin-fondo_20-21.pdf\" target=\"_blank\" rel=\"noopener noreferrer\">SUKAL<\/a><\/td>\n<td style=\"width: 18.6196%; height: 112px; text-align: center; vertical-align: middle; padding-left: 40px;\"><a href=\"https:\/\/www.educa.itakaescolapios.org\/wp-content\/uploads\/2020\/11\/SUKAL_LINEA_20-21.pdf\" target=\"_blank\" rel=\"noopener noreferrer\">SUKAL<\/a><\/td>\n<\/tr>\n<tr>\n<td style=\"width: 41.9939%; height: 89px;\" width=\"477\">Notre adolescente centre-am\u00e9ricaine est la responsable de la communication et diffusion de tout ce qui se passe dans l\u2019exp\u00e9dition. Cette capacit\u00e9 \u00e0 communiquer en a fait une grande m\u00e9diatrice et travailleuse en faveur de la paix. Ce n\u2019est pas pour rien que sa devise est \u00ab\u00a0tout est question de dialogue\u00a0\u00bb<\/td>\n<td style=\"width: 20.3067%; height: 89px; text-align: center; vertical-align: middle; padding-left: 40px;\"><a href=\"https:\/\/www.educa.itakaescolapios.org\/wp-content\/uploads\/2020\/11\/BLA_COLOR_20-21.pdf\" target=\"_blank\" rel=\"noopener noreferrer\">BLA<\/a><\/td>\n<td style=\"width: 19.0798%; height: 89px; text-align: center; vertical-align: middle; padding-left: 40px;\"><a href=\"https:\/\/www.educa.itakaescolapios.org\/wp-content\/uploads\/2020\/11\/BLA_sin-fondo_20-21.pdf\" target=\"_blank\" rel=\"noopener noreferrer\">BLA<\/a><\/td>\n<td style=\"width: 18.6196%; height: 89px; text-align: center; vertical-align: middle; padding-left: 40px;\"><a href=\"https:\/\/www.educa.itakaescolapios.org\/wp-content\/uploads\/2020\/11\/BLA_LINEA_20-21.pdf\" target=\"_blank\" rel=\"noopener noreferrer\">BLA<\/a><\/td>\n<\/tr>\n<tr>\n<td style=\"width: 41.9939%; height: 61px;\" width=\"477\">Il est n\u00e9 dans un village proche de l\u2019\u00e9cole Kamda, lieu isol\u00e9 en pleine nature. Pour cette raison, c\u2019est un grand amant de l\u2019environnement et du d\u00e9veloppement durable. D\u2019o\u00f9 sa devise \u00ab\u00a0vert je te vois vert\u00a0\u00bb.<\/td>\n<td style=\"width: 20.3067%; height: 61px; text-align: center; vertical-align: middle; padding-left: 40px;\"><a href=\"https:\/\/www.educa.itakaescolapios.org\/wp-content\/uploads\/2020\/11\/QUISAP_COLOR_20-21.pdf\" target=\"_blank\" rel=\"noopener noreferrer\">QUISAP<\/a><\/td>\n<td style=\"width: 19.0798%; height: 61px; text-align: center; vertical-align: middle; padding-left: 40px;\"><a href=\"https:\/\/www.educa.itakaescolapios.org\/wp-content\/uploads\/2020\/11\/QUISAP_sin-fondo_20-21.pdf\" target=\"_blank\" rel=\"noopener noreferrer\">QUISAP<\/a><\/td>\n<td style=\"width: 18.6196%; height: 61px; text-align: center; vertical-align: middle; padding-left: 40px;\"><a href=\"https:\/\/www.educa.itakaescolapios.org\/wp-content\/uploads\/2020\/11\/QUISAP_LINEA_20-21.pdf\" target=\"_blank\" rel=\"noopener noreferrer\">QUISAP<\/a><\/td>\n<\/tr>\n<tr>\n<td style=\"width: 41.9939%;\">C&rsquo;est un enfant asiatique et il en sait beaucoup sur l&rsquo;Indon\u00e9sie. On se souvient de lui lors de la campagne \u00ab\u00a0\u00c0 la rencontre d&rsquo;Atambua\u00a0\u00bb et depuis son domicile, il est attentif \u00e0 tout danger qui pourrait survenir. Il s&rsquo;occupe des autres, valorisant toujours la sant\u00e9 et apprenant \u00e0 ses amis \u00e0 prendre soin d&rsquo;eux-m\u00eames face \u00e0 cette pand\u00e9mie. Comme il le dit : \u00ab\u00a0Prenons soin de nous-m\u00eames\u00a0\u00bb.<\/td>\n<td style=\"width: 20.3067%; text-align: center; vertical-align: middle; padding-left: 40px;\"><a href=\"https:\/\/www.educa.itakaescolapios.org\/wp-content\/uploads\/2020\/11\/LOOK_COLOR_20-21.pdf\" target=\"_blank\" rel=\"noopener noreferrer\">LOOK<\/a><\/td>\n<td style=\"width: 19.0798%; text-align: center; vertical-align: middle; padding-left: 40px;\"><a href=\"https:\/\/www.educa.itakaescolapios.org\/wp-content\/uploads\/2020\/11\/LOOK_sin-fondo_20-21.pdf\" target=\"_blank\" rel=\"noopener noreferrer\">LOOK<\/a><\/td>\n<td style=\"width: 18.6196%; text-align: center; vertical-align: middle; padding-left: 40px;\"><a href=\"https:\/\/www.educa.itakaescolapios.org\/wp-content\/uploads\/2020\/11\/LOOK_LINEA_20-21.pdf\" target=\"_blank\" rel=\"noopener noreferrer\">LOOK<\/a><\/td>\n<\/tr>\n<\/tbody>\n<\/table>\n<p>&nbsp;<\/p>","protected":false},"excerpt":{"rendered":"<p>&nbsp; &nbsp; &nbsp; LOGO DE LA CAMPAGNE AFFICHE DE CAMPAGNE AFFICHE DE REMERCIEMENT ESPAGNOL Reiniciando para transformar CAMPA\u00d1A DE SOLIDARIDAD GRACIAS ANGLAIS Restarting to transform SOLIDARITY [&hellip;]<\/p>\n","protected":false},"author":5,"featured_media":0,"parent":2864,"menu_order":1,"comment_status":"closed","ping_status":"closed","template":"","meta":[],"acf":[],"_links":{"self":[{"href":"https:\/\/www.educa.itakaescolapios.org\/fr\/wp-json\/wp\/v2\/pages\/2870"}],"collection":[{"href":"https:\/\/www.educa.itakaescolapios.org\/fr\/wp-json\/wp\/v2\/pages"}],"about":[{"href":"https:\/\/www.educa.itakaescolapios.org\/fr\/wp-json\/wp\/v2\/types\/page"}],"author":[{"embeddable":true,"href":"https:\/\/www.educa.itakaescolapios.org\/fr\/wp-json\/wp\/v2\/users\/5"}],"replies":[{"embeddable":true,"href":"https:\/\/www.educa.itakaescolapios.org\/fr\/wp-json\/wp\/v2\/comments?post=2870"}],"version-history":[{"count":84,"href":"https:\/\/www.educa.itakaescolapios.org\/fr\/wp-json\/wp\/v2\/pages\/2870\/revisions"}],"predecessor-version":[{"id":7614,"href":"https:\/\/www.educa.itakaescolapios.org\/fr\/wp-json\/wp\/v2\/pages\/2870\/revisions\/7614"}],"up":[{"embeddable":true,"href":"https:\/\/www.educa.itakaescolapios.org\/fr\/wp-json\/wp\/v2\/pages\/2864"}],"wp:attachment":[{"href":"https:\/\/www.educa.itakaescolapios.org\/fr\/wp-json\/wp\/v2\/media?parent=2870"}],"curies":[{"name":"wp","href":"https:\/\/api.w.org\/{rel}","templated":true}]}}