{"id":304,"date":"2018-04-04T10:58:13","date_gmt":"2018-04-04T08:58:13","guid":{"rendered":"http:\/\/www.educa.itakaescolapios.org\/?page_id=304"},"modified":"2018-04-04T10:58:13","modified_gmt":"2018-04-04T08:58:13","slug":"al-encuentro-con-atambua-berjumpa-dengan-atambua","status":"publish","type":"page","link":"https:\/\/www.educa.itakaescolapios.org\/fr\/campanas\/2015-2016-al-encuentro-con-atambua\/al-encuentro-con-atambua-berjumpa-dengan-atambua","title":{"rendered":"AL ENCUENTRO CON ATAMB\u00daA \/ BERJUMPA DENGAN ATAMBUA"},"content":{"rendered":"<p class=\"qtranxs-available-languages-message qtranxs-available-languages-message-fr\">D\u00e9sol\u00e9, cet article est seulement disponible en <a href=\"https:\/\/www.educa.itakaescolapios.org\/es\/wp-json\/wp\/v2\/pages\/304\" class=\"qtranxs-available-language-link qtranxs-available-language-link-es\" title=\"Espa\u00f1ol\">Espagnol Europ\u00e9en<\/a>.<\/p><p><a href=\"http:\/\/www.itakaescolapios.org\/wp-content\/uploads\/2015\/10\/cartel-campa\u00f1a-1516-web.jpg\"><img decoding=\"async\" loading=\"lazy\" class=\"wp-image-13481 aligncenter\" style=\"width: 454px; height: 305px;\" alt=\"cartel campa\u00f1a 1516 web\" src=\"http:\/\/www.itakaescolapios.org\/wp-content\/uploads\/2015\/10\/cartel-campa\u00f1a-1516-web-300x214.jpg\" width=\"300\" height=\"214\" \/> <\/a><\/p>\n<p style=\"text-align: justify;\">Durante todo este curso, las Escuelas P\u00edas de muchos lugares estamos compartiendo el lema <i>\u201cAl encuentro\u201d<\/i> como hilo conductor de todo lo que hacemos. En este contexto, <i>nos re-encontramos<\/i> una vez m\u00e1s con una de las iniciativas m\u00e1s significativas que en Itaka-Escolapios impulsamos conjuntamente a lo largo del a\u00f1o: la campa\u00f1a de solidaridad a favor de la misi\u00f3n escolapia en los pa\u00edses empobrecidos del Sur.<\/p>\n<p style=\"text-align: justify;\">Despu\u00e9s de tres a\u00f1os consecutivos en los cuales nuestras campa\u00f1as de solidaridad han ido destinadas a apoyar una pluralidad de pa\u00edses y proyectos, este curso volvemos a centrar nuestra mirada y esfuerzos en la misi\u00f3n escolapia en un \u00fanico pa\u00eds, en este caso Indonesia.<\/p>\n<p style=\"text-align: justify;\">El objetivo de esta campa\u00f1a de solidaridad es doble: por un lado, <i>encontrarnos con<\/i> las Escuelas P\u00edas en Indonesia, una de las presencias escolapias m\u00e1s recientemente fundadas en el mundo. Conoceremos la realidad de la misi\u00f3n de Atamb\u00faa, puesta en marcha en 2013, y nos abriremos a la labor socioeducativa y pastoral que realizan los escolapios all\u00ed, trabajando entre las personas m\u00e1s necesitadas, as\u00ed como compartiremos sus sue\u00f1os para hacer crecer esa misi\u00f3n en el futuro.<\/p>\n<p style=\"text-align: justify;\">Junto a ello, queremos que la campa\u00f1a sirva para que nuestra solidaridad <i>se encuentre con<\/i> la de muchas otras personas, en decenas de ciudades y colegios. Haremos as\u00ed posible un proyecto especialmente necesario hoy en Atamb\u00faa: la construcci\u00f3n de un internado que acoja a ni\u00f1os y j\u00f3venes con escasos recursos procedentes de las zonas rurales pr\u00f3ximas, a fin de que puedan continuar sus estudios de secundaria y tener una mejores expectativas para su vida y para el futuro de sus comunidades.<\/p>\n<p style=\"text-align: justify;\">Desde estos planteamientos ponemos en marcha la campa\u00f1a de solidaridad en 2015-16, con el lema <i>\u201cAl encuentro con Atamb\u00faa\u201d.<\/i> Subrayamos con \u00e9l nuestra propuesta de salir al encuentro y dejarnos encontrar por la misi\u00f3n escolapia en los lugares m\u00e1s empobrecidos. Y por otro lado, la llamada a hacerlo junto con el resto de personas, centros educativos y proyectos que participamos en esta gran red solidaria que es Itaka-Escolapios.<\/p>\n<p style=\"text-align: justify;\">Os invitamos a participar e implicaros con ilusi\u00f3n en esta campa\u00f1a.<\/p>\n<p style=\"text-align: justify;\">Terima kasih banyak. Muchas gracias.<\/p>\n<p><\/p>","protected":false},"excerpt":{"rendered":"<p>D\u00e9sol\u00e9, cet article est seulement disponible en Espagnol Europ\u00e9en. Durante todo este curso, las Escuelas P\u00edas de muchos lugares estamos compartiendo el lema \u201cAl encuentro\u201d como [&hellip;]<\/p>\n","protected":false},"author":1,"featured_media":0,"parent":236,"menu_order":2,"comment_status":"closed","ping_status":"closed","template":"","meta":[],"acf":[],"_links":{"self":[{"href":"https:\/\/www.educa.itakaescolapios.org\/fr\/wp-json\/wp\/v2\/pages\/304"}],"collection":[{"href":"https:\/\/www.educa.itakaescolapios.org\/fr\/wp-json\/wp\/v2\/pages"}],"about":[{"href":"https:\/\/www.educa.itakaescolapios.org\/fr\/wp-json\/wp\/v2\/types\/page"}],"author":[{"embeddable":true,"href":"https:\/\/www.educa.itakaescolapios.org\/fr\/wp-json\/wp\/v2\/users\/1"}],"replies":[{"embeddable":true,"href":"https:\/\/www.educa.itakaescolapios.org\/fr\/wp-json\/wp\/v2\/comments?post=304"}],"version-history":[{"count":1,"href":"https:\/\/www.educa.itakaescolapios.org\/fr\/wp-json\/wp\/v2\/pages\/304\/revisions"}],"predecessor-version":[{"id":305,"href":"https:\/\/www.educa.itakaescolapios.org\/fr\/wp-json\/wp\/v2\/pages\/304\/revisions\/305"}],"up":[{"embeddable":true,"href":"https:\/\/www.educa.itakaescolapios.org\/fr\/wp-json\/wp\/v2\/pages\/236"}],"wp:attachment":[{"href":"https:\/\/www.educa.itakaescolapios.org\/fr\/wp-json\/wp\/v2\/media?parent=304"}],"curies":[{"name":"wp","href":"https:\/\/api.w.org\/{rel}","templated":true}]}}