{"id":5097,"date":"2021-10-28T09:53:56","date_gmt":"2021-10-28T07:53:56","guid":{"rendered":"https:\/\/www.educa.itakaescolapios.org\/?page_id=5097"},"modified":"2021-12-06T11:06:28","modified_gmt":"2021-12-06T10:06:28","slug":"presentacion-del-coordinador-general","status":"publish","type":"page","link":"https:\/\/www.educa.itakaescolapios.org\/fr\/campanas\/2021-2022-centros-que-cambian-cambia-tu-centro\/presentacion-del-coordinador-general","title":{"rendered":"Pr\u00e9sentation du coordinateur g\u00e9n\u00e9ral"},"content":{"rendered":"<p>https:\/\/youtu.be\/qYX0sTrQLQk<\/p>\n<p>&nbsp;<\/p>\n<p style=\"text-align: center;\"><span style=\"font-family: arial, helvetica, sans-serif;\"><strong>Centres qui changent, change ton centre<\/strong><\/span><\/p>\n<p style=\"text-align: center;\"><span style=\"font-family: arial, helvetica, sans-serif;\"><strong>Campagne de solidarit\u00e9 Itaka-Escolapios 2021-2022<\/strong><\/span><\/p>\n<p style=\"text-align: center;\"><span style=\"font-family: arial, helvetica, sans-serif;\"><em>Igor Irigoyen &#8211; Coordinateur G\u00e9n\u00e9ral d\u2019Itaka-Escolapios <\/em><\/span><\/p>\n<p style=\"text-align: justify;\"><span style=\"font-family: arial, helvetica, sans-serif;\">Par ces quelques mots, je vous pr\u00e9sente, au nom de la Commission Ex\u00e9cutive, la nouvelle campagne de solidarit\u00e9 du r\u00e9seau Itaka-Escolapios, dont la devise est <strong>\u00ab Des centres qui changent, changez votre centre \u00bb<\/strong>.<\/span><\/p>\n<p style=\"text-align: justify;\"><span style=\"font-family: arial, helvetica, sans-serif;\">La premi\u00e8re chose \u00e0 faire est d\u2019expliquer pr\u00e9cis\u00e9ment pourquoi ce slogan a \u00e9t\u00e9 choisi. Comme on peut le constater, <strong>l\u2019id\u00e9e cl\u00e9 du slogan est le changement, la transformation.<\/strong>\u00a0 La campagne vise \u00e0 faire conna\u00eetre, \u00e0 promouvoir et \u00e0 soutenir le pouvoir transformateur de l\u2019\u00e9ducation et, en particulier, des centres \u00e9ducatifs qui font partie du r\u00e9seau Itaka-Escolapios. Ce sont des centres tr\u00e8s divers, mais ils ont un point commun, tr\u00e8s typique de la mission piariste : leur travail \u00e9ducatif suppose une <strong>action transformatrice qui va au-del\u00e0 des salles de classe<\/strong>, m\u00eame au-del\u00e0 des limites physiques et des personnes du centre lui-m\u00eame, pour s\u2019ouvrir au quartier ou au village, \u00e0 la soci\u00e9t\u00e9 environnante, et promouvoir des changements r\u00e9els pour am\u00e9liorer les conditions de vie et l\u2019avenir de la communaut\u00e9.<em style=\"text-align: center;\"><img decoding=\"async\" loading=\"lazy\" class=\" wp-image-5100 alignright\" src=\"https:\/\/www.educa.itakaescolapios.org\/wp-content\/uploads\/2021\/10\/lema-recortado-para-web-300x147.png\" alt=\"\" width=\"222\" height=\"109\" srcset=\"https:\/\/www.educa.itakaescolapios.org\/wp-content\/uploads\/2021\/10\/lema-recortado-para-web-300x147.png 300w, https:\/\/www.educa.itakaescolapios.org\/wp-content\/uploads\/2021\/10\/lema-recortado-para-web-1024x501.png 1024w, https:\/\/www.educa.itakaescolapios.org\/wp-content\/uploads\/2021\/10\/lema-recortado-para-web-768x376.png 768w, https:\/\/www.educa.itakaescolapios.org\/wp-content\/uploads\/2021\/10\/lema-recortado-para-web-250x122.png 250w, https:\/\/www.educa.itakaescolapios.org\/wp-content\/uploads\/2021\/10\/lema-recortado-para-web.png 1096w\" sizes=\"(max-width: 222px) 100vw, 222px\" \/><\/em><\/span><\/p>\n<p style=\"text-align: justify;\"><span style=\"font-family: arial, helvetica, sans-serif;\">Lors du d\u00e9roulement de cette campagne de solidarit\u00e9, nous aurons l\u2019opportunit\u00e9 de <strong>conna\u00eetre et d\u2019\u00e9changer des exp\u00e9riences concr\u00e8tes,<\/strong> dans diff\u00e9rents endroits du monde, sur la mani\u00e8re dont les centres \u00e9ducatifs Itaka-Escolapios transforment la r\u00e9alit\u00e9, ainsi que de partager des initiatives et propositions pour exploiter ensemble ce potentiel transformateur.<\/span><\/p>\n<p style=\"text-align: justify;\"><span style=\"font-family: arial, helvetica, sans-serif;\">Avec cette campagne de solidarit\u00e9, nous voulons \u00e9galement continuer \u00e0 promouvoir une initiative d\u2019Itaka-Escolapios qui vise \u00e0 d\u00e9velopper cette dimension si importante de mani\u00e8re transversale : <strong>Educa, r\u00e9seau \u00e9ducatif pour la transformation sociale.<\/strong> Ce projet s\u2019inscrit pleinement dans le <strong>Pacte Mondial sur l\u2019\u00c9ducation<\/strong>, une initiative du pape Fran\u00e7ois \u00e0 laquelle Itaka-Escolapios, en tant que membre des \u00c9coles Pies, participe et souhaite contribuer. Nous parlons d\u2019une \u00e9ducation activement engag\u00e9e dans la promotion de la paix, de la justice, de la fraternit\u00e9 et du respect de la maison commune, sur la base de la participation des enfants et des jeunes.<\/span><\/p>\n<p style=\"text-align: justify;\"><span style=\"font-family: arial, helvetica, sans-serif;\">D\u2019autre part, nous devons \u00e9galement rappeler l\u2019\u00e9poque dans laquelle s\u2019inscrit cette campagne : un <strong>c<\/strong><strong>ontexte encore tr\u00e8s marqu\u00e9 par la pand\u00e9mie et ses cons\u00e9quences<\/strong> et qui continue \u00e0 nous pr\u00e9occuper, surtout de par son impact sur les plus faibles. La COVID continue de nous mettre au d\u00e9fi et, en effet, dans des nombreux endroits du r\u00e9seau Itaka-Escolapios, le travail \u00e9ducatif n\u2019a pas repris son cours et pourra difficilement se r\u00e9tablir prochainement. Et comme nous le constatons, les impacts, non seulement \u00e0 court terme mais aussi \u00e0 moyen et long terme, sont d\u2019autant plus graves lorsque la population est vuln\u00e9rable.<\/span><\/p>\n<p style=\"text-align: justify;\"><span style=\"font-family: arial, helvetica, sans-serif;\">Par cons\u00e9quent, la campagne est un appel \u00e0 mobiliser notre solidarit\u00e9 pour relever le d\u00e9fi de poursuivre ce travail \u00e9ducatif transformateur en temps de pand\u00e9mie et post-pand\u00e9mie. Cette solidarit\u00e9 est aujourd\u2019hui absolument n\u00e9cessaire pour que <strong>le r\u00e9seau Itaka-Escolapios puisse continuer \u00e0 soutenir des dizaines de centres \u00e9ducatifs dans diff\u00e9rents pays qui travaillent dans des situations de vuln\u00e9rabilit\u00e9 et de pauvret\u00e9 particuli\u00e8res.<\/strong><\/span><\/p>\n<p style=\"text-align: justify;\"><span style=\"font-family: arial, helvetica, sans-serif;\">Finalement, cette approche transformatrice de la campagne s\u2019adresse aussi \u00e0 chacune des personnes qui y participent et \u00e0 celles que nous voulons toucher. L\u2019invitation est de <strong>nous laisser changer, transformer<\/strong>, voir \u00e0 nous \u00ab d\u00e9centrer \u00bb, \u00e0 partir des r\u00e9alit\u00e9s que nous allons d\u00e9couvrir et des dynamiques solidaires qui nous sont propos\u00e9es. Sans aucun doute, nous vivons dans une \u00e9poque o\u00f9 cette attitude est plus n\u00e9cessaire que jamais pour avancer avec espoir vers l\u2019avenir. Cette campagne peut certainement y contribuer de mani\u00e8re significative, nous vous encourageons donc \u00e0 y participer activement. Merci beaucoup\u00a0!<\/span><\/p>\n<p style=\"text-align: justify;\">\n<p><\/p>","protected":false},"excerpt":{"rendered":"<p>https:\/\/youtu.be\/qYX0sTrQLQk &nbsp; Centres qui changent, change ton centre Campagne de solidarit\u00e9 Itaka-Escolapios 2021-2022 Igor Irigoyen &#8211; Coordinateur G\u00e9n\u00e9ral d\u2019Itaka-Escolapios Par ces quelques mots, je vous pr\u00e9sente, [&hellip;]<\/p>\n","protected":false},"author":5,"featured_media":0,"parent":4946,"menu_order":2,"comment_status":"closed","ping_status":"closed","template":"","meta":[],"acf":[],"_links":{"self":[{"href":"https:\/\/www.educa.itakaescolapios.org\/fr\/wp-json\/wp\/v2\/pages\/5097"}],"collection":[{"href":"https:\/\/www.educa.itakaescolapios.org\/fr\/wp-json\/wp\/v2\/pages"}],"about":[{"href":"https:\/\/www.educa.itakaescolapios.org\/fr\/wp-json\/wp\/v2\/types\/page"}],"author":[{"embeddable":true,"href":"https:\/\/www.educa.itakaescolapios.org\/fr\/wp-json\/wp\/v2\/users\/5"}],"replies":[{"embeddable":true,"href":"https:\/\/www.educa.itakaescolapios.org\/fr\/wp-json\/wp\/v2\/comments?post=5097"}],"version-history":[{"count":21,"href":"https:\/\/www.educa.itakaescolapios.org\/fr\/wp-json\/wp\/v2\/pages\/5097\/revisions"}],"predecessor-version":[{"id":5673,"href":"https:\/\/www.educa.itakaescolapios.org\/fr\/wp-json\/wp\/v2\/pages\/5097\/revisions\/5673"}],"up":[{"embeddable":true,"href":"https:\/\/www.educa.itakaescolapios.org\/fr\/wp-json\/wp\/v2\/pages\/4946"}],"wp:attachment":[{"href":"https:\/\/www.educa.itakaescolapios.org\/fr\/wp-json\/wp\/v2\/media?parent=5097"}],"curies":[{"name":"wp","href":"https:\/\/api.w.org\/{rel}","templated":true}]}}