{"id":7817,"date":"2023-11-16T16:08:46","date_gmt":"2023-11-16T15:08:46","guid":{"rendered":"https:\/\/www.educa.itakaescolapios.org\/?page_id=7817"},"modified":"2024-02-14T13:31:55","modified_gmt":"2024-02-14T12:31:55","slug":"personajes","status":"publish","type":"page","link":"https:\/\/www.educa.itakaescolapios.org\/fr\/personajes","title":{"rendered":"Personnages"},"content":{"rendered":"<p><\/p>\n<h3><span style=\"text-decoration: underline; font-family: arial, helvetica, sans-serif;\"><span style=\"font-size: 24px;\">Personnages<\/span><\/span><\/h3>\n<p>&nbsp;<\/p>\n<table style=\"border-collapse: collapse; width: 99.8466%; height: 1150px;\" border=\"1\">\n<tbody>\n<tr style=\"height: 100px;\">\n<td style=\"width: 33.3333%; height: 100px;\" height=\"100\"><\/td>\n<td style=\"width: 33.3333%; height: 100px; text-align: center;\"><span style=\"color: #800000;\"><strong>PERSONNAGES EN COULEUR<\/strong><\/span><\/td>\n<td style=\"width: 33.3333%; height: 100px; text-align: center;\"><span style=\"color: #545436;\"><strong>DU CARACT\u00c8RE \u00c0 LA COULEUR<\/strong><\/span><\/td>\n<\/tr>\n<tr style=\"height: 49px;\">\n<td style=\"width: 33.3333%; height: 49px;\" width=\"477\">\n<p style=\"text-align: justify;\"><span style=\"font-family: arial, helvetica, sans-serif;\">Une vie consacr\u00e9e \u00e0 l\u2019enseignement et \u00e0 l\u2019apprentissage. Ses ann\u00e9es d\u2019exp\u00e9rience en tant qu\u2019\u00e9ducatrice nous invitent \u00e0 l\u2019\u00e9couter attentivement. Le d\u00e9fi le plus r\u00e9cent de Dorotea ? Nous convaincre qu\u2019il est n\u00e9cessaire de pratiquer une \u00e9ducation transformatrice, qui am\u00e9liorera notre vie et celle de notre entourage.<\/span><\/p>\n<\/td>\n<td style=\"width: 33.3333%; height: 49px; text-align: center; vertical-align: middle; padding-left: 40px;\"><span style=\"color: #800000; font-family: arial, helvetica, sans-serif;\"><a style=\"color: #800000;\" href=\"https:\/\/www.educa.itakaescolapios.org\/wp-content\/uploads\/2021\/11\/Dorotea_color_sin-fondo.png\" target=\"_blank\" rel=\"noopener noreferrer\">DOROTEA<\/a><\/span><\/p>\n<p><span style=\"color: #800000; font-family: arial, helvetica, sans-serif;\"><a style=\"color: #800000;\" href=\"https:\/\/www.educa.itakaescolapios.org\/wp-content\/uploads\/2021\/11\/Dorotea_color.png\" target=\"_blank\" rel=\"noopener noreferrer\">DOROTEA (con fondo)<\/a><\/span><\/td>\n<td style=\"width: 33.3333%; height: 49px; vertical-align: middle; padding-left: 40px; text-align: center;\"><span style=\"color: #333333; font-family: arial, helvetica, sans-serif;\"><a style=\"color: #333333;\" href=\"https:\/\/www.educa.itakaescolapios.org\/wp-content\/uploads\/2021\/11\/Dorotea_linea-scaled.jpg\" target=\"_blank\" rel=\"noopener noreferrer\">DOROTEA<\/a><\/span><\/td>\n<\/tr>\n<tr style=\"height: 24px;\">\n<td style=\"width: 33.3333%; height: 24px;\" width=\"477\">\n<p style=\"text-align: justify;\"><span style=\"font-family: arial, helvetica, sans-serif;\">C\u2019est un promoteur du droit \u00e0 l\u2019\u00e9ducation universelle. Il dirige l\u2019exp\u00e9dition et il est le principal responsable de tout ce qui se passe au cours de celle-ci. Son objectif est de remplir de \u00ab pi\u00e9t\u00e9 et de lettres \u00bb toutes les r\u00e9gions du monde.<\/span><\/p>\n<\/td>\n<td style=\"width: 33.3333%; height: 24px; text-align: center; vertical-align: middle; padding-left: 40px;\"><span style=\"color: #800000; font-family: arial, helvetica, sans-serif;\"><a style=\"color: #800000;\" href=\"https:\/\/www.educa.itakaescolapios.org\/wp-content\/uploads\/2021\/11\/CALASANZ_color_sin-fondo.png\" target=\"_blank\" rel=\"noopener noreferrer\">CALASANZ<\/a><\/span><\/p>\n<p><span style=\"color: #800000; font-family: arial, helvetica, sans-serif;\"><a style=\"color: #800000;\" href=\"https:\/\/www.educa.itakaescolapios.org\/wp-content\/uploads\/2021\/11\/CALASANZ_color.png\" target=\"_blank\" rel=\"noopener noreferrer\">CALASANZ(con fondo)<\/a><\/span><\/td>\n<td style=\"width: 33.3333%; height: 24px; vertical-align: middle; padding-left: 40px; text-align: center;\"><span style=\"font-family: arial, helvetica, sans-serif;\"><a href=\"https:\/\/www.educa.itakaescolapios.org\/wp-content\/uploads\/2021\/11\/Calasanz-blanco-y-negro.jpeg\" target=\"_blank\" rel=\"noopener noreferrer\"><span style=\"color: #333333;\">CALASANZ<\/span><\/a><\/span><\/td>\n<\/tr>\n<tr style=\"height: 71px;\">\n<td style=\"width: 33.3333%; height: 71px;\" width=\"477\">\n<p style=\"text-align: justify;\"><span style=\"font-family: arial, helvetica, sans-serif;\">La jeune Elykia et la petite Esengo, n\u00e9es en R\u00e9publique D\u00e9mocratique du Congo, parcourent le monde en racontant leur histoire et en d\u00e9fendant les droits des filles et des femmes.\u00a0\u00a0\u00a0\u00a0\u00a0\u00a0\u00a0\u00a0<\/span><\/p>\n<\/td>\n<td style=\"width: 33.3333%; height: 71px; text-align: center; vertical-align: middle; padding-left: 40px;\"><span style=\"color: #800000; font-family: arial, helvetica, sans-serif;\"><a style=\"color: #800000;\" href=\"https:\/\/www.itakaescolapios.org\/wp-content\/uploads\/2019\/11\/ELIKIA-ESENGO_color.pdf\" target=\"_blank\" rel=\"noopener noreferrer\">ELIKIA &#8211; ESENGO<\/a><\/span><\/td>\n<td style=\"width: 33.3333%; height: 71px; vertical-align: middle; padding-left: 40px; text-align: center;\"><span style=\"color: #333333; font-family: arial, helvetica, sans-serif;\"><a style=\"color: #333333;\" href=\"https:\/\/www.itakaescolapios.org\/wp-content\/uploads\/2019\/12\/ELIKIA-ESENGO_lineareducido.pdf\" target=\"_blank\" rel=\"noopener noreferrer\">ELIKIA &#8211; ESENGO<\/a><\/span><\/td>\n<\/tr>\n<tr style=\"height: 73px;\">\n<td style=\"width: 33.3333%; height: 73px;\" width=\"477\">\n<p style=\"text-align: justify;\"><span style=\"font-family: arial, helvetica, sans-serif;\">Cette petite fille africaine a la capacit\u00e9 de d\u00e9chiffrer les cartes et poss\u00e8de un grand sens de l\u2019orientation. Elle conna\u00eet tr\u00e8s bien la r\u00e9alit\u00e9 piariste, et elle est devenue travailleuse sociale en faveur des personnes exclues.<\/span><\/p>\n<\/td>\n<td style=\"width: 33.3333%; height: 73px; text-align: center; vertical-align: middle; padding-left: 40px;\"><span style=\"color: #800000; font-family: arial, helvetica, sans-serif;\"><a style=\"color: #800000;\" href=\"https:\/\/www.itakaescolapios.org\/wp-content\/uploads\/2019\/11\/MARINE_color.pdf\" target=\"_blank\" rel=\"noopener noreferrer\">MARINE<\/a><\/span><\/td>\n<td style=\"width: 33.3333%; height: 73px; vertical-align: middle; padding-left: 40px; text-align: center;\"><span style=\"color: #333333; font-family: arial, helvetica, sans-serif;\"><a style=\"color: #333333;\" href=\"https:\/\/www.educa.itakaescolapios.org\/wp-content\/uploads\/2021\/11\/MARINE_linea-scaled.jpg\" target=\"_blank\" rel=\"noopener noreferrer\">MARINE<\/a><\/span><\/td>\n<\/tr>\n<tr style=\"height: 107px;\">\n<td style=\"width: 33.3333%; height: 107px;\" width=\"477\">\n<p style=\"text-align: justify;\"><span style=\"font-family: arial, helvetica, sans-serif;\">Cette Sud-Am\u00e9ricaine est la m\u00e9canicienne et \u00ab bricoleuse \u00bb\u00a0 de l\u2019exp\u00e9dition. Elle a une passion : monter, d\u00e9monter et r\u00e9parer toutes sortes de m\u00e9canismes. Elle sait que tout peut \u00eatre r\u00e9par\u00e9 avec du travail et de la recherche. Elle sait rechercher des solutions aux grands et aux petits probl\u00e8mes.\u00a0\u00a0\u00a0<\/span><\/p>\n<\/td>\n<td style=\"width: 33.3333%; height: 107px; text-align: center; vertical-align: middle; padding-left: 40px;\"><span style=\"color: #800000; font-family: arial, helvetica, sans-serif;\"><a style=\"color: #800000;\" href=\"https:\/\/www.educa.itakaescolapios.org\/wp-content\/uploads\/2021\/11\/JIWACO2-scaled.jpg\" target=\"_blank\" rel=\"noopener noreferrer\">JIWA<\/a><\/span><\/td>\n<td style=\"width: 33.3333%; height: 107px; vertical-align: middle; padding-left: 40px; text-align: center;\"><span style=\"color: #333333; font-family: arial, helvetica, sans-serif;\"><a style=\"color: #333333;\" href=\"https:\/\/www.educa.itakaescolapios.org\/wp-content\/uploads\/2021\/11\/JIWASO1-scaled.jpg\" target=\"_blank\" rel=\"noopener noreferrer\">JIWA<\/a><\/span><\/td>\n<\/tr>\n<tr style=\"height: 112px;\">\n<td style=\"width: 33.3333%; height: 112px;\" width=\"477\">\n<p style=\"text-align: justify;\"><span style=\"font-family: arial, helvetica, sans-serif;\">Cet enfant europ\u00e9en est le plus grand des exp\u00e9ditionnaires. Il aime les campagnes de solidarit\u00e9 car il adore travailler avec des aliments de tous les pays et go\u00fbter toutes sortes d&rsquo;ingr\u00e9dients. Cela en a fait un connaisseur et un m\u00e9diateur entre diff\u00e9rentes cultures. Sa devise : \u00ab il faut saler la vie \u00bb.\u00a0\u00a0\u00a0<\/span><\/p>\n<\/td>\n<td style=\"width: 33.3333%; height: 112px; text-align: center; vertical-align: middle; padding-left: 40px;\"><span style=\"color: #800000; font-family: arial, helvetica, sans-serif;\"><a style=\"color: #800000;\" href=\"https:\/\/www.educa.itakaescolapios.org\/wp-content\/uploads\/2022\/03\/sukal-sinfondo.pdf\" target=\"_blank\" rel=\"noopener noreferrer\">SUKAL<\/a><\/span><\/td>\n<td style=\"width: 33.3333%; height: 112px; vertical-align: middle; padding-left: 40px; text-align: center;\"><span style=\"color: #333333; font-family: arial, helvetica, sans-serif;\"><a style=\"color: #333333;\" href=\"https:\/\/www.educa.itakaescolapios.org\/wp-content\/uploads\/2021\/11\/sukal-linea-scaled.jpg\" target=\"_blank\" rel=\"noopener noreferrer\">SUKAL<\/a><\/span><\/td>\n<\/tr>\n<tr style=\"height: 89px;\">\n<td style=\"width: 33.3333%; height: 89px;\" width=\"477\">\n<p style=\"text-align: justify;\"><span style=\"font-family: arial, helvetica, sans-serif;\">Notre adolescente d\u2019Am\u00e9rique centrale est charg\u00e9e de communiquer et de diffuser tout ce qui se passe dans le monde. Cette capacit\u00e9 \u00e0 communiquer a fait d\u2019elle une excellente m\u00e9diatrice et travailleuse de la paix, notamment parce que sa devise est \u00ab Tout est question de dialogue \u00bb.<\/span><\/p>\n<\/td>\n<td style=\"width: 33.3333%; height: 89px; text-align: center; vertical-align: middle; padding-left: 40px;\"><span style=\"color: #800000; font-family: arial, helvetica, sans-serif;\"><a style=\"color: #800000;\" href=\"https:\/\/www.itakaescolapios.org\/wp-content\/uploads\/2019\/11\/BLA_color.pdf\" target=\"_blank\" rel=\"noopener noreferrer\">BLA<\/a><\/span><\/td>\n<td style=\"width: 33.3333%; height: 89px; vertical-align: middle; padding-left: 40px; text-align: center;\"><span style=\"color: #333333; font-family: arial, helvetica, sans-serif;\"><a style=\"color: #333333;\" href=\"https:\/\/www.itakaescolapios.org\/wp-content\/uploads\/2019\/12\/BLA_lineareducido.pdf\" target=\"_blank\" rel=\"noopener noreferrer\">BLA<\/a><\/span><\/td>\n<\/tr>\n<tr style=\"height: 61px;\">\n<td style=\"width: 33.3333%; height: 61px;\" width=\"477\">\n<p style=\"text-align: justify;\"><span style=\"font-family: arial, helvetica, sans-serif;\">Il est n\u00e9 dans un village proche de l\u2019\u00e9cole de Kamda, qui se trouve en pleine nature. Il porte un vif int\u00e9r\u00eat pour l&rsquo;environnement et le d\u00e9veloppement durable. C\u2019est pour cela que sa devise est \u00ab vert que je te vois verte \u00bb.\u00a0<\/span><\/p>\n<\/td>\n<td style=\"width: 33.3333%; height: 61px; text-align: center; vertical-align: middle; padding-left: 40px;\"><span style=\"color: #800000; font-family: arial, helvetica, sans-serif;\"><a style=\"color: #800000;\" href=\"https:\/\/www.itakaescolapios.org\/wp-content\/uploads\/2016\/11\/QUISAP-EXPEDICI%C3%93N.pdf\" target=\"_blank\" rel=\"noopener noreferrer\">QUISAP<\/a><\/span><\/td>\n<td style=\"width: 33.3333%; height: 61px; vertical-align: middle; padding-left: 40px; text-align: center;\"><span style=\"color: #333333; font-family: arial, helvetica, sans-serif;\"><a style=\"color: #333333;\" href=\"https:\/\/www.educa.itakaescolapios.org\/wp-content\/uploads\/2021\/11\/QUISAP-1-scaled.jpg\" target=\"_blank\" rel=\"noopener noreferrer\">QUISAP<\/a><\/span><\/td>\n<\/tr>\n<tr style=\"height: 182px;\">\n<td style=\"width: 33.3333%; height: 182px;\">\n<p style=\"text-align: justify;\"><span style=\"font-family: arial, helvetica, sans-serif;\">Cet enfant asiatique est un grand connaisseur de l\u2019Indon\u00e9sie. Nous nous souvenons de lui dans la Campagne \u00ab \u00e0 la rencontre d\u2019Atambua \u00bb et depuis son domicile, il est attentif \u00e0 tout danger qui pourrait survenir. Il se soucie des autres, valorise toujours la sant\u00e9 et apprend \u00e0 ses amis \u00e0 prendre soin d\u2019eux-m\u00eames face \u00e0 cette pand\u00e9mie. Comme il dit : \u00ab Prenons soin de nous-m\u00eame et des autres \u00bb.<\/span><\/p>\n<\/td>\n<td style=\"width: 33.3333%; text-align: center; vertical-align: middle; padding-left: 40px; height: 182px;\"><span style=\"color: #800000;\"><a style=\"color: #800000;\" href=\"https:\/\/www.educa.itakaescolapios.org\/wp-content\/uploads\/2021\/11\/LOOK_color_sin-fondo-scaled.jpg\" target=\"_blank\" rel=\"noopener noreferrer\">LOOK<\/a><\/span><\/td>\n<td style=\"width: 33.3333%; vertical-align: middle; padding-left: 40px; height: 182px; text-align: center;\"><span style=\"color: #333333; font-family: arial, helvetica, sans-serif;\"><a style=\"color: #333333;\" href=\"https:\/\/www.educa.itakaescolapios.org\/wp-content\/uploads\/2021\/11\/LOOK_linea-scaled.jpg\" target=\"_blank\" rel=\"noopener noreferrer\">LOOK<\/a><\/span><\/td>\n<\/tr>\n<\/tbody>\n<\/table>\n<p>&nbsp;<\/p>\n<p>&nbsp;<\/p>","protected":false},"excerpt":{"rendered":"<p>Personnages &nbsp; PERSONNAGES EN COULEUR DU CARACT\u00c8RE \u00c0 LA COULEUR Une vie consacr\u00e9e \u00e0 l\u2019enseignement et \u00e0 l\u2019apprentissage. Ses ann\u00e9es d\u2019exp\u00e9rience en tant qu\u2019\u00e9ducatrice nous invitent [&hellip;]<\/p>\n","protected":false},"author":7,"featured_media":0,"parent":0,"menu_order":0,"comment_status":"closed","ping_status":"closed","template":"","meta":[],"acf":[],"_links":{"self":[{"href":"https:\/\/www.educa.itakaescolapios.org\/fr\/wp-json\/wp\/v2\/pages\/7817"}],"collection":[{"href":"https:\/\/www.educa.itakaescolapios.org\/fr\/wp-json\/wp\/v2\/pages"}],"about":[{"href":"https:\/\/www.educa.itakaescolapios.org\/fr\/wp-json\/wp\/v2\/types\/page"}],"author":[{"embeddable":true,"href":"https:\/\/www.educa.itakaescolapios.org\/fr\/wp-json\/wp\/v2\/users\/7"}],"replies":[{"embeddable":true,"href":"https:\/\/www.educa.itakaescolapios.org\/fr\/wp-json\/wp\/v2\/comments?post=7817"}],"version-history":[{"count":10,"href":"https:\/\/www.educa.itakaescolapios.org\/fr\/wp-json\/wp\/v2\/pages\/7817\/revisions"}],"predecessor-version":[{"id":8413,"href":"https:\/\/www.educa.itakaescolapios.org\/fr\/wp-json\/wp\/v2\/pages\/7817\/revisions\/8413"}],"wp:attachment":[{"href":"https:\/\/www.educa.itakaescolapios.org\/fr\/wp-json\/wp\/v2\/media?parent=7817"}],"curies":[{"name":"wp","href":"https:\/\/api.w.org\/{rel}","templated":true}]}}