{"id":2621,"date":"2020-10-20T09:50:50","date_gmt":"2020-10-20T07:50:50","guid":{"rendered":"https:\/\/www.educa.itakaescolapios.org\/?page_id=2621"},"modified":"2020-11-17T16:21:32","modified_gmt":"2020-11-17T15:21:32","slug":"recordando-la-campana-compartiendo-mucha-vida","status":"publish","type":"page","link":"https:\/\/www.educa.itakaescolapios.org\/it\/campanas\/2020-2021-reiniciando-para-transformar\/recordando-la-campana-compartiendo-mucha-vida","title":{"rendered":"Recordando la campa\u00f1a &#8220;Compartiendo mucha vida&#8221;"},"content":{"rendered":"<p class=\"qtranxs-available-languages-message qtranxs-available-languages-message-it\">Ci spiace, ma questo articolo \u00e8 disponibile soltanto in <a href=\"https:\/\/www.educa.itakaescolapios.org\/es\/wp-json\/wp\/v2\/pages\/2621\" class=\"qtranxs-available-language-link qtranxs-available-language-link-es\" title=\"Espa\u00f1ol\">Spagnolo Europeo<\/a>, <a href=\"https:\/\/www.educa.itakaescolapios.org\/en\/wp-json\/wp\/v2\/pages\/2621\" class=\"qtranxs-available-language-link qtranxs-available-language-link-en\" title=\"English\">Inglese Americano<\/a>, <a href=\"https:\/\/www.educa.itakaescolapios.org\/eu\/wp-json\/wp\/v2\/pages\/2621\" class=\"qtranxs-available-language-link qtranxs-available-language-link-eu\" title=\"Euskera\">Basco<\/a>, <a href=\"https:\/\/www.educa.itakaescolapios.org\/fr\/wp-json\/wp\/v2\/pages\/2621\" class=\"qtranxs-available-language-link qtranxs-available-language-link-fr\" title=\"Fran\u00e7ais\">Francese<\/a> e <a href=\"https:\/\/www.educa.itakaescolapios.org\/pt\/wp-json\/wp\/v2\/pages\/2621\" class=\"qtranxs-available-language-link qtranxs-available-language-link-pt\" title=\"Portugu\u00eas\">Portoghese Europeo<\/a>.<\/p><p>La campa\u00f1a 2019-2020 nos invitaba a proseguir el ilusionante camino del s\u00ednodo de la juventud vivido ese mismo a\u00f1o en las Escuelas P\u00edas y en Itaka-Escolapios.\u00a0 Quisimos remarcar la importancia y la urgencia de la misi\u00f3n escolapia con los y las m\u00e1s j\u00f3venes, especialmente con quienes est\u00e1n en una situaci\u00f3n de mayor vulnerabilidad.<\/p>\n<p>Pudimos arrancar en noviembre de 2019 con la campa\u00f1a, pero esta vio truncada su normal desarrollo a mediados del mes de marzo en Europa y posteriormente en el resto de los pa\u00edses de la red.<\/p>\n<p>El anormal desarrollo de las actividades en nuestros centros educativos impidi\u00f3 que muchos de ellos se pudieran sumar a la campa\u00f1a, siendo \u00fanicamente <strong>veinte centros participaron activamente.<\/strong> Sin duda el esfuerzo realizado por muchos de ellos, innovando y proponiendo nuevas actividades en \u00e9pocas de confinamiento multiplica el valor de los <strong>67.708,45 \u20ac enviados<\/strong> a los centros socioeducativos de la red en Am\u00e9rica.<\/p>\n<p><a href=\"https:\/\/www.educa.itakaescolapios.org\/wp-content\/uploads\/2020\/11\/CARTEL-GRACIAS-2020-1-scaled.jpg\" target=\"_blank\" rel=\"noopener noreferrer\"><img decoding=\"async\" loading=\"lazy\" class=\"wp-image-2633 aligncenter\" src=\"https:\/\/www.educa.itakaescolapios.org\/wp-content\/uploads\/2020\/11\/CARTEL-GRACIAS-2020-1-300x212.jpg\" alt=\"\" width=\"800\" height=\"566\" srcset=\"https:\/\/www.educa.itakaescolapios.org\/wp-content\/uploads\/2020\/11\/CARTEL-GRACIAS-2020-1-300x212.jpg 300w, https:\/\/www.educa.itakaescolapios.org\/wp-content\/uploads\/2020\/11\/CARTEL-GRACIAS-2020-1-1024x724.jpg 1024w, https:\/\/www.educa.itakaescolapios.org\/wp-content\/uploads\/2020\/11\/CARTEL-GRACIAS-2020-1-768x543.jpg 768w, https:\/\/www.educa.itakaescolapios.org\/wp-content\/uploads\/2020\/11\/CARTEL-GRACIAS-2020-1-1536x1086.jpg 1536w, https:\/\/www.educa.itakaescolapios.org\/wp-content\/uploads\/2020\/11\/CARTEL-GRACIAS-2020-1-2048x1448.jpg 2048w, https:\/\/www.educa.itakaescolapios.org\/wp-content\/uploads\/2020\/11\/CARTEL-GRACIAS-2020-1-250x177.jpg 250w\" sizes=\"(max-width: 800px) 100vw, 800px\" \/><\/a><\/p>","protected":false},"excerpt":{"rendered":"<p>Ci spiace, ma questo articolo \u00e8 disponibile soltanto in Spagnolo Europeo, Inglese Americano, Basco, Francese e Portoghese Europeo.La campa\u00f1a 2019-2020 nos invitaba a proseguir el ilusionante [&hellip;]<\/p>\n","protected":false},"author":5,"featured_media":2633,"parent":2618,"menu_order":1,"comment_status":"closed","ping_status":"closed","template":"","meta":[],"acf":[],"_links":{"self":[{"href":"https:\/\/www.educa.itakaescolapios.org\/it\/wp-json\/wp\/v2\/pages\/2621"}],"collection":[{"href":"https:\/\/www.educa.itakaescolapios.org\/it\/wp-json\/wp\/v2\/pages"}],"about":[{"href":"https:\/\/www.educa.itakaescolapios.org\/it\/wp-json\/wp\/v2\/types\/page"}],"author":[{"embeddable":true,"href":"https:\/\/www.educa.itakaescolapios.org\/it\/wp-json\/wp\/v2\/users\/5"}],"replies":[{"embeddable":true,"href":"https:\/\/www.educa.itakaescolapios.org\/it\/wp-json\/wp\/v2\/comments?post=2621"}],"version-history":[{"count":20,"href":"https:\/\/www.educa.itakaescolapios.org\/it\/wp-json\/wp\/v2\/pages\/2621\/revisions"}],"predecessor-version":[{"id":2634,"href":"https:\/\/www.educa.itakaescolapios.org\/it\/wp-json\/wp\/v2\/pages\/2621\/revisions\/2634"}],"up":[{"embeddable":true,"href":"https:\/\/www.educa.itakaescolapios.org\/it\/wp-json\/wp\/v2\/pages\/2618"}],"wp:featuredmedia":[{"embeddable":true,"href":"https:\/\/www.educa.itakaescolapios.org\/it\/wp-json\/wp\/v2\/media\/2633"}],"wp:attachment":[{"href":"https:\/\/www.educa.itakaescolapios.org\/it\/wp-json\/wp\/v2\/media?parent=2621"}],"curies":[{"name":"wp","href":"https:\/\/api.w.org\/{rel}","templated":true}]}}