{"id":2870,"date":"2020-11-06T10:06:40","date_gmt":"2020-11-06T09:06:40","guid":{"rendered":"https:\/\/www.educa.itakaescolapios.org\/?page_id=2870"},"modified":"2023-05-05T15:50:49","modified_gmt":"2023-05-05T13:50:49","slug":"carteleria","status":"publish","type":"page","link":"https:\/\/www.educa.itakaescolapios.org\/it\/campanas\/2020-2021-reiniciando-para-transformar\/carteleria-y-ambientacion\/carteleria","title":{"rendered":"Carteler\u00eda"},"content":{"rendered":"<p class=\"qtranxs-available-languages-message qtranxs-available-languages-message-it\">Ci spiace, ma questo articolo \u00e8 disponibile soltanto in <a href=\"https:\/\/www.educa.itakaescolapios.org\/es\/wp-json\/wp\/v2\/pages\/2870\" class=\"qtranxs-available-language-link qtranxs-available-language-link-es\" title=\"Espa\u00f1ol\">Spagnolo Europeo<\/a>, <a href=\"https:\/\/www.educa.itakaescolapios.org\/en\/wp-json\/wp\/v2\/pages\/2870\" class=\"qtranxs-available-language-link qtranxs-available-language-link-en\" title=\"English\">Inglese Americano<\/a>, <a href=\"https:\/\/www.educa.itakaescolapios.org\/eu\/wp-json\/wp\/v2\/pages\/2870\" class=\"qtranxs-available-language-link qtranxs-available-language-link-eu\" title=\"Euskera\">Basco<\/a>, <a href=\"https:\/\/www.educa.itakaescolapios.org\/fr\/wp-json\/wp\/v2\/pages\/2870\" class=\"qtranxs-available-language-link qtranxs-available-language-link-fr\" title=\"Fran\u00e7ais\">Francese<\/a> e <a href=\"https:\/\/www.educa.itakaescolapios.org\/pt\/wp-json\/wp\/v2\/pages\/2870\" class=\"qtranxs-available-language-link qtranxs-available-language-link-pt\" title=\"Portugu\u00eas\">Portoghese Europeo<\/a>.<\/p><p>&nbsp;<\/p>\n<p>&nbsp;<\/p>\n<p>&nbsp;<\/p>\n<table style=\"width: 99.8476%; height: 469px;\" border=\"0\" cellspacing=\"0\" cellpadding=\"0\">\n<colgroup>\n<col width=\"98\" \/>\n<col width=\"117\" \/>\n<col width=\"154\" \/>\n<col width=\"122\" \/> <\/colgroup>\n<tbody>\n<tr style=\"height: 50px;\">\n<td style=\"width: 21.3781%; text-align: left; height: 50px;\" height=\"51\"><\/td>\n<td style=\"width: 26.6419%; text-align: left; height: 50px;\"><span style=\"color: #333333;\"><strong>LOGO CAMPA\u00d1A<\/strong><\/span><\/td>\n<td style=\"width: 29.3374%; text-align: left; height: 50px;\"><span style=\"color: #333333;\"><strong>CARTEL CAMPA\u00d1A<\/strong><\/span><\/td>\n<td style=\"width: 142.622%; text-align: left; height: 50px;\"><strong>CARTEL AGRADECIMIENTO<\/strong><\/td>\n<\/tr>\n<tr style=\"height: 33px;\">\n<td style=\"width: 21.3781%; height: 33px;\" height=\"34\"><strong><span style=\"color: #000000;\">ESPA\u00d1OL<\/span><\/strong><\/td>\n<td style=\"width: 26.6419%; height: 33px;\"><span style=\"text-decoration: underline;\"><a href=\"https:\/\/www.educa.itakaescolapios.org\/wp-content\/uploads\/2020\/11\/LOGO-CAMPA\u00d1A-ITAKA-2021-esp.png\" target=\"_blank\" rel=\"noopener noreferrer\"><strong><span style=\"color: #008000; text-decoration: underline;\">Reiniciando para transformar<\/span><\/strong><\/a><\/span><\/td>\n<td style=\"width: 29.3374%; height: 33px;\"><span style=\"text-decoration: underline; color: #800000;\"><a style=\"color: #800000;\" href=\"https:\/\/www.educa.itakaescolapios.org\/wp-content\/uploads\/2020\/11\/CARTEL-CAMPA\u00d1A-ITAKA-2021-ESP.pdf\" target=\"_blank\" rel=\"noopener noreferrer\"><b>CAMPA\u00d1A DE SOLIDARIDAD<\/b><\/a><\/span><\/td>\n<td style=\"width: 142.622%; height: 33px;\"><span style=\"text-decoration: underline;\"><strong><span style=\"color: #0000ff;\"><a href=\"https:\/\/www.educa.itakaescolapios.org\/wp-content\/uploads\/2020\/11\/CARTEL-GRACIAS-2020-ESP.pdf\" target=\"_blank\" rel=\"noopener noreferrer\">GRACIAS<\/a><\/span><\/strong><\/span><\/td>\n<\/tr>\n<tr style=\"height: 33px;\">\n<td style=\"width: 21.3781%; height: 33px;\" height=\"34\"><strong><span style=\"color: #000000;\">INGL\u00c9S<\/span><\/strong><\/td>\n<td style=\"width: 26.6419%; height: 33px;\"><span style=\"text-decoration: underline;\"><a href=\"https:\/\/www.educa.itakaescolapios.org\/wp-content\/uploads\/2020\/11\/LOGO-CAMPA\u00d1A-ITAKA-2021-ing.png\" target=\"_blank\" rel=\"noopener noreferrer\"><strong><span style=\"color: #008000; text-decoration: underline;\">Restarting to transform<\/span><\/strong><\/a><\/span><\/td>\n<td style=\"width: 29.3374%; height: 33px;\"><span style=\"text-decoration: underline; color: #800000;\"><a style=\"color: #800000;\" href=\"https:\/\/www.educa.itakaescolapios.org\/wp-content\/uploads\/2020\/11\/CARTEL-CAMPA\u00d1A-ITAKA-2021-ING.pdf\" target=\"_blank\" rel=\"noopener noreferrer\"><strong><span style=\"text-decoration: underline;\">SOLIDARITY CAMPAING<\/span><\/strong><\/a><\/span><\/td>\n<td style=\"width: 142.622%; height: 33px;\"><span style=\"text-decoration: underline;\"><strong><span style=\"color: #0000ff;\"><a href=\"https:\/\/www.educa.itakaescolapios.org\/wp-content\/uploads\/2020\/11\/CARTEL-GRACIAS-2020-ENG.pdf\" target=\"_blank\" rel=\"noopener noreferrer\">THANK YOU<\/a><\/span><\/strong><\/span><\/td>\n<\/tr>\n<tr style=\"height: 33px;\">\n<td style=\"width: 21.3781%; height: 33px;\" height=\"34\"><span style=\"color: #000000;\"><strong>FRANC\u00c9S<\/strong><\/span><\/td>\n<td style=\"width: 26.6419%; height: 33px;\"><span style=\"text-decoration: underline;\"><a href=\"https:\/\/www.educa.itakaescolapios.org\/wp-content\/uploads\/2020\/11\/LOGO-CAMPA\u00d1A-ITAKA-2021-fra.png\" target=\"_blank\" rel=\"noopener noreferrer\"><strong><span style=\"color: #008000; text-decoration: underline;\">En recomman\u00e7ant pour transformer<\/span><\/strong><\/a><\/span><\/td>\n<td style=\"width: 29.3374%; height: 33px;\"><span style=\"color: #800000;\"><a style=\"color: #800000;\" href=\"https:\/\/www.educa.itakaescolapios.org\/wp-content\/uploads\/2020\/11\/CARTEL-CAMPA\u00d1A-ITAKA-2021-FRA.pdf\" target=\"_blank\" rel=\"noopener noreferrer\"><span style=\"text-decoration: underline;\"><strong><span style=\"text-decoration: underline;\">CAMPAGNE DE SOLIDARIT\u00c9<\/span><\/strong><\/span><\/a><\/span><\/td>\n<td style=\"width: 142.622%; height: 33px;\"><span style=\"text-decoration: underline;\"><strong><span style=\"color: #0000ff;\"><a href=\"https:\/\/www.educa.itakaescolapios.org\/wp-content\/uploads\/2020\/11\/CARTEL-GRACIAS-2020-FRA.pdf\">MERCI<\/a><\/span><\/strong><\/span><\/td>\n<\/tr>\n<tr style=\"height: 33px;\">\n<td style=\"width: 21.3781%; height: 33px;\" height=\"34\"><span style=\"color: #000000;\"><strong>PORTUGU\u00c9S<\/strong><\/span><\/td>\n<td style=\"width: 26.6419%; height: 33px;\"><span style=\"text-decoration: underline;\"><a href=\"https:\/\/www.educa.itakaescolapios.org\/wp-content\/uploads\/2021\/01\/LOGO-CAMPA\u00d1A-ITAKA-2021-bra.png\" target=\"_blank\" rel=\"noopener noreferrer\"><strong><span style=\"color: #008000; text-decoration: underline;\">Reiniciar para transformar<\/span><\/strong><\/a><\/span><\/td>\n<td style=\"width: 29.3374%; height: 33px;\"><span style=\"text-decoration: underline; color: #800000;\"><a style=\"color: #800000;\" href=\"https:\/\/www.educa.itakaescolapios.org\/wp-content\/uploads\/2021\/01\/CARTEL-CAMPA\u00d1A-ITAKA-2021-PORT.pdf\" target=\"_blank\" rel=\"noopener noreferrer\"><strong><span style=\"text-decoration: underline;\">CAMPANHA DE SOLIDARIEDADE<\/span><\/strong><\/a><\/span><\/td>\n<td style=\"width: 142.622%; height: 33px;\"><span style=\"text-decoration: underline;\"><strong><span style=\"color: #0000ff;\"><a href=\"https:\/\/www.educa.itakaescolapios.org\/wp-content\/uploads\/2020\/11\/CARTEL-GRACIAS-2020-PORT.pdf\">OBRIGADO<\/a><\/span><\/strong><\/span><\/td>\n<\/tr>\n<tr style=\"height: 33px;\">\n<td style=\"width: 21.3781%; height: 33px;\" height=\"34\"><span style=\"color: #000000;\"><strong>EUSKERA<\/strong><\/span><\/td>\n<td style=\"width: 26.6419%; height: 33px;\"><span style=\"text-decoration: underline;\"><a href=\"https:\/\/www.educa.itakaescolapios.org\/wp-content\/uploads\/2020\/11\/LOGO-CAMPA\u00d1A-ITAKA-2021-eusk.png\" target=\"_blank\" rel=\"noopener noreferrer\"><strong><span style=\"color: #008000; text-decoration: underline;\">Eraldatzen hasteko prest\u00a0<\/span><\/strong><\/a><\/span><\/td>\n<td style=\"width: 29.3374%; height: 33px;\"><span style=\"text-decoration: underline; color: #800000;\"><a style=\"color: #800000;\" href=\"https:\/\/www.educa.itakaescolapios.org\/wp-content\/uploads\/2020\/11\/CARTEL-CAMPA\u00d1A-ITAKA-2021-EUSK.pdf\" target=\"_blank\" rel=\"noopener noreferrer\"><strong><span style=\"text-decoration: underline;\">ELKARTASUN KANPAINA<\/span><\/strong><\/a><\/span><\/td>\n<td style=\"width: 142.622%; height: 33px;\"><\/td>\n<\/tr>\n<tr style=\"height: 33px;\">\n<td style=\"width: 21.3781%; height: 33px;\" height=\"34\"><span style=\"color: #000000;\"><strong>GALLEGO<\/strong><\/span><\/td>\n<td style=\"width: 26.6419%; height: 33px;\"><span style=\"text-decoration: underline;\"><a href=\"https:\/\/www.educa.itakaescolapios.org\/wp-content\/uploads\/2020\/11\/LOGO-CAMPA\u00d1A-ITAKA-2021-esp.png\" target=\"_blank\" rel=\"noopener noreferrer\"><strong><span style=\"color: #008000; text-decoration: underline;\">Reiniciando para transformar<\/span><\/strong><\/a><\/span><\/td>\n<td style=\"width: 29.3374%; height: 33px;\"><span style=\"color: #800000;\"><a style=\"color: #800000;\" href=\"https:\/\/www.educa.itakaescolapios.org\/wp-content\/uploads\/2020\/11\/CARTEL-CAMPA\u00d1A-ITAKA-2021-GAL.pdf\" target=\"_blank\" rel=\"noopener noreferrer\"><span style=\"text-decoration: underline;\"><strong><span style=\"text-decoration: underline;\">CAMPA\u00d1A DE SOLIDARIEDADE<\/span><\/strong><\/span><\/a><\/span><\/td>\n<td style=\"width: 142.622%; height: 33px;\"><span style=\"text-decoration: underline;\"><strong><a href=\"https:\/\/www.educa.itakaescolapios.org\/wp-content\/uploads\/2020\/11\/CARTEL-GRACIAS-2020-def-gal.pdf\" target=\"_blank\" rel=\"noopener noreferrer\">GRAZAS<\/a><\/strong><\/span><\/td>\n<\/tr>\n<tr style=\"height: 33px;\">\n<td style=\"width: 21.3781%; height: 33px;\" height=\"34\"><span style=\"color: #000000;\"><strong>LINGALA<\/strong><\/span><\/td>\n<td style=\"width: 26.6419%; height: 33px;\"><span style=\"text-decoration: underline;\"><a href=\"https:\/\/www.educa.itakaescolapios.org\/wp-content\/uploads\/2020\/11\/LOGO-CAMPA\u00d1A-ITAKA-2021-lingala.png\" target=\"_blank\" rel=\"noopener noreferrer\"><strong><span style=\"color: #008000; text-decoration: underline;\">Kobandela lisusu po na kobongolisa<\/span><\/strong><\/a><\/span><\/td>\n<td style=\"width: 29.3374%; height: 33px;\"><span style=\"color: #800000;\"><strong>MILULU YA LISUNGAMI<\/strong><\/span><\/td>\n<td style=\"width: 142.622%; height: 33px;\"><\/td>\n<\/tr>\n<tr style=\"height: 33px;\">\n<td style=\"width: 21.3781%; height: 33px;\" height=\"34\"><span style=\"color: #000000;\"><strong>QUECHUA<\/strong><\/span><\/td>\n<td style=\"width: 26.6419%; height: 33px;\"><span style=\"text-decoration: underline; color: #008000;\"><strong><a style=\"color: #008000; text-decoration: underline;\" href=\"https:\/\/www.educa.itakaescolapios.org\/wp-content\/uploads\/2020\/12\/LOGO-CAMPA\u00d1A-ITAKA-2021-QUECHUA.png\" target=\"_blank\" rel=\"noopener noreferrer\"> Sunkuchakuy ruway<\/a><\/strong><\/span><\/td>\n<td style=\"width: 29.3374%; height: 33px;\"><span style=\"color: #800000;\"><strong>SUNGUCHAKUY RUWAY<\/strong><\/span><\/td>\n<td style=\"width: 142.622%; height: 33px;\"><\/td>\n<\/tr>\n<tr style=\"height: 33px;\">\n<td style=\"width: 21.3781%; height: 33px;\" height=\"34\"><span style=\"color: #000000;\"><strong>TAGALO<\/strong><\/span><\/td>\n<td style=\"width: 26.6419%; height: 33px;\"><a href=\"https:\/\/www.educa.itakaescolapios.org\/wp-content\/uploads\/2020\/12\/LOGO-CAMPA\u00d1A-ITAKA-2021-TAGALO.png\" target=\"_blank\" rel=\"noopener noreferrer\"><strong><span style=\"color: #008000;\">Magsisimula ulit para sa pagbabago<\/span><\/strong><\/a><\/td>\n<td style=\"width: 29.3374%; height: 33px;\"><strong><span style=\"color: #800000;\"><a style=\"color: #800000;\" href=\"https:\/\/www.educa.itakaescolapios.org\/wp-content\/uploads\/2020\/12\/CARTEL-CAMPA\u00d1A-ITAKA-2021-TAGALO.pdf\" target=\"_blank\" rel=\"noopener noreferrer\">KAMPANYA PARA SA PAGKAKAISA<\/a><\/span><\/strong><\/td>\n<td style=\"width: 142.622%; height: 33px;\"><\/td>\n<\/tr>\n<tr style=\"height: 33px;\">\n<td style=\"width: 21.3781%; height: 33px;\" height=\"34\"><span style=\"color: #000000;\"><strong>VALENCIANO<\/strong><\/span><\/td>\n<td style=\"width: 26.6419%; height: 33px;\"><span style=\"text-decoration: underline;\"><a href=\"https:\/\/www.educa.itakaescolapios.org\/wp-content\/uploads\/2020\/11\/LOGO-CAMPA\u00d1A-ITAKA-2021-val.png\" target=\"_blank\" rel=\"noopener noreferrer\"><strong><span style=\"color: #008000; text-decoration: underline;\">Reiniciant per a transformar<\/span><\/strong><\/a><\/span><\/td>\n<td style=\"width: 29.3374%; height: 33px;\"><span style=\"text-decoration: underline; color: #800000;\"><a style=\"color: #800000;\" href=\"https:\/\/www.educa.itakaescolapios.org\/wp-content\/uploads\/2020\/11\/CARTEL-CAMPA\u00d1A-ITAKA-2021-VAL.pdf\" target=\"_blank\" rel=\"noopener noreferrer\"><strong><span style=\"text-decoration: underline;\"> CAMPANYA DE SOLIDARITAT<\/span><\/strong><\/a><\/span><\/td>\n<td style=\"width: 142.622%; height: 33px;\"><span style=\"text-decoration: underline;\"><strong><a href=\"https:\/\/www.educa.itakaescolapios.org\/wp-content\/uploads\/2020\/11\/CARTEL-GRACIAS-2020-def-val.pdf\" target=\"_blank\" rel=\"noopener noreferrer\">GR\u00c1CIES<\/a><\/strong><\/span><\/td>\n<\/tr>\n<tr style=\"height: 33px;\">\n<td style=\"width: 21.3781%; height: 33px;\" height=\"34\"><span style=\"color: #000000;\"><strong>VISAYA<\/strong><\/span><\/td>\n<td style=\"width: 26.6419%; height: 33px;\"><a href=\"https:\/\/www.educa.itakaescolapios.org\/wp-content\/uploads\/2020\/12\/LOGO-CAMPA\u00d1A-ITAKA-2021-TAGALO.png\" target=\"_blank\" rel=\"noopener noreferrer\"><span style=\"text-decoration: underline;\"><strong><span style=\"color: #008000; text-decoration: underline;\">Maqsuqod oq usab para sa kausaban<\/span><\/strong><\/span><\/a><\/td>\n<td style=\"width: 29.3374%; height: 33px;\"><strong><span style=\"color: #800000;\"><a style=\"color: #800000;\" href=\"https:\/\/www.educa.itakaescolapios.org\/wp-content\/uploads\/2020\/12\/CARTEL-CAMPA\u00d1A-ITAKA-2021-VISAYA.pdf\" target=\"_blank\" rel=\"noopener noreferrer\">KAMPANYA PARA SA PAGKAKAISA<\/a><\/span><\/strong><\/td>\n<td style=\"width: 142.622%; height: 33px;\"><\/td>\n<\/tr>\n<tr style=\"height: 33px;\">\n<td style=\"width: 21.3781%; height: 33px;\" height=\"34\"><span style=\"color: #000000;\"><strong>WOLOF<\/strong><\/span><\/td>\n<td style=\"width: 26.6419%; height: 33px;\"><span style=\"text-decoration: underline; color: #008000;\"><strong><a style=\"color: #008000; text-decoration: underline;\" href=\"https:\/\/www.educa.itakaescolapios.org\/wp-content\/uploads\/2020\/11\/LOGO-CAMPA\u00d1A-ITAKA-2021-wolof.png\" target=\"_blank\" rel=\"noopener noreferrer\">Besalaat noir sopali<\/a><\/strong><\/span><\/td>\n<td style=\"width: 29.3374%; height: 33px;\"><span style=\"color: #800000;\"><strong>MILULU YA LISUNGAMI<\/strong><\/span><\/td>\n<td style=\"width: 142.622%; height: 33px;\"><\/td>\n<\/tr>\n<tr style=\"height: 23px;\">\n<td style=\"width: 21.3781%; height: 23px;\"><span style=\"color: #000000;\"><strong>INDONESIO<\/strong><\/span><\/td>\n<td style=\"width: 26.6419%; height: 23px;\"><a href=\"https:\/\/www.educa.itakaescolapios.org\/wp-content\/uploads\/2020\/11\/LOGO-CAMPA\u00d1A-ITAKA-2021-indo.png\" target=\"_blank\" rel=\"noopener noreferrer\"><span style=\"text-decoration: underline; color: #008000;\"><strong>Memulai kembal untuk mengubah<\/strong><\/span><\/a><\/td>\n<td style=\"width: 29.3374%; height: 23px;\"><span style=\"color: #800000;\"><strong>\u00a0<span style=\"text-decoration: underline;\"><a style=\"color: #800000; text-decoration: underline;\" href=\"https:\/\/www.educa.itakaescolapios.org\/wp-content\/uploads\/2020\/11\/CARTEL-CAMPA\u00d1A-ITAKA-2021-INDO.pdf\" target=\"_blank\" rel=\"noopener noreferrer\">KAMPANYE SOLIDARITAS \u00a0<\/a><\/span><\/strong><\/span><\/td>\n<td style=\"width: 142.622%; height: 23px;\"><\/td>\n<\/tr>\n<\/tbody>\n<\/table>\n<p>Todos los logos en pdf, jpg y png,<span style=\"text-decoration: underline;\"><strong><a href=\"https:\/\/www.educa.itakaescolapios.org\/wp-content\/uploads\/2020\/12\/LOGO-CAMPA\u00d1A-ITAKA-2021.zip\" target=\"_blank\" rel=\"noopener noreferrer\">aqu\u00ed.\u00a0<\/a><\/strong><\/span><strong>\u00a0 \u00a0<\/strong><\/p>\n<p>&nbsp;<\/p>\n<h3><strong>Personajes<\/strong><\/h3>\n<table class=\"aligncenter\" style=\"height: 868px; width: 100%;\" border=\"4\" cellspacing=\"2\" cellpadding=\"2\">\n<caption>\u00a0<\/caption>\n<colgroup>\n<col width=\"40%\" \/>\n<col width=\"20%\" \/>\n<col width=\"20%\" \/>\n<col width=\"20%\" \/> <\/colgroup>\n<tbody>\n<tr style=\"height: 100px;\">\n<td style=\"width: 41.9939%; height: 100px;\" height=\"100\"><\/td>\n<td style=\"width: 20.3067%; height: 100px; text-align: center;\"><span style=\"color: #545436;\"><strong>PERSONAJE en COLOR con FONDO<\/strong><\/span><\/td>\n<td style=\"width: 19.0798%; height: 100px; text-align: center;\"><span style=\"color: #545436;\"><strong>PERSONAJE en COLOR<\/strong><\/span><\/td>\n<td style=\"width: 18.6196%; height: 100px; text-align: center;\"><span style=\"color: #545436;\"><strong>PERSONAJE PARA COLOREAR<\/strong><\/span><\/td>\n<\/tr>\n<tr style=\"height: 49px;\">\n<td style=\"width: 41.9939%; height: 49px;\" width=\"477\">La expedici\u00f3n de Itaka-Escolapios levanta la mirada para ver el mundo entero.<\/td>\n<td style=\"width: 20.3067%; height: 49px; text-align: center; vertical-align: middle; padding-left: 40px;\"><a href=\"https:\/\/www.educa.itakaescolapios.org\/wp-content\/uploads\/2020\/11\/GRUPO_COLOR_20-21.pdf\" target=\"_blank\" rel=\"noopener noreferrer\">GRUPO<\/a><\/td>\n<td style=\"width: 19.0798%; height: 49px; text-align: center; vertical-align: middle; padding-left: 40px;\"><a href=\"https:\/\/www.educa.itakaescolapios.org\/wp-content\/uploads\/2020\/11\/GRUPO_COLOR_20-21.pdf\" target=\"_blank\" rel=\"noopener noreferrer\">GRUPO<\/a><\/td>\n<td style=\"width: 18.6196%; height: 49px; text-align: center; vertical-align: middle; padding-left: 40px;\"><a href=\"https:\/\/www.educa.itakaescolapios.org\/wp-content\/uploads\/2020\/11\/GRUPO_LINEA_20-21.pdf\" target=\"_blank\" rel=\"noopener noreferrer\">GRUPO<\/a><\/td>\n<\/tr>\n<tr style=\"height: 24px;\">\n<td style=\"width: 41.9939%; height: 24px;\" width=\"477\">Impulsor del derecho de la educaci\u00f3n universal, encabeza la expedici\u00f3n siendo el m\u00e1ximo responsable de todo lo que sucede en la misma. Su empe\u00f1o: llenar de \u201cPiedad y Letras\u201d todos los rincones del planeta<\/td>\n<td style=\"width: 20.3067%; height: 24px; text-align: center; vertical-align: middle; padding-left: 40px;\"><a href=\"https:\/\/www.educa.itakaescolapios.org\/wp-content\/uploads\/2020\/11\/CALASANZ_COLOR_20-21.pdf\" target=\"_blank\" rel=\"noopener noreferrer\">CALASANZ<\/a><\/td>\n<td style=\"width: 19.0798%; height: 24px; text-align: center; vertical-align: middle; padding-left: 40px;\"><a href=\"https:\/\/www.educa.itakaescolapios.org\/wp-content\/uploads\/2020\/11\/CALASANZ_sin-fondo_20-21.pdf\" target=\"_blank\" rel=\"noopener noreferrer\">CALASANZ<\/a><\/td>\n<td style=\"width: 18.6196%; height: 24px; text-align: center; vertical-align: middle; padding-left: 40px;\"><a href=\"https:\/\/www.educa.itakaescolapios.org\/wp-content\/uploads\/2020\/11\/CALASANZ__LINEA_20-21.pdf\" target=\"_blank\" rel=\"noopener noreferrer\">CALASANZ<\/a><\/td>\n<\/tr>\n<tr style=\"height: 71px;\">\n<td style=\"width: 41.9939%; height: 71px;\" width=\"477\">Nacidas en la Rep\u00fablica Democr\u00e1tica del Congo la adolescente Elykia y la peque\u00f1a Esengo, recorren el pa\u00eds contando su historia y defendiendo los derechos de las ni\u00f1as y mujeres.<\/td>\n<td style=\"width: 20.3067%; height: 71px; text-align: center; vertical-align: middle; padding-left: 40px;\"><a href=\"https:\/\/www.educa.itakaescolapios.org\/wp-content\/uploads\/2020\/11\/ELIKIA-ESENGO_COLOR_20-21.pdf\" target=\"_blank\" rel=\"noopener noreferrer\">ELIKIA &#8211; ESENGO<\/a><\/td>\n<td style=\"width: 19.0798%; height: 71px; text-align: center; vertical-align: middle; padding-left: 40px;\"><a href=\"https:\/\/www.educa.itakaescolapios.org\/wp-content\/uploads\/2020\/11\/ELIKIA-ESENGO_sin-fondo_20-21.pdf\" target=\"_blank\" rel=\"noopener noreferrer\">ELIKIA &#8211; ESENGO<\/a><\/td>\n<td style=\"width: 18.6196%; height: 71px; text-align: center; vertical-align: middle; padding-left: 40px;\"><a href=\"https:\/\/www.educa.itakaescolapios.org\/wp-content\/uploads\/2020\/11\/ELIKIA-ESENGO_LINEA_20-21.pdf\" target=\"_blank\" rel=\"noopener noreferrer\">ELIKIA &#8211; ESENGO<\/a><\/td>\n<\/tr>\n<tr style=\"height: 73px;\">\n<td style=\"width: 41.9939%; height: 73px;\" width=\"477\">Esta peque\u00f1a ni\u00f1a africana, tiene la habilidad de descifrar mapas y un gran sentido de la orientaci\u00f3n. Es una gran conocedora de la realidad escolapia, lo que le ha hecho una trabajadora en favor de las personas excluidas.<\/td>\n<td style=\"width: 20.3067%; height: 73px; text-align: center; vertical-align: middle; padding-left: 40px;\"><a href=\"https:\/\/www.educa.itakaescolapios.org\/wp-content\/uploads\/2020\/11\/MARINE_COLOR_20-21.pdf\" target=\"_blank\" rel=\"noopener noreferrer\">MARINE<\/a><\/td>\n<td style=\"width: 19.0798%; height: 73px; text-align: center; vertical-align: middle; padding-left: 40px;\"><a href=\"https:\/\/www.educa.itakaescolapios.org\/wp-content\/uploads\/2020\/11\/MARINE_sin-fondo_20-21.pdf\" target=\"_blank\" rel=\"noopener noreferrer\">MARINE<\/a><\/td>\n<td style=\"width: 18.6196%; height: 73px; text-align: center; vertical-align: middle; padding-left: 40px;\"><a href=\"https:\/\/www.educa.itakaescolapios.org\/wp-content\/uploads\/2020\/11\/MARINE_LINEA_20-21.pdf\" target=\"_blank\" rel=\"noopener noreferrer\">MARINE<\/a><\/td>\n<\/tr>\n<tr style=\"height: 107px;\">\n<td style=\"width: 41.9939%; height: 107px;\" width=\"477\">\u00c9sta sudamericana es la mec\u00e1nica y \u201cmanitas\u201d de la expedici\u00f3n. Tiene una pasi\u00f3n: montar, desmontar y arreglar todo tipo de mecanismos. Sabe que todo se puede arreglar con trabajo e investigaci\u00f3n. Sabe buscar soluciones concretas a problemas grandes y peque\u00f1os.<\/td>\n<td style=\"width: 20.3067%; height: 107px; text-align: center; vertical-align: middle; padding-left: 40px;\"><a href=\"https:\/\/www.educa.itakaescolapios.org\/wp-content\/uploads\/2020\/11\/JIWA_COLOR_20-21.pdf\" target=\"_blank\" rel=\"noopener noreferrer\">JIWA<\/a><\/td>\n<td style=\"width: 19.0798%; height: 107px; text-align: center; vertical-align: middle; padding-left: 40px;\"><a href=\"https:\/\/www.educa.itakaescolapios.org\/wp-content\/uploads\/2020\/11\/JIWA_sin-fondo_20-21.pdf\" target=\"_blank\" rel=\"noopener noreferrer\">JIWA<\/a><\/td>\n<td style=\"width: 18.6196%; height: 107px; text-align: center; vertical-align: middle; padding-left: 40px;\"><a href=\"https:\/\/www.educa.itakaescolapios.org\/wp-content\/uploads\/2020\/11\/JIWA_LINEA_20-21.pdf\" target=\"_blank\" rel=\"noopener noreferrer\">JIWA<\/a><\/td>\n<\/tr>\n<tr style=\"height: 112px;\">\n<td style=\"width: 41.9939%; height: 112px;\" width=\"477\">Ni\u00f1o europeo, el mayor de los expedicionarios. Le gustan las campa\u00f1as de solidaridad, porque le encanta trabajar con alimentos de todos los pa\u00edses y probar todo tipo de ingredientes. Ese conocimiento lo ha hecho ser un conocedor y mediador entre diferentes culturas. Su lema: \u201chay que poner sal a la vida\u201d.<\/td>\n<td style=\"width: 20.3067%; height: 112px; text-align: center; vertical-align: middle; padding-left: 40px;\"><a href=\"https:\/\/www.educa.itakaescolapios.org\/wp-content\/uploads\/2020\/11\/SUKAL_COLOR_20-21.pdf\" target=\"_blank\" rel=\"noopener noreferrer\">SUKAL<\/a><\/td>\n<td style=\"width: 19.0798%; height: 112px; text-align: center; vertical-align: middle; padding-left: 40px;\"><a href=\"https:\/\/www.educa.itakaescolapios.org\/wp-content\/uploads\/2020\/11\/SUKAL_sin-fondo_20-21.pdf\" target=\"_blank\" rel=\"noopener noreferrer\">SUKAL<\/a><\/td>\n<td style=\"width: 18.6196%; height: 112px; text-align: center; vertical-align: middle; padding-left: 40px;\"><a href=\"https:\/\/www.educa.itakaescolapios.org\/wp-content\/uploads\/2020\/11\/SUKAL_LINEA_20-21.pdf\" target=\"_blank\" rel=\"noopener noreferrer\">SUKAL<\/a><\/td>\n<\/tr>\n<tr style=\"height: 89px;\">\n<td style=\"width: 41.9939%; height: 89px;\" width=\"477\">Nuestra adolescente centroamericana es la responsable de comunicar y difundir todo lo que ocurra en la expedici\u00f3n. Esa capacidad de comunicar le ha hecho una gran mediadora y trabajadora por la paz, no en vano su lema es \u201ctodo es cuesti\u00f3n de di\u00e1logo\u201d<\/td>\n<td style=\"width: 20.3067%; height: 89px; text-align: center; vertical-align: middle; padding-left: 40px;\"><a href=\"https:\/\/www.educa.itakaescolapios.org\/wp-content\/uploads\/2020\/11\/BLA_COLOR_20-21.pdf\" target=\"_blank\" rel=\"noopener noreferrer\">BLA<\/a><\/td>\n<td style=\"width: 19.0798%; height: 89px; text-align: center; vertical-align: middle; padding-left: 40px;\"><a href=\"https:\/\/www.educa.itakaescolapios.org\/wp-content\/uploads\/2020\/11\/BLA_sin-fondo_20-21.pdf\" target=\"_blank\" rel=\"noopener noreferrer\">BLA<\/a><\/td>\n<td style=\"width: 18.6196%; height: 89px; text-align: center; vertical-align: middle; padding-left: 40px;\"><a href=\"https:\/\/www.educa.itakaescolapios.org\/wp-content\/uploads\/2020\/11\/BLA_LINEA_20-21.pdf\" target=\"_blank\" rel=\"noopener noreferrer\">BLA<\/a><\/td>\n<\/tr>\n<tr style=\"height: 61px;\">\n<td style=\"width: 41.9939%; height: 61px;\" width=\"477\">Naci\u00f3 en un cercano pueblo a la escuela de Kamda, lugar inserto en plena naturaleza. Es por ello un gran amante del medio ambiente y del desarrollo sostenible. De ah\u00ed que su lema sea \u201cverde que te veo verde\u201d.<\/td>\n<td style=\"width: 20.3067%; height: 61px; text-align: center; vertical-align: middle; padding-left: 40px;\"><a href=\"https:\/\/www.educa.itakaescolapios.org\/wp-content\/uploads\/2020\/11\/QUISAP_COLOR_20-21.pdf\" target=\"_blank\" rel=\"noopener noreferrer\">QUISAP<\/a><\/td>\n<td style=\"width: 19.0798%; height: 61px; text-align: center; vertical-align: middle; padding-left: 40px;\"><a href=\"https:\/\/www.educa.itakaescolapios.org\/wp-content\/uploads\/2020\/11\/QUISAP_sin-fondo_20-21.pdf\" target=\"_blank\" rel=\"noopener noreferrer\">QUISAP<\/a><\/td>\n<td style=\"width: 18.6196%; height: 61px; text-align: center; vertical-align: middle; padding-left: 40px;\"><a href=\"https:\/\/www.educa.itakaescolapios.org\/wp-content\/uploads\/2020\/11\/QUISAP_LINEA_20-21.pdf\" target=\"_blank\" rel=\"noopener noreferrer\">QUISAP<\/a><\/td>\n<\/tr>\n<tr style=\"height: 182px;\">\n<td style=\"width: 41.9939%; height: 182px;\">Es un ni\u00f1o asi\u00e1tico y gran conocedor de Indonesia. Lo recordamos de la Campa\u00f1a &#8220;Al Encuentro con Atamb\u00faa&#8221; y desde su hogar est\u00e1 atento a todo peligro que pueda surgir. Se preocupa por los dem\u00e1s, siempre valorando la salud y ense\u00f1ando a sus amigos y amigas a cuidarse ante esta pandemia. Como \u00e9l dice: \u201cCuidemos y cuid\u00e9monos\u201d.<\/td>\n<td style=\"width: 20.3067%; text-align: center; vertical-align: middle; padding-left: 40px; height: 182px;\"><a href=\"https:\/\/www.educa.itakaescolapios.org\/wp-content\/uploads\/2020\/11\/LOOK_COLOR_20-21.pdf\" target=\"_blank\" rel=\"noopener noreferrer\">LOOK<\/a><\/td>\n<td style=\"width: 19.0798%; text-align: center; vertical-align: middle; padding-left: 40px; height: 182px;\"><a href=\"https:\/\/www.educa.itakaescolapios.org\/wp-content\/uploads\/2020\/11\/LOOK_sin-fondo_20-21.pdf\" target=\"_blank\" rel=\"noopener noreferrer\">LOOK<\/a><\/td>\n<td style=\"width: 18.6196%; text-align: center; vertical-align: middle; padding-left: 40px; height: 182px;\"><a href=\"https:\/\/www.educa.itakaescolapios.org\/wp-content\/uploads\/2020\/11\/LOOK_LINEA_20-21.pdf\" target=\"_blank\" rel=\"noopener noreferrer\">LOOK<\/a><\/td>\n<\/tr>\n<\/tbody>\n<\/table>\n<p>&nbsp;<\/p>","protected":false},"excerpt":{"rendered":"<p>Ci spiace, ma questo articolo \u00e8 disponibile soltanto in Spagnolo Europeo, Inglese Americano, Basco, Francese e Portoghese Europeo.&nbsp; &nbsp; &nbsp; LOGO CAMPA\u00d1A CARTEL CAMPA\u00d1A CARTEL AGRADECIMIENTO [&hellip;]<\/p>\n","protected":false},"author":5,"featured_media":0,"parent":2864,"menu_order":1,"comment_status":"closed","ping_status":"closed","template":"","meta":[],"acf":[],"_links":{"self":[{"href":"https:\/\/www.educa.itakaescolapios.org\/it\/wp-json\/wp\/v2\/pages\/2870"}],"collection":[{"href":"https:\/\/www.educa.itakaescolapios.org\/it\/wp-json\/wp\/v2\/pages"}],"about":[{"href":"https:\/\/www.educa.itakaescolapios.org\/it\/wp-json\/wp\/v2\/types\/page"}],"author":[{"embeddable":true,"href":"https:\/\/www.educa.itakaescolapios.org\/it\/wp-json\/wp\/v2\/users\/5"}],"replies":[{"embeddable":true,"href":"https:\/\/www.educa.itakaescolapios.org\/it\/wp-json\/wp\/v2\/comments?post=2870"}],"version-history":[{"count":84,"href":"https:\/\/www.educa.itakaescolapios.org\/it\/wp-json\/wp\/v2\/pages\/2870\/revisions"}],"predecessor-version":[{"id":7614,"href":"https:\/\/www.educa.itakaescolapios.org\/it\/wp-json\/wp\/v2\/pages\/2870\/revisions\/7614"}],"up":[{"embeddable":true,"href":"https:\/\/www.educa.itakaescolapios.org\/it\/wp-json\/wp\/v2\/pages\/2864"}],"wp:attachment":[{"href":"https:\/\/www.educa.itakaescolapios.org\/it\/wp-json\/wp\/v2\/media?parent=2870"}],"curies":[{"name":"wp","href":"https:\/\/api.w.org\/{rel}","templated":true}]}}