{"id":340,"date":"2018-04-04T11:07:57","date_gmt":"2018-04-04T09:07:57","guid":{"rendered":"http:\/\/www.educa.itakaescolapios.org\/?page_id=340"},"modified":"2018-04-04T11:07:57","modified_gmt":"2018-04-04T09:07:57","slug":"contigo","status":"publish","type":"page","link":"https:\/\/www.educa.itakaescolapios.org\/it\/campanas\/2017-2018-el-tesoro-de-senegal\/contigo","title":{"rendered":"CONTIGO +"},"content":{"rendered":"<p class=\"qtranxs-available-languages-message qtranxs-available-languages-message-it\">Ci spiace, ma questo articolo \u00e8 disponibile soltanto in <a href=\"https:\/\/www.educa.itakaescolapios.org\/es\/wp-json\/wp\/v2\/pages\/340\" class=\"qtranxs-available-language-link qtranxs-available-language-link-es\" title=\"Espa\u00f1ol\">Spagnolo Europeo<\/a>.<\/p><p><a href=\"http:\/\/www.itakaescolapios.org\/wp-content\/uploads\/2017\/10\/LOGO-C+-ESP.jpg\"><img decoding=\"async\" loading=\"lazy\" class=\"alignleft size-medium wp-image-21015\" alt=\"LOGO CONTIGO +.indd\" src=\"http:\/\/www.itakaescolapios.org\/wp-content\/uploads\/2017\/10\/LOGO-C+-ESP-300x212.jpg\" width=\"300\" height=\"212\" \/><\/a>Con la campa\u00f1a de solidaridad de este curso nos acercamos por primera vez desde Itaka-Escolapios a una realidad amplia, diversa y que llama con fuerza a nuestra solidaridad: la misi\u00f3n escolapia en Senegal.<\/p>\n<p>Senegal es el primer pa\u00eds del continente africano en que los escolapios se hicieron presentes, all\u00e1 por 1963, a\u00f1o en que llegaron a la regi\u00f3n de Casamance los primeros religiosos procedentes de Catalu\u00f1a, formando la primera comunidad, arraig\u00e1ndose entre la gente e iniciando su misi\u00f3n con los m\u00e1s desfavorecidos. Esta aventura inicial fue dando numerosos frutos a lo largo de las d\u00e9cadas y ensanch\u00e1ndose por diversas zonas del pa\u00eds, como germen de lo que es hoy una presencia escolapia extensa y que cuenta con numerosas obras educativas, sociales y pastorales. Un verdadero <i>tesoro<\/i> por la riqueza humana y el compromiso de quienes impulsan estas iniciativas y proyectos.<\/p>\n<p>Actualmente, Senegal forma parte de la provincia escolapia de \u00c1frica del Oeste, junto con Costa de Marfil y la naciente fundaci\u00f3n escolapia en otro pa\u00eds de la regi\u00f3n: Burkina Faso. Es de destacar que son todos ellos pa\u00edses con un gran potencial humano, pero que presentan enormes necesidades educativas y, en general, padecen \u00edndices de desarrollo entre los m\u00e1s bajos del planeta.<\/p>\n<p>Con todo ello, esta campa\u00f1a de solidaridad nos parece una estupenda oportunidad para hacer realidad el lema de este curso: CONTIGO +. Primeramente, porque la incorporaci\u00f3n de Senegal a la red solidaria de Itaka-Escolapios nos ayuda a ser m\u00e1s, a ampliar nuestra visi\u00f3n y nuestro compromiso en un lugar con grandes retos y necesidades para la misi\u00f3n escolapia. Adem\u00e1s, porque la campa\u00f1a de solidaridad es, en s\u00ed misma, una actividad compartida a nivel global en la que experimentamos que la aportaci\u00f3n de cada persona es importante para ser m\u00e1s: sumamos los esfuerzos de todos para sostener y hacer crecer la misi\u00f3n escolapia all\u00e1 donde m\u00e1s falta hace, as\u00ed como llegar con ella a m\u00e1s gente, especialmente a la m\u00e1s empobrecida y con mayores carencias educativas.<\/p>\n<p>As\u00ed pues, os animamos a colaborar e implicaros a fondo en esta nueva campa\u00f1a de solidaridad. Recordamos que hace un a\u00f1o tom\u00e1bamos como hilo conductor de nuestro curso el lema del a\u00f1o jubilar escolapio &#8211;<i>Educar, anunciar, transformar<\/i>-, en referencia a los pilares de la misi\u00f3n iniciada por Jos\u00e9 de Calasanz justo 400 a\u00f1os atr\u00e1s. Uniendo ambos lemas podemos agradecer que <i>contigo<\/i> <i>esta misi\u00f3n contin\u00faa<\/i> y seguir\u00e1 llevando en el futuro la educaci\u00f3n m\u00e1s all\u00e1 de fronteras geogr\u00e1ficas, econ\u00f3micas y culturales, como aportaci\u00f3n para construir un mundo m\u00e1s justo y mejor.<\/p>","protected":false},"excerpt":{"rendered":"<p>Ci spiace, ma questo articolo \u00e8 disponibile soltanto in Spagnolo Europeo.Con la campa\u00f1a de solidaridad de este curso nos acercamos por primera vez desde Itaka-Escolapios a [&hellip;]<\/p>\n","protected":false},"author":1,"featured_media":0,"parent":228,"menu_order":2,"comment_status":"closed","ping_status":"closed","template":"","meta":[],"acf":[],"_links":{"self":[{"href":"https:\/\/www.educa.itakaescolapios.org\/it\/wp-json\/wp\/v2\/pages\/340"}],"collection":[{"href":"https:\/\/www.educa.itakaescolapios.org\/it\/wp-json\/wp\/v2\/pages"}],"about":[{"href":"https:\/\/www.educa.itakaescolapios.org\/it\/wp-json\/wp\/v2\/types\/page"}],"author":[{"embeddable":true,"href":"https:\/\/www.educa.itakaescolapios.org\/it\/wp-json\/wp\/v2\/users\/1"}],"replies":[{"embeddable":true,"href":"https:\/\/www.educa.itakaescolapios.org\/it\/wp-json\/wp\/v2\/comments?post=340"}],"version-history":[{"count":1,"href":"https:\/\/www.educa.itakaescolapios.org\/it\/wp-json\/wp\/v2\/pages\/340\/revisions"}],"predecessor-version":[{"id":341,"href":"https:\/\/www.educa.itakaescolapios.org\/it\/wp-json\/wp\/v2\/pages\/340\/revisions\/341"}],"up":[{"embeddable":true,"href":"https:\/\/www.educa.itakaescolapios.org\/it\/wp-json\/wp\/v2\/pages\/228"}],"wp:attachment":[{"href":"https:\/\/www.educa.itakaescolapios.org\/it\/wp-json\/wp\/v2\/media?parent=340"}],"curies":[{"name":"wp","href":"https:\/\/api.w.org\/{rel}","templated":true}]}}