{"id":342,"date":"2018-04-04T11:08:32","date_gmt":"2018-04-04T09:08:32","guid":{"rendered":"http:\/\/www.educa.itakaescolapios.org\/?page_id=342"},"modified":"2018-04-04T11:08:32","modified_gmt":"2018-04-04T09:08:32","slug":"los-escolapios-en-africa-del-oeste-y-los-internados-de-senegal","status":"publish","type":"page","link":"https:\/\/www.educa.itakaescolapios.org\/it\/campanas\/2017-2018-el-tesoro-de-senegal\/los-escolapios-en-africa-del-oeste-y-los-internados-de-senegal","title":{"rendered":"LOS ESCOLAPIOS EN AFRICA DEL OESTE Y LOS INTERNADOS DE SENEGAL"},"content":{"rendered":"<p class=\"qtranxs-available-languages-message qtranxs-available-languages-message-it\">Ci spiace, ma questo articolo \u00e8 disponibile soltanto in <a href=\"https:\/\/www.educa.itakaescolapios.org\/es\/wp-json\/wp\/v2\/pages\/342\" class=\"qtranxs-available-language-link qtranxs-available-language-link-es\" title=\"Espa\u00f1ol\">Spagnolo Europeo<\/a>.<\/p><p><a href=\"http:\/\/www.itakaescolapios.org\/wp-content\/uploads\/2017\/10\/logo-africa-oeste.png\"><img decoding=\"async\" loading=\"lazy\" class=\"alignleft size-medium wp-image-20778\" alt=\"logo africa oeste\" src=\"http:\/\/www.itakaescolapios.org\/wp-content\/uploads\/2017\/10\/logo-africa-oeste-295x300.png\" width=\"295\" height=\"300\" \/><\/a>Los escolapios mantienen presencia estable y permanente en Senegal desde 1963, buscando brindar una educaci\u00f3n de calidad para los ni\u00f1os y ni\u00f1as senegaleses. Para ello, cuentan con cuatro escuelas de primaria, tres de secundaria, dos granjas-escuelas y un centro t\u00e9cnico, que en total atienden a m\u00e1s de 2.000 ni\u00f1as y ni\u00f1os.<\/p>\n<p>El curso pasado fue el primero en el que la presencia escolapia de \u00c1frica del Oeste se sum\u00f3 a la red de solidaridad de Itaka-Escolapios. En \u00c1frica del Oeste, los escolapios est\u00e1n, adem\u00e1s de en Senegal, en Costa de Marfil y pronto en Burkina Faso.<\/p>\n<p>Entre los proyectos apoyados por Itaka-Escolapios en \u00c1frica del Oeste destacan cinco internados y una guarder\u00eda en Senegal, dos centros sociales en Senegal y Costa de Marfil, los grupos del Movimiento Calasanz y de catequesis en Senegal y Costa de Marfil (pronto tambi\u00e9n en Burkina Faso), y proyectos de alfabetizaci\u00f3n para inmigrantes en varios lugares, as\u00ed como otras labores de promoci\u00f3n del voluntariado.<\/p>\n<p>A continuaci\u00f3n os pod\u00e9is descargar dos fichas para trabajar en el aula y poder profundizar sobre la realidad de Senegal y de los escolapios en el pa\u00eds.<\/p>\n<p style=\"text-align: center;\"><strong><span style=\"color: #808000;\"><a href=\"http:\/\/www.itakaescolapios.org\/wp-content\/uploads\/2017\/10\/ficha-senegal-EL-PAIS.pdf\" target=\"_blank\"><span style=\"color: #808000;\">SENEGAL &#8211; SUNU GAAL<\/span><\/a><\/span><\/strong><\/p>\n<p style=\"text-align: center;\"><strong><span style=\"color: #808000;\"><a href=\"http:\/\/www.itakaescolapios.org\/wp-content\/uploads\/2017\/10\/ficha-senegal-ESCOLAPIOS-EN-AFRICA.pdf\" target=\"_blank\"><span style=\"color: #808000;\">LOS ESCOLAPIOS EN \u00c1FRICA DEL OESTE<\/span><\/a><\/span><\/strong><\/p>\n<p style=\"text-align: center;\"><strong><span style=\"color: #808000;\"><a href=\"http:\/\/www.itakaescolapios.org\/wp-content\/uploads\/2017\/10\/ficha-senegal-INTERNADOS.pdf\" target=\"_blank\"><span style=\"color: #808000;\">INTERNADOS RURALES DE LA RED ITAKA-ESCOLAPIOS<\/span><\/a><\/span><\/strong><\/p>\n<p style=\"text-align: left;\">Puedes conocer m\u00e1s sobre los internados entrando en la p\u00e1gina web de Itaka-Escolapios, pinchando en el siguiente enlace.<\/p>\n<p style=\"text-align: left;\"><strong><span style=\"color: #808000;\"><a href=\"http:\/\/www.itakaescolapios.org\/donde-estamos\/senegal\/dakar\/\" target=\"_blank\"><span style=\"color: #808000;\">http:\/\/www.itakaescolapios.org\/donde-estamos\/senegal\/dakar\/<\/span><\/a><\/span><\/strong><\/p>\n<p style=\"text-align: left;\">O bien descarg\u00e1ndote un powerpoint sobre Senegal y la realidad de los internados escolapios:<\/p>\n<p style=\"text-align: left;\"><strong><span style=\"color: #808000;\"><a href=\"https:\/\/mega.nz\/#!7VBSiZQQ!b7GTXyBA9kiiJuYzX_a2BP5YIKZCvzBxHKaTJYLuRD4\" target=\"_blank\"><span style=\"color: #808000;\">Powerpoint<\/span><\/a><\/span><\/strong><\/p>\n<p style=\"text-align: left;\">\n<p><\/p>","protected":false},"excerpt":{"rendered":"<p>Ci spiace, ma questo articolo \u00e8 disponibile soltanto in Spagnolo Europeo.Los escolapios mantienen presencia estable y permanente en Senegal desde 1963, buscando brindar una educaci\u00f3n de [&hellip;]<\/p>\n","protected":false},"author":1,"featured_media":0,"parent":228,"menu_order":3,"comment_status":"closed","ping_status":"closed","template":"","meta":[],"acf":[],"_links":{"self":[{"href":"https:\/\/www.educa.itakaescolapios.org\/it\/wp-json\/wp\/v2\/pages\/342"}],"collection":[{"href":"https:\/\/www.educa.itakaescolapios.org\/it\/wp-json\/wp\/v2\/pages"}],"about":[{"href":"https:\/\/www.educa.itakaescolapios.org\/it\/wp-json\/wp\/v2\/types\/page"}],"author":[{"embeddable":true,"href":"https:\/\/www.educa.itakaescolapios.org\/it\/wp-json\/wp\/v2\/users\/1"}],"replies":[{"embeddable":true,"href":"https:\/\/www.educa.itakaescolapios.org\/it\/wp-json\/wp\/v2\/comments?post=342"}],"version-history":[{"count":1,"href":"https:\/\/www.educa.itakaescolapios.org\/it\/wp-json\/wp\/v2\/pages\/342\/revisions"}],"predecessor-version":[{"id":343,"href":"https:\/\/www.educa.itakaescolapios.org\/it\/wp-json\/wp\/v2\/pages\/342\/revisions\/343"}],"up":[{"embeddable":true,"href":"https:\/\/www.educa.itakaescolapios.org\/it\/wp-json\/wp\/v2\/pages\/228"}],"wp:attachment":[{"href":"https:\/\/www.educa.itakaescolapios.org\/it\/wp-json\/wp\/v2\/media?parent=342"}],"curies":[{"name":"wp","href":"https:\/\/api.w.org\/{rel}","templated":true}]}}