{"id":348,"date":"2018-04-04T11:09:33","date_gmt":"2018-04-04T09:09:33","guid":{"rendered":"http:\/\/www.educa.itakaescolapios.org\/?page_id=348"},"modified":"2018-04-04T11:09:33","modified_gmt":"2018-04-04T09:09:33","slug":"dossier-de-actividades-para-el-aula","status":"publish","type":"page","link":"https:\/\/www.educa.itakaescolapios.org\/it\/campanas\/2017-2018-el-tesoro-de-senegal\/dossier-de-actividades-para-el-aula","title":{"rendered":"DOSSIER DE ACTIVIDADES PARA EL AULA"},"content":{"rendered":"<p class=\"qtranxs-available-languages-message qtranxs-available-languages-message-it\">Ci spiace, ma questo articolo \u00e8 disponibile soltanto in <a href=\"https:\/\/www.educa.itakaescolapios.org\/es\/wp-json\/wp\/v2\/pages\/348\" class=\"qtranxs-available-language-link qtranxs-available-language-link-es\" title=\"Espa\u00f1ol\">Spagnolo Europeo<\/a>.<\/p><p><a href=\"http:\/\/www.itakaescolapios.org\/wp-content\/uploads\/2017\/11\/cropped-lapices-de-colores-colores-185722.jpg\"><img decoding=\"async\" loading=\"lazy\" class=\"alignleft  wp-image-20844\" alt=\"cropped-lapices-de-colores-colores-185722\" src=\"http:\/\/www.itakaescolapios.org\/wp-content\/uploads\/2017\/11\/cropped-lapices-de-colores-colores-185722-218x300.jpg\" width=\"131\" height=\"180\" \/><\/a>A continuaci\u00f3n presentamos una serie de actividades orientativas para trabajar en las aulas (tambi\u00e9n pueden ser trasladadas al \u00e1mbito extraescolar), la importancia de la educaci\u00f3n como elemento de cambio personal y de transformaci\u00f3n social.<\/p>\n<p>Hemos intentado hacer una selecci\u00f3n atractiva que complemente a las cinco actividades centrales de la campa\u00f1a: rezamos con Senegal, fiesta senegales, juego de cartas, nuestro tesoro y photocall.<\/p>\n<table width=\"491\" border=\"0\" cellspacing=\"0\" cellpadding=\"0\">\n<colgroup>\n<col width=\"80\" \/>\n<col width=\"197\" \/>\n<col width=\"214\" \/> <\/colgroup>\n<tbody>\n<tr>\n<td width=\"80\" height=\"22\"><strong>EDAD<\/strong><\/td>\n<td width=\"197\"><strong>ACTIVIDAD<\/strong><\/td>\n<td width=\"214\"><strong>ANEXOS<\/strong><\/td>\n<\/tr>\n<tr>\n<td height=\"22\">3-4<\/td>\n<td><strong><span style=\"color: #ff6600;\"><a href=\"http:\/\/www.itakaescolapios.org\/wp-content\/uploads\/2017\/10\/1\u00baInfantil_MEMORY.pdf\" target=\"_blank\"><span style=\"color: #ff6600;\">MEMORY<\/span><\/a><\/span><\/strong><\/td>\n<td><span style=\"color: #0000ff;\"><strong><a href=\"http:\/\/www.itakaescolapios.org\/wp-content\/uploads\/2017\/10\/Anexos-Memory.pdf\" target=\"_blank\"><span style=\"color: #0000ff;\">Anexos<\/span><\/a><a href=\"http:\/\/www.itakaescolapios.org\/wp-content\/uploads\/2017\/10\/Anexos-Memory.pdf\" target=\"_blank\"><span style=\"color: #0000ff;\"> Memory<\/span><\/a><\/strong><\/span><\/td>\n<\/tr>\n<tr>\n<td height=\"22\">4-5<\/td>\n<td><strong><span style=\"color: #ff6600;\"><a href=\"http:\/\/www.itakaescolapios.org\/wp-content\/uploads\/2017\/10\/2\u00ba-Infantil_FOTOBAILA-b.pdf\" target=\"_blank\"><span style=\"color: #ff6600;\">FOTOBAILA<\/span><\/a><\/span><\/strong><\/td>\n<td><strong><span style=\"color: #0000ff;\"><a href=\"http:\/\/www.itakaescolapios.org\/wp-content\/uploads\/2017\/10\/Anexos-Fotobaila.pdf\" target=\"_blank\"><span style=\"color: #0000ff;\">Anexos Fotobaila<\/span><\/a><\/span><\/strong><\/td>\n<\/tr>\n<tr>\n<td height=\"22\">5-6<\/td>\n<td><span style=\"color: #ff6600;\"><strong><a href=\"http:\/\/www.itakaescolapios.org\/wp-content\/uploads\/2017\/10\/3\u00ba-Infantil_EXPEDICI\u00d3N.pdf\" target=\"_blank\"><span style=\"color: #ff6600;\">EXPEDICI\u00d3N<\/span><\/a><\/strong><\/span><\/td>\n<td><strong><span style=\"color: #0000ff;\"><a href=\"http:\/\/www.itakaescolapios.org\/wp-content\/uploads\/2017\/10\/Anexos-Expedici\u00f3n.pdf\" target=\"_blank\"><span style=\"color: #0000ff;\">Anexos Expedici\u00f3n<\/span><\/a><\/span><\/strong><\/td>\n<\/tr>\n<tr>\n<td height=\"22\">6-7<\/td>\n<td><strong><span style=\"color: #ff6600;\"><a href=\"http:\/\/www.itakaescolapios.org\/wp-content\/uploads\/2017\/10\/1\u00baPrim_juega-con-la-Expedici\u00f3n.pdf\" target=\"_blank\"><span style=\"color: #ff6600;\">JUEGA CON LA EXPEDICI\u00d3N<\/span><\/a><\/span><\/strong><\/td>\n<td><strong><span style=\"color: #0000ff;\"><a href=\"http:\/\/www.itakaescolapios.org\/wp-content\/uploads\/2017\/10\/Anexos-Juega-con-la-expedici\u00f3n.pdf\"><span style=\"color: #0000ff;\">Anexos Juega con la expedici\u00f3n<\/span><\/a><\/span><\/strong><\/td>\n<\/tr>\n<tr>\n<td height=\"22\">7-8<\/td>\n<td><span style=\"color: #ff6600;\"><strong><a href=\"http:\/\/www.itakaescolapios.org\/wp-content\/uploads\/2017\/10\/2\u00baPrim_Leyendas-de-Senegal.pdf\" target=\"_blank\"><span style=\"color: #ff6600;\">LEYENDAS DE SENEGAL<\/span><\/a><\/strong><\/span><\/td>\n<td><span style=\"color: #0000ff;\"><strong><a href=\"http:\/\/www.itakaescolapios.org\/wp-content\/uploads\/2017\/10\/Anexos-Leyendas-de-Senegal.pdf\" target=\"_blank\"><span style=\"color: #0000ff;\">Anexos Leyendas de Senegal<\/span><\/a><\/strong><\/span><\/td>\n<\/tr>\n<tr>\n<td height=\"22\">8-9<\/td>\n<td><span style=\"color: #ff6600;\"><strong><a href=\"http:\/\/www.itakaescolapios.org\/wp-content\/uploads\/2017\/10\/3\u00baPrim_Colores-de-Senegal.pdf\" target=\"_blank\"><span style=\"color: #ff6600;\">COLORES DE SENEGAL<\/span><\/a><\/strong><\/span><\/td>\n<td><span style=\"color: #0000ff;\"><strong><a href=\"http:\/\/www.itakaescolapios.org\/wp-content\/uploads\/2017\/10\/Anexos-Colores-de-Senegal.pdf\" target=\"_blank\"><span style=\"color: #0000ff;\">Anexos Colores de Senegal<\/span><\/a><\/strong><\/span><\/td>\n<\/tr>\n<tr>\n<td height=\"22\">9-10<\/td>\n<td><span style=\"color: #ff6600;\"><strong><a href=\"http:\/\/www.itakaescolapios.org\/wp-content\/uploads\/2017\/10\/4\u00baPrim_juegos-en-Senegal.pdf\" target=\"_blank\"><span style=\"color: #ff6600;\">JUEGOS EN SENEGAL<\/span><\/a><\/strong><\/span><\/td>\n<td><\/td>\n<\/tr>\n<tr>\n<td height=\"22\">10-11<\/td>\n<td><span style=\"color: #ff6600;\"><strong><a href=\"http:\/\/www.itakaescolapios.org\/wp-content\/uploads\/2017\/10\/5\u00baPrim_camino-a-la-escuela.pdf\" target=\"_blank\"><span style=\"color: #ff6600;\">CAMINO A LA ESCUELA<\/span><\/a><\/strong><\/span><\/td>\n<td><\/td>\n<\/tr>\n<tr>\n<td height=\"22\">11-12<\/td>\n<td><strong><span style=\"color: #ff6600;\"><a href=\"http:\/\/www.itakaescolapios.org\/wp-content\/uploads\/2017\/10\/6\u00baPrim_Memory-senegal\u00e9s.pdf\" target=\"_blank\"><span style=\"color: #ff6600;\">MEMORY SENEGAL\u00c9S<\/span><\/a><\/span><\/strong><\/td>\n<td><strong><span style=\"color: #0000ff;\"><a href=\"http:\/\/www.itakaescolapios.org\/wp-content\/uploads\/2017\/10\/Anexo-1_Memory.pdf\"><span style=\"color: #0000ff;\">Anexo Memory<\/span><\/a><\/span><\/strong><\/td>\n<\/tr>\n<tr>\n<td height=\"22\">12-13<\/td>\n<td><strong><span style=\"color: #ff6600;\"><a href=\"http:\/\/www.itakaescolapios.org\/wp-content\/uploads\/2017\/10\/1\u00baESO_TELARA\u00d1A_IDIOMAS.pdf\" target=\"_blank\"><span style=\"color: #ff6600;\">TELARA\u00d1A DE IDIOMAS<\/span><\/a><\/span><\/strong><\/td>\n<td><strong><span style=\"color: #0000ff;\"><a href=\"http:\/\/www.itakaescolapios.org\/wp-content\/uploads\/2017\/10\/Anexo-1\u00aa-ESO_-Telara\u00f1a-de-palabras.pdf\" target=\"_blank\"><span style=\"color: #0000ff;\">Anexos Telara\u00f1a De Idiomas<\/span><\/a><\/span><\/strong><\/td>\n<\/tr>\n<tr>\n<td height=\"22\">13-14<\/td>\n<td><strong><span style=\"color: #ff6600;\"><a href=\"http:\/\/www.itakaescolapios.org\/wp-content\/uploads\/2017\/10\/2\u00ba-ESO-Ayuda-a-los-Internados.pdf\" target=\"_blank\"><span style=\"color: #ff6600;\">INTERNADOS A TODO COLOR<\/span><\/a><\/span><\/strong><\/td>\n<td><\/td>\n<\/tr>\n<tr>\n<td height=\"22\">14-15<\/td>\n<td><strong><span style=\"color: #ff6600;\"><a href=\"http:\/\/www.itakaescolapios.org\/wp-content\/uploads\/2017\/10\/3\u00ba-ESO_RITMOS-AFRICANOS.pdf\" target=\"_blank\"><span style=\"color: #ff6600;\">RITMOS AFRICANOS<\/span><\/a><\/span><\/strong><\/td>\n<td><strong><span style=\"color: #0000ff;\"><span style=\"color: #0000ff;\"><!--[if lt IE 9]><script>document.createElement('audio');<\/script><![endif]-->\n<audio class=\"wp-audio-shortcode\" id=\"audio-348-1\" preload=\"none\" style=\"width: 100%;\" controls=\"controls\"><source type=\"audio\/mpeg\" src=\"http:\/\/www.itakaescolapios.org\/wp-content\/uploads\/2017\/10\/Ritmos-africanos1.mp3?_=1\" \/><a href=\"http:\/\/www.itakaescolapios.org\/wp-content\/uploads\/2017\/10\/Ritmos-africanos1.mp3\">http:\/\/www.itakaescolapios.org\/wp-content\/uploads\/2017\/10\/Ritmos-africanos1.mp3<\/a><\/audio><\/span><\/span><\/strong><\/td>\n<\/tr>\n<tr>\n<td height=\"22\">15-16<\/td>\n<td><strong><span style=\"color: #ff6600;\"><a href=\"http:\/\/www.itakaescolapios.org\/wp-content\/uploads\/2017\/10\/4\u00ba-eso_tesoros-de-senegal.pdf\" target=\"_blank\"><span style=\"color: #ff6600;\">TESOROS DE SENEGAL<\/span><\/a><\/span><\/strong><\/td>\n<td><strong><span style=\"color: #0000ff;\"><a href=\"http:\/\/www.itakaescolapios.org\/wp-content\/uploads\/2017\/10\/Anexo-1_informaci\u00f3n-4\u00ba-ESO.pdf\" target=\"_blank\"><span style=\"color: #0000ff;\">Anexos Tesoros De Senegal<\/span><\/a><\/span><\/strong><\/td>\n<\/tr>\n<tr>\n<td height=\"22\">16-17<\/td>\n<td><strong><span style=\"color: #ff6600;\"><a href=\"http:\/\/www.itakaescolapios.org\/wp-content\/uploads\/2017\/10\/1\u00ba-bach_esclavitud.pdf\" target=\"_blank\"><span style=\"color: #ff6600;\">LA ESCLAVITUD<\/span><\/a><\/span><\/strong><\/td>\n<td><\/td>\n<\/tr>\n<tr>\n<td height=\"22\">17-18<\/td>\n<td><strong><span style=\"color: #ff6600;\"><a href=\"http:\/\/www.itakaescolapios.org\/wp-content\/uploads\/2017\/10\/2\u00baBACH_La-Declaraci\u00f3n-de-Dakar.pdf\" target=\"_blank\"><span style=\"color: #ff6600;\">LA DECLARACI\u00d3N DE DAKAR<\/span><\/a><\/span><\/strong><\/td>\n<td><span style=\"color: #0000ff;\"><strong><a href=\"http:\/\/www.itakaescolapios.org\/wp-content\/uploads\/2017\/10\/Anexos-declaraci\u00f3n-de-Dakar.pdf\"><span style=\"color: #0000ff;\">Anexos Declaraci\u00f3n de Dakar<\/span><\/a><\/strong><\/span><\/td>\n<\/tr>\n<\/tbody>\n<\/table>\n<p><\/p>","protected":false},"excerpt":{"rendered":"<p>Ci spiace, ma questo articolo \u00e8 disponibile soltanto in Spagnolo Europeo.A continuaci\u00f3n presentamos una serie de actividades orientativas para trabajar en las aulas (tambi\u00e9n pueden ser [&hellip;]<\/p>\n","protected":false},"author":1,"featured_media":0,"parent":228,"menu_order":6,"comment_status":"closed","ping_status":"closed","template":"","meta":[],"acf":[],"_links":{"self":[{"href":"https:\/\/www.educa.itakaescolapios.org\/it\/wp-json\/wp\/v2\/pages\/348"}],"collection":[{"href":"https:\/\/www.educa.itakaescolapios.org\/it\/wp-json\/wp\/v2\/pages"}],"about":[{"href":"https:\/\/www.educa.itakaescolapios.org\/it\/wp-json\/wp\/v2\/types\/page"}],"author":[{"embeddable":true,"href":"https:\/\/www.educa.itakaescolapios.org\/it\/wp-json\/wp\/v2\/users\/1"}],"replies":[{"embeddable":true,"href":"https:\/\/www.educa.itakaescolapios.org\/it\/wp-json\/wp\/v2\/comments?post=348"}],"version-history":[{"count":1,"href":"https:\/\/www.educa.itakaescolapios.org\/it\/wp-json\/wp\/v2\/pages\/348\/revisions"}],"predecessor-version":[{"id":349,"href":"https:\/\/www.educa.itakaescolapios.org\/it\/wp-json\/wp\/v2\/pages\/348\/revisions\/349"}],"up":[{"embeddable":true,"href":"https:\/\/www.educa.itakaescolapios.org\/it\/wp-json\/wp\/v2\/pages\/228"}],"wp:attachment":[{"href":"https:\/\/www.educa.itakaescolapios.org\/it\/wp-json\/wp\/v2\/media?parent=348"}],"curies":[{"name":"wp","href":"https:\/\/api.w.org\/{rel}","templated":true}]}}