{"id":4946,"date":"2021-10-20T11:38:08","date_gmt":"2021-10-20T09:38:08","guid":{"rendered":"https:\/\/www.educa.itakaescolapios.org\/?page_id=4946"},"modified":"2023-05-05T17:02:28","modified_gmt":"2023-05-05T15:02:28","slug":"2021-2022-centros-que-cambian-cambia-tu-centro","status":"publish","type":"page","link":"https:\/\/www.educa.itakaescolapios.org\/it\/campanas\/2021-2022-centros-que-cambian-cambia-tu-centro","title":{"rendered":"2021-2022 Centros que cambian. Cambia tu centro"},"content":{"rendered":"<p class=\"qtranxs-available-languages-message qtranxs-available-languages-message-it\">Ci spiace, ma questo articolo \u00e8 disponibile soltanto in <a href=\"https:\/\/www.educa.itakaescolapios.org\/es\/wp-json\/wp\/v2\/pages\/4946\" class=\"qtranxs-available-language-link qtranxs-available-language-link-es\" title=\"Espa\u00f1ol\">Spagnolo Europeo<\/a>, <a href=\"https:\/\/www.educa.itakaescolapios.org\/en\/wp-json\/wp\/v2\/pages\/4946\" class=\"qtranxs-available-language-link qtranxs-available-language-link-en\" title=\"English\">Inglese Americano<\/a>, <a href=\"https:\/\/www.educa.itakaescolapios.org\/eu\/wp-json\/wp\/v2\/pages\/4946\" class=\"qtranxs-available-language-link qtranxs-available-language-link-eu\" title=\"Euskera\">Basco<\/a>, <a href=\"https:\/\/www.educa.itakaescolapios.org\/fr\/wp-json\/wp\/v2\/pages\/4946\" class=\"qtranxs-available-language-link qtranxs-available-language-link-fr\" title=\"Fran\u00e7ais\">Francese<\/a> e <a href=\"https:\/\/www.educa.itakaescolapios.org\/pt\/wp-json\/wp\/v2\/pages\/4946\" class=\"qtranxs-available-language-link qtranxs-available-language-link-pt\" title=\"Portugu\u00eas\">Portoghese Europeo<\/a>.<\/p><p>https:\/\/youtu.be\/Wj36XmDpFN8<\/p>\n<p style=\"text-align: justify;\"><span style=\"font-family: arial, helvetica, sans-serif; font-size: 20px;\"><strong>Destino solidario de la campa\u00f1a:<\/strong><\/span><\/p>\n<p style=\"text-align: justify;\"><span style=\"font-family: arial, helvetica, sans-serif;\">La red Itaka-Escolapios contribuye a sostener, educativa, pastoral y econ\u00f3micamente, veintinueve centros educativos escolapios situados en Bolivia, Camer\u00fan, Gab\u00f3n, India, Mozambique, Rep\u00fablica Democr\u00e1tica del Congo, Senegal y Venezuela.<\/span><\/p>\n<p style=\"text-align: justify;\"><span style=\"font-family: arial, helvetica, sans-serif;\">Todos los fondos obtenidos durante la campa\u00f1a \u201cCentros que cambian, cambia tu centro\u201d ir\u00e1n destinados a contribuir la sostenibilidad de estos centros educativos para que puedan continuar cambiando, transformando, al alumnado, educadores\/as (profesorado, monitores\/as, catequistas\u2026), familias y el entorno de los colegios.<\/span><\/p>\n<p>&nbsp;<\/p>\n<table style=\"width: 100%; border-collapse: collapse; border-color: #000000; border-style: hidden;\" border=\"1\">\n<tbody>\n<tr>\n<td style=\"width: 50%; text-align: center;\"><span style=\"font-family: arial, helvetica, sans-serif; font-size: 16px;\"><a href=\"https:\/\/www.educa.itakaescolapios.org\/wp-content\/uploads\/2021\/11\/CENTROS-EDUCATIVOS-DE-LA-RED-DE-SOLIDARIDAD-ITAKA-ESCOLAPIOS.pdf\" target=\"_blank\" rel=\"noopener noreferrer\">Centros educativos de la Red Itaka-Escolapios\u00a0\u00a0<\/a><\/span><\/p>\n<p><a href=\"https:\/\/www.educa.itakaescolapios.org\/wp-content\/uploads\/2021\/11\/CENTROS-EDUCATIVOS-DE-LA-RED-DE-SOLIDARIDAD-ITAKA-ESCOLAPIOS.pdf\" target=\"_blank\" rel=\"noopener noreferrer\"><img decoding=\"async\" loading=\"lazy\" src=\"https:\/\/www.educa.itakaescolapios.org\/wp-content\/uploads\/2021\/12\/CENTROS-EDUCATIVOS-DE-LA-RED-DE-SOLIDARIDAD-ITAKA-ESCOLAPIOS.jpg\" alt=\"\" width=\"100%\" height=\"100%\" \/><\/a><\/td>\n<td style=\"width: 50%; text-align: center;\"><span style=\"font-size: 16px;\"><a href=\"https:\/\/www.educa.itakaescolapios.org\/wp-content\/uploads\/2022\/03\/ES_-fichas-de-Centros.pdf\" target=\"_blank\" rel=\"noopener noreferrer\"><span style=\"font-family: arial, helvetica, sans-serif;\">Fichas de centros educativos\u00a0\u00a0<\/span><\/a><\/span><\/p>\n<p><a href=\"https:\/\/www.educa.itakaescolapios.org\/wp-content\/uploads\/2022\/03\/ES_-fichas-de-Centros.pdf\" target=\"_blank\" rel=\"noopener noreferrer\"><img decoding=\"async\" loading=\"lazy\" class=\"alignnone\" src=\"https:\/\/www.educa.itakaescolapios.org\/wp-content\/uploads\/2021\/12\/ES-Bolivia-Cocapata-Ficha-Centro-Itaka-Escolapios-21-22.jpg\" alt=\"\" width=\"100%\" height=\"100%\" \/><\/a><\/td>\n<\/tr>\n<\/tbody>\n<\/table>\n<p style=\"text-align: center;\"><a href=\"https:\/\/www.educa.itakaescolapios.org\/wp-content\/uploads\/2021\/11\/CENTROS-EDUCATIVOS-DE-LA-RED-DE-SOLIDARIDAD-ITAKA-ESCOLAPIOS.pdf\" target=\"_blank\" rel=\"noopener noreferrer\"><img decoding=\"async\" loading=\"lazy\" class=\"wp-image-2974 aligncenter\" src=\"https:\/\/www.educa.itakaescolapios.org\/wp-content\/uploads\/2020\/11\/mano-click-verde-por-tres-300x107.jpg\" alt=\"\" width=\"196\" height=\"70\" srcset=\"https:\/\/www.educa.itakaescolapios.org\/wp-content\/uploads\/2020\/11\/mano-click-verde-por-tres-300x107.jpg 300w, https:\/\/www.educa.itakaescolapios.org\/wp-content\/uploads\/2020\/11\/mano-click-verde-por-tres-1024x364.jpg 1024w, https:\/\/www.educa.itakaescolapios.org\/wp-content\/uploads\/2020\/11\/mano-click-verde-por-tres-768x273.jpg 768w, https:\/\/www.educa.itakaescolapios.org\/wp-content\/uploads\/2020\/11\/mano-click-verde-por-tres-1536x546.jpg 1536w, https:\/\/www.educa.itakaescolapios.org\/wp-content\/uploads\/2020\/11\/mano-click-verde-por-tres-2048x729.jpg 2048w, https:\/\/www.educa.itakaescolapios.org\/wp-content\/uploads\/2020\/11\/mano-click-verde-por-tres-250x89.jpg 250w\" sizes=\"(max-width: 196px) 100vw, 196px\" \/><\/a><\/p>\n<p style=\"text-align: justify;\"><span style=\"font-size: 20px;\"><strong style=\"text-align: justify;\"><span style=\"font-family: arial, helvetica, sans-serif;\">Objetivos de la campa\u00f1a:<\/span><\/strong><\/span><\/p>\n<p style=\"text-align: justify;\"><span style=\"font-family: arial, helvetica, sans-serif;\">\u2022 Conocer y apoyar la labor educativa, pastoral y transformadora de los veintinueve colegios que la red Itaka-Escolapios sostiene.<\/span><\/p>\n<p style=\"text-align: justify;\"><span style=\"font-family: arial, helvetica, sans-serif;\">\u2022 Contribuir a cubrir el gasto ordinario de los colegios escolapios apoyados por la red Itaka-Escolapios para su viabilidad.<\/span><\/p>\n<p style=\"text-align: justify;\"><span style=\"font-family: arial, helvetica, sans-serif;\">\u2022 Destacar e impulsar el car\u00e1cter transformador de los centros escolapios.<\/span><\/p>\n<p style=\"text-align: justify;\"><span style=\"font-family: arial, helvetica, sans-serif;\">\u2022 Contribuir a que todos los centros escolapios, que realizan la campa\u00f1a, revisen su car\u00e1cter transformador y puedan dar pasos, de avance, para ser centros m\u00e1s escolapios, m\u00e1s transformadores.<\/span><\/p>\n<p style=\"text-align: justify;\"><span style=\"font-family: arial, helvetica, sans-serif;\">\u2022 Ofertar la red Educa.itakaescolapios como red de centros educativos para la transformaci\u00f3n social.<\/span><\/p>\n<p>&nbsp;<\/p>\n<p style=\"text-align: justify;\"><span style=\"font-size: 20px;\"><strong><span style=\"font-family: arial, helvetica, sans-serif;\">Lema de la campa\u00f1a: \u201cCentros que cambian, cambia tu centro\u201d:\u00a0<\/span><\/strong><\/span><\/p>\n<p style=\"text-align: justify;\"><span style=\"font-family: arial, helvetica, sans-serif;\">El lema de la campa\u00f1a puede ser muy sugerente, facilitar el trabajo de diversos aspectos y tener diversos significados seg\u00fan el idioma en el que utilice.<\/span><span style=\"font-family: arial, helvetica, sans-serif;\">Os facilitamos diversos enfoques del lema y por lo tanto de las actividades de la campa\u00f1a:<\/span><\/p>\n<p><strong style=\"text-align: justify;\"><span style=\"font-family: arial, helvetica, sans-serif;\"><img decoding=\"async\" loading=\"lazy\" class=\"alignright\" src=\"https:\/\/www.educa.itakaescolapios.org\/wp-content\/uploads\/2021\/10\/lema-recortado-para-web.png\" alt=\"\" width=\"20%\" height=\"20%\" \/><\/span><\/strong><\/p>\n<p style=\"text-align: justify;\"><span style=\"font-family: arial, helvetica, sans-serif;\">\u2022 Un enfoque. \u201cCentros que cambian\u201d: Transmite la idea de que los centros educativos escolapios cambian, transforman, a las personas y a su entorno.<\/span><\/p>\n<p style=\"text-align: justify;\"><span style=\"font-family: arial, helvetica, sans-serif;\">\u2022 Otro enfoque. \u201cCentros que cambian\u201d: Los propios centros escolapios (colegios, internados, centros socioeducativos\u2026) deben cambiar internamente, deben actualizarse, cada vez deben ser centros m\u00e1s escolapios, m\u00e1s transformadores\u2026<\/span><\/p>\n<p style=\"text-align: justify;\"><span style=\"font-family: arial, helvetica, sans-serif;\">\u2022 Otro enfoque. \u201cCambia tu centro\u201d: Interpela al profesorado, alumnado, religiosos, familias, monitorado&#8230; a que colaboren en el cambio, en la transformaci\u00f3n de su centro (colegio, parroquia\u2026).<\/span><\/p>\n<p style=\"text-align: justify;\"><span style=\"font-family: arial, helvetica, sans-serif;\">\u2022 Otro enfoque. \u201cCentros que cambian, cambia tu centro\u201d: Desde un enfoque m\u00e1s vital el lema nos invita a cambiar nuestro centro. Es una invitaci\u00f3n a elevar la mirada, a salir al camino, a salir a la periferia, a descentrarse de uno mismo. En este sentido el lema quiere ser una invitaci\u00f3n a mirar desde otra perspectiva, a cambiar el centro desde el cual muchas veces vemos las cosas, nuestro centro= nuestro ombligo.<\/span><\/p>\n<p style=\"text-align: justify;\"><span style=\"font-family: arial, helvetica, sans-serif;\">\u2022 Otro enfoque. \u201cCambia tu centro\u201d: Jes\u00fas vino a cambiar nuestro centro\u2026 a lo largo de la historia muchas personas han sabido descentrarse de s\u00ed mismas hasta dar la vida por las dem\u00e1s. Dar una vuelta a la escala de valores: los \u00faltimos no son los \u00faltimos, son los primeros, como nos indica el evangelio de Marcos. <\/span><\/p>\n<p style=\"text-align: justify;\"><span style=\"font-family: arial, helvetica, sans-serif;\">\u2022 Otro enfoque: \u201cCambia tu centro\u201d: Es una alerta, un aviso continuo, incluso para los profesionales con larga trayectoria en la educaci\u00f3n o en temas solidarios. No debemos olvidar la perspectiva de que estamos y somos por y para ellos\/as, los\/as m\u00e1s peque\u00f1os\/as son \u201cnuestro\u201d centro.<\/span><\/p>\n<p style=\"text-align: justify;\"><span style=\"font-family: arial, helvetica, sans-serif;\">\u2022 Adem\u00e1s, el juego del lema entre singular y plural es tambi\u00e9n sugerente, porque no hay cambio global sin cambio personal. El cambio social solo es posible con personas comprometidas.<\/span><img decoding=\"async\" loading=\"lazy\" class=\"alignright\" style=\"font-family: arial, helvetica, sans-serif; text-align: justify;\" src=\"https:\/\/www.educa.itakaescolapios.org\/wp-content\/uploads\/2021\/11\/Dorotea-portada-.png\" alt=\"\" width=\"20%\" height=\"20%\" \/><\/p>\n<p style=\"text-align: justify;\"><span style=\"font-family: arial, helvetica, sans-serif;\">\u2022 \u2026<\/span><\/p>\n<p style=\"text-align: justify;\"><span style=\"font-size: 20px;\"><strong><span style=\"font-family: arial, helvetica, sans-serif;\">Dorotea, nuevo personaje de la tripulaci\u00f3n Itaka-Escolapios.<\/span><\/strong><\/span><\/p>\n<p style=\"text-align: justify;\"><span style=\"font-family: arial, helvetica, sans-serif;\">Su nombre, Dorotea, nos recuerda el lugar donde comenz\u00f3 la gran aportaci\u00f3n transformadora de Calasanz.<\/span><\/p>\n<p style=\"text-align: justify;\"><span style=\"font-family: arial, helvetica, sans-serif;\">Es una mujer mayor, de edad avanzada, que aporta sabidur\u00eda y perspectiva hist\u00f3rica.<\/span> <span style=\"font-family: arial, helvetica, sans-serif;\">Es una mujer implicada tanto en el \u00e1mbito educativo escolapio formal, como no formal.<\/span> <span style=\"font-family: arial, helvetica, sans-serif;\">Con este nuevo personaje que queremos reconocer y realizar un sentido homenaje a todas las personas, mayores, que han dedicado buena parte de su larga vida, en nuestros centros educativos, a la educaci\u00f3n transformadora.<\/span><\/p>\n<p style=\"text-align: justify;\"><span style=\"font-family: arial, helvetica, sans-serif;\">Dorotea tambi\u00e9n es una reivindicaci\u00f3n para mantener vivas aquellas primeras intuiciones de Calasanz en el Trast\u00e9vere romano. Dorotea encarna el esp\u00edritu de unas Escuelas P\u00edas que buscan dar respuesta, con creatividad, a las necesidades de la infancia y juventud.<\/span><\/p>\n<p>&nbsp;<\/p>\n<h3><span style=\"text-decoration: underline;\"><strong>Pincha en los v\u00ednculos para acceder al\u00a0 contenido de la campa\u00f1a:<\/strong><\/span><\/h3>\n<p style=\"padding-left: 40px;\"><a href=\"https:\/\/www.educa.itakaescolapios.org\/campanas\/2021-2022-centros-que-cambian-cambia-tu-centro\/recordando-la-campana-reiniciando-para-transformar\" target=\"_blank\" rel=\"noopener noreferrer\">Recordando la campa\u00f1a 2020-21\u00abReiniciando para transformar\u00bb<\/a><\/p>\n<p style=\"padding-left: 40px;\"><a href=\"https:\/\/www.educa.itakaescolapios.org\/2021-2022-centros-que-cambian-cambia-tu-centro\/presentacion-del-coordinador-general\" target=\"_blank\" rel=\"noopener noreferrer\">Recordando la campa\u00f1a \u201cReiniciar para Transformar\u201d.\u00a0<\/a><\/p>\n<p style=\"padding-left: 40px;\"><a href=\"https:\/\/www.educa.itakaescolapios.org\/2021-2022-centros-que-cambian-cambia-tu-centro\/metodologia-de-la-campana\" target=\"_blank\" rel=\"noopener noreferrer\" aria-current=\"page\">Metodolog\u00eda de la campa\u00f1a<\/a><\/p>\n<p style=\"padding-left: 40px;\"><a href=\"https:\/\/www.educa.itakaescolapios.org\/campanas\/2021-2022-centros-que-cambian-cambia-tu-centro\/actividades\" target=\"_blank\" rel=\"noopener noreferrer\">Actividades<\/a><\/p>\n<p style=\"padding-left: 80px;\"><a href=\"https:\/\/www.educa.itakaescolapios.org\/2021-2022-centros-que-cambian-cambia-tu-centro\/actividades\/actividad-inicial-para-el-claustro\" target=\"_blank\" rel=\"noopener noreferrer\">Actividad inicial para el claustro<\/a><\/p>\n<p style=\"padding-left: 80px;\"><a href=\"https:\/\/www.educa.itakaescolapios.org\/derecho-a-la-educacion\/la-educacion-no-siempre-es-transformadora\" target=\"_blank\" rel=\"noopener noreferrer\"><span style=\"font-family: arial, helvetica, sans-serif;\">Actividad para mayores (Fraternidades, misi\u00f3n compartida, etc)<\/span><\/a><\/p>\n<p style=\"padding-left: 80px;\"><a href=\"https:\/\/www.educa.itakaescolapios.org\/2021-2022-centros-que-cambian-cambia-tu-centro\/actividades\/oraciones-y-eucaristia\" target=\"_blank\" rel=\"noopener noreferrer\">Oraciones y Eucarist\u00eda<\/a><\/p>\n<p style=\"padding-left: 80px;\"><a href=\"https:\/\/www.educa.itakaescolapios.org\/wp-content\/uploads\/2021\/11\/Carta-Dorotea-1.pdf\" target=\"_blank\" rel=\"noopener noreferrer\">Carta de motivaci\u00f3n de Dorotea<\/a><\/p>\n<p style=\"padding-left: 80px;\"><a href=\"https:\/\/www.educa.itakaescolapios.org\/2021-2022-centros-que-cambian-cambia-tu-centro\/actividades\/mision-solidaridad\" target=\"_blank\" rel=\"noopener noreferrer\">Misi\u00f3n SOLIDARIDAD <\/a>\u00a0 \u00a0 &#8212;\u00a0 \u00a0 <a href=\"https:\/\/www.educa.itakaescolapios.org\/wp-content\/uploads\/2021\/11\/Carta-Dorotea-fin-SOLIDARIDAD.pdf\" target=\"_blank\" rel=\"noopener noreferrer\">carta final de misi\u00f3n.<\/a><\/p>\n<p style=\"padding-left: 120px;\"><a href=\"https:\/\/www.educa.itakaescolapios.org\/enfoque-local-global\/cadena-de-favores\" target=\"_blank\" rel=\"noopener noreferrer\">Cadena de favores (desde 12 a\u00f1os)<\/a><img decoding=\"async\" loading=\"lazy\" class=\"alignright size-medium wp-image-2975\" src=\"https:\/\/www.educa.itakaescolapios.org\/wp-content\/uploads\/2020\/11\/mano-click-verde-por-dos-300x156.jpg\" alt=\"\" width=\"20%\" height=\"20%\" srcset=\"https:\/\/www.educa.itakaescolapios.org\/wp-content\/uploads\/2020\/11\/mano-click-verde-por-dos-300x156.jpg 300w, https:\/\/www.educa.itakaescolapios.org\/wp-content\/uploads\/2020\/11\/mano-click-verde-por-dos-1024x532.jpg 1024w, https:\/\/www.educa.itakaescolapios.org\/wp-content\/uploads\/2020\/11\/mano-click-verde-por-dos-768x399.jpg 768w, https:\/\/www.educa.itakaescolapios.org\/wp-content\/uploads\/2020\/11\/mano-click-verde-por-dos-1536x799.jpg 1536w, https:\/\/www.educa.itakaescolapios.org\/wp-content\/uploads\/2020\/11\/mano-click-verde-por-dos-2048x1065.jpg 2048w, https:\/\/www.educa.itakaescolapios.org\/wp-content\/uploads\/2020\/11\/mano-click-verde-por-dos-250x130.jpg 250w\" sizes=\"(max-width: 300px) 100vw, 300px\" \/><\/p>\n<p style=\"padding-left: 120px;\"><a href=\"https:\/\/www.educa.itakaescolapios.org\/interculturalidad\/cuadros-cooperativos\" target=\"_blank\" rel=\"noopener noreferrer\">Cuadros cooperativos(de 10 a 16 a\u00f1os)<\/a><\/p>\n<p style=\"padding-left: 120px;\"><a href=\"https:\/\/www.educa.itakaescolapios.org\/derecho-a-la-educacion\/csi-solidaridad\" target=\"_blank\" rel=\"noopener noreferrer\">CSI (Color S\u00edmbolo Imagen) (desde 3 a\u00f1os)<\/a><\/p>\n<p style=\"padding-left: 120px;\"><a href=\"https:\/\/www.educa.itakaescolapios.org\/sostenibilidad\/321-metafora-solidaridad-2\" target=\"_blank\" rel=\"noopener noreferrer\">321 Met\u00e1fora solidaridad (desde 3 a\u00f1os)<\/a><\/p>\n<p style=\"padding-left: 120px;\"><a href=\"https:\/\/www.educa.itakaescolapios.org\/lucha-contra-la-exclusion\/juegos-solidarios\" target=\"_blank\" rel=\"noopener noreferrer\">Juegos solidarios (de 6 a 16 a\u00f1os)<\/a><\/p>\n<p style=\"padding-left: 120px;\"><a href=\"https:\/\/www.educa.itakaescolapios.org\/lucha-contra-la-exclusion\/bateria-de-actividades-solidarias\" target=\"_blank\" rel=\"noopener noreferrer\">Bater\u00eda de actividades solidarias (desde 3 a\u00f1os)<\/a><\/p>\n<p style=\"padding-left: 120px;\"><a href=\"https:\/\/www.educa.itakaescolapios.org\/derecho-a-la-educacion\/conoce-y-da-a-conocer-los-centros-de-itaka-escolapios\" target=\"_blank\" rel=\"noopener noreferrer\">Conoce y da a conocer los centros de Itaka-Escolapios (desde 3 a\u00f1os)<\/a><\/p>\n<p style=\"padding-left: 120px;\"><a href=\"https:\/\/www.educa.itakaescolapios.org\/derecho-a-la-educacion\/deporte-solidario\" target=\"_blank\" rel=\"noopener noreferrer\">Deporte solidario<\/a><\/p>\n<p style=\"padding-left: 80px;\"><a href=\"https:\/\/www.educa.itakaescolapios.org\/campanas\/2021-2022-centros-que-cambian-cambia-tu-centro\/actividades\/mision-coeducacion\" target=\"_blank\" rel=\"noopener noreferrer\">Misi\u00f3n COEDUCACI\u00d3N<\/a>\u00a0 \u00a0 &#8212;\u00a0 \u00a0 <a href=\"https:\/\/www.educa.itakaescolapios.org\/wp-content\/uploads\/2021\/11\/Carta-Dorotea-fin-coeducacio%CC%81n.pdf\" target=\"_blank\" rel=\"noopener noreferrer\">carta final de misi\u00f3n.<\/a><\/p>\n<p style=\"padding-left: 120px;\"><a href=\"https:\/\/www.educa.itakaescolapios.org\/coeducacion\/gana-la-igualdad\" target=\"_blank\" rel=\"noopener noreferrer\">Gana la igualdad (3 a 18 a\u00f1os)<\/a><\/p>\n<p style=\"padding-left: 120px;\"><a href=\"https:\/\/www.educa.itakaescolapios.org\/coeducacion\/erase-una-vez\" target=\"_blank\" rel=\"noopener noreferrer\">\u00c9rase otra vez (relectura de cuentos tradicionales)(8 a 14 a\u00f1os)<\/a><\/p>\n<p style=\"padding-left: 120px;\"><a href=\"https:\/\/www.educa.itakaescolapios.org\/coeducacion\/la-princesa-que-no-queria-ser-salvada\" target=\"_blank\" rel=\"noopener noreferrer\">La princesa que no quer\u00eda ser salvada (6 a 8 a\u00f1os)<\/a><\/p>\n<p style=\"padding-left: 120px;\"><a href=\"https:\/\/www.educa.itakaescolapios.org\/coeducacion\/que-igualdad-queremos\" target=\"_blank\" rel=\"noopener noreferrer\">Purl. \u00bfQu\u00e9 igualdad queremos? (desde 16 a\u00f1os)<\/a><\/p>\n<p style=\"padding-left: 120px;\"><a href=\"https:\/\/www.educa.itakaescolapios.org\/coeducacion\/hay-canciones-y-canciones\" target=\"_blank\" rel=\"noopener noreferrer\">Hay canciones&#8230; y canciones (de 12 a 18 a\u00f1os)<\/a><\/p>\n<p style=\"padding-left: 120px;\"><a href=\"https:\/\/www.educa.itakaescolapios.org\/coeducacion\/como-una-chica\" target=\"_blank\" rel=\"noopener noreferrer\">Como una chica (desde 10 a\u00f1os)<\/a><\/p>\n<p style=\"padding-left: 120px;\"><a href=\"https:\/\/www.educa.itakaescolapios.org\/coeducacion\/321-metafora-solidaridad\" target=\"_blank\" rel=\"noopener noreferrer\">Debate sobre la igualdad (desde 12 a\u00f1os)<\/a><\/p>\n<p style=\"padding-left: 120px;\"><a href=\"https:\/\/www.educa.itakaescolapios.org\/coeducacion\/que-significa-ser-un-hombre\" target=\"_blank\" rel=\"noopener noreferrer\">\u00bfQu\u00e9 significa ser un hombre? (desde 10 a\u00f1os)<\/a><\/p>\n<p style=\"padding-left: 80px;\"><a href=\"https:\/\/www.educa.itakaescolapios.org\/2021-2022-centros-que-cambian-cambia-tu-centro\/actividades\/mision-medioambiente\" target=\"_blank\" rel=\"noopener noreferrer\">Misi\u00f3n MEDIOAMBIENTE<\/a> \u00a0 \u00a0 &#8212;\u00a0 \u00a0 <a href=\"https:\/\/www.educa.itakaescolapios.org\/wp-content\/uploads\/2021\/11\/Carta-Dorotea-fin-MEDIOAMBIENTE.pdf\" target=\"_blank\" rel=\"noopener noreferrer\">carta final de misi\u00f3n.<\/a><\/p>\n<p style=\"padding-left: 120px;\"><a href=\"https:\/\/www.educa.itakaescolapios.org\/sostenibilidad\/sumando-granos-de-arena\" target=\"_blank\" rel=\"noopener noreferrer\">Sumando granos de arena, creando monta\u00f1as de soluciones (de 3 a 18 a\u00f1os)<\/a><\/p>\n<p style=\"padding-left: 120px;\"><a href=\"https:\/\/www.educa.itakaescolapios.org\/sostenibilidad\/compara-y-contrasta-entre-la-naturaleza-actual-y-cuidada\" target=\"_blank\" rel=\"noopener noreferrer\">\u00bfQu\u00e9 ha cambiado? (Compara y contrasta) (de 3 a 18 a\u00f1os)<\/a><\/p>\n<p style=\"padding-left: 120px;\"><a href=\"https:\/\/www.educa.itakaescolapios.org\/sostenibilidad\/imagina-como-se-siente-la-naturaleza\" target=\"_blank\" rel=\"noopener noreferrer\">IMAGINA \u00bfC\u00f3mo se siente la Naturaleza? (de 3 a 18 a\u00f1os)<\/a><\/p>\n<p style=\"padding-left: 120px;\"><a href=\"https:\/\/www.educa.itakaescolapios.org\/sostenibilidad\/repensando-los-problemas-medioambientales\" target=\"_blank\" rel=\"noopener noreferrer\">Repensando los problemas medioambientales (desde 12 a\u00f1os)<\/a><\/p>\n<p style=\"padding-left: 120px;\"><a href=\"https:\/\/www.educa.itakaescolapios.org\/sostenibilidad\/la-energia-de-mi-cole\" target=\"_blank\" rel=\"noopener noreferrer\">La energ\u00eda de mi cole (de 3 a 5 a\u00f1os)<\/a><\/p>\n<p style=\"padding-left: 120px;\"><a href=\"https:\/\/www.educa.itakaescolapios.org\/sostenibilidad\/para-que-quiero-los-pies\" target=\"_blank\" rel=\"noopener noreferrer\">Para qu\u00e9 quieres los pies (de 8 a 14 a\u00f1os)<\/a><\/p>\n<p style=\"padding-left: 120px;\"><a href=\"https:\/\/www.educa.itakaescolapios.org\/sostenibilidad\/sin-energia-en-la-ciudad\" target=\"_blank\" rel=\"noopener noreferrer\">Sin energ\u00eda en la ciudad (de 12 a 16 a\u00f1os)<\/a><\/p>\n<p style=\"padding-left: 80px;\"><a href=\"https:\/\/www.educa.itakaescolapios.org\/2021-2022-centros-que-cambian-cambia-tu-centro\/actividades\/mision-interculturalidad\" target=\"_blank\" rel=\"noopener noreferrer\">Misi\u00f3n INTERCULTURALIDAD<\/a> \u00a0 \u00a0 &#8212;\u00a0 \u00a0 <a href=\"https:\/\/www.educa.itakaescolapios.org\/wp-content\/uploads\/2021\/11\/Carta-Dorotea-fin-interculturalidad.pdf\" target=\"_blank\" rel=\"noopener noreferrer\">carta final de misi\u00f3n.<\/a><\/p>\n<p style=\"padding-left: 120px;\"><a href=\"https:\/\/www.educa.itakaescolapios.org\/interculturalidad\/todo-esta-inventado\" target=\"_blank\" rel=\"noopener noreferrer\">Todo est\u00e1 inventado (desde 3 a\u00f1os)<\/a><\/p>\n<p style=\"padding-left: 120px;\"><a href=\"https:\/\/www.educa.itakaescolapios.org\/interculturalidad\/nos-une-mas-que-nos-separa\" target=\"_blank\" rel=\"noopener noreferrer\">Nos une m\u00e1s que nos separa ( desde 12 a\u00f1os)<\/a><\/p>\n<p style=\"padding-left: 120px;\"><a href=\"https:\/\/www.educa.itakaescolapios.org\/interculturalidad\/semana-del-mundo\" target=\"_blank\" rel=\"noopener noreferrer\">Semana del mundo (de 14 a 18 a\u00f1os)<\/a><\/p>\n<p style=\"padding-left: 120px;\">\u00a0<a href=\"https:\/\/www.educa.itakaescolapios.org\/interculturalidad\/mural\" target=\"_blank\" rel=\"noopener noreferrer\">Mural Interculturalidad<\/a><\/p>\n<p style=\"padding-left: 120px;\"><a href=\"https:\/\/www.educa.itakaescolapios.org\/interculturalidad\/catalogo-colores\" target=\"_blank\" rel=\"noopener noreferrer\">Cat\u00e1logo Colores<\/a><\/p>\n<p style=\"padding-left: 40px;\"><a href=\"https:\/\/www.educa.itakaescolapios.org\/campanas\/2021-2022-centros-que-cambian-cambia-tu-centro\/carteleria-y-otros-recursos\" target=\"_blank\" rel=\"noopener noreferrer\">Carteler\u00eda y ambientaci\u00f3n<\/a><\/p>\n<p style=\"padding-left: 40px;\"><a href=\"https:\/\/www.educa.itakaescolapios.org\/2021-2022-centros-que-cambian-cambia-tu-centro\/acciones-realizadas-localmente\" target=\"_blank\" rel=\"noopener noreferrer\">Acciones realizadas localmente<\/a><\/p>\n<p style=\"padding-left: 40px;\"><a href=\"https:\/\/www.educa.itakaescolapios.org\/2021-2022-centros-que-cambian-cambia-tu-centro\/cuestionario-de-evaluacion\" target=\"_blank\" rel=\"noopener noreferrer\">Cuestionario de evaluaci\u00f3n<\/a><\/p>\n<p style=\"padding-left: 40px;\"><a href=\"https:\/\/www.educa.itakaescolapios.org\/2021-2022-centros-que-cambian-cambia-tu-centro\/haz-un-donativo-y-cambia-el-mundo\" target=\"_blank\" rel=\"noopener noreferrer\">Haz un donativo<\/a><\/p>\n<p>\u00a0 <img decoding=\"async\" loading=\"lazy\" class=\"size-medium wp-image-5100 aligncenter\" src=\"https:\/\/www.educa.itakaescolapios.org\/wp-content\/uploads\/2021\/10\/lema-recortado-para-web-300x147.png\" alt=\"\" width=\"300\" height=\"147\" srcset=\"https:\/\/www.educa.itakaescolapios.org\/wp-content\/uploads\/2021\/10\/lema-recortado-para-web-300x147.png 300w, https:\/\/www.educa.itakaescolapios.org\/wp-content\/uploads\/2021\/10\/lema-recortado-para-web-1024x501.png 1024w, https:\/\/www.educa.itakaescolapios.org\/wp-content\/uploads\/2021\/10\/lema-recortado-para-web-768x376.png 768w, https:\/\/www.educa.itakaescolapios.org\/wp-content\/uploads\/2021\/10\/lema-recortado-para-web-250x122.png 250w, https:\/\/www.educa.itakaescolapios.org\/wp-content\/uploads\/2021\/10\/lema-recortado-para-web.png 1096w\" sizes=\"(max-width: 300px) 100vw, 300px\" \/><\/p>","protected":false},"excerpt":{"rendered":"<p>Ci spiace, ma questo articolo \u00e8 disponibile soltanto in Spagnolo Europeo, Inglese Americano, Basco, Francese e Portoghese Europeo.https:\/\/youtu.be\/Wj36XmDpFN8 Destino solidario de la campa\u00f1a: La red Itaka-Escolapios [&hellip;]<\/p>\n","protected":false},"author":5,"featured_media":4950,"parent":70,"menu_order":0,"comment_status":"closed","ping_status":"closed","template":"","meta":[],"acf":[],"_links":{"self":[{"href":"https:\/\/www.educa.itakaescolapios.org\/it\/wp-json\/wp\/v2\/pages\/4946"}],"collection":[{"href":"https:\/\/www.educa.itakaescolapios.org\/it\/wp-json\/wp\/v2\/pages"}],"about":[{"href":"https:\/\/www.educa.itakaescolapios.org\/it\/wp-json\/wp\/v2\/types\/page"}],"author":[{"embeddable":true,"href":"https:\/\/www.educa.itakaescolapios.org\/it\/wp-json\/wp\/v2\/users\/5"}],"replies":[{"embeddable":true,"href":"https:\/\/www.educa.itakaescolapios.org\/it\/wp-json\/wp\/v2\/comments?post=4946"}],"version-history":[{"count":158,"href":"https:\/\/www.educa.itakaescolapios.org\/it\/wp-json\/wp\/v2\/pages\/4946\/revisions"}],"predecessor-version":[{"id":7617,"href":"https:\/\/www.educa.itakaescolapios.org\/it\/wp-json\/wp\/v2\/pages\/4946\/revisions\/7617"}],"up":[{"embeddable":true,"href":"https:\/\/www.educa.itakaescolapios.org\/it\/wp-json\/wp\/v2\/pages\/70"}],"wp:featuredmedia":[{"embeddable":true,"href":"https:\/\/www.educa.itakaescolapios.org\/it\/wp-json\/wp\/v2\/media\/4950"}],"wp:attachment":[{"href":"https:\/\/www.educa.itakaescolapios.org\/it\/wp-json\/wp\/v2\/media?parent=4946"}],"curies":[{"name":"wp","href":"https:\/\/api.w.org\/{rel}","templated":true}]}}