{"id":6385,"date":"2022-11-02T12:56:08","date_gmt":"2022-11-02T11:56:08","guid":{"rendered":"https:\/\/www.educa.itakaescolapios.org\/?page_id=6385"},"modified":"2023-04-17T18:52:13","modified_gmt":"2023-04-17T16:52:13","slug":"mision-conectate","status":"publish","type":"page","link":"https:\/\/www.educa.itakaescolapios.org\/it\/campanas\/2022-2023-una-voz-un-millon-de-cambios\/metodologia-de-trabajo\/mision-conectate","title":{"rendered":"Misi\u00f3n Con\u00e9ctate"},"content":{"rendered":"<p class=\"qtranxs-available-languages-message qtranxs-available-languages-message-it\">Ci spiace, ma questo articolo \u00e8 disponibile soltanto in <a href=\"https:\/\/www.educa.itakaescolapios.org\/es\/wp-json\/wp\/v2\/pages\/6385\" class=\"qtranxs-available-language-link qtranxs-available-language-link-es\" title=\"Espa\u00f1ol\">Spagnolo Europeo<\/a>, <a href=\"https:\/\/www.educa.itakaescolapios.org\/eu\/wp-json\/wp\/v2\/pages\/6385\" class=\"qtranxs-available-language-link qtranxs-available-language-link-eu\" title=\"Euskera\">Basco<\/a> e <a href=\"https:\/\/www.educa.itakaescolapios.org\/pt\/wp-json\/wp\/v2\/pages\/6385\" class=\"qtranxs-available-language-link qtranxs-available-language-link-pt\" title=\"Portugu\u00eas\">Portoghese Europeo<\/a>.<\/p><p><img decoding=\"async\" class=\"alignright\" src=\"https:\/\/www.educa.itakaescolapios.org\/wp-content\/uploads\/2023\/02\/ES.MISION-CONECTATE-ESP.png\" alt=\"\" width=\"40%\" \/><\/p>\n<p style=\"text-align: left;\"><span style=\"font-family: arial, helvetica, sans-serif;\"><span class=\"NormalTextRun SCXW218986292 BCX4\">Conectar con las necesidades de qui\u00e9n me rodea es fomentar la empat\u00eda<\/span><span class=\"NormalTextRun SCXW218986292 BCX4\">,<\/span><span class=\"NormalTextRun SCXW218986292 BCX4\"> y solo desde all\u00ed nos nace apoyar<\/span><span class=\"NormalTextRun SCXW218986292 BCX4\"> al otro,<\/span><span class=\"NormalTextRun SCXW218986292 BCX4\"> desde nuestra fragilidad humana<\/span>.<\/span><\/p>\n<p style=\"text-align: left;\"><span style=\"font-family: arial, helvetica, sans-serif;\"><span class=\"NormalTextRun SCXW21651327 BCX4\">A trav\u00e9s de esta misi\u00f3n, buscaremos generar lazos con los proyectos de Itaka-Escolapios <\/span><span class=\"NormalTextRun SCXW21651327 BCX4\">facilitando<\/span><span class=\"NormalTextRun SCXW21651327 BCX4\"> que, desde nuestra realidad, podamos comprender mejor lo que viven muchos j\u00f3venes escolapios (ni\u00f1as, ni\u00f1os y adolescentes) de presencias muy muy lejanas<\/span>.<\/span><\/p>\n<p style=\"text-align: left;\"><span style=\"font-family: arial, helvetica, sans-serif;\">Se proponen a continuaci\u00f3n una serie de actividades para trabajar esto, ya sea en el aula o en el Movimiento Calasanz, con ni\u00f1as, ni\u00f1os y j\u00f3venes de todas las edades. Os invitamos a descubrirlas, no sin antes presentarles y contextualizarles la campa\u00f1a <em>\u201cUna voz, un mill\u00f3n de cambios\u201d<\/em> con ayuda de, al menos, uno de estos dos videos.<\/span><\/p>\n<p>&nbsp;<\/p>\n<p><iframe loading=\"lazy\" src=\"\/\/www.youtube.com\/embed\/FJMId-xm8gk\" width=\"48%\" height=\"200\" allowfullscreen=\"allowfullscreen\"><\/iframe> <iframe loading=\"lazy\" src=\"\/\/www.youtube.com\/embed\/14hSLSIyHDY\" width=\"48%\" height=\"200\" allowfullscreen=\"allowfullscreen\"><\/iframe><\/p>\n<ul>\n<li style=\"list-style-type: none;\"><\/li>\n<\/ul>\n<p><strong>ACTIVIDADES <\/strong><strong>PARA<\/strong><strong>EL AULA<\/strong><\/p>\n<ul>\n<li style=\"list-style-type: none;\">\n<ul>\n<li style=\"list-style-type: none;\">\n<ul>\n<li style=\"list-style-type: none;\">\n<ul style=\"list-style-type: square;\">\n<li><a href=\"https:\/\/www.educa.itakaescolapios.org\/enfoque-local-global\/un-mar-de-hormigas\" target=\"_blank\" rel=\"noopener noreferrer\">Un mar de hormigas (de 3 a 8 a\u00f1os)<\/a><\/li>\n<li><a href=\"https:\/\/www.educa.itakaescolapios.org\/interculturalidad\/presidente-a-por-un-dia\" target=\"_blank\" rel=\"noopener noreferrer\">Presidente por un d\u00eda (de 8 a 12 a\u00f1os)<\/a><\/li>\n<li><a href=\"https:\/\/www.educa.itakaescolapios.org\/derecho-a-la-educacion\/carteles-de-cambio\" target=\"_blank\" rel=\"noopener noreferrer\">Carteles de cambio (de 12 a 16 a\u00f1os)<\/a><\/li>\n<li><a href=\"https:\/\/www.educa.itakaescolapios.org\/derecho-a-la-educacion\/el-noticiero\" target=\"_blank\" rel=\"noopener noreferrer\">El noticiario (de 16 a 18 a\u00f1os)<\/a><\/li>\n<li><a href=\"https:\/\/www.educa.itakaescolapios.org\/derecho-a-la-educacion\/vamos-al-cole\" target=\"_blank\" rel=\"noopener noreferrer\">Vamos al cole (de 3 a 8 a\u00f1os)<\/a><\/li>\n<li><a href=\"https:\/\/www.educa.itakaescolapios.org\/derecho-a-la-educacion\/escuelas-pias-conectadas\" target=\"_blank\" rel=\"noopener noreferrer\">Escuelas P\u00edas conectadas (de 8 a 12 a\u00f1os)<\/a><\/li>\n<li><a href=\"https:\/\/www.educa.itakaescolapios.org\/derecho-a-la-educacion\/conectate-pero-para-que\" target=\"_blank\" rel=\"noopener noreferrer\">Con\u00e9ctate, pero&#8230; \u00bfPara qu\u00e9? (de 12 a 16 a\u00f1os)<\/a><\/li>\n<li><a href=\"https:\/\/www.educa.itakaescolapios.org\/derecho-a-la-educacion\/un-podcast-para-conectar\" target=\"_blank\" rel=\"noopener noreferrer\">Un podcast para conectar (m\u00e1s de 16 a\u00f1os)<\/a><\/li>\n<\/ul>\n<\/li>\n<\/ul>\n<\/li>\n<\/ul>\n<\/li>\n<\/ul>\n<p><strong>ACTIVIDADES PARA EL MOVIMENTO CALASANZ<\/strong><\/p>\n<ul>\n<li style=\"list-style-type: none;\">\n<ul>\n<li style=\"list-style-type: none;\">\n<ul>\n<li style=\"list-style-type: none;\">\n<ul style=\"list-style-type: square;\">\n<li><a href=\"https:\/\/www.educa.itakaescolapios.org\/coeducacion\/mision-conectate-movimiento-calasanz\" target=\"_blank\" rel=\"noopener noreferrer\">M\u00e9mory escolapio\u00a0<\/a><\/li>\n<li><a href=\"https:\/\/www.educa.itakaescolapios.org\/derecho-a-la-educacion\/y-si-viviese-en-el-asrama\" target=\"_blank\" rel=\"noopener noreferrer\">\u00bfY si vivera en el Asrama?<\/a><\/li>\n<li><a href=\"https:\/\/www.educa.itakaescolapios.org\/derecho-a-la-educacion\/comic-internazo\" target=\"_blank\" rel=\"noopener noreferrer\">C\u00f3mic internado<\/a><\/li>\n<li><a href=\"https:\/\/www.educa.itakaescolapios.org\/interculturalidad\/una-voz-una-conexion\" target=\"_blank\" rel=\"noopener noreferrer\">Una voz, una conexi\u00f3n<\/a><\/li>\n<li><a href=\"https:\/\/www.educa.itakaescolapios.org\/coeducacion\/amigos-de-corazon\" target=\"_blank\" rel=\"noopener noreferrer\">Amigos de Coraz\u00f3n<\/a><\/li>\n<\/ul>\n<\/li>\n<\/ul>\n<\/li>\n<\/ul>\n<\/li>\n<\/ul>\n<p><strong>ACTIVIDADES PARA GRUPOS Y COMUNIDADES DE PERSONAS ADULTAS<\/strong><\/p>\n<ul>\n<li style=\"list-style-type: none;\">\n<ul>\n<li style=\"list-style-type: none;\">\n<ul style=\"list-style-type: square;\">\n<li><a href=\"https:\/\/www.educa.itakaescolapios.org\/derecho-a-la-educacion\/actividad-para-personas-adultas-mision-conectate-campana-solidaridad-2022-23\" target=\"_blank\" rel=\"noopener noreferrer\">Conoce la misi\u00f3n de los internados<\/a><\/li>\n<\/ul>\n<p><img decoding=\"async\" loading=\"lazy\" class=\"aligncenter\" style=\"font-family: arial, helvetica, sans-serif; font-size: 20px;\" src=\"https:\/\/www.educa.itakaescolapios.org\/wp-content\/uploads\/2020\/11\/mano-click-verde-en-el-medio-150x150.jpg\" alt=\"\" width=\"10%\" height=\"10%\" \/><\/p>\n<p><img decoding=\"async\" loading=\"lazy\" class=\"aligncenter\" src=\"https:\/\/www.educa.itakaescolapios.org\/wp-content\/uploads\/2021\/12\/Bla-te-invita.png\" alt=\"\" width=\"50%\" height=\"50%\" \/><\/li>\n<\/ul>\n<\/li>\n<\/ul>\n<p><\/p>","protected":false},"excerpt":{"rendered":"<p>Ci spiace, ma questo articolo \u00e8 disponibile soltanto in Spagnolo Europeo, Basco e Portoghese Europeo. Conectar con las necesidades de qui\u00e9n me rodea es fomentar la [&hellip;]<\/p>\n","protected":false},"author":5,"featured_media":0,"parent":6375,"menu_order":1,"comment_status":"closed","ping_status":"closed","template":"","meta":[],"acf":[],"_links":{"self":[{"href":"https:\/\/www.educa.itakaescolapios.org\/it\/wp-json\/wp\/v2\/pages\/6385"}],"collection":[{"href":"https:\/\/www.educa.itakaescolapios.org\/it\/wp-json\/wp\/v2\/pages"}],"about":[{"href":"https:\/\/www.educa.itakaescolapios.org\/it\/wp-json\/wp\/v2\/types\/page"}],"author":[{"embeddable":true,"href":"https:\/\/www.educa.itakaescolapios.org\/it\/wp-json\/wp\/v2\/users\/5"}],"replies":[{"embeddable":true,"href":"https:\/\/www.educa.itakaescolapios.org\/it\/wp-json\/wp\/v2\/comments?post=6385"}],"version-history":[{"count":34,"href":"https:\/\/www.educa.itakaescolapios.org\/it\/wp-json\/wp\/v2\/pages\/6385\/revisions"}],"predecessor-version":[{"id":7574,"href":"https:\/\/www.educa.itakaescolapios.org\/it\/wp-json\/wp\/v2\/pages\/6385\/revisions\/7574"}],"up":[{"embeddable":true,"href":"https:\/\/www.educa.itakaescolapios.org\/it\/wp-json\/wp\/v2\/pages\/6375"}],"wp:attachment":[{"href":"https:\/\/www.educa.itakaescolapios.org\/it\/wp-json\/wp\/v2\/media?parent=6385"}],"curies":[{"name":"wp","href":"https:\/\/api.w.org\/{rel}","templated":true}]}}