{"id":8557,"date":"2024-11-14T16:26:17","date_gmt":"2024-11-14T15:26:17","guid":{"rendered":"https:\/\/www.educa.itakaescolapios.org\/?page_id=8557"},"modified":"2025-03-13T11:01:41","modified_gmt":"2025-03-13T10:01:41","slug":"actividades-para-trabajar","status":"publish","type":"page","link":"https:\/\/www.educa.itakaescolapios.org\/it\/campanas\/2024-2025-abriendo-caminos\/actividades-carteleria-y-ambientacion\/actividades-para-trabajar","title":{"rendered":"Actividades para trabajar"},"content":{"rendered":"<p class=\"qtranxs-available-languages-message qtranxs-available-languages-message-it\">Ci spiace, ma questo articolo \u00e8 disponibile soltanto in <a href=\"https:\/\/www.educa.itakaescolapios.org\/es\/wp-json\/wp\/v2\/pages\/8557\" class=\"qtranxs-available-language-link qtranxs-available-language-link-es\" title=\"Espa\u00f1ol\">Spagnolo Europeo<\/a>, <a href=\"https:\/\/www.educa.itakaescolapios.org\/en\/wp-json\/wp\/v2\/pages\/8557\" class=\"qtranxs-available-language-link qtranxs-available-language-link-en\" title=\"English\">Inglese Americano<\/a>, <a href=\"https:\/\/www.educa.itakaescolapios.org\/eu\/wp-json\/wp\/v2\/pages\/8557\" class=\"qtranxs-available-language-link qtranxs-available-language-link-eu\" title=\"Euskera\">Basco<\/a>, <a href=\"https:\/\/www.educa.itakaescolapios.org\/fr\/wp-json\/wp\/v2\/pages\/8557\" class=\"qtranxs-available-language-link qtranxs-available-language-link-fr\" title=\"Fran\u00e7ais\">Francese<\/a> e <a href=\"https:\/\/www.educa.itakaescolapios.org\/pt\/wp-json\/wp\/v2\/pages\/8557\" class=\"qtranxs-available-language-link qtranxs-available-language-link-pt\" title=\"Portugu\u00eas\">Portoghese Europeo<\/a>.<\/p><p><\/p>\n<p style=\"text-align: justify;\"><span style=\"font-family: arial, helvetica, sans-serif;\">Como cada a\u00f1o, podr\u00e1s encontrar actividades para trabajar en el aula, o para los grupos del Movimiento Calasanz, oraciones, y tambi\u00e9n actividades para trabajar con grupos y comunidades de personas adultas.<\/span><\/p>\n<p style=\"text-align: justify;\"><span style=\"font-family: arial, helvetica, sans-serif;\">Desde aqu\u00ed puedes acceder seg\u00fan tem\u00e1ticas y edades: \u00a0<\/span><\/p>\n<p>&nbsp;<\/p>\n<p><span style=\"text-decoration: underline; font-size: 20px;\"><strong><span style=\"font-family: arial, helvetica, sans-serif;\">De 3 a 5 a\u00f1os. Educaci\u00f3n emocional.\u00a0<\/span><\/strong><\/span><\/p>\n<ol>\n<li><span style=\"font-size: 14px; font-family: arial, helvetica, sans-serif;\">Actividad Movimiento Calasanz.<\/span><\/li>\n<li><a href=\"https:\/\/www.educa.itakaescolapios.org\/experiencia\/camino-escolapio\" target=\"_blank\" rel=\"noopener\"><span style=\"font-size: 14px; font-family: arial, helvetica, sans-serif;\">Proyecto de Aprendizaje-Servicio (3-5 a\u00f1os)<\/span><\/a><\/li>\n<\/ol>\n<p>&nbsp;<\/p>\n<p><span style=\"text-decoration: underline; font-size: 20px;\"><strong><span style=\"font-family: arial, helvetica, sans-serif;\">De 6 a 7 a\u00f1os. Interculturalidad.\u00a0<\/span><\/strong><\/span><\/p>\n<ol>\n<li><span style=\"font-size: 14px; font-family: arial, helvetica, sans-serif;\"><a href=\"https:\/\/www.educa.itakaescolapios.org\/interculturalidad\/un-mundo-de-cuentos\" target=\"_blank\" rel=\"noopener\">Actividad Movimiento Calasanz<\/a>.<\/span><\/li>\n<li><a href=\"https:\/\/www.educa.itakaescolapios.org\/wp-content\/uploads\/2025\/01\/oracion-5-7-abriendo-caminos.pdf\" target=\"_blank\" rel=\"noopener\"><span style=\"font-family: arial, helvetica, sans-serif; font-size: 14px;\">Oraci\u00f3n<\/span><\/a><\/li>\n<li><a href=\"https:\/\/www.educa.itakaescolapios.org\/experiencia\/museo-intercultural\" target=\"_blank\" rel=\"noopener\"><span style=\"font-size: 14px; font-family: arial, helvetica, sans-serif;\">Proyecto de Aprendizaje-Servicio (6-7 a\u00f1os)<\/span><\/a><\/li>\n<\/ol>\n<p>&nbsp;<\/p>\n<p><span style=\"text-decoration: underline; font-size: 20px;\"><strong><span style=\"font-family: arial, helvetica, sans-serif;\">De 8 a 10 a\u00f1os. Medioambiente<\/span><\/strong><\/span><\/p>\n<ol>\n<li><span style=\"font-size: 14px; font-family: arial, helvetica, sans-serif;\"><a href=\"https:\/\/www.educa.itakaescolapios.org\/sostenibilidad\/cuidemos-el-planeta-sembrando-un-arbol?preview=true\" target=\"_blank\" rel=\"noopener\">Actividad Movimiento Calasanz<\/a>.\u00a0<\/span><\/li>\n<li><a href=\"https:\/\/www.educa.itakaescolapios.org\/wp-content\/uploads\/2025\/01\/oracion-8-10-abriendo-caminos.pdf\" target=\"_blank\" rel=\"noopener\"><span style=\"font-family: arial, helvetica, sans-serif; font-size: 14px;\">Oraci\u00f3n<\/span><\/a><\/li>\n<li><a href=\"https:\/\/www.educa.itakaescolapios.org\/experiencia\/abriendo-nuevos-senderos\" target=\"_blank\" rel=\"noopener\"><span style=\"font-size: 14px; font-family: arial, helvetica, sans-serif;\">Proyecto de Aprendizaje-Servicio (8-10 a\u00f1os)<\/span><\/a><\/li>\n<\/ol>\n<p>&nbsp;<\/p>\n<p><span style=\"font-family: arial, helvetica, sans-serif; font-size: 20px;\"><strong><u><img decoding=\"async\" loading=\"lazy\" class=\"alignright\" src=\"https:\/\/www.educa.itakaescolapios.org\/wp-content\/uploads\/2020\/11\/mano-click-verde-en-el-medio-scaled.jpg\" alt=\"\" width=\"20%\" height=\"20%\" \/><\/u><\/strong><\/span><\/p>\n<p><span style=\"text-decoration: underline; font-size: 20px;\"><strong><span style=\"font-family: arial, helvetica, sans-serif;\">De 10 a 12 a\u00f1os. Defensa de los Derechos Humanos\u00a0<\/span><\/strong><\/span><\/p>\n<ol>\n<li><span style=\"font-size: 14px; font-family: arial, helvetica, sans-serif;\">Actividad Movimiento Calasanz.\u00a0<\/span><\/li>\n<li><span style=\"font-family: arial, helvetica, sans-serif; font-size: 14px;\">Oraci\u00f3n<\/span><\/li>\n<li><a href=\"https:\/\/www.educa.itakaescolapios.org\/experiencia\/sonrisas-de-ayer-y-hoy\" target=\"_blank\" rel=\"noopener\"><span style=\"font-size: 14px; font-family: arial, helvetica, sans-serif;\">Proyecto de Aprendizaje-Servicio (10-12 a\u00f1os)\u00a0<\/span><\/a><\/li>\n<\/ol>\n<p>&nbsp;<\/p>\n<p><span style=\"text-decoration: underline; font-size: 20px;\"><strong><span style=\"font-family: arial, helvetica, sans-serif;\">De 12 a 15 a\u00f1os. El Arte como instrumento de cambio<\/span><\/strong><\/span><\/p>\n<ol>\n<li><span style=\"font-size: 14px; font-family: arial, helvetica, sans-serif;\"><a href=\"https:\/\/www.educa.itakaescolapios.org\/experiencia\/pintando-la-esperanza\" target=\"_blank\" rel=\"noopener\">Actividad Movimiento Calasanz<\/a>.\u00a0<\/span><\/li>\n<li><a href=\"https:\/\/www.educa.itakaescolapios.org\/wp-content\/uploads\/2025\/01\/oracion-12-15-abriendo-caminos.pdf\" target=\"_blank\" rel=\"noopener\"><span style=\"font-family: arial, helvetica, sans-serif; font-size: 14px;\">Oraci\u00f3n<\/span><\/a><\/li>\n<li><span style=\"font-size: 14px; font-family: arial, helvetica, sans-serif;\"><a href=\"https:\/\/www.educa.itakaescolapios.org\/experiencia\/arte-para-la-comunidad\" target=\"_blank\" rel=\"noopener\">Proyecto de Aprendizaje-Servicio (12-15 a\u00f1os)<\/a>.<\/span><\/li>\n<\/ol>\n<p>&nbsp;<\/p>\n<p><span style=\"text-decoration: underline; font-size: 20px;\"><strong><span style=\"font-family: arial, helvetica, sans-serif;\">De 15 a 18 a\u00f1os. El papel de la mujer hoy<\/span><\/strong><\/span><\/p>\n<ol>\n<li><span style=\"font-size: 14px; font-family: arial, helvetica, sans-serif;\">Actividad Movimiento Calasanz.<\/span><\/li>\n<li><a href=\"https:\/\/www.educa.itakaescolapios.org\/wp-content\/uploads\/2025\/01\/oracion-15-18-abriendo-caminos.pdf\" target=\"_blank\" rel=\"noopener\"><span style=\"font-family: arial, helvetica, sans-serif; font-size: 14px;\">Oraci\u00f3n<\/span><\/a><\/li>\n<li><a href=\"https:\/\/www.educa.itakaescolapios.org\/coeducacion\/un-viaje-hacia-la-igualdad\" target=\"_blank\" rel=\"noopener\"><span style=\"font-size: 14px; font-family: arial, helvetica, sans-serif;\">Proyecto para el aula (15-18 a\u00f1os)<\/span><\/a><\/li>\n<\/ol>\n<p>&nbsp;<\/p>\n<p><strong><span style=\"font-family: arial, helvetica, sans-serif;\"><span style=\"font-size: 20px;\"><u>Para trabajar con personas adultas\u00a0<\/u><\/span><\/span><\/strong><\/p>\n<p>&nbsp;<\/p>\n<p><strong><span style=\"font-family: arial, helvetica, sans-serif;\"><span style=\"font-size: 20px;\"><u>Materiales auxiliares y\u00a0carteler\u00eda.\u00a0<\/u><\/span><\/span><\/strong><\/p>\n<ol>\n<li><span style=\"font-family: arial, helvetica, sans-serif;\"><span style=\"font-size: 14px;\">Cartel Campa\u00f1a (<a href=\"https:\/\/www.educa.itakaescolapios.org\/wp-content\/uploads\/2024\/11\/CARTEL-2425-ESP-scaled.jpg\" target=\"_blank\" rel=\"noopener\">espa\u00f1ol<\/a>, <a href=\"https:\/\/www.educa.itakaescolapios.org\/wp-content\/uploads\/2024\/11\/CARTEL-2425-VAL-scaled.jpg\" target=\"_blank\" rel=\"noopener\">valenciano<\/a> y <a href=\"https:\/\/www.educa.itakaescolapios.org\/wp-content\/uploads\/2024\/11\/CARTEL-2425-GAL-scaled.jpg\" target=\"_blank\" rel=\"noopener\">gallego<\/a>)<\/span><\/span><\/li>\n<li><span style=\"font-family: arial, helvetica, sans-serif; font-size: 14px;\">Cartel de GRACIAS (<a href=\"https:\/\/www.educa.itakaescolapios.org\/wp-content\/uploads\/2024\/11\/CARTEL-GRACIAS-Euro-ESP-scaled.jpg\" target=\"_blank\" rel=\"noopener\">euros espa\u00f1ol<\/a>, <a href=\"https:\/\/www.educa.itakaescolapios.org\/wp-content\/uploads\/2024\/11\/CARTEL-GRACIAS-usd-ESP-scaled.jpg\" target=\"_blank\" rel=\"noopener\">d\u00f3lares<\/a>, <a href=\"https:\/\/www.educa.itakaescolapios.org\/wp-content\/uploads\/2025\/02\/CARTEL-GRACIAS-bob-ESP-1-scaled.jpg\" target=\"_blank\" rel=\"noopener\">peso boliviano<\/a>, <a href=\"https:\/\/www.educa.itakaescolapios.org\/wp-content\/uploads\/2025\/02\/CARTEL-GRACIAS-mxn-ESP-1-scaled.jpg\" target=\"_blank\" rel=\"noopener\">peso mexicano<\/a>, <a href=\"https:\/\/www.educa.itakaescolapios.org\/wp-content\/uploads\/2025\/02\/CARTEL-GRACIAS-Euro-VAL-1-scaled.jpg\" target=\"_blank\" rel=\"noopener\">euros valenciano<\/a>)<\/span><\/li>\n<li><span style=\"font-size: 14px; font-family: arial, helvetica, sans-serif;\">Logotipo (<a href=\"https:\/\/www.educa.itakaescolapios.org\/wp-content\/uploads\/2025\/01\/LOGO-ITAKA-2425-ESP-scaled.jpg\" target=\"_blank\" rel=\"noopener\">espa\u00f1ol<\/a>, <a href=\"https:\/\/www.educa.itakaescolapios.org\/wp-content\/uploads\/2025\/01\/LOGO-ITAKA-2425-VAL-scaled.jpg\" target=\"_blank\" rel=\"noopener\">valenciano<\/a> y <a href=\"https:\/\/www.educa.itakaescolapios.org\/wp-content\/uploads\/2025\/01\/LOGO-ITAKA-2425-GAL-scaled.jpg\" target=\"_blank\" rel=\"noopener\">gallego<\/a>)<\/span><\/li>\n<\/ol>\n<p><img decoding=\"async\" loading=\"lazy\" class=\"aligncenter size-large wp-image-8545\" src=\"https:\/\/www.educa.itakaescolapios.org\/wp-content\/uploads\/2024\/11\/CARTEL-2425-ESP-scaled.jpg\" alt=\"\" width=\"100%\" height=\"100%\" \/><\/p>","protected":false},"excerpt":{"rendered":"<p>Ci spiace, ma questo articolo \u00e8 disponibile soltanto in Spagnolo Europeo, Inglese Americano, Basco, Francese e Portoghese Europeo. Como cada a\u00f1o, podr\u00e1s encontrar actividades para trabajar [&hellip;]<\/p>\n","protected":false},"author":7,"featured_media":0,"parent":8555,"menu_order":1,"comment_status":"closed","ping_status":"closed","template":"","meta":[],"acf":[],"_links":{"self":[{"href":"https:\/\/www.educa.itakaescolapios.org\/it\/wp-json\/wp\/v2\/pages\/8557"}],"collection":[{"href":"https:\/\/www.educa.itakaescolapios.org\/it\/wp-json\/wp\/v2\/pages"}],"about":[{"href":"https:\/\/www.educa.itakaescolapios.org\/it\/wp-json\/wp\/v2\/types\/page"}],"author":[{"embeddable":true,"href":"https:\/\/www.educa.itakaescolapios.org\/it\/wp-json\/wp\/v2\/users\/7"}],"replies":[{"embeddable":true,"href":"https:\/\/www.educa.itakaescolapios.org\/it\/wp-json\/wp\/v2\/comments?post=8557"}],"version-history":[{"count":57,"href":"https:\/\/www.educa.itakaescolapios.org\/it\/wp-json\/wp\/v2\/pages\/8557\/revisions"}],"predecessor-version":[{"id":8989,"href":"https:\/\/www.educa.itakaescolapios.org\/it\/wp-json\/wp\/v2\/pages\/8557\/revisions\/8989"}],"up":[{"embeddable":true,"href":"https:\/\/www.educa.itakaescolapios.org\/it\/wp-json\/wp\/v2\/pages\/8555"}],"wp:attachment":[{"href":"https:\/\/www.educa.itakaescolapios.org\/it\/wp-json\/wp\/v2\/media?parent=8557"}],"curies":[{"name":"wp","href":"https:\/\/api.w.org\/{rel}","templated":true}]}}