{"id":1884,"date":"2019-05-11T12:40:49","date_gmt":"2019-05-11T10:40:49","guid":{"rendered":"https:\/\/www.educa.itakaescolapios.org\/?page_id=1884"},"modified":"2020-11-05T12:55:19","modified_gmt":"2020-11-05T11:55:19","slug":"amawole","status":"publish","type":"page","link":"https:\/\/www.educa.itakaescolapios.org\/pt\/amawole","title":{"rendered":"AMAWOL\u00c9"},"content":{"rendered":"<p class=\"qtranxs-available-languages-message qtranxs-available-languages-message-pt\">Desculpe, este conte\u00fado s\u00f3 est\u00e1 dispon\u00edvel em <a href=\"https:\/\/www.educa.itakaescolapios.org\/es\/wp-json\/wp\/v2\/pages\/1884\" class=\"qtranxs-available-language-link qtranxs-available-language-link-es\" title=\"Espa\u00f1ol\">Espanhol Europeu<\/a>, <a href=\"https:\/\/www.educa.itakaescolapios.org\/en\/wp-json\/wp\/v2\/pages\/1884\" class=\"qtranxs-available-language-link qtranxs-available-language-link-en\" title=\"English\">Ingl\u00eas (Eua)<\/a>, <a href=\"https:\/\/www.educa.itakaescolapios.org\/eu\/wp-json\/wp\/v2\/pages\/1884\" class=\"qtranxs-available-language-link qtranxs-available-language-link-eu\" title=\"Euskera\">Basco<\/a> e <a href=\"https:\/\/www.educa.itakaescolapios.org\/fr\/wp-json\/wp\/v2\/pages\/1884\" class=\"qtranxs-available-language-link qtranxs-available-language-link-fr\" title=\"Fran\u00e7ais\">Franc\u00eas<\/a>.<\/p><p>https:\/\/youtu.be\/Uw3pprp_btw<\/p>\n<p>La m\u00fasica es uno de los elementos centrales de la vida en la Rep\u00fablica Democr\u00e1tica del Congo. Durante d\u00e9cadas, la Rep\u00fablica Democr\u00e1tica del Congo ha contagiado su m\u00fasica al resto del continente africano, una m\u00fasica cuyo eco no se limita a este continente. En los a\u00f1os 50 y 60 fue el soukous y en la actualidad un ritmo adaptado, el ndombolo.<\/p>\n<p>Son muchas las estrellas congole\u00f1as que marcan los ritmos a nivel internacional. BLA nos propone en esta actividad convertirnos en estrellas de la m\u00fasica e internacionalizar una canci\u00f3n t\u00edpica de la Rep\u00fablica Democr\u00e1tica del Congo, AMAWOL\u00c9.<\/p>\n<p>Se trata de una canci\u00f3n que los ni\u00f1os y ni\u00f1as cantan en sus grupos scout o mientras entrenan a diferentes deportes.<\/p>\n<p>Descarga la ficha <strong><span style=\"color: #808000;\"><a href=\"https:\/\/www.educa.itakaescolapios.org\/wp-content\/uploads\/2019\/05\/FICHA-AMAWOL\u00c9.pdf\" target=\"_blank\" rel=\"noopener noreferrer\"><span style=\"color: #808000;\">AMAWOL\u00c9<\/span><\/a><\/span><\/strong><\/p>\n<p>Descarga la <strong><span style=\"color: #808000;\"><a href=\"https:\/\/www.educa.itakaescolapios.org\/wp-content\/uploads\/2019\/05\/Amawol\u00e9-letra1.pdf\" target=\"_blank\" rel=\"noopener noreferrer\"><span style=\"color: #808000;\">LETRA<\/span><\/a><\/span><\/strong><\/p>\n<p>Descarga la <strong><span style=\"color: #808000;\"><a href=\"https:\/\/www.educa.itakaescolapios.org\/wp-content\/uploads\/2019\/05\/Amawole-partitura1.pdf\" target=\"_blank\" rel=\"noopener noreferrer\"><span style=\"color: #808000;\">PARTITURA<\/span><\/a><\/span><\/strong><\/p>\n<p>Base r\u00edtmica de la canci\u00f3n MP3:<\/p>\n<!--[if lt IE 9]><script>document.createElement('audio');<\/script><![endif]-->\n<audio class=\"wp-audio-shortcode\" id=\"audio-1884-1\" preload=\"none\" style=\"width: 100%;\" controls=\"controls\"><source type=\"audio\/mpeg\" src=\"https:\/\/www.educa.itakaescolapios.org\/wp-content\/uploads\/2019\/05\/3_Amawole-gui\u0301a-para-grabar-116BPM.mp3?_=1\" \/><a href=\"https:\/\/www.educa.itakaescolapios.org\/wp-content\/uploads\/2019\/05\/3_Amawole-gui\u0301a-para-grabar-116BPM.mp3\">https:\/\/www.educa.itakaescolapios.org\/wp-content\/uploads\/2019\/05\/3_Amawole-gui\u0301a-para-grabar-116BPM.mp3<\/a><\/audio>\n<p><iframe loading=\"lazy\" src=\"https:\/\/www.youtube.com\/embed\/s7c-7240QBA\" height=\"134\" width=\"238\" allowfullscreen=\"\" frameborder=\"0\"><\/iframe> <iframe loading=\"lazy\" src=\"https:\/\/www.youtube.com\/embed\/sByHQp4O2-A\" height=\"134\" width=\"238\" allowfullscreen=\"\" frameborder=\"0\"><\/iframe><\/p>","protected":false},"excerpt":{"rendered":"<p>Desculpe, este conte\u00fado s\u00f3 est\u00e1 dispon\u00edvel em Espanhol Europeu, Ingl\u00eas (Eua), Basco e Franc\u00eas.https:\/\/youtu.be\/Uw3pprp_btw La m\u00fasica es uno de los elementos centrales de la vida en [&hellip;]<\/p>\n","protected":false},"author":1,"featured_media":0,"parent":0,"menu_order":25,"comment_status":"closed","ping_status":"closed","template":"","meta":[],"acf":[],"_links":{"self":[{"href":"https:\/\/www.educa.itakaescolapios.org\/pt\/wp-json\/wp\/v2\/pages\/1884"}],"collection":[{"href":"https:\/\/www.educa.itakaescolapios.org\/pt\/wp-json\/wp\/v2\/pages"}],"about":[{"href":"https:\/\/www.educa.itakaescolapios.org\/pt\/wp-json\/wp\/v2\/types\/page"}],"author":[{"embeddable":true,"href":"https:\/\/www.educa.itakaescolapios.org\/pt\/wp-json\/wp\/v2\/users\/1"}],"replies":[{"embeddable":true,"href":"https:\/\/www.educa.itakaescolapios.org\/pt\/wp-json\/wp\/v2\/comments?post=1884"}],"version-history":[{"count":3,"href":"https:\/\/www.educa.itakaescolapios.org\/pt\/wp-json\/wp\/v2\/pages\/1884\/revisions"}],"predecessor-version":[{"id":1892,"href":"https:\/\/www.educa.itakaescolapios.org\/pt\/wp-json\/wp\/v2\/pages\/1884\/revisions\/1892"}],"wp:attachment":[{"href":"https:\/\/www.educa.itakaescolapios.org\/pt\/wp-json\/wp\/v2\/media?parent=1884"}],"curies":[{"name":"wp","href":"https:\/\/api.w.org\/{rel}","templated":true}]}}