{"id":2727,"date":"2020-11-04T18:30:14","date_gmt":"2020-11-04T17:30:14","guid":{"rendered":"https:\/\/www.educa.itakaescolapios.org\/?page_id=2727"},"modified":"2021-01-08T12:15:26","modified_gmt":"2021-01-08T11:15:26","slug":"buzon-solidario","status":"publish","type":"page","link":"https:\/\/www.educa.itakaescolapios.org\/pt\/campanas\/2020-2021-reiniciando-para-transformar\/siente\/buzon-solidario","title":{"rendered":"A caixa postal solid\u00e1ria (2 a +18)"},"content":{"rendered":"<p><\/p>\n<p style=\"text-align: justify;\">Bla nos traz <strong>cartas de meninos e meninas de lugares distantes<\/strong> que contam como est\u00e3o vivendo o impacto da Covid. <strong>Incentivamos voc\u00ea a contar como voc\u00ea e sua fam\u00edlia est\u00e3o vivendo esta situa\u00e7\u00e3o e a colaborarem<\/strong> com a campanha &#8220;<strong>Re<\/strong>iniciar para transformar&#8221;.<\/p>\n<p><strong><a href=\"https:\/\/www.educa.itakaescolapios.org\/wp-content\/uploads\/2021\/01\/2-Buzon-soldiario-port.pdf\" target=\"_blank\" rel=\"noopener noreferrer\">Archivo PDF: A caixa postal solid\u00e1ria<\/a><\/strong><\/p>\n<p><span style=\"text-decoration: underline;\"><strong>Cartas de 2 a 12 anos<\/strong><\/span><\/p>\n<p style=\"padding-left: 40px;\"><a href=\"https:\/\/www.educa.itakaescolapios.org\/wp-content\/uploads\/2020\/11\/Carta-de-Miguel-Luiz-Ferreira-Brasil-es-pt_br-C.pdf\">Carta de Miguel, Brasil<\/a><\/p>\n<p style=\"padding-left: 40px;\"><a href=\"https:\/\/www.educa.itakaescolapios.org\/wp-content\/uploads\/2020\/11\/Carta-Melody-Taipin-Filipinas-es-pt_br-C.pdf\">Carta de Melody, Filipinas<\/a><\/p>\n<p><span style=\"text-decoration: underline;\"><strong>Cartas de 12 a 18 anos de idade<\/strong><\/span><\/p>\n<p style=\"padding-left: 40px;\"><a href=\"https:\/\/www.educa.itakaescolapios.org\/wp-content\/uploads\/2020\/11\/Carta-de-Emily-Maite-Siles-Bolivia-es-pt_br-C.pdf\">Carta de Emily, Bol\u00edvia<\/a><\/p>\n<p style=\"padding-left: 40px;\"><a href=\"https:\/\/www.educa.itakaescolapios.org\/wp-content\/uploads\/2020\/11\/Carta-Yadira-Ledezma-Bolivia-es-pt_br-C.pdf\">Carta de Yadira, Bol\u00edvia<\/a><\/p>\n<p><img decoding=\"async\" loading=\"lazy\" class=\"alignleft size-medium wp-image-2975\" src=\"https:\/\/www.educa.itakaescolapios.org\/wp-content\/uploads\/2020\/11\/mano-click-verde-por-dos-300x156.jpg\" alt=\"\" width=\"300\" height=\"156\" srcset=\"https:\/\/www.educa.itakaescolapios.org\/wp-content\/uploads\/2020\/11\/mano-click-verde-por-dos-300x156.jpg 300w, https:\/\/www.educa.itakaescolapios.org\/wp-content\/uploads\/2020\/11\/mano-click-verde-por-dos-1024x532.jpg 1024w, https:\/\/www.educa.itakaescolapios.org\/wp-content\/uploads\/2020\/11\/mano-click-verde-por-dos-768x399.jpg 768w, https:\/\/www.educa.itakaescolapios.org\/wp-content\/uploads\/2020\/11\/mano-click-verde-por-dos-1536x799.jpg 1536w, https:\/\/www.educa.itakaescolapios.org\/wp-content\/uploads\/2020\/11\/mano-click-verde-por-dos-2048x1065.jpg 2048w, https:\/\/www.educa.itakaescolapios.org\/wp-content\/uploads\/2020\/11\/mano-click-verde-por-dos-250x130.jpg 250w\" sizes=\"(max-width: 300px) 100vw, 300px\" \/><\/p>\n<p><img decoding=\"async\" loading=\"lazy\" class=\"aligncenter wp-image-2719\" src=\"https:\/\/www.educa.itakaescolapios.org\/wp-content\/uploads\/2020\/11\/BLA_COLOR-recortada-1024x962.jpg\" alt=\"\" width=\"850\" height=\"799\" srcset=\"https:\/\/www.educa.itakaescolapios.org\/wp-content\/uploads\/2020\/11\/BLA_COLOR-recortada-1024x962.jpg 1024w, https:\/\/www.educa.itakaescolapios.org\/wp-content\/uploads\/2020\/11\/BLA_COLOR-recortada-300x282.jpg 300w, https:\/\/www.educa.itakaescolapios.org\/wp-content\/uploads\/2020\/11\/BLA_COLOR-recortada-768x721.jpg 768w, https:\/\/www.educa.itakaescolapios.org\/wp-content\/uploads\/2020\/11\/BLA_COLOR-recortada-1536x1443.jpg 1536w, https:\/\/www.educa.itakaescolapios.org\/wp-content\/uploads\/2020\/11\/BLA_COLOR-recortada-2048x1924.jpg 2048w, https:\/\/www.educa.itakaescolapios.org\/wp-content\/uploads\/2020\/11\/BLA_COLOR-recortada-250x235.jpg 250w\" sizes=\"(max-width: 850px) 100vw, 850px\" \/><\/p>","protected":false},"excerpt":{"rendered":"<p>Bla nos traz cartas de meninos e meninas de lugares distantes que contam como est\u00e3o vivendo o impacto da Covid. Incentivamos voc\u00ea a contar como voc\u00ea [&hellip;]<\/p>\n","protected":false},"author":5,"featured_media":0,"parent":2658,"menu_order":8,"comment_status":"closed","ping_status":"closed","template":"","meta":[],"acf":[],"_links":{"self":[{"href":"https:\/\/www.educa.itakaescolapios.org\/pt\/wp-json\/wp\/v2\/pages\/2727"}],"collection":[{"href":"https:\/\/www.educa.itakaescolapios.org\/pt\/wp-json\/wp\/v2\/pages"}],"about":[{"href":"https:\/\/www.educa.itakaescolapios.org\/pt\/wp-json\/wp\/v2\/types\/page"}],"author":[{"embeddable":true,"href":"https:\/\/www.educa.itakaescolapios.org\/pt\/wp-json\/wp\/v2\/users\/5"}],"replies":[{"embeddable":true,"href":"https:\/\/www.educa.itakaescolapios.org\/pt\/wp-json\/wp\/v2\/comments?post=2727"}],"version-history":[{"count":51,"href":"https:\/\/www.educa.itakaescolapios.org\/pt\/wp-json\/wp\/v2\/pages\/2727\/revisions"}],"predecessor-version":[{"id":4316,"href":"https:\/\/www.educa.itakaescolapios.org\/pt\/wp-json\/wp\/v2\/pages\/2727\/revisions\/4316"}],"up":[{"embeddable":true,"href":"https:\/\/www.educa.itakaescolapios.org\/pt\/wp-json\/wp\/v2\/pages\/2658"}],"wp:attachment":[{"href":"https:\/\/www.educa.itakaescolapios.org\/pt\/wp-json\/wp\/v2\/media?parent=2727"}],"curies":[{"name":"wp","href":"https:\/\/api.w.org\/{rel}","templated":true}]}}