{"id":4946,"date":"2021-10-20T11:38:08","date_gmt":"2021-10-20T09:38:08","guid":{"rendered":"https:\/\/www.educa.itakaescolapios.org\/?page_id=4946"},"modified":"2023-05-05T17:02:28","modified_gmt":"2023-05-05T15:02:28","slug":"2021-2022-centros-que-cambian-cambia-tu-centro","status":"publish","type":"page","link":"https:\/\/www.educa.itakaescolapios.org\/pt\/campanas\/2021-2022-centros-que-cambian-cambia-tu-centro","title":{"rendered":"2021-2022 Centros que mudam, mude seu centro"},"content":{"rendered":"<p>https:\/\/youtu.be\/Wj36XmDpFN8<\/p>\n<p style=\"text-align: justify;\"><span style=\"font-family: arial, helvetica, sans-serif; font-size: 16px;\"><strong>Destino solidario da la campanha:<\/strong><\/span> <span style=\"font-size: 16px; font-family: arial, helvetica, sans-serif;\">A rede Itaka-Escol\u00e1pios contribui para apoiar nas \u00e1reas educacional, pastoral e financeira, vinte e nove centros educacionais escol\u00e1pios localizados na Bol\u00edvia, Camar\u00f5es, Gab\u00e3o, \u00cdndia, Mo\u00e7ambique, Rep\u00fablica Democr\u00e1tica do Congo, Senegal e Venezuela.<\/span> <span style=\"font-size: 16px; font-family: arial, helvetica, sans-serif;\">Todos os fundos arrecadados durante a campanha &#8220;centros que mudam, mude seu centro&#8221; ser\u00e3o destinados a contribuir para a sustentabilidade desses centros educacionais, para que possam continuar mudando, transformando estudantes e educadores (professores, monitores, catequistas&#8230;), fam\u00edlias e o entorno dos col\u00e9gios<\/span><\/p>\n<p>&nbsp;<\/p>\n<table style=\"width: 100%; border-collapse: collapse; border-color: #000000; border-style: hidden;\" border=\"1\">\n<tbody>\n<tr>\n<td style=\"width: 50%; text-align: center;\">\n<p style=\"text-align: justify;\"><span style=\"font-family: arial, helvetica, sans-serif; font-size: 16px;\"><a href=\"https:\/\/www.educa.itakaescolapios.org\/wp-content\/uploads\/2021\/11\/CENTROS-EDUCATIVOS-DE-LA-RED-DE-SOLIDARIDAD-ITAKA-ESCOLAPIOS.pdf\" target=\"_blank\" rel=\"noopener noreferrer\">Centros educacionais da rede Itaka-Escolapios\u00a0<\/a><\/span><\/p>\n<p><a href=\"https:\/\/www.educa.itakaescolapios.org\/wp-content\/uploads\/2021\/11\/CENTROS-EDUCATIVOS-DE-LA-RED-DE-SOLIDARIDAD-ITAKA-ESCOLAPIOS.pdf\" target=\"_blank\" rel=\"noopener noreferrer\"><img decoding=\"async\" loading=\"lazy\" src=\"https:\/\/www.educa.itakaescolapios.org\/wp-content\/uploads\/2021\/12\/CENTROS-EDUCATIVOS-DE-LA-RED-DE-SOLIDARIDAD-ITAKA-ESCOLAPIOS.jpg\" alt=\"\" width=\"100%\" height=\"100%\" \/><\/a><\/td>\n<td style=\"width: 50%; text-align: center;\">\n<p style=\"text-align: justify;\"><span style=\"font-size: 16px;\"><a href=\"https:\/\/www.educa.itakaescolapios.org\/wp-content\/uploads\/2021\/11\/PT_fichas-centros.pdf\" target=\"_blank\" rel=\"noopener noreferrer\"><span style=\"font-family: arial, helvetica, sans-serif;\">Fichas Centros\u00a0 \u00a0<\/span><\/a><\/span><\/p>\n<p><a href=\"https:\/\/www.educa.itakaescolapios.org\/wp-content\/uploads\/2021\/11\/PT_fichas-centros.pdf\" target=\"_blank\" rel=\"noopener noreferrer\"><img decoding=\"async\" loading=\"lazy\" class=\"alignnone\" src=\"https:\/\/www.educa.itakaescolapios.org\/wp-content\/uploads\/2021\/12\/PT-Bolivia-Santa-Cruz.jpg\" alt=\"\" width=\"100%\" height=\"100%\" \/><\/a><\/td>\n<\/tr>\n<\/tbody>\n<\/table>\n<p>&nbsp;<\/p>\n<p><a href=\"https:\/\/www.educa.itakaescolapios.org\/wp-content\/uploads\/2021\/11\/CENTROS-EDUCATIVOS-DE-LA-RED-DE-SOLIDARIDAD-ITAKA-ESCOLAPIOS.pdf\" target=\"_blank\" rel=\"noopener noreferrer\"><img decoding=\"async\" loading=\"lazy\" class=\"wp-image-2974 alignright\" src=\"https:\/\/www.educa.itakaescolapios.org\/wp-content\/uploads\/2020\/11\/mano-click-verde-por-tres-300x107.jpg\" alt=\"\" width=\"196\" height=\"70\" srcset=\"https:\/\/www.educa.itakaescolapios.org\/wp-content\/uploads\/2020\/11\/mano-click-verde-por-tres-300x107.jpg 300w, https:\/\/www.educa.itakaescolapios.org\/wp-content\/uploads\/2020\/11\/mano-click-verde-por-tres-1024x364.jpg 1024w, https:\/\/www.educa.itakaescolapios.org\/wp-content\/uploads\/2020\/11\/mano-click-verde-por-tres-768x273.jpg 768w, https:\/\/www.educa.itakaescolapios.org\/wp-content\/uploads\/2020\/11\/mano-click-verde-por-tres-1536x546.jpg 1536w, https:\/\/www.educa.itakaescolapios.org\/wp-content\/uploads\/2020\/11\/mano-click-verde-por-tres-2048x729.jpg 2048w, https:\/\/www.educa.itakaescolapios.org\/wp-content\/uploads\/2020\/11\/mano-click-verde-por-tres-250x89.jpg 250w\" sizes=\"(max-width: 196px) 100vw, 196px\" \/><\/a> \u00a0 \u00a0 <span style=\"font-family: arial, helvetica, sans-serif; font-size: 16px;\"><strong style=\"text-align: justify;\">Objetivos da campana:<\/strong><\/span><\/p>\n<ul>\n<li style=\"text-align: justify;\"><span style=\"font-family: arial, helvetica, sans-serif; font-size: 16px;\">Conhecer e apoiar o trabalho educativo, pastoral e transformador das vinte e nove escolas que a rede Itaka-Escol\u00e1pios sustenta. <\/span><\/li>\n<li style=\"text-align: justify;\"><span style=\"font-family: arial, helvetica, sans-serif; font-size: 16px;\">Contribuir para cobrir as despesas ordin\u00e1rias das escolas escol\u00e1pias apoiadas pela rede Itaka-Escol\u00e1pios para sua viabilidade.<\/span><\/li>\n<li style=\"text-align: justify;\"><span style=\"font-family: arial, helvetica, sans-serif; font-size: 16px;\">Destacar e promover o car\u00e1ter transformador dos centros escol\u00e1pios.<\/span><\/li>\n<li style=\"text-align: justify;\"><span style=\"font-family: arial, helvetica, sans-serif; font-size: 16px;\">Contribuir para que todos os centros escol\u00e1pios, que realizam a campanha, revejam seu car\u00e1ter transformador e avan\u00e7ar possam para se tornarem centros mais escol\u00e1pios, mais transformadores.<\/span><\/li>\n<li style=\"text-align: justify;\"><span style=\"font-family: arial, helvetica, sans-serif; font-size: 16px;\">Oferecer a rede educa.itakaescolapios.org como uma rede de centros educacionais para a transforma\u00e7\u00e3o social. <\/span><\/li>\n<\/ul>\n<p style=\"text-align: justify;\"><span style=\"font-family: arial, helvetica, sans-serif; font-size: 16px;\"><strong>Slogan da campanha: &#8220;Centros que mudam, mude seu centro&#8221;: <\/strong><\/span><\/p>\n<p style=\"text-align: justify;\"><span style=\"font-family: arial, helvetica, sans-serif; font-size: 16px;\">O slogan da campanha pode ser muito sugestivo, facilitar o trabalho em v\u00e1rios aspectos e ter diferentes significados, dependendo do idioma que \u00e9 utilizado.<\/span> <span style=\"font-family: arial, helvetica, sans-serif; font-size: 16px;\">Fornecemos diferentes abordagens ao slogan e, portanto, \u00e0s atividades da campanha:<\/span><\/p>\n<p style=\"text-align: justify;\"><span style=\"font-family: arial, helvetica, sans-serif; font-size: 16px;\">\u2022 Um enfoque. \u201cCentros que mudam\u201d: Transmite a ideia de que os centros educacionais escol\u00e1pios mudam, transformam as pessoas e seu ambiente.\u00a0<img decoding=\"async\" loading=\"lazy\" class=\"alignright\" src=\"https:\/\/www.educa.itakaescolapios.org\/wp-content\/uploads\/2021\/11\/logo-campa\u00f1a-2122-PORT-scaled.jpg\" alt=\"\" width=\"35%\" height=\"35%\" \/><\/span><\/p>\n<p style=\"text-align: justify;\"><span style=\"font-family: arial, helvetica, sans-serif; font-size: 16px;\">\u2022 Outro enfoque. \u201cCentros que mudam\u201d: Os pr\u00f3prios centros escol\u00e1pios (col\u00e9gios, internatos, centros socioeducativos&#8230;) devem mudar internamente, devem se atualizar, devem se tornar cada vez mais escol\u00e1pios, cada vez mais transformadores&#8230;<\/span><\/p>\n<p style=\"text-align: justify;\"><span style=\"font-family: arial, helvetica, sans-serif; font-size: 16px;\">\u2022 Outro enfoque. \u201cMude seu centro\u201d: Desafia professores, estudantes, religiosos, fam\u00edlias, monitores&#8230; a colaborarem na mudan\u00e7a, na transforma\u00e7\u00e3o do seu centro (escola, par\u00f3quia&#8230;).<\/span><\/p>\n<p style=\"text-align: justify;\"><span style=\"font-family: arial, helvetica, sans-serif; font-size: 16px;\">\u2022 Outro enfoque. &#8220;Centros que mudam, mude seu centro&#8221;: A partir de uma abordagem mais vital, o lema nos convida a mudar nosso centro. \u00c9 um convite a levantar o olhar, sair para a estrada, ir \u00e0 periferia, a se descentrar de si mesmo. Neste sentido, o slogan \u00e9 um convite a olhar as coisas de uma perspectiva diferente, mudar o centro a partir do qual muitas vezes vemos as coisas, nosso centro = nosso umbigo.<\/span><\/p>\n<p style=\"text-align: justify;\"><span style=\"font-family: arial, helvetica, sans-serif; font-size: 16px;\">\u2022 Outro enfoque. \u201cMude seu centro\u201d: Jesus veio para mudar nosso centro&#8230; ao longo da hist\u00f3ria, muitas pessoas conseguiram se descentralizar a ponto de dar suas vidas pelos outros. Inverta a escala de valores: os \u00faltimos n\u00e3o s\u00e3o os \u00faltimos, s\u00e3o os primeiros, como nos diz o Evangelho de Marcos.<\/span><\/p>\n<p style=\"text-align: justify;\"><span style=\"font-family: arial, helvetica, sans-serif; font-size: 16px;\">\u2022 Outro enfoque: \u201cMude seu centro\u201d: \u00c9 um alerta, um aviso cont\u00ednuo, mesmo para profissionais com uma longa trajet\u00f3ria na educa\u00e7\u00e3o ou na \u00e1rea de solidariedade. N\u00e3o devemos esquecer a perspectiva de que estamos e somos por e para eles, os pequenos s\u00e3o o &#8220;nosso&#8221; centro.<\/span><\/p>\n<p style=\"text-align: justify;\"><span style=\"font-family: arial, helvetica, sans-serif; font-size: 16px;\">\u2022 Al\u00e9m disso, o jogo do slogan entre singular e plural tamb\u00e9m \u00e9 sugestivo, pois n\u00e3o h\u00e1 mudan\u00e7a global sem mudan\u00e7a pessoal. A mudan\u00e7a social s\u00f3 \u00e9 poss\u00edvel com pessoas comprometidas.<\/span><\/p>\n<p style=\"text-align: justify;\"><span style=\"font-family: arial, helvetica, sans-serif; font-size: 16px;\">\u2022 \u2026<\/span><\/p>\n<p style=\"text-align: justify;\"><img decoding=\"async\" loading=\"lazy\" class=\"alignright\" style=\"font-family: arial, helvetica, sans-serif; text-align: justify;\" src=\"https:\/\/www.educa.itakaescolapios.org\/wp-content\/uploads\/2021\/11\/Dorotea-portada-.png\" alt=\"\" width=\"20%\" height=\"20%\" \/><\/p>\n<p style=\"text-align: justify;\"><strong><span style=\"font-size: 16px; font-family: arial, helvetica, sans-serif;\">Dorotea, novo personagem da tripula\u00e7\u00e3o Itaka-Escol\u00e1pios<\/span><\/strong><\/p>\n<p style=\"text-align: justify;\"><span style=\"font-family: arial, helvetica, sans-serif;\"><span style=\"font-size: 16px;\">Seu nome, Dorotea, nos lembra o lugar onde a grande contribui\u00e7\u00e3o transformadora de Calasanz come\u00e7ou.<\/span> <\/span><\/p>\n<p style=\"text-align: justify;\"><span style=\"font-family: arial, helvetica, sans-serif;\"><span style=\"font-size: 16px;\">\u00c9 uma mulher idosa, de mais idade, que traz sabedoria e perspectiva hist\u00f3rica.<\/span> <span style=\"font-size: 16px;\">Ela \u00e9 uma mulher envolvida tanto na educa\u00e7\u00e3o escol\u00e1pia formal quanto na n\u00e3o formal.<\/span> <span style=\"font-size: 16px;\">Com este novo personagem queremos reconhecer e prestar uma sincera homenagem a todos os idosos que dedicaram boa parte de suas longas vidas \u00e0 educa\u00e7\u00e3o transformadora em nossos centros educacionais.<\/span><\/span><\/p>\n<p style=\"text-align: justify;\"><span style=\"font-family: arial, helvetica, sans-serif;\"><span style=\"font-size: 16px;\">Dorotea \u00e9 tamb\u00e9m uma reivindica\u00e7\u00e3o para manter vivas aquelas primeiras intui\u00e7\u00f5es de Calasanz no Trast\u00e9vere romano. Dorotea encarna o esp\u00edrito das Escolas Pias que buscam responder criativamente \u00e0s necessidades das crian\u00e7as e dos jovens.<\/span> .<\/span><\/p>\n<p>&nbsp;<\/p>\n<h3><span style=\"text-decoration: underline;\"><strong>Clique nos links para acessar o conte\u00fado da campanha:<\/strong><\/span><\/h3>\n<p style=\"padding-left: 40px;\"><span style=\"font-family: arial, helvetica, sans-serif;\"><a href=\"https:\/\/www.educa.itakaescolapios.org\/campanas\/2021-2022-centros-que-cambian-cambia-tu-centro\/recordando-la-campana-reiniciando-para-transformar\" target=\"_blank\" rel=\"noopener noreferrer\">Lembrando a campanha \u201cReiniciar para Transformar\u201d.<\/a><\/span><\/p>\n<p style=\"padding-left: 40px;\"><span style=\"font-family: arial, helvetica, sans-serif;\"><a href=\"https:\/\/www.educa.itakaescolapios.org\/2021-2022-centros-que-cambian-cambia-tu-centro\/presentacion-del-coordinador-general\" target=\"_blank\" rel=\"noopener noreferrer\">Apresenta\u00e7\u00e3o do Coordenador Geral\u00a0<\/a><\/span><\/p>\n<p style=\"padding-left: 40px;\"><span style=\"font-family: arial, helvetica, sans-serif;\"><a href=\"https:\/\/www.educa.itakaescolapios.org\/2021-2022-centros-que-cambian-cambia-tu-centro\/metodologia-de-la-campana\" target=\"_blank\" rel=\"noopener noreferrer\" aria-current=\"page\">\u00a0Metodolog\u00eda da campanha<\/a><\/span><\/p>\n<p style=\"padding-left: 40px;\"><span style=\"font-family: arial, helvetica, sans-serif;\"><a href=\"https:\/\/www.educa.itakaescolapios.org\/campanas\/2021-2022-centros-que-cambian-cambia-tu-centro\/actividades\" target=\"_blank\" rel=\"noopener noreferrer\">Atividades<\/a><\/span><\/p>\n<p style=\"padding-left: 80px;\"><span style=\"font-family: arial, helvetica, sans-serif;\"><a href=\"https:\/\/www.educa.itakaescolapios.org\/2021-2022-centros-que-cambian-cambia-tu-centro\/actividades\/actividad-inicial-para-el-claustro\" target=\"_blank\" rel=\"noopener noreferrer\">Atividade inicial para o Claustro<\/a><\/span><\/p>\n<p style=\"padding-left: 80px;\"><a href=\"https:\/\/www.educa.itakaescolapios.org\/derecho-a-la-educacion\/la-educacion-no-siempre-es-transformadora\" target=\"_blank\" rel=\"noopener noreferrer\"><span style=\"font-family: arial, helvetica, sans-serif;\">Atividade adulta (comunidades, miss\u00e3o compartilhada, etc.)<\/span><\/a><\/p>\n<p style=\"padding-left: 80px;\"><span style=\"font-family: arial, helvetica, sans-serif;\"><a href=\"https:\/\/www.educa.itakaescolapios.org\/2021-2022-centros-que-cambian-cambia-tu-centro\/actividades\/oraciones-y-eucaristia\" target=\"_blank\" rel=\"noopener noreferrer\">Ora\u00e7\u00f5es e Eucaristia<\/a><\/span><\/p>\n<p style=\"padding-left: 80px;\"><span style=\"font-family: arial, helvetica, sans-serif;\"><a href=\"https:\/\/www.educa.itakaescolapios.org\/wp-content\/uploads\/2021\/11\/PT.Carta-Dorotea-1.pdf\" target=\"_blank\" rel=\"noopener noreferrer\">Carta de motiva\u00e7\u00e3o de Dorotea<\/a><\/span><\/p>\n<p style=\"padding-left: 80px;\"><span style=\"font-family: arial, helvetica, sans-serif;\"><a href=\"https:\/\/www.educa.itakaescolapios.org\/2021-2022-centros-que-cambian-cambia-tu-centro\/actividades\/mision-solidaridad\" target=\"_blank\" rel=\"noopener noreferrer\">Miss\u00e3o SOLIDARIDADE <\/a>&#8212;\u00a0 \u00a0 <a href=\"https:\/\/www.educa.itakaescolapios.org\/wp-content\/uploads\/2021\/11\/PT.Carta-Dorotea-fin-SOLIDARIDAD.pdf\" target=\"_blank\" rel=\"noopener noreferrer\">Carta final da miss\u00e3o<\/a><\/span><\/p>\n<p style=\"padding-left: 120px;\"><span style=\"font-family: arial, helvetica, sans-serif;\"><a href=\"https:\/\/www.educa.itakaescolapios.org\/enfoque-local-global\/cadena-de-favores\" target=\"_blank\" rel=\"noopener noreferrer\">Corrente de favores (a partir de 12 anos de idade)<\/a><img decoding=\"async\" loading=\"lazy\" class=\"alignright size-medium wp-image-2975\" src=\"https:\/\/www.educa.itakaescolapios.org\/wp-content\/uploads\/2020\/11\/mano-click-verde-por-dos-300x156.jpg\" alt=\"\" width=\"20%\" height=\"20%\" srcset=\"https:\/\/www.educa.itakaescolapios.org\/wp-content\/uploads\/2020\/11\/mano-click-verde-por-dos-300x156.jpg 300w, https:\/\/www.educa.itakaescolapios.org\/wp-content\/uploads\/2020\/11\/mano-click-verde-por-dos-1024x532.jpg 1024w, https:\/\/www.educa.itakaescolapios.org\/wp-content\/uploads\/2020\/11\/mano-click-verde-por-dos-768x399.jpg 768w, https:\/\/www.educa.itakaescolapios.org\/wp-content\/uploads\/2020\/11\/mano-click-verde-por-dos-1536x799.jpg 1536w, https:\/\/www.educa.itakaescolapios.org\/wp-content\/uploads\/2020\/11\/mano-click-verde-por-dos-2048x1065.jpg 2048w, https:\/\/www.educa.itakaescolapios.org\/wp-content\/uploads\/2020\/11\/mano-click-verde-por-dos-250x130.jpg 250w\" sizes=\"(max-width: 300px) 100vw, 300px\" \/><\/span><\/p>\n<p style=\"padding-left: 120px;\"><span style=\"font-family: arial, helvetica, sans-serif;\"><a href=\"https:\/\/www.educa.itakaescolapios.org\/interculturalidad\/cuadros-cooperativos\" target=\"_blank\" rel=\"noopener noreferrer\"> Quadros cooperativos (de 10 a 16 anos de idade)<\/a><\/span><\/p>\n<p style=\"padding-left: 120px;\"><span style=\"font-family: arial, helvetica, sans-serif;\"><a href=\"https:\/\/www.educa.itakaescolapios.org\/derecho-a-la-educacion\/csi-solidaridad\" target=\"_blank\" rel=\"noopener noreferrer\">CSI Solidariedade (a partir de 3\u00a0 anos de idade)<\/a><\/span><\/p>\n<p style=\"padding-left: 120px;\"><span style=\"font-family: arial, helvetica, sans-serif;\"><a href=\"https:\/\/www.educa.itakaescolapios.org\/sostenibilidad\/321-metafora-solidaridad-2\" target=\"_blank\" rel=\"noopener noreferrer\">3,2,1 met\u00e1fora solidariedade (a partir de 3\u00a0 anos de idade)<\/a><\/span><\/p>\n<p style=\"padding-left: 120px;\"><span style=\"font-family: arial, helvetica, sans-serif;\"><a href=\"https:\/\/www.educa.itakaescolapios.org\/lucha-contra-la-exclusion\/juegos-solidarios\" target=\"_blank\" rel=\"noopener noreferrer\">Jogos solid\u00e1rios (de 6 a 16 anos de idade)<\/a><\/span><\/p>\n<p style=\"padding-left: 120px;\"><span style=\"font-family: arial, helvetica, sans-serif;\"><a href=\"https:\/\/www.educa.itakaescolapios.org\/lucha-contra-la-exclusion\/bateria-de-actividades-solidarias\" target=\"_blank\" rel=\"noopener noreferrer\">Bateria de atividades solid\u00e1rias (a partir de 3 anos de idade)<\/a><\/span><\/p>\n<p style=\"padding-left: 120px;\"><span style=\"font-family: arial, helvetica, sans-serif;\"><a href=\"https:\/\/www.educa.itakaescolapios.org\/derecho-a-la-educacion\/conoce-y-da-a-conocer-los-centros-de-itaka-escolapios\" target=\"_blank\" rel=\"noopener noreferrer\">Conhe\u00e7a e divulgue os centros da Itaka-Escol\u00e1pios (a partir de 3 anos de idade)<\/a><\/span><\/p>\n<p style=\"padding-left: 120px;\"><span style=\"font-family: arial, helvetica, sans-serif;\"><a href=\"https:\/\/www.educa.itakaescolapios.org\/derecho-a-la-educacion\/deporte-solidario\" target=\"_blank\" rel=\"noopener noreferrer\">Esporte solid\u00e1rio<\/a><\/span><\/p>\n<p style=\"padding-left: 80px;\"><span style=\"font-family: arial, helvetica, sans-serif;\"><a href=\"https:\/\/www.educa.itakaescolapios.org\/campanas\/2021-2022-centros-que-cambian-cambia-tu-centro\/actividades\/mision-coeducacion\" target=\"_blank\" rel=\"noopener noreferrer\">Misi\u00f3n COEDUCA\u00c7\u00c3O <\/a>\u00a0&#8212;\u00a0 \u00a0<a href=\"https:\/\/www.educa.itakaescolapios.org\/wp-content\/uploads\/2021\/11\/PT.Carta-Dorotea-fin-coeducaci\u00f3n.pdf\" target=\"_blank\" rel=\"noopener noreferrer\">Carta final da miss\u00e3o<\/a><\/span><\/p>\n<p style=\"padding-left: 120px;\"><span style=\"font-family: arial, helvetica, sans-serif;\"><a href=\"https:\/\/www.educa.itakaescolapios.org\/coeducacion\/gana-la-igualdad\" target=\"_blank\" rel=\"noopener noreferrer\">Igualdade vence (de 3 a 18 anos)<\/a><\/span><\/p>\n<p style=\"padding-left: 120px;\"><span style=\"font-family: arial, helvetica, sans-serif;\"><a href=\"https:\/\/www.educa.itakaescolapios.org\/coeducacion\/erase-una-vez\" target=\"_blank\" rel=\"noopener noreferrer\">Era uma vez (releitura de hist\u00f3rias tradicionais)(de 8 a 14 anos)<\/a><\/span><\/p>\n<p style=\"padding-left: 120px;\"><span style=\"font-family: arial, helvetica, sans-serif;\"><a href=\"https:\/\/www.educa.itakaescolapios.org\/coeducacion\/la-princesa-que-no-queria-ser-salvada\" target=\"_blank\" rel=\"noopener noreferrer\">A princesa que n\u00e3o queria ser salva (de 6 a 8 anos)<\/a><\/span><\/p>\n<p style=\"padding-left: 120px;\"><span style=\"font-family: arial, helvetica, sans-serif;\"><a href=\"https:\/\/www.educa.itakaescolapios.org\/coeducacion\/que-igualdad-queremos\" target=\"_blank\" rel=\"noopener noreferrer\">Purl. Que igualdade queremos? (a partir de 16 anos de idade)<\/a><\/span><\/p>\n<p style=\"padding-left: 120px;\"><span style=\"font-family: arial, helvetica, sans-serif;\"><a href=\"https:\/\/www.educa.itakaescolapios.org\/coeducacion\/hay-canciones-y-canciones\" target=\"_blank\" rel=\"noopener noreferrer\">H\u00e1 can\u00e7\u00f5es\u2026 e can\u00e7\u00f5es (de 6 a 16 anos)<\/a><\/span><\/p>\n<p style=\"padding-left: 120px;\"><span style=\"font-family: arial, helvetica, sans-serif;\"><a href=\"https:\/\/www.educa.itakaescolapios.org\/coeducacion\/como-una-chica\" target=\"_blank\" rel=\"noopener noreferrer\">Como uma menina(a partir de 10 anos de idade)<\/a><\/span><\/p>\n<p style=\"padding-left: 120px;\"><span style=\"font-family: arial, helvetica, sans-serif;\"><a href=\"https:\/\/www.educa.itakaescolapios.org\/coeducacion\/321-metafora-solidaridad\" target=\"_blank\" rel=\"noopener noreferrer\">Debate sobre a igualdade (a partir de 12 anos de idade)<\/a><\/span><\/p>\n<p style=\"padding-left: 120px;\"><span style=\"font-family: arial, helvetica, sans-serif;\"><a href=\"https:\/\/www.educa.itakaescolapios.org\/coeducacion\/que-significa-ser-un-hombre\" target=\"_blank\" rel=\"noopener noreferrer\">O que significa ser um homem? (a partir de 10 anos de idade)<\/a><\/span><\/p>\n<p style=\"padding-left: 80px;\"><span style=\"font-family: arial, helvetica, sans-serif;\"><a href=\"https:\/\/www.educa.itakaescolapios.org\/2021-2022-centros-que-cambian-cambia-tu-centro\/actividades\/mision-medioambiente\" target=\"_blank\" rel=\"noopener noreferrer\">Miss\u00e3o MEIO AMBIENTE \u00a0<\/a>&#8212;\u00a0 \u00a0 <a href=\"https:\/\/www.educa.itakaescolapios.org\/wp-content\/uploads\/2021\/11\/PT.Carta-Dorotea-fin-MEDIOAMBIENTE.pdf\" target=\"_blank\" rel=\"noopener noreferrer\">Carta final da miss\u00e3o<\/a><\/span><\/p>\n<p style=\"padding-left: 120px;\"><span style=\"font-family: arial, helvetica, sans-serif;\"><a href=\"https:\/\/www.educa.itakaescolapios.org\/sostenibilidad\/sumando-granos-de-arena\" target=\"_blank\" rel=\"noopener noreferrer\">Colocando gr\u00e3os de areia (de 3 a 18 anos)<\/a><\/span><\/p>\n<p style=\"padding-left: 120px;\"><span style=\"font-family: arial, helvetica, sans-serif;\"><a href=\"https:\/\/www.educa.itakaescolapios.org\/sostenibilidad\/compara-y-contrasta-entre-la-naturaleza-actual-y-cuidada\" target=\"_blank\" rel=\"noopener noreferrer\">O que mudou? (comparar e contrastar): (de 3 a 18 anos)<\/a><\/span><\/p>\n<p style=\"padding-left: 120px;\"><span style=\"font-family: arial, helvetica, sans-serif;\"><a href=\"https:\/\/www.educa.itakaescolapios.org\/sostenibilidad\/imagina-como-se-siente-la-naturaleza\" target=\"_blank\" rel=\"noopener noreferrer\">IMAGINE. Como se sente a Natureza? (de 3 a 18 anos)<\/a><\/span><\/p>\n<p style=\"padding-left: 120px;\"><span style=\"font-family: arial, helvetica, sans-serif;\"><a href=\"https:\/\/www.educa.itakaescolapios.org\/sostenibilidad\/repensando-los-problemas-medioambientales\" target=\"_blank\" rel=\"noopener noreferrer\">Repensando em quest\u00f5es ambientais (a partir de 12 anos de idade)<\/a><\/span><\/p>\n<p style=\"padding-left: 120px;\"><span style=\"font-family: arial, helvetica, sans-serif;\"><a href=\"https:\/\/www.educa.itakaescolapios.org\/sostenibilidad\/la-energia-de-mi-cole\" target=\"_blank\" rel=\"noopener noreferrer\">A energia da minha escola (de 3 a 5 anos)<\/a><\/span><\/p>\n<p style=\"padding-left: 120px;\"><span style=\"font-family: arial, helvetica, sans-serif;\"><a href=\"https:\/\/www.educa.itakaescolapios.org\/sostenibilidad\/para-que-quiero-los-pies\" target=\"_blank\" rel=\"noopener noreferrer\">Para que quero os p\u00e9s? (de 8 a 14 anos)<\/a><\/span><\/p>\n<p style=\"padding-left: 120px;\"><span style=\"font-family: arial, helvetica, sans-serif;\"><a href=\"https:\/\/www.educa.itakaescolapios.org\/sostenibilidad\/sin-energia-en-la-ciudad\" target=\"_blank\" rel=\"noopener noreferrer\">Sem energia na cidade (de 12 a 16 anos)<\/a><\/span><\/p>\n<p style=\"padding-left: 80px;\"><span style=\"font-family: arial, helvetica, sans-serif;\"><a href=\"https:\/\/www.educa.itakaescolapios.org\/2021-2022-centros-que-cambian-cambia-tu-centro\/actividades\/mision-interculturalidad\" target=\"_blank\" rel=\"noopener noreferrer\">Miss\u00e3o INTERCULTURALIDADE<\/a>&#8212;\u00a0 \u00a0 <a href=\"https:\/\/www.educa.itakaescolapios.org\/wp-content\/uploads\/2021\/11\/PT.Carta-Dorotea-fin-interculturalidad.pdf\" target=\"_blank\" rel=\"noopener noreferrer\">Carta final da miss\u00e3o<\/a><\/span><\/p>\n<p style=\"padding-left: 120px;\"><span style=\"font-family: arial, helvetica, sans-serif;\"><a href=\"https:\/\/www.educa.itakaescolapios.org\/interculturalidad\/todo-esta-inventado\" target=\"_blank\" rel=\"noopener noreferrer\">Tudo \u00e9 inventado (a partir de 3 anos de idade)<\/a><\/span><\/p>\n<p style=\"padding-left: 120px;\"><span style=\"font-family: arial, helvetica, sans-serif;\"><a href=\"https:\/\/www.educa.itakaescolapios.org\/interculturalidad\/nos-une-mas-que-nos-separa\" target=\"_blank\" rel=\"noopener noreferrer\">Nos une mais do que nos separa ( a partir de 12 anos de idade)<\/a><\/span><\/p>\n<p style=\"padding-left: 120px;\"><span style=\"font-family: arial, helvetica, sans-serif;\"><a href=\"https:\/\/www.educa.itakaescolapios.org\/interculturalidad\/semana-del-mundo\" target=\"_blank\" rel=\"noopener noreferrer\">Semana do mundo (de 14 a 18 anos)<\/a><\/span><\/p>\n<p style=\"padding-left: 120px;\"><span style=\"font-family: arial, helvetica, sans-serif;\">\u00a0<a href=\"https:\/\/www.educa.itakaescolapios.org\/interculturalidad\/mural\" target=\"_blank\" rel=\"noopener noreferrer\">Mural Interculturalidad<\/a><\/span><\/p>\n<p style=\"padding-left: 120px;\"><span style=\"font-family: arial, helvetica, sans-serif;\"><a href=\"https:\/\/www.educa.itakaescolapios.org\/interculturalidad\/catalogo-colores\" target=\"_blank\" rel=\"noopener noreferrer\">Cat\u00e1logo\u00a0 de cores<\/a><\/span><\/p>\n<p style=\"padding-left: 40px;\"><span style=\"font-family: arial, helvetica, sans-serif;\"><a href=\"https:\/\/www.educa.itakaescolapios.org\/campanas\/2021-2022-centros-que-cambian-cambia-tu-centro\/carteleria-y-otros-recursos\" target=\"_blank\" rel=\"noopener noreferrer\">Cartazes e decora\u00e7\u00e3o<\/a><\/span><\/p>\n<p style=\"padding-left: 40px;\"><span style=\"font-family: arial, helvetica, sans-serif;\"><a href=\"https:\/\/www.educa.itakaescolapios.org\/2021-2022-centros-que-cambian-cambia-tu-centro\/acciones-realizadas-localmente\" target=\"_blank\" rel=\"noopener noreferrer\">A\u00e7\u00f5es realizadas localmente<\/a><\/span><\/p>\n<p style=\"padding-left: 40px;\"><span style=\"font-family: arial, helvetica, sans-serif;\"><a href=\"https:\/\/www.educa.itakaescolapios.org\/2021-2022-centros-que-cambian-cambia-tu-centro\/cuestionario-de-evaluacion\" target=\"_blank\" rel=\"noopener noreferrer\">Question\u00e1rio de avalia\u00e7\u00e3o<\/a><\/span><\/p>\n<p style=\"padding-left: 40px;\"><span style=\"font-family: arial, helvetica, sans-serif;\"><a href=\"https:\/\/www.educa.itakaescolapios.org\/2021-2022-centros-que-cambian-cambia-tu-centro\/haz-un-donativo-y-cambia-el-mundo\" target=\"_blank\" rel=\"noopener noreferrer\">Fa\u00e7a uma doa\u00e7\u00e3o<\/a><\/span><\/p>\n<p>\u00a0 <span style=\"font-family: arial, helvetica, sans-serif; font-size: 16px;\"><img decoding=\"async\" loading=\"lazy\" class=\"aligncenter\" src=\"https:\/\/www.educa.itakaescolapios.org\/wp-content\/uploads\/2021\/11\/logo-campa\u00f1a-2122-PORT-scaled.jpg\" alt=\"\" width=\"55%\" height=\"55%\" \/><\/span><\/p>","protected":false},"excerpt":{"rendered":"<p>https:\/\/youtu.be\/Wj36XmDpFN8 Destino solidario da la campanha: A rede Itaka-Escol\u00e1pios contribui para apoiar nas \u00e1reas educacional, pastoral e financeira, vinte e nove centros educacionais escol\u00e1pios localizados na [&hellip;]<\/p>\n","protected":false},"author":5,"featured_media":4950,"parent":70,"menu_order":0,"comment_status":"closed","ping_status":"closed","template":"","meta":[],"acf":[],"_links":{"self":[{"href":"https:\/\/www.educa.itakaescolapios.org\/pt\/wp-json\/wp\/v2\/pages\/4946"}],"collection":[{"href":"https:\/\/www.educa.itakaescolapios.org\/pt\/wp-json\/wp\/v2\/pages"}],"about":[{"href":"https:\/\/www.educa.itakaescolapios.org\/pt\/wp-json\/wp\/v2\/types\/page"}],"author":[{"embeddable":true,"href":"https:\/\/www.educa.itakaescolapios.org\/pt\/wp-json\/wp\/v2\/users\/5"}],"replies":[{"embeddable":true,"href":"https:\/\/www.educa.itakaescolapios.org\/pt\/wp-json\/wp\/v2\/comments?post=4946"}],"version-history":[{"count":158,"href":"https:\/\/www.educa.itakaescolapios.org\/pt\/wp-json\/wp\/v2\/pages\/4946\/revisions"}],"predecessor-version":[{"id":7617,"href":"https:\/\/www.educa.itakaescolapios.org\/pt\/wp-json\/wp\/v2\/pages\/4946\/revisions\/7617"}],"up":[{"embeddable":true,"href":"https:\/\/www.educa.itakaescolapios.org\/pt\/wp-json\/wp\/v2\/pages\/70"}],"wp:featuredmedia":[{"embeddable":true,"href":"https:\/\/www.educa.itakaescolapios.org\/pt\/wp-json\/wp\/v2\/media\/4950"}],"wp:attachment":[{"href":"https:\/\/www.educa.itakaescolapios.org\/pt\/wp-json\/wp\/v2\/media?parent=4946"}],"curies":[{"name":"wp","href":"https:\/\/api.w.org\/{rel}","templated":true}]}}