{"id":5040,"date":"2021-10-26T12:42:36","date_gmt":"2021-10-26T10:42:36","guid":{"rendered":"https:\/\/www.educa.itakaescolapios.org\/?page_id=5040"},"modified":"2021-12-10T19:12:47","modified_gmt":"2021-12-10T18:12:47","slug":"mision-solidaridad","status":"publish","type":"page","link":"https:\/\/www.educa.itakaescolapios.org\/pt\/campanas\/2021-2022-centros-que-cambian-cambia-tu-centro\/actividades\/mision-solidaridad","title":{"rendered":"Miss\u00e3o Solidariedade"},"content":{"rendered":"<p><\/p>\n<p style=\"text-align: justify;\"><span style=\"font-family: arial, helvetica, sans-serif;\"><img decoding=\"async\" loading=\"lazy\" class=\"alignright\" style=\"margin: 5px;\" src=\"https:\/\/www.educa.itakaescolapios.org\/wp-content\/uploads\/2021\/10\/Misi\u00f3n-SOLIDARIDIDAD.png\" alt=\"\" width=\"60%%\" height=\"60%\" \/><\/span><\/p>\n<p style=\"text-align: justify;\"><span style=\"font-family: arial, helvetica, sans-serif;\">Os centros escol\u00e1pios s\u00e3o chamados a serem centros de solidariedade, com seus participantes, com seu meio ambiente e com o mundo.<\/span><\/p>\n<p style=\"text-align: justify;\"><span style=\"font-family: arial, helvetica, sans-serif;\">Como na escola secund\u00e1ria em Barquisimeto, Venezuela. Onde o refeit\u00f3rio escolar atende as pessoas mais carentes do bairro. Quem mais se beneficia do refeit\u00f3rio s\u00e3o as crian\u00e7as pequenas que estudam em outras escolas sem cantinas. Muitos dos centros educativos da Itaka-Escol\u00e1pios realizam iniciativas de solidariedade, mesmo com dificuldades financeiras para manter seu pr\u00f3prio trabalho porque a solidariedade faz parte de sua raz\u00e3o de ser.<\/span><\/p>\n<p style=\"text-align: justify;\"><span style=\"font-family: arial, helvetica, sans-serif;\">Dorotea e Bla convidam voc\u00ea a trabalhar em seu pr\u00f3prio centro escolar para participar da Miss\u00e3o Solidariedade e obter o diploma de solidariedade.\u00a0 Todo o dinheiro arrecadado ser\u00e1 destinado a contribuir para a manuten\u00e7\u00e3o econ\u00f4mica dos Centros da Itaka-Escol\u00e1pios com mais dificuldades para trabalhar no dia a dia, na Bol\u00edvia, Camar\u00f5es, Gab\u00e3o, \u00cdndia, Mo\u00e7ambique, Rep\u00fablica Democr\u00e1tica do Congo, Senegal e Venezuela.<\/span><\/p>\n<p style=\"text-align: justify;\"><span style=\"font-family: arial, helvetica, sans-serif;\">Voc\u00ea conta com uma carta da Dorotea para iniciar a campanha de solidariedade, numerosas atividades para fazer e outra carta dela para cada miss\u00e3o completada.(<a href=\"https:\/\/www.educa.itakaescolapios.org\/wp-content\/uploads\/2021\/11\/PT.Carta-Dorotea-fin-SOLIDARIDAD.pdf\" target=\"_blank\" rel=\"noopener noreferrer\">Carta final da miss\u00e3o<\/a>)<\/span><\/p>\n<p style=\"padding-left: 120px;\"><span style=\"font-family: arial, helvetica, sans-serif;\"><a href=\"https:\/\/www.educa.itakaescolapios.org\/enfoque-local-global\/cadena-de-favores\" target=\"_blank\" rel=\"noopener noreferrer\">Corrente de favores (a partir de 12 anos de idade)<\/a><\/span><\/p>\n<p style=\"padding-left: 120px;\"><span style=\"font-family: arial, helvetica, sans-serif;\"><a href=\"https:\/\/www.educa.itakaescolapios.org\/interculturalidad\/cuadros-cooperativos\" target=\"_blank\" rel=\"noopener noreferrer\"> Quadros cooperativos (de 10 a 16 anos de idade)<\/a><\/span><\/p>\n<p style=\"padding-left: 120px;\"><span style=\"font-family: arial, helvetica, sans-serif;\"><a href=\"https:\/\/www.educa.itakaescolapios.org\/derecho-a-la-educacion\/csi-solidaridad\" target=\"_blank\" rel=\"noopener noreferrer\">CSI Solidariedade (a partir de 3\u00a0 anos de idade)<\/a><\/span><\/p>\n<p style=\"padding-left: 120px;\"><span style=\"font-family: arial, helvetica, sans-serif;\"><a href=\"https:\/\/www.educa.itakaescolapios.org\/sostenibilidad\/321-metafora-solidaridad-2\" target=\"_blank\" rel=\"noopener noreferrer\">3,2,1 met\u00e1fora solidariedade (a partir de 3\u00a0 anos de idade)<\/a><\/span><\/p>\n<p style=\"padding-left: 120px;\"><span style=\"font-family: arial, helvetica, sans-serif;\"><a href=\"https:\/\/www.educa.itakaescolapios.org\/lucha-contra-la-exclusion\/juegos-solidarios\" target=\"_blank\" rel=\"noopener noreferrer\">Jogos solid\u00e1rios (de 6 a 16 anos de idade)<\/a><\/span><\/p>\n<p style=\"padding-left: 120px;\"><span style=\"font-family: arial, helvetica, sans-serif;\"><a href=\"https:\/\/www.educa.itakaescolapios.org\/lucha-contra-la-exclusion\/bateria-de-actividades-solidarias\" target=\"_blank\" rel=\"noopener noreferrer\">Bateria de atividades solid\u00e1rias (a partir de 3 anos de idade)<\/a><\/span><\/p>\n<p style=\"padding-left: 120px;\"><span style=\"font-family: arial, helvetica, sans-serif;\"><a href=\"https:\/\/www.educa.itakaescolapios.org\/derecho-a-la-educacion\/conoce-y-da-a-conocer-los-centros-de-itaka-escolapios\" target=\"_blank\" rel=\"noopener noreferrer\">Conhe\u00e7a e divulgue os centros da Itaka-Escol\u00e1pios (a partir de 3 anos de idade)<\/a><\/span><\/p>\n<p style=\"padding-left: 120px;\"><span style=\"font-family: arial, helvetica, sans-serif;\"><a href=\"https:\/\/www.educa.itakaescolapios.org\/derecho-a-la-educacion\/deporte-solidario\" target=\"_blank\" rel=\"noopener noreferrer\">Esporte solid\u00e1rio<\/a><\/span><\/p>\n<hr \/>\n<p><img decoding=\"async\" loading=\"lazy\" class=\"alignright size-medium wp-image-2975\" src=\"https:\/\/www.educa.itakaescolapios.org\/wp-content\/uploads\/2020\/11\/mano-click-verde-por-dos-300x156.jpg\" alt=\"\" width=\"20%\" height=\"20%\" srcset=\"https:\/\/www.educa.itakaescolapios.org\/wp-content\/uploads\/2020\/11\/mano-click-verde-por-dos-300x156.jpg 300w, https:\/\/www.educa.itakaescolapios.org\/wp-content\/uploads\/2020\/11\/mano-click-verde-por-dos-1024x532.jpg 1024w, https:\/\/www.educa.itakaescolapios.org\/wp-content\/uploads\/2020\/11\/mano-click-verde-por-dos-768x399.jpg 768w, https:\/\/www.educa.itakaescolapios.org\/wp-content\/uploads\/2020\/11\/mano-click-verde-por-dos-1536x799.jpg 1536w, https:\/\/www.educa.itakaescolapios.org\/wp-content\/uploads\/2020\/11\/mano-click-verde-por-dos-2048x1065.jpg 2048w, https:\/\/www.educa.itakaescolapios.org\/wp-content\/uploads\/2020\/11\/mano-click-verde-por-dos-250x130.jpg 250w\" sizes=\"(max-width: 300px) 100vw, 300px\" \/><\/p>","protected":false},"excerpt":{"rendered":"<p>Os centros escol\u00e1pios s\u00e3o chamados a serem centros de solidariedade, com seus participantes, com seu meio ambiente e com o mundo. Como na escola secund\u00e1ria em [&hellip;]<\/p>\n","protected":false},"author":5,"featured_media":0,"parent":5117,"menu_order":4,"comment_status":"closed","ping_status":"closed","template":"","meta":[],"acf":[],"_links":{"self":[{"href":"https:\/\/www.educa.itakaescolapios.org\/pt\/wp-json\/wp\/v2\/pages\/5040"}],"collection":[{"href":"https:\/\/www.educa.itakaescolapios.org\/pt\/wp-json\/wp\/v2\/pages"}],"about":[{"href":"https:\/\/www.educa.itakaescolapios.org\/pt\/wp-json\/wp\/v2\/types\/page"}],"author":[{"embeddable":true,"href":"https:\/\/www.educa.itakaescolapios.org\/pt\/wp-json\/wp\/v2\/users\/5"}],"replies":[{"embeddable":true,"href":"https:\/\/www.educa.itakaescolapios.org\/pt\/wp-json\/wp\/v2\/comments?post=5040"}],"version-history":[{"count":31,"href":"https:\/\/www.educa.itakaescolapios.org\/pt\/wp-json\/wp\/v2\/pages\/5040\/revisions"}],"predecessor-version":[{"id":5832,"href":"https:\/\/www.educa.itakaescolapios.org\/pt\/wp-json\/wp\/v2\/pages\/5040\/revisions\/5832"}],"up":[{"embeddable":true,"href":"https:\/\/www.educa.itakaescolapios.org\/pt\/wp-json\/wp\/v2\/pages\/5117"}],"wp:attachment":[{"href":"https:\/\/www.educa.itakaescolapios.org\/pt\/wp-json\/wp\/v2\/media?parent=5040"}],"curies":[{"name":"wp","href":"https:\/\/api.w.org\/{rel}","templated":true}]}}