{"id":6375,"date":"2022-11-02T11:32:57","date_gmt":"2022-11-02T10:32:57","guid":{"rendered":"https:\/\/www.educa.itakaescolapios.org\/?page_id=6375"},"modified":"2023-02-14T13:30:41","modified_gmt":"2023-02-14T12:30:41","slug":"metodologia-de-trabajo","status":"publish","type":"page","link":"https:\/\/www.educa.itakaescolapios.org\/pt\/campanas\/2022-2023-una-voz-un-millon-de-cambios\/metodologia-de-trabajo","title":{"rendered":"Metodologia de trabalho"},"content":{"rendered":"<p><\/p>\n<p style=\"text-align: left;\"><span style=\"font-family: arial, helvetica, sans-serif;\">Bem-vindos a uma nova campanha de solidariedade!<\/span><\/p>\n<p style=\"text-align: left;\"><span style=\"font-family: arial, helvetica, sans-serif;\">Nesta ocasi\u00e3o, como a cada ano, propomos uma campanha, que tenta adaptar-se \u00e0s diversas formas de trabalhar, a fim de facilitar o seu desenvolvimento em cada um das obras, projetos e presen\u00e7as dos quatro continentes, onde impulsionamos a miss\u00e3o escol\u00e1pia.<\/span><\/p>\n<p style=\"text-align: left;\"><span style=\"font-family: arial, helvetica, sans-serif;\">Igual ao per\u00edodo da Campanha passada, propomos uma aventura atrav\u00e9s das miss\u00f5es diferentes entre si. De modo que, superando, pouco a pouco, cada uma delas, os alunos se unir\u00e3o \u00e0 tarefa de nossa j\u00e1 tradicional tripula\u00e7\u00e3o.<\/span><\/p>\n<p style=\"text-align: left;\"><span style=\"font-family: arial, helvetica, sans-serif;\">Com essa abordagem, podemos trabalhar a campanha como parte de um projeto acad\u00eamico e integr\u00e1-la, no dia a dia de nossos alunos e alunas, ou tamb\u00e9m, podemos trabalhar cada miss\u00e3o de maneira independente ao longo do ano. Convidamos voc\u00eas, isso sim, a marcar a continuidade entre uma miss\u00e3o e outra, para que os alunos sejam conscientes da globalidade da campanha e da rela\u00e7\u00e3o entre as miss\u00f5es.<\/span><\/p>\n<p style=\"text-align: left;\"><span style=\"font-family: arial, helvetica, sans-serif;\">Este ano, queremos dar uma import\u00e2ncia especial a um dos desafios que nos prop\u00f5e o Papa Francisco em sua proposta para construir o Pacto Educativo Global: o de escutar a voz dos meninos, meninas e jovens. Um desafio que est\u00e1 intimamente unido com o tema anual da Ordem (Tua Voz), e uma tarefa t\u00e3o escol\u00e1pia como colocar no centro as crian\u00e7as e jovens e sua vis\u00e3o. Suas necessidades, suas queixas e seu desejo de formar parte da mudan\u00e7a necess\u00e1ria para toda a sociedade devem ser escutados.<\/span><\/p>\n<p style=\"text-align: left;\"><span style=\"font-family: arial, helvetica, sans-serif;\">Para isso, ser\u00e1 necess\u00e1rio que trabalhemos, em nossa aulas, grupos etc., a capacidade de sentir, imaginar e mudar o entorno mais pr\u00f3ximo. Desse modo, vamos ajud\u00e1-los a ser conscientes de que eles e elas podem (e devem) ser protagonistas da mudan\u00e7a, de que podem ser a voz e o grito das pessoas que foram silenciadas ou que, por diversas raz\u00f5es, n\u00e3o s\u00e3o escutadas.<img decoding=\"async\" class=\"alignright\" style=\"font-family: arial, helvetica, sans-serif; text-align: justify;\" src=\"https:\/\/www.educa.itakaescolapios.org\/wp-content\/uploads\/2022\/11\/CALASANZ_color_sin-fondo-estrecho.jpg\" alt=\"\" width=\"20%\" \/><\/span><\/p>\n<p style=\"text-align: left;\"><span style=\"font-family: arial, helvetica, sans-serif;\">Com todas esas a\u00e7\u00f5es solid\u00e1rias, continuamos cuidando da dupla tarefa de apoiar a miss\u00e3o escol\u00e1pia em lugares situados a muitos km de nossas presen\u00e7as enquanto trabalhamos para que nossas obras sigam crescendo como centros transformadores do entorno mais pr\u00f3ximo, trabalhando em rede, atrav\u00e9s do Educa. E, por isso, em cada miss\u00e3o ser\u00e1 apresentado algum dos projetos compartilhados em Itaka-Escol\u00e1pia que possa inspirar-nos a atuar em nossa realidade.<\/span><\/p>\n<p style=\"text-align: left;\"><span style=\"font-family: arial, helvetica, sans-serif;\">Al\u00e9m disso, na maioria das atividades (de maneira impl\u00edcita), segue-se o esquema j\u00e1 utilizado anteriormente <em>Sente-Imagina-Muda, <\/em>de maneira que se possa interiorizar essa forma de atuar e descobrir a necessidade de coloc\u00e1-lo em pr\u00e1tica ao nosso redor.<\/span><\/p>\n<p style=\"text-align: left;\"><span style=\"font-family: arial, helvetica, sans-serif;\">E, por \u00faltimo, recordamos que, uma das chaves do \u00eaxito \u00e9 a de ambientar o m\u00e1ximo poss\u00edvel o in\u00edcio de cada uma das miss\u00f5es. Pode servir para isso uma pequena dramatiza\u00e7\u00e3o, a ambienta\u00e7\u00e3o, alguma visita \u00e0s aulas por parte de Calasanz ou seus companheiros de tripula\u00e7\u00e3o, para explicar as miss\u00f5es, uma carta de Calasanz para os alunos, pedindo colabora\u00e7\u00e3o etc. E n\u00e3os nos esque\u00e7amos dos recursos compartilhados! Os v\u00eddeos, a can\u00e7\u00e3o da campanha e os cartazes podem ser muito \u00fateis.<\/span><\/p>\n<p style=\"text-align: left;\"><span style=\"font-family: arial, helvetica, sans-serif;\">Seria de grande ajuda que, se realizem atividades pr\u00f3prias, diferentes das que que aqui se apresentam, por favor, compartilhem-nas para que se possa realizar em outros centros e assim fazer crescer nossa rede. Enviem suas colabora\u00e7\u00f5es e\/ou coment\u00e1rios a <a href=\"mailto:educa@itakaescolapios.org\">educa@itakaescolapios.org<\/a>.<\/span><\/p>\n<p style=\"text-align: left;\"><span style=\"font-family: arial, helvetica, sans-serif;\">\u00c2nimo e muito obrigado por acompanhar os participantes nessa aventura!<\/span><\/p>\n<p>&nbsp;<\/p>\n<ul>\n<li><span style=\"font-size: 20px;\"><a style=\"font-family: arial, helvetica, sans-serif;\" href=\"https:\/\/www.educa.itakaescolapios.org\/derecho-a-la-educacion\/actividad-inicial-claustro-campana-solidaridad-2022-23\" target=\"_blank\" rel=\"noopener noreferrer\">Atividade inicial para o claustro<\/a><\/span><\/li>\n<li class=\"page_item page-item-6357\" style=\"text-align: left;\"><span style=\"font-size: 20px;\"><a style=\"font-family: arial, helvetica, sans-serif;\" href=\"https:\/\/www.educa.itakaescolapios.org\/campanas\/2022-2023-una-voz-un-millon-de-cambios\/metodologia-de-trabajo\/mision-paz\">Miss\u00e3o Paz<\/a><\/span><\/li>\n<li class=\"page_item page-item-6385\"><span style=\"font-family: arial, helvetica, sans-serif; font-size: 20px;\"><a href=\"https:\/\/www.educa.itakaescolapios.org\/campanas\/2022-2023-una-voz-un-millon-de-cambios\/metodologia-de-trabajo\/mision-conectate\">Miss\u00e3o Se Connecte<\/a><\/span><\/li>\n<li class=\"page_item page-item-6387 current_page_item\"><span style=\"font-size: 20px;\"><span style=\"font-family: arial, helvetica, sans-serif;\"><a href=\"https:\/\/www.educa.itakaescolapios.org\/campanas\/2022-2023-una-voz-un-millon-de-cambios\/metodologia-de-trabajo\/mision-expresate\" aria-current=\"page\">Miss\u00e3o Se Expresse<\/a><\/span><\/span><\/li>\n<\/ul>\n<p>&nbsp;<\/p>\n<p>&nbsp;<\/p>\n<p>&nbsp;<\/p>\n<p>&nbsp;<\/p>","protected":false},"excerpt":{"rendered":"<p>Bem-vindos a uma nova campanha de solidariedade! Nesta ocasi\u00e3o, como a cada ano, propomos uma campanha, que tenta adaptar-se \u00e0s diversas formas de trabalhar, a fim [&hellip;]<\/p>\n","protected":false},"author":5,"featured_media":0,"parent":6355,"menu_order":3,"comment_status":"closed","ping_status":"closed","template":"","meta":[],"acf":[],"_links":{"self":[{"href":"https:\/\/www.educa.itakaescolapios.org\/pt\/wp-json\/wp\/v2\/pages\/6375"}],"collection":[{"href":"https:\/\/www.educa.itakaescolapios.org\/pt\/wp-json\/wp\/v2\/pages"}],"about":[{"href":"https:\/\/www.educa.itakaescolapios.org\/pt\/wp-json\/wp\/v2\/types\/page"}],"author":[{"embeddable":true,"href":"https:\/\/www.educa.itakaescolapios.org\/pt\/wp-json\/wp\/v2\/users\/5"}],"replies":[{"embeddable":true,"href":"https:\/\/www.educa.itakaescolapios.org\/pt\/wp-json\/wp\/v2\/comments?post=6375"}],"version-history":[{"count":19,"href":"https:\/\/www.educa.itakaescolapios.org\/pt\/wp-json\/wp\/v2\/pages\/6375\/revisions"}],"predecessor-version":[{"id":7255,"href":"https:\/\/www.educa.itakaescolapios.org\/pt\/wp-json\/wp\/v2\/pages\/6375\/revisions\/7255"}],"up":[{"embeddable":true,"href":"https:\/\/www.educa.itakaescolapios.org\/pt\/wp-json\/wp\/v2\/pages\/6355"}],"wp:attachment":[{"href":"https:\/\/www.educa.itakaescolapios.org\/pt\/wp-json\/wp\/v2\/media?parent=6375"}],"curies":[{"name":"wp","href":"https:\/\/api.w.org\/{rel}","templated":true}]}}