{"id":6385,"date":"2022-11-02T12:56:08","date_gmt":"2022-11-02T11:56:08","guid":{"rendered":"https:\/\/www.educa.itakaescolapios.org\/?page_id=6385"},"modified":"2023-04-17T18:52:13","modified_gmt":"2023-04-17T16:52:13","slug":"mision-conectate","status":"publish","type":"page","link":"https:\/\/www.educa.itakaescolapios.org\/pt\/campanas\/2022-2023-una-voz-un-millon-de-cambios\/metodologia-de-trabajo\/mision-conectate","title":{"rendered":"Miss\u00e3o Se Connecte"},"content":{"rendered":"<p><img decoding=\"async\" class=\"alignright\" src=\"https:\/\/www.educa.itakaescolapios.org\/wp-content\/uploads\/2023\/02\/PT.LOGO-M-CONECTE-PORT.png\" alt=\"\" width=\"40%\" \/><\/p>\n<p style=\"text-align: left;\"><span style=\"font-family: arial, helvetica, sans-serif;\">Conectar com as necessidade de quem nos cerca \u00e9 fomentar a empatia, e somente desde a\u00ed, nascemos para apoiar o outro, desde nossa fragilidade humana.<\/span><\/p>\n<p style=\"text-align: left;\"><span style=\"font-family: arial, helvetica, sans-serif;\">Atrav\u00e9s dessa miss\u00e3o, buscaremos gerar la\u00e7os com os projetos de Itaka-Escol\u00e1pios, facilitando que, desde nossa realidade, possamos compreender melhor o que vivem muitos jovens escol\u00e1pios de presen\u00e7as muito distantes.<\/span><\/p>\n<p style=\"text-align: left;\"><span style=\"font-family: arial, helvetica, sans-serif;\">Prop\u00f5e-se a continuar uma s\u00e9rie de atividades para trabalhar, seja em sala de aula ou no Movimento Calasanz, com crian\u00e7as e jovens de todas as idades. Convidamos voc\u00eas a descobri-las, n\u00e3o sem antes apresentar-lhes e contextualizar a campanha <em>\u201cUma voz, um milh\u00e3o de mudan\u00e7as\u201d<\/em> com a ajuda de, ao menos, um destes dois v\u00eddeos.<\/span><\/p>\n<p>&nbsp;<\/p>\n<p><iframe loading=\"lazy\" src=\"\/\/www.youtube.com\/embed\/FJMId-xm8gk\" width=\"48%\" height=\"200\" allowfullscreen=\"allowfullscreen\"><\/iframe> <iframe loading=\"lazy\" src=\"\/\/www.youtube.com\/embed\/HamdBtINONA\" width=\"48%\" height=\"200\" allowfullscreen=\"allowfullscreen\"><\/iframe><\/p>\n<ul>\n<li style=\"list-style-type: none;\"><\/li>\n<\/ul>\n<p><strong>ATIVIDADES <\/strong><strong>PARA<\/strong><strong> EM SALA DE AULA<\/strong><\/p>\n<ul>\n<li style=\"list-style-type: none;\">\n<ul>\n<li style=\"list-style-type: none;\">\n<ul>\n<li style=\"list-style-type: none;\">\n<ul style=\"list-style-type: square;\">\n<li><a href=\"https:\/\/www.educa.itakaescolapios.org\/enfoque-local-global\/un-mar-de-hormigas\" target=\"_blank\" rel=\"noopener noreferrer\">Um mar de formigas (dos 3 aos 8 anos)<\/a><\/li>\n<li><a href=\"https:\/\/www.educa.itakaescolapios.org\/interculturalidad\/presidente-a-por-un-dia\" target=\"_blank\" rel=\"noopener noreferrer\">Presidente por um d\u00eda (dos 8 aos 12 anos)<\/a><\/li>\n<li><a href=\"https:\/\/www.educa.itakaescolapios.org\/derecho-a-la-educacion\/carteles-de-cambio\" target=\"_blank\" rel=\"noopener noreferrer\">Cartazes de mudan\u00e7a (dos 12 aos 16 anos)<\/a><\/li>\n<li><a href=\"https:\/\/www.educa.itakaescolapios.org\/derecho-a-la-educacion\/el-noticiero\" target=\"_blank\" rel=\"noopener noreferrer\">O notici\u00e1rio (dos 16 aos 18 anos)<\/a><\/li>\n<li><a href=\"https:\/\/www.educa.itakaescolapios.org\/derecho-a-la-educacion\/vamos-al-cole\" target=\"_blank\" rel=\"noopener noreferrer\">Vamos ao col\u00e9gio (dos 3 aos 8 anos)<\/a><\/li>\n<li><a href=\"https:\/\/www.educa.itakaescolapios.org\/derecho-a-la-educacion\/escuelas-pias-conectadas\" target=\"_blank\" rel=\"noopener noreferrer\">EEPP conectadas (dos 8 aos 12 anos)<\/a><\/li>\n<li><a href=\"https:\/\/www.educa.itakaescolapios.org\/derecho-a-la-educacion\/conectate-pero-para-que\" target=\"_blank\" rel=\"noopener noreferrer\">Conectar-se, mas\u2026 para qu\u00ea? (dos 12 aos 16 anos)<\/a><\/li>\n<\/ul>\n<\/li>\n<\/ul>\n<\/li>\n<\/ul>\n<\/li>\n<\/ul>\n<p><strong>ATIVIDADES PARA O MOVIMENTO CALASANZ<\/strong><\/p>\n<ul>\n<li style=\"list-style-type: none;\">\n<ul>\n<li style=\"list-style-type: none;\">\n<ul>\n<li style=\"list-style-type: none;\">\n<ul style=\"list-style-type: square;\">\n<li><a href=\"https:\/\/www.educa.itakaescolapios.org\/coeducacion\/mision-conectate-movimiento-calasanz\" target=\"_blank\" rel=\"noopener noreferrer\">Jogo da Mem\u00f3ria\u00a0<\/a><\/li>\n<li><a href=\"https:\/\/www.educa.itakaescolapios.org\/derecho-a-la-educacion\/y-si-viviese-en-el-asrama\" target=\"_blank\" rel=\"noopener noreferrer\">E se eu vivesse em Asrama?<\/a><\/li>\n<li><a href=\"https:\/\/www.educa.itakaescolapios.org\/derecho-a-la-educacion\/comic-internazo\" target=\"_blank\" rel=\"noopener noreferrer\">C\u00f3mic internato<\/a><\/li>\n<li><a href=\"https:\/\/www.educa.itakaescolapios.org\/interculturalidad\/una-voz-una-conexion\" target=\"_blank\" rel=\"noopener noreferrer\">Una voz, una conexi\u00f3n<\/a><\/li>\n<li><a href=\"https:\/\/www.educa.itakaescolapios.org\/coeducacion\/amigos-de-corazon\" target=\"_blank\" rel=\"noopener noreferrer\">Amigos de Cora\u00e7\u00e3o<\/a><\/li>\n<\/ul>\n<\/li>\n<\/ul>\n<\/li>\n<\/ul>\n<\/li>\n<\/ul>\n<p><strong>ATIVIDADES PARA GRUPOS E COMUNIDADES ADULTAS<\/strong><\/p>\n<ul>\n<li style=\"list-style-type: none;\">\n<ul>\n<li style=\"list-style-type: none;\">\n<ul style=\"list-style-type: square;\">\n<li><a href=\"https:\/\/www.educa.itakaescolapios.org\/derecho-a-la-educacion\/actividad-para-personas-adultas-mision-conectate-campana-solidaridad-2022-23\" target=\"_blank\" rel=\"noopener noreferrer\">Conhecer a miss\u00e3o dos internados<\/a><\/li>\n<\/ul>\n<p><img decoding=\"async\" loading=\"lazy\" class=\"aligncenter\" style=\"font-family: arial, helvetica, sans-serif; font-size: 20px;\" src=\"https:\/\/www.educa.itakaescolapios.org\/wp-content\/uploads\/2020\/11\/mano-click-verde-en-el-medio-150x150.jpg\" alt=\"\" width=\"10%\" height=\"10%\" \/><\/p>\n<p><img decoding=\"async\" loading=\"lazy\" class=\"aligncenter\" src=\"https:\/\/www.educa.itakaescolapios.org\/wp-content\/uploads\/2021\/12\/Bla-te-invita.png\" alt=\"\" width=\"50%\" height=\"50%\" \/><\/li>\n<\/ul>\n<\/li>\n<\/ul>\n<p><\/p>","protected":false},"excerpt":{"rendered":"<p>Conectar com as necessidade de quem nos cerca \u00e9 fomentar a empatia, e somente desde a\u00ed, nascemos para apoiar o outro, desde nossa fragilidade humana. Atrav\u00e9s [&hellip;]<\/p>\n","protected":false},"author":5,"featured_media":0,"parent":6375,"menu_order":1,"comment_status":"closed","ping_status":"closed","template":"","meta":[],"acf":[],"_links":{"self":[{"href":"https:\/\/www.educa.itakaescolapios.org\/pt\/wp-json\/wp\/v2\/pages\/6385"}],"collection":[{"href":"https:\/\/www.educa.itakaescolapios.org\/pt\/wp-json\/wp\/v2\/pages"}],"about":[{"href":"https:\/\/www.educa.itakaescolapios.org\/pt\/wp-json\/wp\/v2\/types\/page"}],"author":[{"embeddable":true,"href":"https:\/\/www.educa.itakaescolapios.org\/pt\/wp-json\/wp\/v2\/users\/5"}],"replies":[{"embeddable":true,"href":"https:\/\/www.educa.itakaescolapios.org\/pt\/wp-json\/wp\/v2\/comments?post=6385"}],"version-history":[{"count":34,"href":"https:\/\/www.educa.itakaescolapios.org\/pt\/wp-json\/wp\/v2\/pages\/6385\/revisions"}],"predecessor-version":[{"id":7574,"href":"https:\/\/www.educa.itakaescolapios.org\/pt\/wp-json\/wp\/v2\/pages\/6385\/revisions\/7574"}],"up":[{"embeddable":true,"href":"https:\/\/www.educa.itakaescolapios.org\/pt\/wp-json\/wp\/v2\/pages\/6375"}],"wp:attachment":[{"href":"https:\/\/www.educa.itakaescolapios.org\/pt\/wp-json\/wp\/v2\/media?parent=6385"}],"curies":[{"name":"wp","href":"https:\/\/api.w.org\/{rel}","templated":true}]}}