{"id":6387,"date":"2022-11-02T12:56:51","date_gmt":"2022-11-02T11:56:51","guid":{"rendered":"https:\/\/www.educa.itakaescolapios.org\/?page_id=6387"},"modified":"2023-03-06T18:43:26","modified_gmt":"2023-03-06T17:43:26","slug":"mision-expresate","status":"publish","type":"page","link":"https:\/\/www.educa.itakaescolapios.org\/pt\/campanas\/2022-2023-una-voz-un-millon-de-cambios\/metodologia-de-trabajo\/mision-expresate","title":{"rendered":"Miss\u00e3o Se Expresse"},"content":{"rendered":"<p><img decoding=\"async\" class=\"alignright\" src=\"https:\/\/www.educa.itakaescolapios.org\/wp-content\/uploads\/2023\/02\/PT.LOGO-M-EXPRESSE-PORT.png\" alt=\"\" width=\"40%\" \/><\/p>\n<p style=\"text-align: left;\"><span style=\"font-family: arial, helvetica, sans-serif;\">Todos temos uma voz nem todos temos um microfone; por\u00e9m \u00e9 hora de poder pegar um e soltar a voz em prol da transforma\u00e7\u00e3o social, pois, para que algo se transforme, \u00e9 necess\u00e1rio dar-lhe visibilidade, anunci\u00e1-lo e denunci\u00e1-lo.\u00a0<\/span><\/p>\n<p style=\"text-align: left;\"><span style=\"font-family: arial, helvetica, sans-serif;\">Foram desenvolvidas atividades para a sala de aula e o Movimento Calasanz, com as quais, a partir de uma reflex\u00e3o inicial, s\u00e3o fornecidas ferramentas que possibilitam a partida. Convidamos voc\u00eas a descobri-las, n\u00e3o sem antes apresentar-lhes e contextualizar a campanha <strong>apresentar-lhes e contextualizar a campanha <em>\u201cUma voz, um milh\u00e3o de mudan\u00e7as\u201d<\/em> com a ajuda de, ao menos, um destes dois v\u00eddeos<\/strong>.<\/span><\/p>\n<p><iframe loading=\"lazy\" src=\"\/\/www.youtube.com\/embed\/FJMId-xm8gk\" width=\"48%\" height=\"200\" allowfullscreen=\"allowfullscreen\"><\/iframe> <iframe loading=\"lazy\" src=\"\/\/www.youtube.com\/embed\/HamdBtINONA\" width=\"48%\" height=\"200\" allowfullscreen=\"allowfullscreen\"><\/iframe><\/p>\n<ul>\n<li style=\"list-style-type: none;\"><\/li>\n<\/ul>\n<p><strong>ATIVIDADES <\/strong><strong>PARA<\/strong><strong> EM SALA DE AULA<\/strong><\/p>\n<ul>\n<li style=\"list-style-type: none;\">\n<ul style=\"list-style-type: square;\">\n<li><a href=\"https:\/\/www.educa.itakaescolapios.org\/interculturalidad\/que-bonito-es-ser-diferentes\" target=\"_blank\" rel=\"noopener noreferrer\">E voc\u00ea, o que sente? (dos 3 aos 8 anos)<\/a><\/li>\n<li><a href=\"https:\/\/www.educa.itakaescolapios.org\/interculturalidad\/alza-tu-pincel-por-un-mundo-mejor\" target=\"_blank\" rel=\"noopener noreferrer\">Levante seu pincel (dos 8 aos 12 anos)<\/a><\/li>\n<li><a href=\"https:\/\/www.educa.itakaescolapios.org\/interculturalidad\/toma-la-palabra\" target=\"_blank\" rel=\"noopener noreferrer\">Tome a palavra (dos 12 aos 16 anos)<\/a><\/li>\n<li><a href=\"https:\/\/www.educa.itakaescolapios.org\/interculturalidad\/la-migracion-a-debate\" target=\"_blank\" rel=\"noopener noreferrer\">A migra\u00e7\u00e3o em debate (dos 16 aos 18 anos)<\/a><\/li>\n<li><a href=\"https:\/\/www.educa.itakaescolapios.org\/derecho-a-la-educacion\/tu-voz-escrita-tambien-transforma\" target=\"_blank\" rel=\"noopener noreferrer\">Tu voz escrita, tambi\u00e9n transforma (de 6 a 8 a\u00f1os)<\/a><\/li>\n<li><a href=\"https:\/\/www.educa.itakaescolapios.org\/interculturalidad\/construye-el-cambio\" target=\"_blank\" rel=\"noopener noreferrer\">Constroi a mudan\u00e7a. (dos 8 aos 12 anos)<\/a><\/li>\n<li><a href=\"https:\/\/www.educa.itakaescolapios.org\/enfoque-local-global\/en-protesta\" target=\"_blank\" rel=\"noopener noreferrer\">Emprotesto (dos 12 aos 18 anos)<\/a><\/li>\n<\/ul>\n<\/li>\n<\/ul>\n<p><strong>ATIVIDADES PARA O MOVIMENTO CALASANZ<\/strong><\/p>\n<ul>\n<li style=\"list-style-type: none;\">\n<ul style=\"list-style-type: square;\">\n<li><a href=\"https:\/\/www.educa.itakaescolapios.org\/interculturalidad\/plan-de-comunicacion-apm\" target=\"_blank\" rel=\"noopener noreferrer\">Plano de Comunica\u00e7\u00e3o APM<\/a><\/li>\n<li><a href=\"https:\/\/www.educa.itakaescolapios.org\/coeducacion\/venta-de-talentos\" target=\"_blank\" rel=\"noopener noreferrer\">Venda de talentos<\/a><\/li>\n<\/ul>\n<\/li>\n<\/ul>\n<p><strong>ATIVIDADES PARA GRUPOS E COMUNIDADES ADULTAS<\/strong><\/p>\n<ul>\n<li style=\"list-style-type: none;\">\n<ul style=\"list-style-type: square;\">\n<li><a href=\"https:\/\/www.educa.itakaescolapios.org\/derecho-a-la-educacion\/actividad-para-personas-adultas-mision-expresate-campana-solidaridad-2022-23\" target=\"_blank\" rel=\"noopener noreferrer\">Generando cambios<\/a><\/li>\n<\/ul>\n<\/li>\n<\/ul>\n<p><img decoding=\"async\" loading=\"lazy\" class=\"aligncenter\" style=\"font-family: arial, helvetica, sans-serif; font-size: 20px;\" src=\"https:\/\/www.educa.itakaescolapios.org\/wp-content\/uploads\/2020\/11\/mano-click-verde-en-el-medio-150x150.jpg\" alt=\"\" width=\"10%\" height=\"10%\" \/><\/p>\n<p><img decoding=\"async\" loading=\"lazy\" class=\"aligncenter\" src=\"https:\/\/www.educa.itakaescolapios.org\/wp-content\/uploads\/2020\/11\/BLA_COLOR-recortada-scaled.jpg\" alt=\"\" width=\"50%\" height=\"50%\" \/><\/p>","protected":false},"excerpt":{"rendered":"<p>Todos temos uma voz nem todos temos um microfone; por\u00e9m \u00e9 hora de poder pegar um e soltar a voz em prol da transforma\u00e7\u00e3o social, pois, [&hellip;]<\/p>\n","protected":false},"author":5,"featured_media":0,"parent":6375,"menu_order":2,"comment_status":"closed","ping_status":"closed","template":"","meta":[],"acf":[],"_links":{"self":[{"href":"https:\/\/www.educa.itakaescolapios.org\/pt\/wp-json\/wp\/v2\/pages\/6387"}],"collection":[{"href":"https:\/\/www.educa.itakaescolapios.org\/pt\/wp-json\/wp\/v2\/pages"}],"about":[{"href":"https:\/\/www.educa.itakaescolapios.org\/pt\/wp-json\/wp\/v2\/types\/page"}],"author":[{"embeddable":true,"href":"https:\/\/www.educa.itakaescolapios.org\/pt\/wp-json\/wp\/v2\/users\/5"}],"replies":[{"embeddable":true,"href":"https:\/\/www.educa.itakaescolapios.org\/pt\/wp-json\/wp\/v2\/comments?post=6387"}],"version-history":[{"count":29,"href":"https:\/\/www.educa.itakaescolapios.org\/pt\/wp-json\/wp\/v2\/pages\/6387\/revisions"}],"predecessor-version":[{"id":7486,"href":"https:\/\/www.educa.itakaescolapios.org\/pt\/wp-json\/wp\/v2\/pages\/6387\/revisions\/7486"}],"up":[{"embeddable":true,"href":"https:\/\/www.educa.itakaescolapios.org\/pt\/wp-json\/wp\/v2\/pages\/6375"}],"wp:attachment":[{"href":"https:\/\/www.educa.itakaescolapios.org\/pt\/wp-json\/wp\/v2\/media?parent=6387"}],"curies":[{"name":"wp","href":"https:\/\/api.w.org\/{rel}","templated":true}]}}