{"id":6391,"date":"2022-11-02T13:27:55","date_gmt":"2022-11-02T12:27:55","guid":{"rendered":"https:\/\/www.educa.itakaescolapios.org\/?page_id=6391"},"modified":"2024-02-14T13:30:14","modified_gmt":"2024-02-14T12:30:14","slug":"https-www-ecampanas-2022-2023-una-voz-un-millon-de-cambios-carteleria-y-ambientacion","status":"publish","type":"page","link":"https:\/\/www.educa.itakaescolapios.org\/pt\/campanas\/2022-2023-una-voz-un-millon-de-cambios\/https-www-ecampanas-2022-2023-una-voz-un-millon-de-cambios-carteleria-y-ambientacion","title":{"rendered":"Cartazes e decora\u00e7\u00e3o"},"content":{"rendered":"<p>&nbsp;<\/p>\n<p><strong><span style=\"text-decoration: underline; font-size: 24px; font-family: arial, helvetica, sans-serif;\">Can\u00e7\u00e3o da campanha:<\/span><\/strong><\/p>\n<ul>\n<li><span style=\"font-family: arial, helvetica, sans-serif;\"><a href=\"https:\/\/www.educa.itakaescolapios.org\/wp-content\/uploads\/2023\/02\/tua_voz_cifra.pdf\">Arquivo com letra e acordes em PDF.<br \/>\n<\/a><a href=\"https:\/\/www.educa.itakaescolapios.org\/wp-content\/uploads\/2022\/11\/Tu-voz-con-acordes.pdf\"><img decoding=\"async\" loading=\"lazy\" class=\"alignright\" src=\"https:\/\/www.educa.itakaescolapios.org\/wp-content\/uploads\/2020\/11\/mano-click-verde-por-dos.jpg\" alt=\"\" width=\"148\" height=\"77\" \/><\/a><\/span><\/li>\n<\/ul>\n<p>&nbsp;<\/p>\n<ul>\n<li style=\"list-style-type: none;\">\n<ul>\n<li><span style=\"font-family: arial, helvetica, sans-serif;\"><a href=\"https:\/\/www.educa.itakaescolapios.org\/wp-content\/uploads\/2023\/02\/tua_voz.mp4\" target=\"_blank\" rel=\"noopener noreferrer\">Arquivo MP3 com a can\u00e7\u00e3o:<\/a><\/span><\/li>\n<\/ul>\n<\/li>\n<\/ul>\n<p>&nbsp;<\/p>\n<p>&nbsp;<\/p>\n<p><strong><span style=\"text-decoration: underline; font-size: 24px;\"><span style=\"font-family: arial, helvetica, sans-serif;\">Cartazes e logotipos<\/span><\/span><\/strong><\/p>\n<table style=\"border-collapse: collapse; width: 100%;\" border=\"1\">\n<tbody>\n<tr style=\"height: 50px;\">\n<td style=\"width: 24.7052%; text-align: left; height: 50px;\" height=\"51\"><\/td>\n<td style=\"width: 37.7948%; text-align: left; height: 50px;\"><span style=\"color: #333333; font-family: arial, helvetica, sans-serif;\"><strong>LOGO CAMPA\u00d1A<\/strong><\/span><\/td>\n<td style=\"width: 26.8868%; text-align: left; height: 50px;\"><span style=\"color: #333333; font-family: arial, helvetica, sans-serif;\"><strong>CARTEL CAMPA\u00d1A<\/strong><\/span><\/td>\n<\/tr>\n<tr style=\"height: 33px;\">\n<td style=\"width: 24.7052%; height: 33px;\" height=\"34\"><span style=\"font-family: arial, helvetica, sans-serif;\"><strong><span style=\"color: #000000;\">ESPANHOL<\/span><\/strong><\/span><\/td>\n<td style=\"width: 37.7948%; height: 33px;\"><span style=\"color: #800000; font-family: arial, helvetica, sans-serif;\"><a style=\"color: #800000;\" href=\"https:\/\/www.educa.itakaescolapios.org\/wp-content\/uploads\/2022\/11\/ES.LOGO-ITAKA-2223-ESP.png\" target=\"_blank\" rel=\"noopener noreferrer\">Una voz, un mill\u00f3n de cambios<\/a><\/span><\/td>\n<td style=\"width: 26.8868%; height: 33px;\"><span style=\"color: #808000; font-family: arial, helvetica, sans-serif;\"><a style=\"color: #808000;\" href=\"https:\/\/www.educa.itakaescolapios.org\/wp-content\/uploads\/2022\/11\/ES.CARTEL-campan\u0303a-2023.pdf\" target=\"_blank\" rel=\"noopener noreferrer\">CAMPA\u00d1A DE SOLIDARIDAD<\/a>\u00a0<\/span><\/td>\n<\/tr>\n<tr style=\"height: 33px;\">\n<td style=\"width: 24.7052%; height: 33px;\" height=\"34\"><span style=\"font-family: arial, helvetica, sans-serif;\"><strong><span style=\"color: #000000;\">INGL\u00caS<\/span><\/strong><\/span><\/td>\n<td style=\"width: 37.7948%; height: 33px;\"><span style=\"color: #800000; font-family: arial, helvetica, sans-serif;\"><a style=\"color: #800000;\" href=\"https:\/\/www.educa.itakaescolapios.org\/wp-content\/uploads\/2022\/11\/EN.LOGO-ITAKA.png\" target=\"_blank\" rel=\"noopener noreferrer\">One voice, a million changes<\/a><\/span><\/td>\n<td style=\"width: 26.8868%; height: 33px;\"><span style=\"color: #808000; font-family: arial, helvetica, sans-serif;\"><a style=\"color: #808000;\" href=\"https:\/\/www.educa.itakaescolapios.org\/wp-content\/uploads\/2022\/11\/EN.CARTEL-campan\u0303a-2023.pdf\" target=\"_blank\" rel=\"noopener noreferrer\">SOLIDARITY CAMPAIGN<\/a><\/span><\/td>\n<\/tr>\n<tr style=\"height: 33px;\">\n<td style=\"width: 24.7052%; height: 33px;\" height=\"34\"><span style=\"color: #000000; font-family: arial, helvetica, sans-serif;\"><strong>FRANC\u00caS<\/strong><\/span><\/td>\n<td style=\"width: 37.7948%; height: 33px;\"><span style=\"color: #800000; font-family: arial, helvetica, sans-serif;\"><a style=\"color: #800000;\" href=\"https:\/\/www.educa.itakaescolapios.org\/wp-content\/uploads\/2022\/11\/FR.LOGO-ITAKA-FRA.png\" target=\"_blank\" rel=\"noopener noreferrer\">Une voix, un million de changements<\/a><\/span><\/td>\n<td style=\"width: 26.8868%; height: 33px;\"><span style=\"font-family: arial, helvetica, sans-serif;\"><a href=\"https:\/\/www.educa.itakaescolapios.org\/wp-content\/uploads\/2022\/11\/FR.CARTEL-campan\u0303a-2023.pdf\" target=\"_blank\" rel=\"noopener noreferrer\"><span style=\"color: #808000;\">CAMPAGNE DE SOLIDARIT\u00c9<\/span><\/a><\/span><\/td>\n<\/tr>\n<tr style=\"height: 33px;\">\n<td style=\"width: 24.7052%; height: 33px;\" height=\"34\"><span style=\"color: #000000; font-family: arial, helvetica, sans-serif;\"><strong>PORTUGU\u00caS<\/strong><\/span><\/td>\n<td style=\"width: 37.7948%; height: 33px;\"><span style=\"color: #800000; font-family: arial, helvetica, sans-serif;\"><a style=\"color: #800000;\" href=\"https:\/\/www.educa.itakaescolapios.org\/wp-content\/uploads\/2022\/11\/PT.LOGO-ITAKA-PORT.png\" target=\"_blank\" rel=\"noopener noreferrer\">Uma voz, um milh\u00e3o de mudan\u00e7as<\/a><\/span><\/td>\n<td style=\"width: 26.8868%; height: 33px;\"><span style=\"font-family: arial, helvetica, sans-serif;\"><a href=\"https:\/\/www.educa.itakaescolapios.org\/wp-content\/uploads\/2022\/11\/PT.CARTEL-campan\u0303a-2023.pdf\" target=\"_blank\" rel=\"noopener noreferrer\"><span style=\"color: #808000;\">CAMPANHA DE SOLIDARIDADE<\/span><\/a><\/span><\/td>\n<\/tr>\n<tr style=\"height: 33px;\">\n<td style=\"width: 24.7052%; height: 33px;\" height=\"34\"><span style=\"color: #000000; font-family: arial, helvetica, sans-serif;\"><strong>BASCO<\/strong><\/span><\/td>\n<td style=\"width: 37.7948%; height: 33px;\"><span style=\"color: #800000; font-family: arial, helvetica, sans-serif;\"><a style=\"color: #800000;\" href=\"https:\/\/www.educa.itakaescolapios.org\/wp-content\/uploads\/2022\/11\/EU.LOGO-ITAKA-EUSK.png\" target=\"_blank\" rel=\"noopener noreferrer\">Ahots bat, hamaika aldaketa<\/a><\/span><\/td>\n<td style=\"width: 26.8868%; height: 33px;\"><span style=\"font-family: arial, helvetica, sans-serif;\"><a href=\"https:\/\/www.educa.itakaescolapios.org\/wp-content\/uploads\/2022\/11\/EU.CARTEL-campan\u0303a-2023.pdf\" target=\"_blank\" rel=\"noopener noreferrer\"><span style=\"color: #808000;\">ELKARTASUN KANPAINA<\/span><\/a><\/span><\/td>\n<\/tr>\n<tr style=\"height: 33px;\">\n<td style=\"width: 24.7052%; height: 33px;\" height=\"34\"><span style=\"color: #000000; font-family: arial, helvetica, sans-serif;\"><strong>GALLEGO<\/strong><\/span><\/td>\n<td style=\"width: 37.7948%; height: 33px;\"><span style=\"color: #800000; font-family: arial, helvetica, sans-serif;\"><a style=\"color: #800000;\" href=\"https:\/\/www.educa.itakaescolapios.org\/wp-content\/uploads\/2022\/11\/GA.LOGO-ITAKA-GAL.png\" target=\"_blank\" rel=\"noopener noreferrer\">Unha voz, un mill\u00f3n de cambios<\/a><\/span><\/td>\n<td style=\"width: 26.8868%; height: 33px;\"><span style=\"font-family: arial, helvetica, sans-serif;\"><a href=\"https:\/\/www.educa.itakaescolapios.org\/wp-content\/uploads\/2022\/11\/GA.CARTEL-campan\u0303a-2023.pdf\" target=\"_blank\" rel=\"noopener noreferrer\"><span style=\"color: #808000;\">CAMPA\u00d1A DE SOLIDARIEDADE<\/span><\/a><\/span><\/td>\n<\/tr>\n<tr style=\"height: 33px;\">\n<td style=\"width: 24.7052%; height: 32px;\" height=\"34\"><span style=\"color: #000000; font-family: arial, helvetica, sans-serif;\"><strong>VALENCIANO<\/strong><\/span><\/td>\n<td style=\"width: 37.7948%; height: 32px;\"><\/td>\n<td style=\"width: 26.8868%; height: 32px;\"><span style=\"font-family: arial, helvetica, sans-serif;\"><a href=\"https:\/\/www.educa.itakaescolapios.org\/wp-content\/uploads\/2022\/11\/CA.CARTEL-campan\u0303a-2023.pdf\" target=\"_blank\" rel=\"noopener noreferrer\"><span style=\"color: #808000;\">CAMPANYA DE SOLIDARITAT<\/span><\/a><\/span><\/td>\n<\/tr>\n<\/tbody>\n<\/table>\n<p><span style=\"font-family: arial, helvetica, sans-serif;\">Todos os cartazes em pdf<a href=\"https:\/\/www.educa.itakaescolapios.org\/wp-content\/uploads\/2022\/11\/CARTEL-campan\u0303a-2223-DEF.pdf\">,<span style=\"text-decoration: underline;\"><strong> aqui.<\/strong><\/span><\/a><\/span><\/p>\n<p><span style=\"font-family: arial, helvetica, sans-serif;\">Todos os logotipos <strong><span style=\"text-decoration: underline;\"><a href=\"https:\/\/www.educa.itakaescolapios.org\/wp-content\/uploads\/2022\/11\/logo-campan\u0303a-itaka-2223-def.pdf\" target=\"_blank\" rel=\"noopener noreferrer\">aqui.<\/a><\/span><\/strong><\/span><\/p>\n<p><span style=\"font-family: arial, helvetica, sans-serif;\">Obrigado Cartazes, <span style=\"text-decoration: underline;\"><a href=\"https:\/\/www.educa.itakaescolapios.org\/campanas\/2022-2023-una-voz-un-millon-de-cambios\/recordamos-centros-que-cambian-cambia-tu-centro\" target=\"_blank\" rel=\"noopener noreferrer\"><strong>aqui<\/strong><\/a><\/span>.<\/span><\/p>\n<p style=\"text-align: left;\"><span style=\"font-family: arial, helvetica, sans-serif;\">Pasta comprimida com as imagens utilizadas para as folhas de projeto <strong><span style=\"text-decoration: underline;\"><a href=\"https:\/\/www.educa.itakaescolapios.org\/wp-content\/uploads\/2023\/03\/Imagenes-de-las-fichas-campana-22-23.rar\" target=\"_blank\" rel=\"noopener\">aqui<\/a><\/span>.<\/strong><\/span><\/p>\n<p>&nbsp;<\/p>\n<p>&nbsp;<\/p>\n<h3><span style=\"text-decoration: underline; font-family: arial, helvetica, sans-serif;\"><span style=\"font-size: 24px;\">Personagens<\/span><\/span><\/h3>\n<table style=\"border-collapse: collapse; width: 99.8466%; height: 1150px;\" border=\"1\">\n<tbody>\n<tr style=\"height: 100px;\">\n<td style=\"width: 33.3333%; height: 100px;\" height=\"100\"><\/td>\n<td style=\"width: 33.3333%; height: 100px; text-align: center;\"><span style=\"color: #800000;\"><strong>CARACTER\u00cdSTICAS em COR<\/strong><\/span><\/td>\n<td style=\"width: 33.3333%; height: 100px; text-align: center;\"><span style=\"color: #545436; font-family: arial, helvetica, sans-serif;\"><strong>CAR\u00c1TER A COR<\/strong><\/span><\/td>\n<\/tr>\n<tr style=\"height: 49px;\">\n<td style=\"width: 33.3333%; height: 49px; text-align: justify;\" width=\"477\"><span style=\"font-family: arial, helvetica, sans-serif;\">Uma vida dedicada a ensinar e aprender. Seus anos de experi\u00eancia como educadora nos convidam a ouvi-la atentamente. O \u00faltimo desafio de Dorotea? Convencer-nos da necessidade de praticar uma educa\u00e7\u00e3o transformadora, que melhore nossas vidas e as dos que nos rodeiam.<\/span><\/td>\n<td style=\"width: 33.3333%; height: 49px; text-align: center; vertical-align: middle; padding-left: 40px;\"><span style=\"color: #800000; font-family: arial, helvetica, sans-serif;\"><a style=\"color: #800000;\" href=\"https:\/\/www.educa.itakaescolapios.org\/wp-content\/uploads\/2021\/11\/Dorotea_color_sin-fondo.png\" target=\"_blank\" rel=\"noopener noreferrer\">DOROTEA<\/a><\/span><\/p>\n<p><span style=\"color: #800000; font-family: arial, helvetica, sans-serif;\"><a style=\"color: #800000;\" href=\"https:\/\/www.educa.itakaescolapios.org\/wp-content\/uploads\/2021\/11\/Dorotea_color.png\" target=\"_blank\" rel=\"noopener noreferrer\">DOROTEA (com fundo)<\/a><\/span><\/td>\n<td style=\"width: 33.3333%; height: 49px; vertical-align: middle; padding-left: 40px; text-align: center;\"><span style=\"color: #333333; font-family: arial, helvetica, sans-serif;\"><a style=\"color: #333333;\" href=\"https:\/\/www.educa.itakaescolapios.org\/wp-content\/uploads\/2021\/11\/Dorotea_linea-scaled.jpg\" target=\"_blank\" rel=\"noopener noreferrer\">DOROTEA<\/a><\/span><\/td>\n<\/tr>\n<tr style=\"height: 24px;\">\n<td style=\"width: 33.3333%; height: 24px; text-align: justify;\" width=\"477\"><span style=\"font-family: arial, helvetica, sans-serif;\">Promotor do direito \u00e0 educa\u00e7\u00e3o universal, lidera a expedi\u00e7\u00e3o e \u00e9 o maior respons\u00e1vel por tudo o que acontece nela. Seu objetivo \u00e9: encher de \u201cPiedade e Letras\u201d todas as partes do planeta.<\/span><\/td>\n<td style=\"width: 33.3333%; height: 24px; text-align: center; vertical-align: middle; padding-left: 40px;\"><span style=\"color: #800000; font-family: arial, helvetica, sans-serif;\"><a style=\"color: #800000;\" href=\"https:\/\/www.educa.itakaescolapios.org\/wp-content\/uploads\/2021\/11\/CALASANZ_color_sin-fondo.png\" target=\"_blank\" rel=\"noopener noreferrer\">CALASANZ<\/a><\/span><\/p>\n<p><span style=\"color: #800000; font-family: arial, helvetica, sans-serif;\"><a style=\"color: #800000;\" href=\"https:\/\/www.educa.itakaescolapios.org\/wp-content\/uploads\/2021\/11\/CALASANZ_color.png\" target=\"_blank\" rel=\"noopener noreferrer\">CALASANZ(com fundo)<\/a><\/span><\/td>\n<td style=\"width: 33.3333%; height: 24px; vertical-align: middle; padding-left: 40px; text-align: center;\"><span style=\"font-family: arial, helvetica, sans-serif;\"><a href=\"https:\/\/www.educa.itakaescolapios.org\/wp-content\/uploads\/2021\/11\/Calasanz-blanco-y-negro.jpeg\" target=\"_blank\" rel=\"noopener noreferrer\"><span style=\"color: #333333;\">CALASANZ<\/span><\/a><\/span><\/td>\n<\/tr>\n<tr style=\"height: 71px;\">\n<td style=\"width: 33.3333%; height: 71px; text-align: justify;\" width=\"477\"><span style=\"font-family: arial, helvetica, sans-serif;\">Nasceram na Rep\u00fablica Democr\u00e1tica do Congo, a adolescente Elykia e a pequena Esengo, percorrem o mundo contando suas hist\u00f3rias e defendendo os direitos das meninas e da mulheres.<\/span><\/td>\n<td style=\"width: 33.3333%; height: 71px; text-align: center; vertical-align: middle; padding-left: 40px;\"><span style=\"color: #800000; font-family: arial, helvetica, sans-serif;\"><a style=\"color: #800000;\" href=\"https:\/\/www.itakaescolapios.org\/wp-content\/uploads\/2019\/11\/ELIKIA-ESENGO_color.pdf\" target=\"_blank\" rel=\"noopener noreferrer\">ELIKIA &#8211; ESENGO<\/a><\/span><\/td>\n<td style=\"width: 33.3333%; height: 71px; vertical-align: middle; padding-left: 40px; text-align: center;\"><span style=\"color: #333333; font-family: arial, helvetica, sans-serif;\"><a style=\"color: #333333;\" href=\"https:\/\/www.itakaescolapios.org\/wp-content\/uploads\/2019\/12\/ELIKIA-ESENGO_lineareducido.pdf\" target=\"_blank\" rel=\"noopener noreferrer\">ELIKIA &#8211; ESENGO<\/a><\/span><\/td>\n<\/tr>\n<tr style=\"height: 73px;\">\n<td style=\"width: 33.3333%; height: 73px; text-align: justify;\" width=\"477\"><span style=\"font-family: arial, helvetica, sans-serif;\">Esta pequena menina da \u00c1frica tem a habilidade de decifrar mapas e um grande sentido de orienta\u00e7\u00e3o. Ela \u00e9 uma grande conhecedora da realidade escol\u00e1pia, o que a tornou uma lutadora em favor dos exclu\u00eddos.<\/span><\/td>\n<td style=\"width: 33.3333%; height: 73px; text-align: center; vertical-align: middle; padding-left: 40px;\"><span style=\"color: #800000; font-family: arial, helvetica, sans-serif;\"><a style=\"color: #800000;\" href=\"https:\/\/www.itakaescolapios.org\/wp-content\/uploads\/2019\/11\/MARINE_color.pdf\" target=\"_blank\" rel=\"noopener noreferrer\">MARINE<\/a><\/span><\/td>\n<td style=\"width: 33.3333%; height: 73px; vertical-align: middle; padding-left: 40px; text-align: center;\"><span style=\"color: #333333; font-family: arial, helvetica, sans-serif;\"><a style=\"color: #333333;\" href=\"https:\/\/www.educa.itakaescolapios.org\/wp-content\/uploads\/2021\/11\/MARINE_linea-scaled.jpg\" target=\"_blank\" rel=\"noopener noreferrer\">MARINE<\/a><\/span><\/td>\n<\/tr>\n<tr style=\"height: 107px;\">\n<td style=\"width: 33.3333%; height: 107px;\" width=\"477\">\n<p style=\"text-align: justify;\"><span style=\"font-family: arial, helvetica, sans-serif;\">Esta Sul-americana \u00e9 a mec\u00e2nica e \u201cfaz-tudo\u201d da expedi\u00e7\u00e3o. Sua grande paix\u00e3o \u00e9: montar, desmontar e consertar todo tipo de mecanismos. Ela sabe que tudo pode ser consertado com trabalho e pesquisa. Tamb\u00e9m sabe como encontrar solu\u00e7\u00f5es concretas para grandes e pequenos problemas.<\/span><\/p>\n<\/td>\n<td style=\"width: 33.3333%; height: 107px; text-align: center; vertical-align: middle; padding-left: 40px;\"><span style=\"color: #800000; font-family: arial, helvetica, sans-serif;\"><a style=\"color: #800000;\" href=\"https:\/\/www.educa.itakaescolapios.org\/wp-content\/uploads\/2021\/11\/JIWACO2-scaled.jpg\" target=\"_blank\" rel=\"noopener noreferrer\">JIWA<\/a><\/span><\/td>\n<td style=\"width: 33.3333%; height: 107px; vertical-align: middle; padding-left: 40px; text-align: center;\"><span style=\"color: #333333; font-family: arial, helvetica, sans-serif;\"><a style=\"color: #333333;\" href=\"https:\/\/www.educa.itakaescolapios.org\/wp-content\/uploads\/2021\/11\/JIWASO1-scaled.jpg\" target=\"_blank\" rel=\"noopener noreferrer\">JIWA<\/a><\/span><\/td>\n<\/tr>\n<tr style=\"height: 112px;\">\n<td style=\"width: 33.3333%; height: 112px;\" width=\"477\">\n<p style=\"text-align: justify;\"><span style=\"font-family: arial, helvetica, sans-serif;\">\u00c9 um menino europeu e o maior dos expedicion\u00e1rios. Gosta de campanhas de solidariedade, porque adora trabalhar com comidas de todos os pa\u00edses e testar todos os tipos de ingredientes. Essa habilidade fez dele um conhecedor e mediador entre diferentes culturas. Seu lema: \u201c\u00e9 preciso colocar tempero na vida\u201d.\u00a0 \u00a0 \u00a0 \u00a0\u00a0<\/span><\/p>\n<\/td>\n<td style=\"width: 33.3333%; height: 112px; text-align: center; vertical-align: middle; padding-left: 40px;\"><span style=\"color: #800000; font-family: arial, helvetica, sans-serif;\"><a style=\"color: #800000;\" href=\"https:\/\/www.educa.itakaescolapios.org\/wp-content\/uploads\/2022\/03\/sukal-sinfondo.pdf\" target=\"_blank\" rel=\"noopener noreferrer\">SUKAL<\/a><\/span><\/td>\n<td style=\"width: 33.3333%; height: 112px; vertical-align: middle; padding-left: 40px; text-align: center;\"><span style=\"color: #333333; font-family: arial, helvetica, sans-serif;\"><a style=\"color: #333333;\" href=\"https:\/\/www.educa.itakaescolapios.org\/wp-content\/uploads\/2021\/11\/sukal-linea-scaled.jpg\" target=\"_blank\" rel=\"noopener noreferrer\">SUKAL<\/a><\/span><\/td>\n<\/tr>\n<tr style=\"height: 89px;\">\n<td style=\"width: 33.3333%; height: 89px;\" width=\"477\">\n<p style=\"text-align: justify;\"><span style=\"font-family: arial, helvetica, sans-serif;\">Nossa adolescente centro-americana \u00e9 respons\u00e1vel pela comunica\u00e7\u00e3o e divulga\u00e7\u00e3o de tudo o que acontece na expedi\u00e7\u00e3o. Essa capacidade de comunica\u00e7\u00e3o fez dela uma grande mediadora e trabalhadora em prol da paz, por isso seu lema \u00e9 &#8220;tudo \u00e9 uma quest\u00e3o de di\u00e1logo&#8221;<\/span>.<\/p>\n<\/td>\n<td style=\"width: 33.3333%; height: 89px; text-align: center; vertical-align: middle; padding-left: 40px;\"><span style=\"color: #800000; font-family: arial, helvetica, sans-serif;\"><a style=\"color: #800000;\" href=\"https:\/\/www.itakaescolapios.org\/wp-content\/uploads\/2019\/11\/BLA_color.pdf\" target=\"_blank\" rel=\"noopener noreferrer\">BLA<\/a><\/span><\/td>\n<td style=\"width: 33.3333%; height: 89px; vertical-align: middle; padding-left: 40px; text-align: center;\"><span style=\"color: #333333; font-family: arial, helvetica, sans-serif;\"><a style=\"color: #333333;\" href=\"https:\/\/www.itakaescolapios.org\/wp-content\/uploads\/2019\/12\/BLA_lineareducido.pdf\" target=\"_blank\" rel=\"noopener noreferrer\">BLA<\/a><\/span><\/td>\n<\/tr>\n<tr style=\"height: 61px;\">\n<td style=\"width: 33.3333%; height: 61px;\" width=\"477\">\n<p style=\"text-align: justify;\"><span style=\"font-family: arial, helvetica, sans-serif;\">Nasceu em uma vila perto da escola de Kamda (\u00cdndia), em um lugar no meio da natureza. Ele \u00e9, portanto, um grande amante do meio ambiente e do desenvolvimento sustent\u00e1vel. Por isso, seu lema \u00e9 &#8220;verde como quero voc\u00ea verde&#8221;.\u00a0<\/span><\/p>\n<\/td>\n<td style=\"width: 33.3333%; height: 61px; text-align: center; vertical-align: middle; padding-left: 40px;\"><span style=\"color: #800000; font-family: arial, helvetica, sans-serif;\"><a style=\"color: #800000;\" href=\"https:\/\/www.itakaescolapios.org\/wp-content\/uploads\/2016\/11\/QUISAP-EXPEDICI%C3%93N.pdf\" target=\"_blank\" rel=\"noopener noreferrer\">QUISAP<\/a><\/span><\/td>\n<td style=\"width: 33.3333%; height: 61px; vertical-align: middle; padding-left: 40px; text-align: center;\"><span style=\"color: #333333; font-family: arial, helvetica, sans-serif;\"><a style=\"color: #333333;\" href=\"https:\/\/www.educa.itakaescolapios.org\/wp-content\/uploads\/2021\/11\/QUISAP-1-scaled.jpg\" target=\"_blank\" rel=\"noopener noreferrer\">QUISAP<\/a><\/span><\/td>\n<\/tr>\n<tr style=\"height: 182px;\">\n<td style=\"width: 33.3333%; height: 182px;\">\n<p style=\"text-align: justify;\"><span style=\"font-family: arial, helvetica, sans-serif;\">\u00c9 um menino asi\u00e1tico e muito s\u00e1bio oriundo da Indon\u00e9sia. Nos lembramos dele da Campanha &#8220;Ao encontro de Atamb\u00faa&#8221; e de sua casa ele est\u00e1 atento a qualquer perigo que possa surgir. Ele se preocupa com os outros, sempre valorizando a sa\u00fade e ensinando seus amigos a cuidarem de si mesmos nesta pandemia. Como ele mesmo diz: &#8220;Cuidemos de n\u00f3s e aos demais\u201d.<\/span><\/p>\n<\/td>\n<td style=\"width: 33.3333%; text-align: center; vertical-align: middle; padding-left: 40px; height: 182px;\"><span style=\"color: #800000;\"><a style=\"color: #800000;\" href=\"https:\/\/www.educa.itakaescolapios.org\/wp-content\/uploads\/2021\/11\/LOOK_color_sin-fondo-scaled.jpg\" target=\"_blank\" rel=\"noopener noreferrer\">LOOK<\/a><\/span><\/td>\n<td style=\"width: 33.3333%; vertical-align: middle; padding-left: 40px; height: 182px; text-align: center;\"><span style=\"color: #333333;\"><a style=\"color: #333333;\" href=\"https:\/\/www.educa.itakaescolapios.org\/wp-content\/uploads\/2021\/11\/LOOK_linea-scaled.jpg\" target=\"_blank\" rel=\"noopener noreferrer\">LOOK<\/a><\/span><\/td>\n<\/tr>\n<\/tbody>\n<\/table>\n<p>&nbsp;<\/p>\n<p>&nbsp;<\/p>\n<p>&nbsp;<\/p>","protected":false},"excerpt":{"rendered":"<p>&nbsp; Can\u00e7\u00e3o da campanha: Arquivo com letra e acordes em PDF. &nbsp; Arquivo MP3 com a can\u00e7\u00e3o: &nbsp; &nbsp; Cartazes e logotipos LOGO CAMPA\u00d1A CARTEL CAMPA\u00d1A [&hellip;]<\/p>\n","protected":false},"author":5,"featured_media":0,"parent":6355,"menu_order":4,"comment_status":"closed","ping_status":"closed","template":"","meta":[],"acf":[],"_links":{"self":[{"href":"https:\/\/www.educa.itakaescolapios.org\/pt\/wp-json\/wp\/v2\/pages\/6391"}],"collection":[{"href":"https:\/\/www.educa.itakaescolapios.org\/pt\/wp-json\/wp\/v2\/pages"}],"about":[{"href":"https:\/\/www.educa.itakaescolapios.org\/pt\/wp-json\/wp\/v2\/types\/page"}],"author":[{"embeddable":true,"href":"https:\/\/www.educa.itakaescolapios.org\/pt\/wp-json\/wp\/v2\/users\/5"}],"replies":[{"embeddable":true,"href":"https:\/\/www.educa.itakaescolapios.org\/pt\/wp-json\/wp\/v2\/comments?post=6391"}],"version-history":[{"count":52,"href":"https:\/\/www.educa.itakaescolapios.org\/pt\/wp-json\/wp\/v2\/pages\/6391\/revisions"}],"predecessor-version":[{"id":8412,"href":"https:\/\/www.educa.itakaescolapios.org\/pt\/wp-json\/wp\/v2\/pages\/6391\/revisions\/8412"}],"up":[{"embeddable":true,"href":"https:\/\/www.educa.itakaescolapios.org\/pt\/wp-json\/wp\/v2\/pages\/6355"}],"wp:attachment":[{"href":"https:\/\/www.educa.itakaescolapios.org\/pt\/wp-json\/wp\/v2\/media?parent=6391"}],"curies":[{"name":"wp","href":"https:\/\/api.w.org\/{rel}","templated":true}]}}