{"id":7695,"date":"2023-11-13T15:51:59","date_gmt":"2023-11-13T14:51:59","guid":{"rendered":"https:\/\/www.educa.itakaescolapios.org\/?page_id=7695"},"modified":"2025-02-26T17:19:19","modified_gmt":"2025-02-26T16:19:19","slug":"conoce-mejor-la-campana-en-algun-lugar-del-mundo","status":"publish","type":"page","link":"https:\/\/www.educa.itakaescolapios.org\/pt\/campanas\/2023-2024-en-algun-lugar-del-mundo\/conoce-mejor-la-campana-en-algun-lugar-del-mundo","title":{"rendered":"Conhe\u00e7a a campanha"},"content":{"rendered":"<p>&nbsp;<\/p>\n<p style=\"text-align: justify;\"><span style=\"text-decoration: underline; font-family: arial, helvetica, sans-serif;\"><span style=\"font-size: 20px;\">Objetivos da campanha<\/span><\/span><\/p>\n<ol>\n<li style=\"text-align: justify;\"><span style=\"font-family: arial, helvetica, sans-serif;\"> Conhecer e apoiar o trabalho educativo, pastoral e transformador dos oito projetos promovidos pela rede Itaka-Escol\u00e1pios, que se d\u00e3o a conhecer atrav\u00e9s das atividades propostas.<\/span><\/li>\n<li style=\"text-align: justify;\"><span style=\"font-family: arial, helvetica, sans-serif;\">Ser correspons\u00e1vel pela promo\u00e7\u00e3o da miss\u00e3o escol\u00e1pia em diversos projetos e pa\u00edses do mundo e contribuir financeiramente, cobrindo parte das despesas ordin\u00e1rias que permitam a sua viabilidade e sustentabilidade<\/span><\/li>\n<li style=\"text-align: justify;\"><span style=\"font-family: arial, helvetica, sans-serif;\">Refletir e promover caminhos de crescimento e desenvolvimento do car\u00e1ter transformador das Escolas Pias, por meio da participa\u00e7\u00e3o na REDE EDUCA, como rede de apoio e conex\u00e3o de centros educativos para a transforma\u00e7\u00e3o social.<\/span><\/li>\n<li style=\"text-align: justify;\"><span style=\"font-family: arial, helvetica, sans-serif;\">Integrar, em nossas propostas educacionais, estrat\u00e9gias que promovam a transforma\u00e7\u00e3o da sociedade alinhada ao Pacto Educacional Global, especialmente projetos de Aprendizagem-Servi\u00e7o.<\/span><\/li>\n<\/ol>\n<p>&nbsp;<\/p>\n<p style=\"text-align: center;\"><iframe loading=\"lazy\" src=\"\/\/www.youtube.com\/embed\/MouQS0ZRT0I\" width=\"100%\" height=\"400\" allowfullscreen=\"allowfullscreen\" data-mce-fragment=\"1\"><\/iframe><\/p>\n<p><span style=\"text-decoration: underline;\"><span style=\"font-family: arial, helvetica, sans-serif;\"><a href=\"https:\/\/www.educa.itakaescolapios.org\/wp-content\/uploads\/2024\/02\/03.02.-lema-em-algum-lugar-do-mundo.pdf\" target=\"_blank\" rel=\"noopener noreferrer\">Clique aqui para ver o texto do v\u00eddeo.<\/a><\/span><\/span><\/p>\n<p>&nbsp;<\/p>\n<p><strong><span style=\"font-family: arial, helvetica, sans-serif;\"><span style=\"font-size: 20px;\">Destino solid\u00e1rio<\/span><\/span><\/strong><\/p>\n<p style=\"text-align: justify;\"><span style=\"font-family: arial, helvetica, sans-serif;\">Desde o seu in\u00edcio, a rede Itaka-Escol\u00e1pios tem apoiado a miss\u00e3o escol\u00e1pia em diversos lugares do mundo. Especificamente, aqueles de voc\u00eas que colaboraram em campanhas de solidariedade nos \u00faltimos anos, contribu\u00edram para apoiar, educativa, pastoral e economicamente, diversas obras e projetos em mais de 16 pa\u00edses, com presen\u00e7a escol\u00e1pia na Am\u00e9rica, \u00c1frica, \u00c1sia e Europa.\u00a0<\/span><\/p>\n<p style=\"text-align: justify;\"><span style=\"font-family: arial, helvetica, sans-serif;\">Ao longo deste ano, as doa\u00e7\u00f5es recolhidas na campanha \u201cEm algum lugar do mundo\u2026\u201d permitir\u00e3o dar continuidade \u00e0 solidariedade de anos anteriores, mantendo as obras e projetos escol\u00e1pios de Educa\u00e7\u00e3o Formal e N\u00e3o Formal, no seu funcionamento normal, mas sabendo que tamb\u00e9m possam ser tomadas a\u00e7\u00f5es que, de forma extraordin\u00e1ria, surjam para responder a realidades imprevistas. Ou seja, com o seu apoio, voc\u00ea poder\u00e1 promover a sustentabilidade da miss\u00e3o escol\u00e1pia, para que continuemos educando, a fim de alcan\u00e7ar a mudan\u00e7a social em busca de um mundo mais justo, fraterno e humano.<\/span><\/p>\n<p style=\"text-align: justify;\"><span style=\"font-family: arial, helvetica, sans-serif;\">SSer\u00e3o alguns rostos conhecidos, como Marine, Sukal, Bl\u00e1, Quisap, Elykia e Esengo (da tripula\u00e7\u00e3o capitaneada por Calasanz), que nos acompanhar\u00e3o na abordagem de oito projetos muito diferentes da rede internacional Itaka-Escol\u00e1pios. Projetos que respondem \u00e0 realidade que as Escolas Pias encontraram na Bol\u00edvia, Camar\u00f5es, Cuba, Espanha, Mo\u00e7ambique e Venezuela.<\/span><\/p>\n<p><span style=\"font-family: arial, helvetica, sans-serif;\"><u><img decoding=\"async\" loading=\"lazy\" class=\"alignleft\" src=\"https:\/\/www.educa.itakaescolapios.org\/wp-content\/uploads\/2024\/02\/Cartel-Campana-2024-PORT.png\" alt=\"\" width=\"311\" height=\"435\" \/><\/u><\/span><span style=\"font-family: arial, helvetica, sans-serif; font-size: 16px;\">Com Bl\u00e1, os pequenos trabalhar\u00e3o a import\u00e2ncia da comunica\u00e7\u00e3o e da consci\u00eancia social, atrav\u00e9s de projetos conhecidos, como <strong>o internato de Cocapata e o programa de acolhimento de migrantes em Espanha.<\/strong><\/span><\/p>\n<p style=\"padding-left: 40px; text-align: justify;\"><span style=\"font-family: arial, helvetica, sans-serif; font-size: 16px;\">Elykia e Esengo apresentar\u00e3o como \u00e9 importante que todos os meninos e meninas trabalhem e conhe\u00e7am bem os seus direitos e lutem para que sejam respeitados, como acontece especialmente <strong>nos centros socioeducativos de Madri e Guanabacoa.<\/strong><\/span><\/p>\n<p style=\"padding-left: 40px; text-align: justify;\"><span style=\"font-family: arial, helvetica, sans-serif; font-size: 16px;\">Sukal nos ajudar\u00e1 a refletir sobre o desperd\u00edcio alimentar e suas consequ\u00eancias e nos aproximar\u00e1 da experi\u00eancia <strong>dos refeit\u00f3rios escolares em Cameroun.<\/strong><\/span><\/p>\n<p style=\"padding-left: 320px; text-align: left;\"><span style=\"font-family: arial, helvetica, sans-serif; font-size: 16px;\">Quisap mant\u00e9m sua preocupa\u00e7\u00e3o com o cuidado da nossa casa comum e, por isso, conhece bem a proposta\u00a0<strong>de educa\u00e7\u00e3o ambiental do Movimento Calasanz.<\/strong><\/span><\/p>\n<p style=\"padding-left: 320px; text-align: justify;\"><span style=\"font-family: arial, helvetica, sans-serif; font-size: 16px;\">E, por \u00faltimo, Marine, sempre em busca da justi\u00e7a social, nos acompanhar\u00e1 para conhecer novos projetos que trabalham na renova\u00e7\u00e3o da economia em algumas de nossas presen\u00e7as escol\u00e1pias, como\u00a0<strong>o programa agropastoril de Minenehue ou o projeto de empreendimento de Val\u00eancia.<\/strong><\/span><\/p>\n<p><span style=\"font-family: arial, helvetica, sans-serif; font-size: 20px;\">Voc\u00ea pode se aproximar desses projetos agora mesmo, atrav\u00e9s do trabalho que propomos em cada uma <\/span><span style=\"text-decoration: underline; font-family: arial, helvetica, sans-serif; font-size: 20px;\"><a href=\"https:\/\/www.educa.itakaescolapios.org\/campanas\/2023-2024-en-algun-lugar-del-mundo\/carteleria-y-ambientacion-en-algun-lugar-del-mundo\/actividades-para-la-transformacion-social\" target=\"_blank\" rel=\"noopener\">DAS ATIVIDADES<\/a>,<\/span><span style=\"font-family: arial, helvetica, sans-serif; font-size: 20px;\"> ou revisando todas as informa\u00e7\u00f5es inclu\u00eddas em seus arquivos:<\/span><\/p>\n<ol>\n<li><a href=\"https:\/\/www.educa.itakaescolapios.org\/wp-content\/uploads\/2024\/02\/FICHA-SEC-BOLIVIA-2324-PORT.pdf\" target=\"_blank\" rel=\"noopener noreferrer\"><span style=\"font-family: arial, helvetica, sans-serif;\">Ficha: <span style=\"text-decoration: underline;\">Internato Cocapata (Bol\u00edvia).<\/span><\/span><\/a><\/li>\n<li><a href=\"https:\/\/www.educa.itakaescolapios.org\/wp-content\/uploads\/2024\/02\/FICHA-SEC-EMAUS-2324-PORT.pdf\" target=\"_blank\" rel=\"noopener noreferrer\"><span style=\"font-family: arial, helvetica, sans-serif;\">Ficha: <span style=\"text-decoration: underline;\">Acolhida a pessoas migrantes (V\u00e1rias sedes na Espanha.<\/span><\/span><\/a><\/li>\n<li><a href=\"https:\/\/www.educa.itakaescolapios.org\/wp-content\/uploads\/2023\/11\/FICHA-DI-GUANABACOA-CI23-24.pdf\" target=\"_blank\" rel=\"noopener noreferrer\"><span style=\"font-family: arial, helvetica, sans-serif;\">Ficha: <span style=\"text-decoration: underline;\">Centro Socioeducativo Guanabacoa (Cuba).<\/span><\/span><\/a><\/li>\n<li><a href=\"https:\/\/www.educa.itakaescolapios.org\/wp-content\/uploads\/2024\/02\/FICHA-DDC-ALUCHE-2324-PORT.pdf\" target=\"_blank\" rel=\"noopener noreferrer\"><span style=\"font-family: arial, helvetica, sans-serif;\">Ficha: <span style=\"text-decoration: underline;\">Centro Socioeducativo Calasanz de Madri (Espanha).<\/span><\/span><\/a><\/li>\n<li><a href=\"https:\/\/www.educa.itakaescolapios.org\/wp-content\/uploads\/2023\/11\/FICHA-DA-CAMERUM-CI23-24.pdf\" target=\"_blank\" rel=\"noopener noreferrer\"><span style=\"font-family: arial, helvetica, sans-serif;\">Ficha: <span style=\"text-decoration: underline;\">Refeit\u00f3rios escolares de Cameroun.<\/span><\/span><\/a><\/li>\n<li><a href=\"https:\/\/www.educa.itakaescolapios.org\/wp-content\/uploads\/2024\/02\/FICHA-MA-EMAUS-2324-PORT.pdf\" target=\"_blank\" rel=\"noopener noreferrer\"><span style=\"font-family: arial, helvetica, sans-serif;\">Ficha:<span style=\"text-decoration: underline;\"> Educa\u00e7\u00e3o ambiental do Movimento Calasanz (Espanha)<\/span><\/span><\/a><\/li>\n<li><a href=\"https:\/\/www.educa.itakaescolapios.org\/wp-content\/uploads\/2024\/02\/FICHA-TS-MOCAMBIQUE-2324-PORT.pdf\" target=\"_blank\" rel=\"noopener noreferrer\"><span style=\"font-family: arial, helvetica, sans-serif;\">Ficha:<span style=\"text-decoration: underline;\"> Projeto Agro-pastoril em Minheuene (Mo\u00e7ambique). <\/span><\/span><\/a><\/li>\n<li><a href=\"https:\/\/www.educa.itakaescolapios.org\/wp-content\/uploads\/2024\/02\/FICHA-TS-VENEZUELA-2324-PORT.pdf\" target=\"_blank\" rel=\"noopener noreferrer\"><span style=\"font-family: arial, helvetica, sans-serif;\">Ficha: <span style=\"text-decoration: underline;\">Projeto de empreendimento laboral em Valencia (Venezuela).<\/span><\/span><\/a><\/li>\n<\/ol>\n<p><img decoding=\"async\" loading=\"lazy\" class=\"size-medium wp-image-3014 alignleft\" src=\"https:\/\/www.educa.itakaescolapios.org\/wp-content\/uploads\/2020\/11\/mano-click-verde-en-el-medio-300x107.jpg\" alt=\"\" width=\"300\" height=\"107\" srcset=\"https:\/\/www.educa.itakaescolapios.org\/wp-content\/uploads\/2020\/11\/mano-click-verde-en-el-medio-300x107.jpg 300w, https:\/\/www.educa.itakaescolapios.org\/wp-content\/uploads\/2020\/11\/mano-click-verde-en-el-medio-1024x366.jpg 1024w, https:\/\/www.educa.itakaescolapios.org\/wp-content\/uploads\/2020\/11\/mano-click-verde-en-el-medio-768x275.jpg 768w, https:\/\/www.educa.itakaescolapios.org\/wp-content\/uploads\/2020\/11\/mano-click-verde-en-el-medio-1536x549.jpg 1536w, https:\/\/www.educa.itakaescolapios.org\/wp-content\/uploads\/2020\/11\/mano-click-verde-en-el-medio-2048x732.jpg 2048w, https:\/\/www.educa.itakaescolapios.org\/wp-content\/uploads\/2020\/11\/mano-click-verde-en-el-medio-250x89.jpg 250w\" sizes=\"(max-width: 300px) 100vw, 300px\" \/><\/p>\n<p>&nbsp;<\/p>\n<p>&nbsp;<\/p>\n<p>&nbsp;<\/p>\n<p>&nbsp;<\/p>\n<p>&nbsp;<\/p>","protected":false},"excerpt":{"rendered":"<p>&nbsp; Objetivos da campanha Conhecer e apoiar o trabalho educativo, pastoral e transformador dos oito projetos promovidos pela rede Itaka-Escol\u00e1pios, que se d\u00e3o a conhecer atrav\u00e9s [&hellip;]<\/p>\n","protected":false},"author":9,"featured_media":0,"parent":7679,"menu_order":2,"comment_status":"closed","ping_status":"closed","template":"","meta":[],"acf":[],"_links":{"self":[{"href":"https:\/\/www.educa.itakaescolapios.org\/pt\/wp-json\/wp\/v2\/pages\/7695"}],"collection":[{"href":"https:\/\/www.educa.itakaescolapios.org\/pt\/wp-json\/wp\/v2\/pages"}],"about":[{"href":"https:\/\/www.educa.itakaescolapios.org\/pt\/wp-json\/wp\/v2\/types\/page"}],"author":[{"embeddable":true,"href":"https:\/\/www.educa.itakaescolapios.org\/pt\/wp-json\/wp\/v2\/users\/9"}],"replies":[{"embeddable":true,"href":"https:\/\/www.educa.itakaescolapios.org\/pt\/wp-json\/wp\/v2\/comments?post=7695"}],"version-history":[{"count":35,"href":"https:\/\/www.educa.itakaescolapios.org\/pt\/wp-json\/wp\/v2\/pages\/7695\/revisions"}],"predecessor-version":[{"id":8889,"href":"https:\/\/www.educa.itakaescolapios.org\/pt\/wp-json\/wp\/v2\/pages\/7695\/revisions\/8889"}],"up":[{"embeddable":true,"href":"https:\/\/www.educa.itakaescolapios.org\/pt\/wp-json\/wp\/v2\/pages\/7679"}],"wp:attachment":[{"href":"https:\/\/www.educa.itakaescolapios.org\/pt\/wp-json\/wp\/v2\/media?parent=7695"}],"curies":[{"name":"wp","href":"https:\/\/api.w.org\/{rel}","templated":true}]}}