{"id":7817,"date":"2023-11-16T16:08:46","date_gmt":"2023-11-16T15:08:46","guid":{"rendered":"https:\/\/www.educa.itakaescolapios.org\/?page_id=7817"},"modified":"2024-02-14T13:31:55","modified_gmt":"2024-02-14T12:31:55","slug":"personajes","status":"publish","type":"page","link":"https:\/\/www.educa.itakaescolapios.org\/pt\/personajes","title":{"rendered":"Personagens"},"content":{"rendered":"<p><\/p>\n<h3><span style=\"text-decoration: underline; font-family: arial, helvetica, sans-serif;\"><span style=\"font-size: 24px;\">Personagens<\/span><\/span><\/h3>\n<table style=\"border-collapse: collapse; width: 99.8466%; height: 1150px;\" border=\"1\">\n<tbody>\n<tr style=\"height: 100px;\">\n<td style=\"width: 33.3333%; height: 100px;\" height=\"100\"><\/td>\n<td style=\"width: 33.3333%; height: 100px; text-align: center;\"><span style=\"color: #800000;\"><strong>CARACTER\u00cdSTICAS em COR<\/strong><\/span><\/td>\n<td style=\"width: 33.3333%; height: 100px; text-align: center;\"><span style=\"color: #545436; font-family: arial, helvetica, sans-serif;\"><strong>CAR\u00c1TER A COR<\/strong><\/span><\/td>\n<\/tr>\n<tr style=\"height: 49px;\">\n<td style=\"width: 33.3333%; height: 49px; text-align: justify;\" width=\"477\"><span style=\"font-family: arial, helvetica, sans-serif;\">Uma vida dedicada a ensinar e aprender. Seus anos de experi\u00eancia como educadora nos convidam a ouvi-la atentamente. O \u00faltimo desafio de Dorotea? Convencer-nos da necessidade de praticar uma educa\u00e7\u00e3o transformadora, que melhore nossas vidas e as dos que nos rodeiam.<\/span><\/td>\n<td style=\"width: 33.3333%; height: 49px; text-align: center; vertical-align: middle; padding-left: 40px;\"><span style=\"color: #800000; font-family: arial, helvetica, sans-serif;\"><a style=\"color: #800000;\" href=\"https:\/\/www.educa.itakaescolapios.org\/wp-content\/uploads\/2021\/11\/Dorotea_color_sin-fondo.png\" target=\"_blank\" rel=\"noopener noreferrer\">DOROTEA<\/a><\/span><\/p>\n<p><span style=\"color: #800000; font-family: arial, helvetica, sans-serif;\"><a style=\"color: #800000;\" href=\"https:\/\/www.educa.itakaescolapios.org\/wp-content\/uploads\/2021\/11\/Dorotea_color.png\" target=\"_blank\" rel=\"noopener noreferrer\">DOROTEA (com fundo)<\/a><\/span><\/td>\n<td style=\"width: 33.3333%; height: 49px; vertical-align: middle; padding-left: 40px; text-align: center;\"><span style=\"color: #333333; font-family: arial, helvetica, sans-serif;\"><a style=\"color: #333333;\" href=\"https:\/\/www.educa.itakaescolapios.org\/wp-content\/uploads\/2021\/11\/Dorotea_linea-scaled.jpg\" target=\"_blank\" rel=\"noopener noreferrer\">DOROTEA<\/a><\/span><\/td>\n<\/tr>\n<tr style=\"height: 24px;\">\n<td style=\"width: 33.3333%; height: 24px; text-align: justify;\" width=\"477\"><span style=\"font-family: arial, helvetica, sans-serif;\">Promotor do direito \u00e0 educa\u00e7\u00e3o universal, lidera a expedi\u00e7\u00e3o e \u00e9 o maior respons\u00e1vel por tudo o que acontece nela. Seu objetivo \u00e9: encher de \u201cPiedade e Letras\u201d todas as partes do planeta.<\/span><\/td>\n<td style=\"width: 33.3333%; height: 24px; text-align: center; vertical-align: middle; padding-left: 40px;\"><span style=\"color: #800000; font-family: arial, helvetica, sans-serif;\"><a style=\"color: #800000;\" href=\"https:\/\/www.educa.itakaescolapios.org\/wp-content\/uploads\/2021\/11\/CALASANZ_color_sin-fondo.png\" target=\"_blank\" rel=\"noopener noreferrer\">CALASANZ<\/a><\/span><\/p>\n<p><span style=\"color: #800000; font-family: arial, helvetica, sans-serif;\"><a style=\"color: #800000;\" href=\"https:\/\/www.educa.itakaescolapios.org\/wp-content\/uploads\/2021\/11\/CALASANZ_color.png\" target=\"_blank\" rel=\"noopener noreferrer\">CALASANZ(com fundo)<\/a><\/span><\/td>\n<td style=\"width: 33.3333%; height: 24px; vertical-align: middle; padding-left: 40px; text-align: center;\"><span style=\"font-family: arial, helvetica, sans-serif;\"><a href=\"https:\/\/www.educa.itakaescolapios.org\/wp-content\/uploads\/2021\/11\/Calasanz-blanco-y-negro.jpeg\" target=\"_blank\" rel=\"noopener noreferrer\"><span style=\"color: #333333;\">CALASANZ<\/span><\/a><\/span><\/td>\n<\/tr>\n<tr style=\"height: 71px;\">\n<td style=\"width: 33.3333%; height: 71px; text-align: justify;\" width=\"477\"><span style=\"font-family: arial, helvetica, sans-serif;\">Nasceram na Rep\u00fablica Democr\u00e1tica do Congo, a adolescente Elykia e a pequena Esengo, percorrem o mundo contando suas hist\u00f3rias e defendendo os direitos das meninas e da mulheres.<\/span><\/td>\n<td style=\"width: 33.3333%; height: 71px; text-align: center; vertical-align: middle; padding-left: 40px;\"><span style=\"color: #800000; font-family: arial, helvetica, sans-serif;\"><a style=\"color: #800000;\" href=\"https:\/\/www.itakaescolapios.org\/wp-content\/uploads\/2019\/11\/ELIKIA-ESENGO_color.pdf\" target=\"_blank\" rel=\"noopener noreferrer\">ELIKIA &#8211; ESENGO<\/a><\/span><\/td>\n<td style=\"width: 33.3333%; height: 71px; vertical-align: middle; padding-left: 40px; text-align: center;\"><span style=\"color: #333333; font-family: arial, helvetica, sans-serif;\"><a style=\"color: #333333;\" href=\"https:\/\/www.itakaescolapios.org\/wp-content\/uploads\/2019\/12\/ELIKIA-ESENGO_lineareducido.pdf\" target=\"_blank\" rel=\"noopener noreferrer\">ELIKIA &#8211; ESENGO<\/a><\/span><\/td>\n<\/tr>\n<tr style=\"height: 73px;\">\n<td style=\"width: 33.3333%; height: 73px; text-align: justify;\" width=\"477\"><span style=\"font-family: arial, helvetica, sans-serif;\">Esta pequena menina da \u00c1frica tem a habilidade de decifrar mapas e um grande sentido de orienta\u00e7\u00e3o. Ela \u00e9 uma grande conhecedora da realidade escol\u00e1pia, o que a tornou uma lutadora em favor dos exclu\u00eddos.<\/span><\/td>\n<td style=\"width: 33.3333%; height: 73px; text-align: center; vertical-align: middle; padding-left: 40px;\"><span style=\"color: #800000; font-family: arial, helvetica, sans-serif;\"><a style=\"color: #800000;\" href=\"https:\/\/www.itakaescolapios.org\/wp-content\/uploads\/2019\/11\/MARINE_color.pdf\" target=\"_blank\" rel=\"noopener noreferrer\">MARINE<\/a><\/span><\/td>\n<td style=\"width: 33.3333%; height: 73px; vertical-align: middle; padding-left: 40px; text-align: center;\"><span style=\"color: #333333; font-family: arial, helvetica, sans-serif;\"><a style=\"color: #333333;\" href=\"https:\/\/www.educa.itakaescolapios.org\/wp-content\/uploads\/2021\/11\/MARINE_linea-scaled.jpg\" target=\"_blank\" rel=\"noopener noreferrer\">MARINE<\/a><\/span><\/td>\n<\/tr>\n<tr style=\"height: 107px;\">\n<td style=\"width: 33.3333%; height: 107px;\" width=\"477\">\n<p style=\"text-align: justify;\"><span style=\"font-family: arial, helvetica, sans-serif;\">Esta Sul-americana \u00e9 a mec\u00e2nica e \u201cfaz-tudo\u201d da expedi\u00e7\u00e3o. Sua grande paix\u00e3o \u00e9: montar, desmontar e consertar todo tipo de mecanismos. Ela sabe que tudo pode ser consertado com trabalho e pesquisa. Tamb\u00e9m sabe como encontrar solu\u00e7\u00f5es concretas para grandes e pequenos problemas.<\/span><\/p>\n<\/td>\n<td style=\"width: 33.3333%; height: 107px; text-align: center; vertical-align: middle; padding-left: 40px;\"><span style=\"color: #800000; font-family: arial, helvetica, sans-serif;\"><a style=\"color: #800000;\" href=\"https:\/\/www.educa.itakaescolapios.org\/wp-content\/uploads\/2021\/11\/JIWACO2-scaled.jpg\" target=\"_blank\" rel=\"noopener noreferrer\">JIWA<\/a><\/span><\/td>\n<td style=\"width: 33.3333%; height: 107px; vertical-align: middle; padding-left: 40px; text-align: center;\"><span style=\"color: #333333; font-family: arial, helvetica, sans-serif;\"><a style=\"color: #333333;\" href=\"https:\/\/www.educa.itakaescolapios.org\/wp-content\/uploads\/2021\/11\/JIWASO1-scaled.jpg\" target=\"_blank\" rel=\"noopener noreferrer\">JIWA<\/a><\/span><\/td>\n<\/tr>\n<tr style=\"height: 112px;\">\n<td style=\"width: 33.3333%; height: 112px;\" width=\"477\">\n<p style=\"text-align: justify;\"><span style=\"font-family: arial, helvetica, sans-serif;\">\u00c9 um menino europeu e o maior dos expedicion\u00e1rios. Gosta de campanhas de solidariedade, porque adora trabalhar com comidas de todos os pa\u00edses e testar todos os tipos de ingredientes. Essa habilidade fez dele um conhecedor e mediador entre diferentes culturas. Seu lema: \u201c\u00e9 preciso colocar tempero na vida\u201d.\u00a0 \u00a0 \u00a0 \u00a0\u00a0<\/span><\/p>\n<\/td>\n<td style=\"width: 33.3333%; height: 112px; text-align: center; vertical-align: middle; padding-left: 40px;\"><span style=\"color: #800000; font-family: arial, helvetica, sans-serif;\"><a style=\"color: #800000;\" href=\"https:\/\/www.educa.itakaescolapios.org\/wp-content\/uploads\/2022\/03\/sukal-sinfondo.pdf\" target=\"_blank\" rel=\"noopener noreferrer\">SUKAL<\/a><\/span><\/td>\n<td style=\"width: 33.3333%; height: 112px; vertical-align: middle; padding-left: 40px; text-align: center;\"><span style=\"color: #333333; font-family: arial, helvetica, sans-serif;\"><a style=\"color: #333333;\" href=\"https:\/\/www.educa.itakaescolapios.org\/wp-content\/uploads\/2021\/11\/sukal-linea-scaled.jpg\" target=\"_blank\" rel=\"noopener noreferrer\">SUKAL<\/a><\/span><\/td>\n<\/tr>\n<tr style=\"height: 89px;\">\n<td style=\"width: 33.3333%; height: 89px;\" width=\"477\">\n<p style=\"text-align: justify;\"><span style=\"font-family: arial, helvetica, sans-serif;\">Nossa adolescente centro-americana \u00e9 respons\u00e1vel pela comunica\u00e7\u00e3o e divulga\u00e7\u00e3o de tudo o que acontece na expedi\u00e7\u00e3o. Essa capacidade de comunica\u00e7\u00e3o fez dela uma grande mediadora e trabalhadora em prol da paz, por isso seu lema \u00e9 &#8220;tudo \u00e9 uma quest\u00e3o de di\u00e1logo&#8221;<\/span>.<\/p>\n<\/td>\n<td style=\"width: 33.3333%; height: 89px; text-align: center; vertical-align: middle; padding-left: 40px;\"><span style=\"color: #800000; font-family: arial, helvetica, sans-serif;\"><a style=\"color: #800000;\" href=\"https:\/\/www.itakaescolapios.org\/wp-content\/uploads\/2019\/11\/BLA_color.pdf\" target=\"_blank\" rel=\"noopener noreferrer\">BLA<\/a><\/span><\/td>\n<td style=\"width: 33.3333%; height: 89px; vertical-align: middle; padding-left: 40px; text-align: center;\"><span style=\"color: #333333; font-family: arial, helvetica, sans-serif;\"><a style=\"color: #333333;\" href=\"https:\/\/www.itakaescolapios.org\/wp-content\/uploads\/2019\/12\/BLA_lineareducido.pdf\" target=\"_blank\" rel=\"noopener noreferrer\">BLA<\/a><\/span><\/td>\n<\/tr>\n<tr style=\"height: 61px;\">\n<td style=\"width: 33.3333%; height: 61px;\" width=\"477\">\n<p style=\"text-align: justify;\"><span style=\"font-family: arial, helvetica, sans-serif;\">Nasceu em uma vila perto da escola de Kamda (\u00cdndia), em um lugar no meio da natureza. Ele \u00e9, portanto, um grande amante do meio ambiente e do desenvolvimento sustent\u00e1vel. Por isso, seu lema \u00e9 &#8220;verde como quero voc\u00ea verde&#8221;.\u00a0<\/span><\/p>\n<\/td>\n<td style=\"width: 33.3333%; height: 61px; text-align: center; vertical-align: middle; padding-left: 40px;\"><span style=\"color: #800000; font-family: arial, helvetica, sans-serif;\"><a style=\"color: #800000;\" href=\"https:\/\/www.itakaescolapios.org\/wp-content\/uploads\/2016\/11\/QUISAP-EXPEDICI%C3%93N.pdf\" target=\"_blank\" rel=\"noopener noreferrer\">QUISAP<\/a><\/span><\/td>\n<td style=\"width: 33.3333%; height: 61px; vertical-align: middle; padding-left: 40px; text-align: center;\"><span style=\"color: #333333; font-family: arial, helvetica, sans-serif;\"><a style=\"color: #333333;\" href=\"https:\/\/www.educa.itakaescolapios.org\/wp-content\/uploads\/2021\/11\/QUISAP-1-scaled.jpg\" target=\"_blank\" rel=\"noopener noreferrer\">QUISAP<\/a><\/span><\/td>\n<\/tr>\n<tr style=\"height: 182px;\">\n<td style=\"width: 33.3333%; height: 182px;\">\n<p style=\"text-align: justify;\"><span style=\"font-family: arial, helvetica, sans-serif;\">\u00c9 um menino asi\u00e1tico e muito s\u00e1bio oriundo da Indon\u00e9sia. Nos lembramos dele da Campanha &#8220;Ao encontro de Atamb\u00faa&#8221; e de sua casa ele est\u00e1 atento a qualquer perigo que possa surgir. Ele se preocupa com os outros, sempre valorizando a sa\u00fade e ensinando seus amigos a cuidarem de si mesmos nesta pandemia. Como ele mesmo diz: &#8220;Cuidemos de n\u00f3s e aos demais\u201d.<\/span><\/p>\n<\/td>\n<td style=\"width: 33.3333%; text-align: center; vertical-align: middle; padding-left: 40px; height: 182px;\"><span style=\"color: #800000;\"><a style=\"color: #800000;\" href=\"https:\/\/www.educa.itakaescolapios.org\/wp-content\/uploads\/2021\/11\/LOOK_color_sin-fondo-scaled.jpg\" target=\"_blank\" rel=\"noopener noreferrer\">LOOK<\/a><\/span><\/td>\n<td style=\"width: 33.3333%; vertical-align: middle; padding-left: 40px; height: 182px; text-align: center;\"><span style=\"color: #333333;\"><a style=\"color: #333333;\" href=\"https:\/\/www.educa.itakaescolapios.org\/wp-content\/uploads\/2021\/11\/LOOK_linea-scaled.jpg\" target=\"_blank\" rel=\"noopener noreferrer\">LOOK<\/a><\/span><\/td>\n<\/tr>\n<\/tbody>\n<\/table>\n<p>&nbsp;<\/p>\n<p>&nbsp;<\/p>\n<p>&nbsp;<\/p>","protected":false},"excerpt":{"rendered":"<p>Personagens CARACTER\u00cdSTICAS em COR CAR\u00c1TER A COR Uma vida dedicada a ensinar e aprender. Seus anos de experi\u00eancia como educadora nos convidam a ouvi-la atentamente. O [&hellip;]<\/p>\n","protected":false},"author":7,"featured_media":0,"parent":0,"menu_order":0,"comment_status":"closed","ping_status":"closed","template":"","meta":[],"acf":[],"_links":{"self":[{"href":"https:\/\/www.educa.itakaescolapios.org\/pt\/wp-json\/wp\/v2\/pages\/7817"}],"collection":[{"href":"https:\/\/www.educa.itakaescolapios.org\/pt\/wp-json\/wp\/v2\/pages"}],"about":[{"href":"https:\/\/www.educa.itakaescolapios.org\/pt\/wp-json\/wp\/v2\/types\/page"}],"author":[{"embeddable":true,"href":"https:\/\/www.educa.itakaescolapios.org\/pt\/wp-json\/wp\/v2\/users\/7"}],"replies":[{"embeddable":true,"href":"https:\/\/www.educa.itakaescolapios.org\/pt\/wp-json\/wp\/v2\/comments?post=7817"}],"version-history":[{"count":10,"href":"https:\/\/www.educa.itakaescolapios.org\/pt\/wp-json\/wp\/v2\/pages\/7817\/revisions"}],"predecessor-version":[{"id":8413,"href":"https:\/\/www.educa.itakaescolapios.org\/pt\/wp-json\/wp\/v2\/pages\/7817\/revisions\/8413"}],"wp:attachment":[{"href":"https:\/\/www.educa.itakaescolapios.org\/pt\/wp-json\/wp\/v2\/media?parent=7817"}],"curies":[{"name":"wp","href":"https:\/\/api.w.org\/{rel}","templated":true}]}}