{"id":8204,"date":"2024-01-02T12:11:42","date_gmt":"2024-01-02T11:11:42","guid":{"rendered":"https:\/\/www.educa.itakaescolapios.org\/?page_id=8204"},"modified":"2024-01-29T10:06:18","modified_gmt":"2024-01-29T09:06:18","slug":"actividades-paz-2024","status":"publish","type":"page","link":"https:\/\/www.educa.itakaescolapios.org\/pt\/semanas-de-la-paz\/2024-mi-lugar-es-el-mundo-mi-lugar-es-la-paz\/actividades-paz-2024","title":{"rendered":"Atividades de PAZ 2024"},"content":{"rendered":"<p>&nbsp;<\/p>\n<p>\u00c9 hora de construir a PAZ e fazer valer os Direitos Humanos em todos os contextos em que nos desenvolvemos, \u00e9 hora de trabalhar por um ambiente pac\u00edfico em nosso entorno, \u00e9 hora de fazer com que nossa voz seja ouvida para alcan\u00e7\u00e1-la onde for necess\u00e1rio.<\/p>\n<p>Deixamos para voc\u00ea uma <strong>proposta de atividades e de ambiente<\/strong> para o trabalho na escola.<\/p>\n<p>&nbsp;<\/p>\n<p><img decoding=\"async\" loading=\"lazy\" class=\"alignleft\" src=\"https:\/\/www.educa.itakaescolapios.org\/wp-content\/uploads\/2023\/02\/calasanz-Sticker.png\" alt=\"\" width=\"350\" height=\"490\" \/><\/p>\n<p>AMBIENTE<\/p>\n<ul>\n<li><a href=\"https:\/\/www.educa.itakaescolapios.org\/wp-content\/uploads\/2024\/01\/CARTEL-PAZ-2324-.pdf\" target=\"_blank\" rel=\"noopener\"><strong><span style=\"text-decoration: underline;\">P\u00f4ster.<\/span><\/strong><\/a><\/li>\n<li>Banner.<\/li>\n<\/ul>\n<p>&nbsp;<\/p>\n<p>ATIVIDADES<\/p>\n<ul>\n<li><strong><span style=\"text-decoration: underline;\"><a href=\"https:\/\/www.educa.itakaescolapios.org\/paz\/abrazos-musicales?preview=true\" target=\"_blank\" rel=\"noopener\">Abra\u00e7os musicais (3 a 5 anos)<\/a>.<\/span><\/strong><\/li>\n<li><strong><a href=\"https:\/\/www.educa.itakaescolapios.org\/paz\/vistiendo-por-la-paz\" target=\"_blank\" rel=\"noopener\">Vestindo pela Paz (6 a 8 anos)<\/a>.<\/strong><\/li>\n<li><a href=\"https:\/\/www.educa.itakaescolapios.org\/pt\/paz\/cantemos-por-la-paz\" target=\"_blank\" rel=\"noopener\"><span style=\"text-decoration: underline;\"><strong>Cantemos pela Paz! (8 a 10 anos)<\/strong><\/span><\/a>.<\/li>\n<li><a href=\"https:\/\/www.educa.itakaescolapios.org\/pt\/paz\/mensajes-por-la-paz\" target=\"_blank\" rel=\"noopener\"><strong><span style=\"text-decoration: underline;\">Mensagens de Paz (10 a 12 anos).<\/span><\/strong><\/a><\/li>\n<li><a href=\"https:\/\/www.educa.itakaescolapios.org\/pt\/paz\/gritemos-por-la-paz-porras-que-unen-corazones\" target=\"_blank\" rel=\"noopener\"><strong><span style=\"text-decoration: underline;\">Gritemos pela Paz. &#8220;Porras&#8221; que \u00fa\u00f1eme cora\u00e7oes (12 a 15 anos).<\/span><\/strong><\/a><\/li>\n<li><a href=\"https:\/\/www.educa.itakaescolapios.org\/pt\/paz\/lugares-que-necesitan-paz\" target=\"_blank\" rel=\"noopener\"><strong><span style=\"text-decoration: underline;\">Lugares que necesitam de Paz. (15 a 18 anos).<\/span><\/strong><\/a>\n<ul>\n<li style=\"list-style-type: none;\">\n<ul>\n<li><a href=\"https:\/\/www.educa.itakaescolapios.org\/en\/paz\/mi-lugar-es-el-mundo-mi-lugar-es-la-paz\" target=\"_blank\" rel=\"noopener\"><strong><span style=\"text-decoration: underline;\">ACTO CENTRAL PAZ 2024.<\/span><\/strong><\/a><\/li>\n<\/ul>\n<\/li>\n<\/ul>\n<\/li>\n<\/ul>\n<p>&nbsp;<\/p>\n<p>&nbsp;<\/p>","protected":false},"excerpt":{"rendered":"<p>&nbsp; \u00c9 hora de construir a PAZ e fazer valer os Direitos Humanos em todos os contextos em que nos desenvolvemos, \u00e9 hora de trabalhar por [&hellip;]<\/p>\n","protected":false},"author":9,"featured_media":0,"parent":8191,"menu_order":1,"comment_status":"closed","ping_status":"closed","template":"","meta":[],"acf":[],"_links":{"self":[{"href":"https:\/\/www.educa.itakaescolapios.org\/pt\/wp-json\/wp\/v2\/pages\/8204"}],"collection":[{"href":"https:\/\/www.educa.itakaescolapios.org\/pt\/wp-json\/wp\/v2\/pages"}],"about":[{"href":"https:\/\/www.educa.itakaescolapios.org\/pt\/wp-json\/wp\/v2\/types\/page"}],"author":[{"embeddable":true,"href":"https:\/\/www.educa.itakaescolapios.org\/pt\/wp-json\/wp\/v2\/users\/9"}],"replies":[{"embeddable":true,"href":"https:\/\/www.educa.itakaescolapios.org\/pt\/wp-json\/wp\/v2\/comments?post=8204"}],"version-history":[{"count":44,"href":"https:\/\/www.educa.itakaescolapios.org\/pt\/wp-json\/wp\/v2\/pages\/8204\/revisions"}],"predecessor-version":[{"id":8366,"href":"https:\/\/www.educa.itakaescolapios.org\/pt\/wp-json\/wp\/v2\/pages\/8204\/revisions\/8366"}],"up":[{"embeddable":true,"href":"https:\/\/www.educa.itakaescolapios.org\/pt\/wp-json\/wp\/v2\/pages\/8191"}],"wp:attachment":[{"href":"https:\/\/www.educa.itakaescolapios.org\/pt\/wp-json\/wp\/v2\/media?parent=8204"}],"curies":[{"name":"wp","href":"https:\/\/api.w.org\/{rel}","templated":true}]}}