{"id":8557,"date":"2024-11-14T16:26:17","date_gmt":"2024-11-14T15:26:17","guid":{"rendered":"https:\/\/www.educa.itakaescolapios.org\/?page_id=8557"},"modified":"2025-03-13T11:01:41","modified_gmt":"2025-03-13T10:01:41","slug":"actividades-para-trabajar","status":"publish","type":"page","link":"https:\/\/www.educa.itakaescolapios.org\/pt\/campanas\/2024-2025-abriendo-caminos\/actividades-carteleria-y-ambientacion\/actividades-para-trabajar","title":{"rendered":"Lista dos projetos e atividades"},"content":{"rendered":"<p><\/p>\n<p style=\"text-align: justify;\"><span style=\"font-family: arial, helvetica, sans-serif;\">Como todos os anos, voc\u00ea pode encontrar atividades para trabalhar em sala de aula, ou para os grupos do Movimento Calasanz, ora\u00e7\u00f5es, e tamb\u00e9m atividades para trabalhar com grupos e comunidades de adultos.<\/span><\/p>\n<p style=\"text-align: justify;\"><span style=\"font-family: arial, helvetica, sans-serif;\">A partir daqui, voc\u00ea pode acessar de acordo com os temas e as idades: \u00a0<\/span><\/p>\n<p>&nbsp;<\/p>\n<p><span style=\"text-decoration: underline; font-size: 20px;\"><strong><span style=\"font-family: arial, helvetica, sans-serif;\">De 3 a 5 anos. EDUCA\u00c7\u00c3O EMOCIONAL.\u00a0<\/span><\/strong><\/span><\/p>\n<ol>\n<li><span style=\"font-size: 14px; font-family: arial, helvetica, sans-serif;\">Atividade do Movimento Calasanz.<\/span><\/li>\n<li><a href=\"https:\/\/www.educa.itakaescolapios.org\/experiencia\/camino-escolapio\" target=\"_blank\" rel=\"noopener\"><span style=\"font-size: 14px; font-family: arial, helvetica, sans-serif;\">Projeto de Aprendizado de Servi\u00e7o (3-5)<\/span><\/a><\/li>\n<\/ol>\n<p>&nbsp;<\/p>\n<p><span style=\"text-decoration: underline; font-size: 20px;\"><strong><span style=\"font-family: arial, helvetica, sans-serif;\">De 6 a 8 anos. INTERCULTURALIDADE.\u00a0<\/span><\/strong><\/span><\/p>\n<ol>\n<li><span style=\"font-size: 14px; font-family: arial, helvetica, sans-serif;\"><a href=\"https:\/\/www.educa.itakaescolapios.org\/interculturalidad\/un-mundo-de-cuentos\" target=\"_blank\" rel=\"noopener\">Atividade do Movimento Calasanz<\/a>.<\/span><\/li>\n<li><a href=\"https:\/\/www.educa.itakaescolapios.org\/wp-content\/uploads\/2025\/03\/10.04.-oracao-6-8-abrindo-caminhos.pdf\" target=\"_blank\" rel=\"noopener\"><span style=\"font-family: arial, helvetica, sans-serif; font-size: 14px;\">Ora\u00e7\u00e3o<\/span><\/a><\/li>\n<li><a href=\"https:\/\/www.educa.itakaescolapios.org\/experiencia\/museo-intercultural\" target=\"_blank\" rel=\"noopener\"><span style=\"font-size: 14px; font-family: arial, helvetica, sans-serif;\">Projeto de Aprendizado de Servi\u00e7o (6-8)<\/span><\/a><\/li>\n<\/ol>\n<p>&nbsp;<\/p>\n<p><span style=\"text-decoration: underline; font-size: 20px;\"><strong><span style=\"font-family: arial, helvetica, sans-serif;\">De 8 a 10 anos. MEIO AMBIENTE.<\/span><\/strong><\/span><\/p>\n<ol>\n<li><span style=\"font-size: 14px; font-family: arial, helvetica, sans-serif;\"><a href=\"https:\/\/www.educa.itakaescolapios.org\/sostenibilidad\/cuidemos-el-planeta-sembrando-un-arbol?preview=true\" target=\"_blank\" rel=\"noopener\">Atividade do Movimento Calasanz<\/a>.\u00a0<\/span><\/li>\n<li><a href=\"https:\/\/www.educa.itakaescolapios.org\/wp-content\/uploads\/2025\/03\/11.04.-oracao-8-10-abrindo-caminhos.pdf\" target=\"_blank\" rel=\"noopener\"><span style=\"font-family: arial, helvetica, sans-serif; font-size: 14px;\">Ora\u00e7\u00e3o<\/span><\/a><\/li>\n<li><a href=\"https:\/\/www.educa.itakaescolapios.org\/experiencia\/abriendo-nuevos-senderos\" target=\"_blank\" rel=\"noopener\"><span style=\"font-size: 14px; font-family: arial, helvetica, sans-serif;\">Projeto de Aprendizado de Servi\u00e7o (8-10)<\/span><\/a><\/li>\n<\/ol>\n<p>&nbsp;<\/p>\n<p><span style=\"font-family: arial, helvetica, sans-serif; font-size: 20px;\"><strong><u><img decoding=\"async\" loading=\"lazy\" class=\"alignright\" src=\"https:\/\/www.educa.itakaescolapios.org\/wp-content\/uploads\/2020\/11\/mano-click-verde-en-el-medio-scaled.jpg\" alt=\"\" width=\"20%\" height=\"20%\" \/><\/u><\/strong><\/span><\/p>\n<p><span style=\"text-decoration: underline; font-size: 20px;\"><strong><span style=\"font-family: arial, helvetica, sans-serif;\">De 10 a 12 anos. DEFESA DOS DDHH.<\/span><\/strong><\/span><\/p>\n<ol>\n<li><span style=\"font-size: 14px; font-family: arial, helvetica, sans-serif;\">Atividade do Movimento Calasanz.\u00a0<\/span><\/li>\n<li><span style=\"font-family: arial, helvetica, sans-serif; font-size: 14px;\">Ora\u00e7\u00e3o<\/span><\/li>\n<li><a href=\"https:\/\/www.educa.itakaescolapios.org\/experiencia\/sonrisas-de-ayer-y-hoy\" target=\"_blank\" rel=\"noopener\"><span style=\"font-size: 14px; font-family: arial, helvetica, sans-serif;\">Projeto de Aprendizado de Servi\u00e7o (10-12)<\/span><\/a><\/li>\n<\/ol>\n<p>&nbsp;<\/p>\n<p><span style=\"text-decoration: underline; font-size: 20px;\"><strong><span style=\"font-family: arial, helvetica, sans-serif;\">De 12 a 15 anos. ARTE como ferramenta de transforma\u00e7\u00e3o social<\/span><\/strong><\/span><\/p>\n<ol>\n<li><span style=\"font-size: 14px; font-family: arial, helvetica, sans-serif;\"><a href=\"https:\/\/www.educa.itakaescolapios.org\/experiencia\/pintando-la-esperanza\" target=\"_blank\" rel=\"noopener\">Atividade do Movimento Calasanz<\/a>.\u00a0<\/span><\/li>\n<li><span style=\"font-family: arial, helvetica, sans-serif; font-size: 14px;\">Ora\u00e7\u00e3o<\/span><\/li>\n<li><span style=\"font-size: 14px; font-family: arial, helvetica, sans-serif;\"><a href=\"https:\/\/www.educa.itakaescolapios.org\/experiencia\/arte-para-la-comunidad\" target=\"_blank\" rel=\"noopener\">Projeto de Aprendizado de Servi\u00e7o (12-15)<\/a>.<\/span><\/li>\n<\/ol>\n<p>&nbsp;<\/p>\n<p><span style=\"text-decoration: underline; font-size: 20px;\"><strong><span style=\"font-family: arial, helvetica, sans-serif;\">De 15 a 18 anos. O PAPEL DA MULHER HOJE<\/span><\/strong><\/span><\/p>\n<ol>\n<li><span style=\"font-size: 14px; font-family: arial, helvetica, sans-serif;\">Atividade do Movimento Calasanz.<\/span><\/li>\n<li><a href=\"https:\/\/www.educa.itakaescolapios.org\/wp-content\/uploads\/2025\/03\/14.04.-oracao-15-18-abrindo-caminhos.pdf\" target=\"_blank\" rel=\"noopener\"><span style=\"font-family: arial, helvetica, sans-serif; font-size: 14px;\">Ora\u00e7\u00e3o<\/span><\/a><\/li>\n<li><a href=\"https:\/\/www.educa.itakaescolapios.org\/coeducacion\/un-viaje-hacia-la-igualdad\" target=\"_blank\" rel=\"noopener\"><span style=\"font-size: 14px; font-family: arial, helvetica, sans-serif;\">Atividades em sala de aula (15-18 anos)<\/span><\/a><\/li>\n<\/ol>\n<p>&nbsp;<\/p>\n<p>&nbsp;<\/p>\n<p><img decoding=\"async\" loading=\"lazy\" class=\"aligncenter size-large wp-image-8545\" src=\"https:\/\/www.educa.itakaescolapios.org\/wp-content\/uploads\/2025\/02\/CARTEL-2425-POR-1-scaled.jpg\" alt=\"\" width=\"100%\" height=\"100%\" \/><\/p>","protected":false},"excerpt":{"rendered":"<p>Como todos os anos, voc\u00ea pode encontrar atividades para trabalhar em sala de aula, ou para os grupos do Movimento Calasanz, ora\u00e7\u00f5es, e tamb\u00e9m atividades para [&hellip;]<\/p>\n","protected":false},"author":7,"featured_media":0,"parent":8555,"menu_order":1,"comment_status":"closed","ping_status":"closed","template":"","meta":[],"acf":[],"_links":{"self":[{"href":"https:\/\/www.educa.itakaescolapios.org\/pt\/wp-json\/wp\/v2\/pages\/8557"}],"collection":[{"href":"https:\/\/www.educa.itakaescolapios.org\/pt\/wp-json\/wp\/v2\/pages"}],"about":[{"href":"https:\/\/www.educa.itakaescolapios.org\/pt\/wp-json\/wp\/v2\/types\/page"}],"author":[{"embeddable":true,"href":"https:\/\/www.educa.itakaescolapios.org\/pt\/wp-json\/wp\/v2\/users\/7"}],"replies":[{"embeddable":true,"href":"https:\/\/www.educa.itakaescolapios.org\/pt\/wp-json\/wp\/v2\/comments?post=8557"}],"version-history":[{"count":57,"href":"https:\/\/www.educa.itakaescolapios.org\/pt\/wp-json\/wp\/v2\/pages\/8557\/revisions"}],"predecessor-version":[{"id":8989,"href":"https:\/\/www.educa.itakaescolapios.org\/pt\/wp-json\/wp\/v2\/pages\/8557\/revisions\/8989"}],"up":[{"embeddable":true,"href":"https:\/\/www.educa.itakaescolapios.org\/pt\/wp-json\/wp\/v2\/pages\/8555"}],"wp:attachment":[{"href":"https:\/\/www.educa.itakaescolapios.org\/pt\/wp-json\/wp\/v2\/media?parent=8557"}],"curies":[{"name":"wp","href":"https:\/\/api.w.org\/{rel}","templated":true}]}}