{"id":9120,"date":"2025-12-05T13:46:13","date_gmt":"2025-12-05T12:46:13","guid":{"rendered":"https:\/\/www.educa.itakaescolapios.org\/?page_id=9120"},"modified":"2026-02-19T11:27:56","modified_gmt":"2026-02-19T10:27:56","slug":"propuestas-aprendizaje-servicio-para-el-aula","status":"publish","type":"page","link":"https:\/\/www.educa.itakaescolapios.org\/pt\/campanas\/2025-2026-25-anos-extendiendo-raices\/actividades-carteleria-y-ambientacion\/propuestas-aprendizaje-servicio-para-el-aula","title":{"rendered":"Propostas Aprendizagem Servi\u00e7o para a aula"},"content":{"rendered":"<p><\/p>\n<p data-pm-slice=\"1 1 []\">Como parte das comemora\u00e7\u00f5es do 25\u00ba anivers\u00e1rio de Itaka-Escol\u00e1pios, queremos que a solidariedade deixe de ser apenas um sentimento e se torne uma a\u00e7\u00e3o transformadora. Por isso, a metodologia central da nossa campanha &#8220;25 Anos Criando Ra\u00edzes&#8221; \u00e9 a <strong>Aprendizagem-Servi\u00e7o (AS).<\/strong><\/p>\n<p>N\u00e3o nos contentamos em simplesmente aprender sobre a realidade por meio de livros; queremos interagir com ela e melhor\u00e1-la. Desenvolvemos um programa educacional abrangente que conecta conte\u00fado adequado a cada faixa et\u00e1ria com os desafios globais da nossa Rede Internacional.<\/p>\n<p>Abaixo, voc\u00ea encontrar\u00e1 as propostas para este ano letivo, organizadas por faixa et\u00e1ria. Descubra a sua miss\u00e3o e baixe o projeto!<\/p>\n<h3>DE 3 A 5 ANOS <span style=\"color: #99cc00;\"><a style=\"color: #99cc00;\" href=\"https:\/\/www.educa.itakaescolapios.org\/wp-content\/uploads\/2025\/12\/09.03-Proyecto-ApS-INF.pdf\" target=\"_blank\" rel=\"noopener\">Projeto ApS 3 a 5 anos<\/a><\/span><\/h3>\n<p><strong>PROJETO: \u00abAlimentar o mundo: pequenos gestos, grandes mudan\u00e7as\u00bb<\/strong> Come\u00e7amos pelo essencial: o cuidado. Este projeto conecta h\u00e1bitos de vida saud\u00e1veis \u200b\u200be autonomia pessoal com a realidade dos Refeit\u00f3rios Escol\u00e1pios em Camar\u00f5es e na Venezuela. As crian\u00e7as se tornar\u00e3o &#8220;pequenas embaixadoras&#8221; que, ap\u00f3s pesquisa e aprendizado, organizar\u00e3o um evento saud\u00e1vel para suas fam\u00edlias.<\/p>\n<ul>\n<li><strong>Tema:<\/strong> Sa\u00fade, nutri\u00e7\u00e3o e solidariedade.<img decoding=\"async\" loading=\"lazy\" class=\"wp-image-9164 alignright\" src=\"https:\/\/www.educa.itakaescolapios.org\/wp-content\/uploads\/2025\/12\/Quisap-aula-219x300.png\" alt=\"\" width=\"422\" height=\"578\" srcset=\"https:\/\/www.educa.itakaescolapios.org\/wp-content\/uploads\/2025\/12\/Quisap-aula-219x300.png 219w, https:\/\/www.educa.itakaescolapios.org\/wp-content\/uploads\/2025\/12\/Quisap-aula-747x1024.png 747w, https:\/\/www.educa.itakaescolapios.org\/wp-content\/uploads\/2025\/12\/Quisap-aula-768x1052.png 768w, https:\/\/www.educa.itakaescolapios.org\/wp-content\/uploads\/2025\/12\/Quisap-aula-250x343.png 250w, https:\/\/www.educa.itakaescolapios.org\/wp-content\/uploads\/2025\/12\/Quisap-aula.png 864w\" sizes=\"(max-width: 422px) 100vw, 422px\" \/><\/li>\n<\/ul>\n<h3>DE 6 A 8 ANOS <span style=\"color: #99cc00;\"><a style=\"color: #99cc00;\" href=\"https:\/\/www.educa.itakaescolapios.org\/wp-content\/uploads\/2025\/12\/10.03.-Proyecto-ApS-6-8-anos.pdf\" target=\"_blank\" rel=\"noopener\">Projeto ApS 6-8 anos<\/a><\/span><\/h3>\n<div><b><span lang=\"EN-GB\">PROJETO: \u00abMeu Lar, Seu Lar: Construindo Pontes de Acolhimento\u00bb <\/span><\/b>O que significa ter um lar? Conectando-nos com a rede de lares de acolhimento Itaka-Escol\u00e1pios, exploraremos a diversidade familiar e as realidades da migra\u00e7\u00e3o. O objetivo \u00e9 desconstruir preconceitos da inf\u00e2ncia por meio da cria\u00e7\u00e3o de hist\u00f3rias e materiais que promovam uma cultura de hospitalidade em nosso entorno imediato.<\/div>\n<ul>\n<li><strong>Tema:<\/strong> Fam\u00edlia, diversidade e acolhimento.<\/li>\n<\/ul>\n<h3>DE 8 A 10 ANOS<\/h3>\n<h3><span style=\"color: #99cc00;\">\u00a0<a style=\"color: #99cc00;\" href=\"https:\/\/www.educa.itakaescolapios.org\/wp-content\/uploads\/2025\/12\/11.03.-Proyecto-ApS-8-10-anos.pdf\" target=\"_blank\" rel=\"noopener\">Projeto ApS 8-10 anos<\/a><\/span><\/h3>\n<p><strong>PROJETO: \u00abEscolas irm\u00e3s: unidas pela educa\u00e7\u00e3o\u00bb <\/strong>Estamos dando um salto para o mundo. Este projeto prop\u00f5e uma parceria genu\u00edna com escolas escol\u00e1pias em outros continentes. Atrav\u00e9s da troca de cartas, videoconfer\u00eancias e da cria\u00e7\u00e3o conjunta de um &#8220;livro-jogo&#8221;, o grupo vivenciar\u00e1 em primeira m\u00e3o que o direito \u00e0 educa\u00e7\u00e3o n\u00e3o conhece fronteiras.<\/p>\n<ul>\n<li><strong>Tema:<\/strong> Direito \u00e0 educa\u00e7\u00e3o e interculturalidade.<\/li>\n<\/ul>\n<h3>DE 10 A 12 ANOS<span style=\"color: #99cc00;\"> <a style=\"color: #99cc00;\" href=\"https:\/\/www.educa.itakaescolapios.org\/wp-content\/uploads\/2025\/12\/12.03.-Proyecto-APS-10-12-anos.pdf\" target=\"_blank\" rel=\"noopener\">Projeto ApS 10-12 anos<\/a><\/span><\/h3>\n<p><strong>PROJETO: \u00abPalavras que abrem portas\u00bb<\/strong>A linguagem \u00e9 a chave para a integra\u00e7\u00e3o. Com foco em programas de alfabetiza\u00e7\u00e3o de adultos, este projeto desafia os participantes a criarem ferramentas pr\u00e1ticas (dicion\u00e1rios b\u00e1sicos, pictogramas inclusivos, bibliotecas digitais) que ajudem os migrantes em suas comunidades a aprender o idioma e a se sentirem parte da comunidade.<\/p>\n<ul>\n<li><strong>Tema:<\/strong> Alfabetiza\u00e7\u00e3o e inclus\u00e3o social.<\/li>\n<\/ul>\n<h3>DE 12 A 15 ANOS <span style=\"color: #99cc00;\"><a style=\"color: #99cc00;\" href=\"https:\/\/www.educa.itakaescolapios.org\/wp-content\/uploads\/2025\/12\/13.03-APS-12-15-anos.pdf\" target=\"_blank\" rel=\"noopener\">Projeto ApS 12-15 anos<\/a><\/span><\/h3>\n<p><strong>PROJETO: \u00abConstru\u00edmos futuro\u00bb <\/strong>Nos tornamos agentes de comunica\u00e7\u00e3o. Ao analisar as causas da vulnerabilidade e o trabalho dos Centros Socioeducativos, os jovens atuar\u00e3o como uma ag\u00eancia de marketing social. Sua miss\u00e3o: criar e lan\u00e7ar campanhas digitais profissionais para conscientizar sobre essas realidades, angariar apoio e combater a exclus\u00e3o por meio das redes sociais.<\/p>\n<ul>\n<li><strong>Tema:<\/strong> Vulnerabilidade social e comunica\u00e7\u00e3o \u00e9tica.<\/li>\n<\/ul>\n<h3>DE 15 A 18 ANOS<span style=\"color: #99cc00;\"><a style=\"color: #99cc00;\" href=\"https:\/\/www.educa.itakaescolapios.org\/wp-content\/uploads\/2025\/12\/14.03-Proyecto-ApS-15-18-anos.pdf\" target=\"_blank\" rel=\"noopener\">Projeto ApS 15-18 anos<\/a><\/span><\/h3>\n<p><strong>PROJETO: \u00abAgentes de mudan\u00e7a\u00bb<\/strong>O voluntariado como for\u00e7a motriz na hist\u00f3ria. Este projeto convida jovens a investigar movimentos sociais para compreender seu poder transformador. O servi\u00e7o envolve a cria\u00e7\u00e3o de estrat\u00e9gias eficazes para mobilizar e recrutar volunt\u00e1rios, assumindo uma lideran\u00e7a \u00e9tica para inspirar outros jovens a esse compromiss.<\/p>\n<ul>\n<li><strong>Tema:<\/strong> Participa\u00e7\u00e3o cidad\u00e3 e transforma\u00e7\u00e3o social.<\/li>\n<\/ul>\n<h3>ADULTOS <span style=\"color: #99cc00;\"><a style=\"color: #99cc00;\" href=\"https:\/\/www.educa.itakaescolapios.org\/wp-content\/uploads\/2025\/12\/25-ANOS-DE-HUELLAS-DE-CALASANZ.pdf\" target=\"_blank\" rel=\"noopener\"> Projeto Adultos<\/a><\/span><\/h3>\n<p><strong>PROJETO: \u00ab25 anos das marcas de Calasanz\u00bb <\/strong>Uma proposta para atualizar o carisma. Convidamos grupos de adultos a aprofundar o bin\u00f4mio escol\u00e1pio de &#8220;Piedade e Letras&#8221; diante das novas formas de pobreza. Por meio de discuss\u00f5es e exerc\u00edcios de discernimento (&#8220;A B\u00fassola Carism\u00e1tica&#8221;), buscaremos passar da reflex\u00e3o te\u00f3rica a um compromisso concreto e sustent\u00e1vel com o servi\u00e7o.<\/p>\n<ul>\n<li><strong>Tema:<\/strong> Identidade escol\u00e1pia e compromisso adulto.<\/li>\n<\/ul>\n<p><\/p>","protected":false},"excerpt":{"rendered":"<p>Como parte das comemora\u00e7\u00f5es do 25\u00ba anivers\u00e1rio de Itaka-Escol\u00e1pios, queremos que a solidariedade deixe de ser apenas um sentimento e se torne uma a\u00e7\u00e3o transformadora. Por [&hellip;]<\/p>\n","protected":false},"author":11,"featured_media":0,"parent":9088,"menu_order":1,"comment_status":"closed","ping_status":"closed","template":"","meta":[],"acf":[],"_links":{"self":[{"href":"https:\/\/www.educa.itakaescolapios.org\/pt\/wp-json\/wp\/v2\/pages\/9120"}],"collection":[{"href":"https:\/\/www.educa.itakaescolapios.org\/pt\/wp-json\/wp\/v2\/pages"}],"about":[{"href":"https:\/\/www.educa.itakaescolapios.org\/pt\/wp-json\/wp\/v2\/types\/page"}],"author":[{"embeddable":true,"href":"https:\/\/www.educa.itakaescolapios.org\/pt\/wp-json\/wp\/v2\/users\/11"}],"replies":[{"embeddable":true,"href":"https:\/\/www.educa.itakaescolapios.org\/pt\/wp-json\/wp\/v2\/comments?post=9120"}],"version-history":[{"count":29,"href":"https:\/\/www.educa.itakaescolapios.org\/pt\/wp-json\/wp\/v2\/pages\/9120\/revisions"}],"predecessor-version":[{"id":9499,"href":"https:\/\/www.educa.itakaescolapios.org\/pt\/wp-json\/wp\/v2\/pages\/9120\/revisions\/9499"}],"up":[{"embeddable":true,"href":"https:\/\/www.educa.itakaescolapios.org\/pt\/wp-json\/wp\/v2\/pages\/9088"}],"wp:attachment":[{"href":"https:\/\/www.educa.itakaescolapios.org\/pt\/wp-json\/wp\/v2\/media?parent=9120"}],"curies":[{"name":"wp","href":"https:\/\/api.w.org\/{rel}","templated":true}]}}